{"version":"1.0","provider_name":"Illycaf\u00e9 | Premium Kaffee kaufen | Gastronomie, Firmen, Privat","provider_url":"https:\/\/illycafe.ch\/fr\/","title":"Silver Label Venezia - GRAINS - Illycaf\u00e9 | Premium Kaffee kaufen | Gastronomie, Firmen, Privat","type":"rich","width":600,"height":338,"html":"<blockquote class=\"wp-embedded-content\" data-secret=\"vxNqSRbk3h\"><a href=\"https:\/\/illycafe.ch\/fr\/produit\/silver-label-venezia-2kg\/\">Silver Label Venezia &#8211; GRAINS<\/a><\/blockquote><iframe sandbox=\"allow-scripts\" security=\"restricted\" src=\"https:\/\/illycafe.ch\/fr\/produit\/silver-label-venezia-2kg\/embed\/#?secret=vxNqSRbk3h\" width=\"600\" height=\"338\" title=\"\u00ab\u00a0Silver Label Venezia &#8211; GRAINS\u00a0\u00bb &#8212; Illycaf\u00e9 | Premium Kaffee kaufen | Gastronomie, Firmen, Privat\" data-secret=\"vxNqSRbk3h\" frameborder=\"0\" marginwidth=\"0\" marginheight=\"0\" scrolling=\"no\" class=\"wp-embedded-content\"><\/iframe><script type=\"text\/javascript\">\n\/* <![CDATA[ *\/\n\/*! This file is auto-generated *\/\n!function(d,l){\"use strict\";l.querySelector&&d.addEventListener&&\"undefined\"!=typeof URL&&(d.wp=d.wp||{},d.wp.receiveEmbedMessage||(d.wp.receiveEmbedMessage=function(e){var t=e.data;if((t||t.secret||t.message||t.value)&&!\/[^a-zA-Z0-9]\/.test(t.secret)){for(var s,r,n,a=l.querySelectorAll('iframe[data-secret=\"'+t.secret+'\"]'),o=l.querySelectorAll('blockquote[data-secret=\"'+t.secret+'\"]'),c=new RegExp(\"^https?:$\",\"i\"),i=0;i<o.length;i++)o[i].style.display=\"none\";for(i=0;i<a.length;i++)s=a[i],e.source===s.contentWindow&&(s.removeAttribute(\"style\"),\"height\"===t.message?(1e3<(r=parseInt(t.value,10))?r=1e3:~~r<200&&(r=200),s.height=r):\"link\"===t.message&&(r=new URL(s.getAttribute(\"src\")),n=new URL(t.value),c.test(n.protocol))&&n.host===r.host&&l.activeElement===s&&(d.top.location.href=t.value))}},d.addEventListener(\"message\",d.wp.receiveEmbedMessage,!1),l.addEventListener(\"DOMContentLoaded\",function(){for(var e,t,s=l.querySelectorAll(\"iframe.wp-embedded-content\"),r=0;r<s.length;r++)(t=(e=s[r]).getAttribute(\"data-secret\"))||(t=Math.random().toString(36).substring(2,12),e.src+=\"#?secret=\"+t,e.setAttribute(\"data-secret\",t)),e.contentWindow.postMessage({message:\"ready\",secret:t},\"*\")},!1)))}(window,document);\n\/\/# sourceURL=https:\/\/illycafe.ch\/wp-includes\/js\/wp-embed.min.js\n\/* ]]> *\/\n<\/script>\n","thumbnail_url":"https:\/\/illycafe.ch\/wp-content\/uploads\/silverlabel-venezia.jpg","thumbnail_width":300,"thumbnail_height":494,"description":"Doux de caract\u00e8re, fort de go\u00fbt \u2013 cet assemblage raffin\u00e9 est particuli\u00e8rement harmonieux et frais gr\u00e2ce \u00e0 une torr\u00e9faction claire. Une acidit\u00e9 d\u00e9licate, de s\u00e9duisantes notes de fruits, de biscuit et de cacao viennent parfaire son bouquet. Pr\u00e9paration sp\u00e9ciale et donc riche en ar\u00f4mes et g\u00e9n\u00e9reuse, en sac de 2 kg."}