{"id":192795,"date":"2024-12-17T10:36:28","date_gmt":"2024-12-17T09:36:28","guid":{"rendered":"https:\/\/illycafe.ch\/?page_id=192795"},"modified":"2026-01-07T12:16:07","modified_gmt":"2026-01-07T11:16:07","slug":"pieces-detachees-machines-a-cafe","status":"publish","type":"page","link":"https:\/\/illycafe.ch\/fr\/machines-a-cafe\/pieces-detachees-machines-a-cafe\/","title":{"rendered":"Pieces detachees machines a cafe"},"content":{"rendered":"<div class=\"wpb-content-wrapper\"><p>[vc_row full_width=&#8221;stretch_row_content_no_spaces&#8221;][vc_column css=&#8221;.vc_custom_1725015078836{margin-top: 0px !important;padding-top: 0px !important;}&#8221;][vc_single_image image=&#8221;192798&#8243; img_size=&#8221;full&#8221; css=&#8221;&#8221;][\/vc_column][\/vc_row][vc_row full_width=&#8221;stretch_row&#8221; css=&#8221;.vc_custom_1724839618079{margin-top: 0px !important;padding-top: 0px !important;background-color: #f6f0ec !important;}&#8221; el_class=&#8221;page-title&#8221;][vc_column width=&#8221;1\/6&#8243; css=&#8221;.vc_custom_1719386953532{margin-top: 0px !important;padding-top: 0px !important;}&#8221;][\/vc_column][vc_column width=&#8221;2\/3&#8243; css=&#8221;.vc_custom_1724841621568{margin-top: 0px !important;padding-top: 0px !important;}&#8221;][vc_empty_space height=&#8221;100px&#8221;][vc_column_text css=&#8221;&#8221; el_class=&#8221;titol-h2 brown&#8221;]<\/p>\n<h2 style=\"text-align: center;\">Accessoires et parties de machines espresso<\/h2>\n<p>[\/vc_column_text][vc_empty_space height=&#8221;20px&#8221;][vc_column_text css=&#8221;&#8221; el_class=&#8221;text-landing brown&#8221;]<\/p>\n<p style=\"text-align: center;\">Pour des machines efficaces \u00e0 chaque fois et des caf\u00e9s toujours d\u00e9licieux illy vous propose une vaste gamme de pi\u00e8ces d\u00e9tach\u00e9es et d\u2019accessoires pour machines \u00e0 espresso tels que des joints, des produits de d\u00e9tartrage, des r\u00e9servoirs \u00e0 eau, des porte-capsules, des porte-filtres et bien plus encore. La boutique illy officielle vous propose tous les accessoires et pi\u00e8ces de rechange n\u00e9cessaires au bon fonctionnement des machines \u00e0 caf\u00e9, afin que chaque tasse de caf\u00e9 soit exceptionnelle<\/p>\n<p>[\/vc_column_text][vc_empty_space height=&#8221;100px&#8221;][\/vc_column][vc_column width=&#8221;1\/6&#8243;][\/vc_column][\/vc_row][vc_row full_width=&#8221;stretch_row_content&#8221; el_class=&#8221;menu-landings&#8221; css=&#8221;.vc_custom_1724840623820{margin-top: 0px !important;padding-top: 0px !important;padding-right: 50px !important;padding-left: 50px !important;}&#8221;][vc_column css=&#8221;.vc_custom_1724840470358{margin-top: 0px !important;margin-bottom: 0px !important;padding-top: 0px !important;padding-bottom: 0px !important;}&#8221;][vc_empty_space][vc_raw_html css=&#8221;&#8221;]JTNDZGl2JTIwY2xhc3MlM0QlMjJtZW51LWxhbmRpbmdzJTIyJTNFJTBBJTA5JTNDYSUyMGhyZWYlM0QlMjJodHRwcyUzQSUyRiUyRmlsbHljYWZlLmNoJTJGZnIlMkZtYWNoaW5lcy1hLWNhZmUlMkZwaWVjZXMtZGV0YWNoZWVzLW1hY2hpbmVzLWEtY2FmZSUyRiUyMiUyMGNsYXNzJTNEJTIybGFuZGluZy1wYWdlJTIwYWN0aXZlJTIyJTNFJTIwQWNjZXNzb2lyZXMlMjBldCUyMHBhcnRpZXMlMjBkZSUyMG1hY2hpbmVzJTIwZXNwcmVzc28lMjAlM0MlMkZhJTNFJTBBJTNDYSUyMGhyZWYlM0QlMjJodHRwcyUzQSUyRiUyRmlsbHljYWZlLmNoJTJGZnIlMkZtYWNoaW5lcy1hLWNhZmUlMkZ0dXRvcmllbC12aWRlbyUyRiUyMiUyMGNsYXNzJTNEJTIybGFuZGluZy1wYWdlJTIyJTNFJTIwVHV0b3JpZWwlMjB2aWQlQzMlQTlvJTIwJTNDJTJGYSUzRSUwQSUzQyUyRmRpdiUzRQ==[\/vc_raw_html][vc_empty_space][\/vc_column][\/vc_row][vc_row full_width=&#8221;stretch_row&#8221; css=&#8221;.vc_custom_1767784557132{background-color: #F2E9DA !important;}&#8221;][vc_column css=&#8221;.vc_custom_1719387096335{margin-top: 0px !important;padding-top: 0px !important;}&#8221;][vc_empty_space height=&#8221;70px&#8221;]<div class=\"eltdf-pl-holder eltdf-standard-layout eltdf-large-space eltdf-three-columns eltdf-info-below-image eltdf-product-info-default\">\n\t<div class=\"eltdf-pl-outer eltdf-outer-space\">\n\t\t<div class=\"eltdf-pli eltdf-item-space \">\n\t<div class=\"eltdf-pli-inner\">\n\t\t<div class=\"eltdf-pli-image\">\n\t\t\t\n<img loading=\"lazy\" decoding=\"async\" width=\"610\" height=\"458\" src=\"https:\/\/illycafe.ch\/wp-content\/uploads\/22998_High_1x_01-610x458.png\" class=\"attachment-woocommerce_thumbnail size-woocommerce_thumbnail wp-post-image\" alt=\"\" \/>\t\t<\/div>\n\t\t<div class=\"eltdf-pli-text eltdf-pli-hover-overlay\" >\n\t\t\t<div class=\"eltdf-pli-text-outer\">\n\t\t\t\t<div class=\"eltdf-pli-text-inner\">\n\t\t\t\t\t\t\n\t<div class=\"eltdf-pli-add-to-cart eltdf-default-skin\">\n\t\t<a rel=\"nofollow\" href=\"https:\/\/illycafe.ch\/fr\/produit\/support-de-tasse-pour-machine-a-cafe-iperespresso-y3\/\" data-quantity=\"1\" data-product_id=\"192734\" data-product_sku=\"22998\" class=\"button product_type_variable add_to_cart_button eltdf-button\">Choix des options<\/a>\t<\/div>\n\t\t\t\t<\/div>\n\t\t\t<\/div>\n\t\t<\/div>\n\t\t<a class=\"eltdf-pli-link\" itemprop=\"url\" href=\"https:\/\/illycafe.ch\/fr\/produit\/support-de-tasse-pour-machine-a-cafe-iperespresso-y3\/\" title=\"Support de tasse &#8211; pour machine \u00e0 caf\u00e9 Iperespresso Y3\"><\/a>\n\t<\/div>\n\t<div class=\"eltdf-pli-text-wrapper\" >\n\t\t    <h5 itemprop=\"name\" class=\"entry-title eltdf-pli-title\" >\n\t\t<a itemprop=\"url\" href=\"https:\/\/illycafe.ch\/fr\/produit\/support-de-tasse-pour-machine-a-cafe-iperespresso-y3\/\">Support de tasse &#8211; pour machine \u00e0 caf\u00e9 Iperespresso Y3<\/a>\n\t<\/h5>\n\t\t\n\t\t\t\t\t\t\n\t\t\t\t\n\t\t\t<div class=\"eltdf-pli-price\"><ins class=\"highlight\"><span class=\"woocommerce-Price-amount amount\"><span class=\"woocommerce-Price-currencySymbol\">&#067;&#072;&#070;<\/span>&nbsp;10.00<\/span><\/ins> (TVA incluse)<\/div>\n\t\t\n\t\t\t\t\t<\/div>\n<\/div><div class=\"eltdf-pli eltdf-item-space \">\n\t<div class=\"eltdf-pli-inner\">\n\t\t<div class=\"eltdf-pli-image\">\n\t\t\t\n\t<span class=\"eltdf-pli-out-of-stock\">Sold<\/span>\n<img loading=\"lazy\" decoding=\"async\" width=\"610\" height=\"458\" src=\"https:\/\/illycafe.ch\/wp-content\/uploads\/22326_High_1x_01-610x458.png\" class=\"attachment-woocommerce_thumbnail size-woocommerce_thumbnail wp-post-image\" alt=\"\" \/>\t\t<\/div>\n\t\t<div class=\"eltdf-pli-text eltdf-pli-hover-overlay\" >\n\t\t\t<div class=\"eltdf-pli-text-outer\">\n\t\t\t\t<div class=\"eltdf-pli-text-inner\">\n\t\t\t\t\t\t\n\t<div class=\"eltdf-pli-add-to-cart eltdf-default-skin\">\n\t\t<a rel=\"nofollow\" href=\"https:\/\/illycafe.ch\/fr\/produit\/embout-buse-vapeur-pannarello-pour-machine-x1-ou-x7-1-iperespresso\/\" data-quantity=\"1\" data-product_id=\"192728\" data-product_sku=\"22326\" class=\"button ajax_add_to_cart eltdf-button\">Lire la suite<\/a>\t<\/div>\n\t\t\t\t<\/div>\n\t\t\t<\/div>\n\t\t<\/div>\n\t\t<a class=\"eltdf-pli-link\" itemprop=\"url\" href=\"https:\/\/illycafe.ch\/fr\/produit\/embout-buse-vapeur-pannarello-pour-machine-x1-ou-x7-1-iperespresso\/\" title=\"Embout buse vapeur Pannarello pour machine X1 ou X7.1 Iperespresso\"><\/a>\n\t<\/div>\n\t<div class=\"eltdf-pli-text-wrapper\" >\n\t\t    <h5 itemprop=\"name\" class=\"entry-title eltdf-pli-title\" >\n\t\t<a itemprop=\"url\" href=\"https:\/\/illycafe.ch\/fr\/produit\/embout-buse-vapeur-pannarello-pour-machine-x1-ou-x7-1-iperespresso\/\">Embout buse vapeur Pannarello pour machine X1 ou X7.1 Iperespresso<\/a>\n\t<\/h5>\n\t\t\n\t\t\t\t\t\t\n\t\t\t\t\n\t\t\t<div class=\"eltdf-pli-price\"><span class=\"woocommerce-Price-amount amount\"><span class=\"woocommerce-Price-currencySymbol\">&#067;&#072;&#070;<\/span>&nbsp;3.50<\/span> (TVA incluse)<\/div>\n\t\t\n\t\t\t\t\t<\/div>\n<\/div><div class=\"eltdf-pli eltdf-item-space \">\n\t<div class=\"eltdf-pli-inner\">\n\t\t<div class=\"eltdf-pli-image\">\n\t\t\t\n<img loading=\"lazy\" decoding=\"async\" width=\"610\" height=\"458\" src=\"https:\/\/illycafe.ch\/wp-content\/uploads\/20077_High_1x_01-610x458.png\" class=\"attachment-woocommerce_thumbnail size-woocommerce_thumbnail wp-post-image\" alt=\"\" \/>\t\t<\/div>\n\t\t<div class=\"eltdf-pli-text eltdf-pli-hover-overlay\" >\n\t\t\t<div class=\"eltdf-pli-text-outer\">\n\t\t\t\t<div class=\"eltdf-pli-text-inner\">\n\t\t\t\t\t\t\n\t<div class=\"eltdf-pli-add-to-cart eltdf-default-skin\">\n\t\t<a rel=\"nofollow\" href=\"?add-to-cart=192411\" data-quantity=\"1\" data-product_id=\"192411\" data-product_sku=\"20077\" class=\"button add_to_cart_button ajax_add_to_cart eltdf-button\">Ajouter au panier<\/a>\t<\/div>\n\t\t\t\t<\/div>\n\t\t\t<\/div>\n\t\t<\/div>\n\t\t<a class=\"eltdf-pli-link\" itemprop=\"url\" href=\"https:\/\/illycafe.ch\/fr\/produit\/reservoir-a-eau-machine-a-cafe-x7-1-iperespresso\/\" title=\"R\u00e9servoir \u00e0 eau &#8211; Machine \u00e0 caf\u00e9 X7.1 Iperespresso\"><\/a>\n\t<\/div>\n\t<div class=\"eltdf-pli-text-wrapper\" >\n\t\t    <h5 itemprop=\"name\" class=\"entry-title eltdf-pli-title\" >\n\t\t<a itemprop=\"url\" href=\"https:\/\/illycafe.ch\/fr\/produit\/reservoir-a-eau-machine-a-cafe-x7-1-iperespresso\/\">R\u00e9servoir \u00e0 eau &#8211; Machine \u00e0 caf\u00e9 X7.1 Iperespresso<\/a>\n\t<\/h5>\n\t\t\n\t\t\t\t\t\t\n\t\t\t\t\n\t\t\t<div class=\"eltdf-pli-price\"><span class=\"woocommerce-Price-amount amount\"><span class=\"woocommerce-Price-currencySymbol\">&#067;&#072;&#070;<\/span>&nbsp;13.50<\/span> (TVA incluse)<\/div>\n\t\t\n\t\t\t\t\t<\/div>\n<\/div><div class=\"eltdf-pli eltdf-item-space \">\n\t<div class=\"eltdf-pli-inner\">\n\t\t<div class=\"eltdf-pli-image\">\n\t\t\t\n<img loading=\"lazy\" decoding=\"async\" width=\"610\" height=\"458\" src=\"https:\/\/illycafe.ch\/wp-content\/uploads\/23793_High_1x_01-610x458.png\" class=\"attachment-woocommerce_thumbnail size-woocommerce_thumbnail wp-post-image\" alt=\"\" \/>\t\t<\/div>\n\t\t<div class=\"eltdf-pli-text eltdf-pli-hover-overlay\" >\n\t\t\t<div class=\"eltdf-pli-text-outer\">\n\t\t\t\t<div class=\"eltdf-pli-text-inner\">\n\t\t\t\t\t\t\n\t<div class=\"eltdf-pli-add-to-cart eltdf-default-skin\">\n\t\t<a rel=\"nofollow\" href=\"?add-to-cart=192397\" data-quantity=\"1\" data-product_id=\"192397\" data-product_sku=\"23793\" class=\"button add_to_cart_button ajax_add_to_cart eltdf-button\">Ajouter au panier<\/a>\t<\/div>\n\t\t\t\t<\/div>\n\t\t\t<\/div>\n\t\t<\/div>\n\t\t<a class=\"eltdf-pli-link\" itemprop=\"url\" href=\"https:\/\/illycafe.ch\/fr\/produit\/filtres-joint-pour-machine-a-cafe-x1-ese-ground-2-filtres-a-cafe-pour-une-ou-deux-tasses\/\" title=\"Filtres + joint pour machine \u00e0 caf\u00e9 X1 ESE &#038; Ground &#8211; 2 filtres \u00e0 caf\u00e9 pour une ou deux tasses\"><\/a>\n\t<\/div>\n\t<div class=\"eltdf-pli-text-wrapper\" >\n\t\t    <h5 itemprop=\"name\" class=\"entry-title eltdf-pli-title\" >\n\t\t<a itemprop=\"url\" href=\"https:\/\/illycafe.ch\/fr\/produit\/filtres-joint-pour-machine-a-cafe-x1-ese-ground-2-filtres-a-cafe-pour-une-ou-deux-tasses\/\">Filtres + joint pour machine \u00e0 caf\u00e9 X1 ESE &#038; Ground &#8211; 2 filtres \u00e0 caf\u00e9 pour une ou deux tasses<\/a>\n\t<\/h5>\n\t\t\n\t\t\t\t\t\t\n\t\t\t\t\n\t\t\t<div class=\"eltdf-pli-price\"><span class=\"woocommerce-Price-amount amount\"><span class=\"woocommerce-Price-currencySymbol\">&#067;&#072;&#070;<\/span>&nbsp;10.00<\/span> (TVA incluse)<\/div>\n\t\t\n\t\t\t\t\t<\/div>\n<\/div><div class=\"eltdf-pli eltdf-item-space \">\n\t<div class=\"eltdf-pli-inner\">\n\t\t<div class=\"eltdf-pli-image\">\n\t\t\t\n<img loading=\"lazy\" decoding=\"async\" width=\"610\" height=\"458\" src=\"https:\/\/illycafe.ch\/wp-content\/uploads\/23810_High_1x_01-610x458.png\" class=\"attachment-woocommerce_thumbnail size-woocommerce_thumbnail wp-post-image\" alt=\"\" \/>\t\t<\/div>\n\t\t<div class=\"eltdf-pli-text eltdf-pli-hover-overlay\" >\n\t\t\t<div class=\"eltdf-pli-text-outer\">\n\t\t\t\t<div class=\"eltdf-pli-text-inner\">\n\t\t\t\t\t\t\n\t<div class=\"eltdf-pli-add-to-cart eltdf-default-skin\">\n\t\t<a rel=\"nofollow\" href=\"?add-to-cart=192417\" data-quantity=\"1\" data-product_id=\"192417\" data-product_sku=\"23810\" class=\"button add_to_cart_button ajax_add_to_cart eltdf-button\">Ajouter au panier<\/a>\t<\/div>\n\t\t\t\t<\/div>\n\t\t\t<\/div>\n\t\t<\/div>\n\t\t<a class=\"eltdf-pli-link\" itemprop=\"url\" href=\"https:\/\/illycafe.ch\/fr\/produit\/bec-verseur-cafe-pour-machines-moulu-x1-et-x1-trio-1-tasse\/\" title=\"Bec verseur caf\u00e9 pour machines moulu X1 et X1 Trio 1 tasse\"><\/a>\n\t<\/div>\n\t<div class=\"eltdf-pli-text-wrapper\" >\n\t\t    <h5 itemprop=\"name\" class=\"entry-title eltdf-pli-title\" >\n\t\t<a itemprop=\"url\" href=\"https:\/\/illycafe.ch\/fr\/produit\/bec-verseur-cafe-pour-machines-moulu-x1-et-x1-trio-1-tasse\/\">Bec verseur caf\u00e9 pour machines moulu X1 et X1 Trio 1 tasse<\/a>\n\t<\/h5>\n\t\t\n\t\t\t\t\t\t\n\t\t\t\t\n\t\t\t<div class=\"eltdf-pli-price\"><span class=\"woocommerce-Price-amount amount\"><span class=\"woocommerce-Price-currencySymbol\">&#067;&#072;&#070;<\/span>&nbsp;4.00<\/span> (TVA incluse)<\/div>\n\t\t\n\t\t\t\t\t<\/div>\n<\/div><div class=\"eltdf-pli eltdf-item-space \">\n\t<div class=\"eltdf-pli-inner\">\n\t\t<div class=\"eltdf-pli-image\">\n\t\t\t\n<img loading=\"lazy\" decoding=\"async\" width=\"610\" height=\"458\" src=\"https:\/\/illycafe.ch\/wp-content\/uploads\/23005_High_1x_01-1-610x458.png\" class=\"attachment-woocommerce_thumbnail size-woocommerce_thumbnail wp-post-image\" alt=\"\" \/>\t\t<\/div>\n\t\t<div class=\"eltdf-pli-text eltdf-pli-hover-overlay\" >\n\t\t\t<div class=\"eltdf-pli-text-outer\">\n\t\t\t\t<div class=\"eltdf-pli-text-inner\">\n\t\t\t\t\t\t\n\t<div class=\"eltdf-pli-add-to-cart eltdf-default-skin\">\n\t\t<a rel=\"nofollow\" href=\"?add-to-cart=192391\" data-quantity=\"1\" data-product_id=\"192391\" data-product_sku=\"23005\" class=\"button add_to_cart_button ajax_add_to_cart eltdf-button\">Ajouter au panier<\/a>\t<\/div>\n\t\t\t\t<\/div>\n\t\t\t<\/div>\n\t\t<\/div>\n\t\t<a class=\"eltdf-pli-link\" itemprop=\"url\" href=\"https:\/\/illycafe.ch\/fr\/produit\/reservoir-a-eau-en-plastique-pour-machine-a-capsules-x1-iperespresso-et-x1-e-s-e-ground\/\" title=\"R\u00e9servoir \u00e0 eau en plastique pour machine \u00e0 capsules X1 Iperespresso et X1 E.S.E. &#038; Ground\"><\/a>\n\t<\/div>\n\t<div class=\"eltdf-pli-text-wrapper\" >\n\t\t    <h5 itemprop=\"name\" class=\"entry-title eltdf-pli-title\" >\n\t\t<a itemprop=\"url\" href=\"https:\/\/illycafe.ch\/fr\/produit\/reservoir-a-eau-en-plastique-pour-machine-a-capsules-x1-iperespresso-et-x1-e-s-e-ground\/\">R\u00e9servoir \u00e0 eau en plastique pour machine \u00e0 capsules X1 Iperespresso et X1 E.S.E. &#038; Ground<\/a>\n\t<\/h5>\n\t\t\n\t\t\t\t\t\t\n\t\t\t\t\n\t\t\t<div class=\"eltdf-pli-price\"><span class=\"woocommerce-Price-amount amount\"><span class=\"woocommerce-Price-currencySymbol\">&#067;&#072;&#070;<\/span>&nbsp;9.00<\/span> (TVA incluse)<\/div>\n\t\t\n\t\t\t\t\t<\/div>\n<\/div><div class=\"eltdf-pli eltdf-item-space \">\n\t<div class=\"eltdf-pli-inner\">\n\t\t<div class=\"eltdf-pli-image\">\n\t\t\t\n<img loading=\"lazy\" decoding=\"async\" width=\"610\" height=\"458\" src=\"https:\/\/illycafe.ch\/wp-content\/uploads\/23001_High_1x_01-610x458.png\" class=\"attachment-woocommerce_thumbnail size-woocommerce_thumbnail wp-post-image\" alt=\"\" \/>\t\t<\/div>\n\t\t<div class=\"eltdf-pli-text eltdf-pli-hover-overlay\" >\n\t\t\t<div class=\"eltdf-pli-text-outer\">\n\t\t\t\t<div class=\"eltdf-pli-text-inner\">\n\t\t\t\t\t\t\n\t<div class=\"eltdf-pli-add-to-cart eltdf-default-skin\">\n\t\t<a rel=\"nofollow\" href=\"?add-to-cart=192534\" data-quantity=\"1\" data-product_id=\"192534\" data-product_sku=\"23001\" class=\"button add_to_cart_button ajax_add_to_cart eltdf-button\">Ajouter au panier<\/a>\t<\/div>\n\t\t\t\t<\/div>\n\t\t\t<\/div>\n\t\t<\/div>\n\t\t<a class=\"eltdf-pli-link\" itemprop=\"url\" href=\"https:\/\/illycafe.ch\/fr\/produit\/support-de-tasse-pour-machine-a-cafe-iperespresso-y3-2\/\" title=\"Support de tasse &#8211; pour machine \u00e0 caf\u00e9 Iperespresso Y3\"><\/a>\n\t<\/div>\n\t<div class=\"eltdf-pli-text-wrapper\" >\n\t\t    <h5 itemprop=\"name\" class=\"entry-title eltdf-pli-title\" >\n\t\t<a itemprop=\"url\" href=\"https:\/\/illycafe.ch\/fr\/produit\/support-de-tasse-pour-machine-a-cafe-iperespresso-y3-2\/\">Support de tasse &#8211; pour machine \u00e0 caf\u00e9 Iperespresso Y3<\/a>\n\t<\/h5>\n\t\t\n\t\t\t\t\t\t\n\t\t\t\t\n\t\t\t<div class=\"eltdf-pli-price\"><span class=\"woocommerce-Price-amount amount\"><span class=\"woocommerce-Price-currencySymbol\">&#067;&#072;&#070;<\/span>&nbsp;8.00<\/span> (TVA incluse)<\/div>\n\t\t\n\t\t\t\t\t<\/div>\n<\/div><div class=\"eltdf-pli eltdf-item-space \">\n\t<div class=\"eltdf-pli-inner\">\n\t\t<div class=\"eltdf-pli-image\">\n\t\t\t\n<img loading=\"lazy\" decoding=\"async\" width=\"610\" height=\"458\" src=\"https:\/\/illycafe.ch\/wp-content\/uploads\/23788_High_1x_01-610x458.png\" class=\"attachment-woocommerce_thumbnail size-woocommerce_thumbnail wp-post-image\" alt=\"\" \/>\t\t<\/div>\n\t\t<div class=\"eltdf-pli-text eltdf-pli-hover-overlay\" >\n\t\t\t<div class=\"eltdf-pli-text-outer\">\n\t\t\t\t<div class=\"eltdf-pli-text-inner\">\n\t\t\t\t\t\t\n\t<div class=\"eltdf-pli-add-to-cart eltdf-default-skin\">\n\t\t<a rel=\"nofollow\" href=\"?add-to-cart=192507\" data-quantity=\"1\" data-product_id=\"192507\" data-product_sku=\"23788\" class=\"button add_to_cart_button ajax_add_to_cart eltdf-button\">Ajouter au panier<\/a>\t<\/div>\n\t\t\t\t<\/div>\n\t\t\t<\/div>\n\t\t<\/div>\n\t\t<a class=\"eltdf-pli-link\" itemprop=\"url\" href=\"https:\/\/illycafe.ch\/fr\/produit\/reservoir-a-eau-pour-machine-a-dosettes\/\" title=\"R\u00e9servoir \u00e0 eau pour machine \u00e0 dosettes\"><\/a>\n\t<\/div>\n\t<div class=\"eltdf-pli-text-wrapper\" >\n\t\t    <h5 itemprop=\"name\" class=\"entry-title eltdf-pli-title\" >\n\t\t<a itemprop=\"url\" href=\"https:\/\/illycafe.ch\/fr\/produit\/reservoir-a-eau-pour-machine-a-dosettes\/\">R\u00e9servoir \u00e0 eau pour machine \u00e0 dosettes<\/a>\n\t<\/h5>\n\t\t\n\t\t\t\t\t\t\n\t\t\t\t\n\t\t\t<div class=\"eltdf-pli-price\"><span class=\"woocommerce-Price-amount amount\"><span class=\"woocommerce-Price-currencySymbol\">&#067;&#072;&#070;<\/span>&nbsp;9.00<\/span> (TVA incluse)<\/div>\n\t\t\n\t\t\t\t\t<\/div>\n<\/div><div class=\"eltdf-pli eltdf-item-space \">\n\t<div class=\"eltdf-pli-inner\">\n\t\t<div class=\"eltdf-pli-image\">\n\t\t\t\n<img loading=\"lazy\" decoding=\"async\" width=\"610\" height=\"458\" src=\"https:\/\/illycafe.ch\/wp-content\/uploads\/4181_High_1x_01-610x458.png\" class=\"attachment-woocommerce_thumbnail size-woocommerce_thumbnail wp-post-image\" alt=\"\" \/>\t\t<\/div>\n\t\t<div class=\"eltdf-pli-text eltdf-pli-hover-overlay\" >\n\t\t\t<div class=\"eltdf-pli-text-outer\">\n\t\t\t\t<div class=\"eltdf-pli-text-inner\">\n\t\t\t\t\t\t\n\t<div class=\"eltdf-pli-add-to-cart eltdf-default-skin\">\n\t\t<a rel=\"nofollow\" href=\"?add-to-cart=192501\" data-quantity=\"1\" data-product_id=\"192501\" data-product_sku=\"4181\" class=\"button add_to_cart_button ajax_add_to_cart eltdf-button\">Ajouter au panier<\/a>\t<\/div>\n\t\t\t\t<\/div>\n\t\t\t<\/div>\n\t\t<\/div>\n\t\t<a class=\"eltdf-pli-link\" itemprop=\"url\" href=\"https:\/\/illycafe.ch\/fr\/produit\/joints-pour-machine-a-cafe-francis-francis-x1-chaudiere-laiton-10-joints\/\" title=\"Joints pour machine \u00e0 caf\u00e9 Francis Francis X1 chaudi\u00e8re laiton &#8211; 10 joints\"><\/a>\n\t<\/div>\n\t<div class=\"eltdf-pli-text-wrapper\" >\n\t\t    <h5 itemprop=\"name\" class=\"entry-title eltdf-pli-title\" >\n\t\t<a itemprop=\"url\" href=\"https:\/\/illycafe.ch\/fr\/produit\/joints-pour-machine-a-cafe-francis-francis-x1-chaudiere-laiton-10-joints\/\">Joints pour machine \u00e0 caf\u00e9 Francis Francis X1 chaudi\u00e8re laiton &#8211; 10 joints<\/a>\n\t<\/h5>\n\t\t\n\t\t\t\t\t\t\n\t\t\t\t\n\t\t\t<div class=\"eltdf-pli-price\"><span class=\"woocommerce-Price-amount amount\"><span class=\"woocommerce-Price-currencySymbol\">&#067;&#072;&#070;<\/span>&nbsp;10.50<\/span> (TVA incluse)<\/div>\n\t\t\n\t\t\t\t\t<\/div>\n<\/div><div class=\"eltdf-pli eltdf-item-space \">\n\t<div class=\"eltdf-pli-inner\">\n\t\t<div class=\"eltdf-pli-image\">\n\t\t\t\n<img loading=\"lazy\" decoding=\"async\" width=\"610\" height=\"458\" src=\"https:\/\/illycafe.ch\/wp-content\/uploads\/20574_High_1x_01-610x458.png\" class=\"attachment-woocommerce_thumbnail size-woocommerce_thumbnail wp-post-image\" alt=\"\" \/>\t\t<\/div>\n\t\t<div class=\"eltdf-pli-text eltdf-pli-hover-overlay\" >\n\t\t\t<div class=\"eltdf-pli-text-outer\">\n\t\t\t\t<div class=\"eltdf-pli-text-inner\">\n\t\t\t\t\t\t\n\t<div class=\"eltdf-pli-add-to-cart eltdf-default-skin\">\n\t\t<a rel=\"nofollow\" href=\"https:\/\/illycafe.ch\/fr\/produit\/porte-capsule-pour-machines-a-cafe-iperespesso-x7-1-ou-x1\/\" data-quantity=\"1\" data-product_id=\"192481\" data-product_sku=\"20575\" class=\"button product_type_variable add_to_cart_button eltdf-button\">Choix des options<\/a>\t<\/div>\n\t\t\t\t<\/div>\n\t\t\t<\/div>\n\t\t<\/div>\n\t\t<a class=\"eltdf-pli-link\" itemprop=\"url\" href=\"https:\/\/illycafe.ch\/fr\/produit\/porte-capsule-pour-machines-a-cafe-iperespesso-x7-1-ou-x1\/\" title=\"Porte-capsule \u2013 pour machines \u00e0 caf\u00e9 Iperespesso X7.1 ou X1\"><\/a>\n\t<\/div>\n\t<div class=\"eltdf-pli-text-wrapper\" >\n\t\t    <h5 itemprop=\"name\" class=\"entry-title eltdf-pli-title\" >\n\t\t<a itemprop=\"url\" href=\"https:\/\/illycafe.ch\/fr\/produit\/porte-capsule-pour-machines-a-cafe-iperespesso-x7-1-ou-x1\/\">Porte-capsule \u2013 pour machines \u00e0 caf\u00e9 Iperespesso X7.1 ou X1<\/a>\n\t<\/h5>\n\t\t\n\t\t\t\t\t\t\n\t\t\t\t\n\t\t\t<div class=\"eltdf-pli-price\"><ins class=\"highlight\"><span class=\"woocommerce-Price-amount amount\"><span class=\"woocommerce-Price-currencySymbol\">&#067;&#072;&#070;<\/span>&nbsp;25.00<\/span><\/ins> (TVA incluse)<\/div>\n\t\t\n\t\t\t\t\t<\/div>\n<\/div><div class=\"eltdf-pli eltdf-item-space \">\n\t<div class=\"eltdf-pli-inner\">\n\t\t<div class=\"eltdf-pli-image\">\n\t\t\t\n<img loading=\"lazy\" decoding=\"async\" width=\"610\" height=\"458\" src=\"https:\/\/illycafe.ch\/wp-content\/uploads\/23013_High_1x_01-610x458.png\" class=\"attachment-woocommerce_thumbnail size-woocommerce_thumbnail wp-post-image\" alt=\"\" \/>\t\t<\/div>\n\t\t<div class=\"eltdf-pli-text eltdf-pli-hover-overlay\" >\n\t\t\t<div class=\"eltdf-pli-text-outer\">\n\t\t\t\t<div class=\"eltdf-pli-text-inner\">\n\t\t\t\t\t\t\n\t<div class=\"eltdf-pli-add-to-cart eltdf-default-skin\">\n\t\t<a rel=\"nofollow\" href=\"?add-to-cart=192495\" data-quantity=\"1\" data-product_id=\"192495\" data-product_sku=\"23013\" class=\"button add_to_cart_button ajax_add_to_cart eltdf-button\">Ajouter au panier<\/a>\t<\/div>\n\t\t\t\t<\/div>\n\t\t\t<\/div>\n\t\t<\/div>\n\t\t<a class=\"eltdf-pli-link\" itemprop=\"url\" href=\"https:\/\/illycafe.ch\/fr\/produit\/reservoir-a-eau-avec-couvercle-pour-machine-a-cafe-en-capsule-iperespreso-y3\/\" title=\"R\u00e9servoir \u00e0 eau avec couvercle pour machine \u00e0 caf\u00e9 en capsule Iperespreso Y3\"><\/a>\n\t<\/div>\n\t<div class=\"eltdf-pli-text-wrapper\" >\n\t\t    <h5 itemprop=\"name\" class=\"entry-title eltdf-pli-title\" >\n\t\t<a itemprop=\"url\" href=\"https:\/\/illycafe.ch\/fr\/produit\/reservoir-a-eau-avec-couvercle-pour-machine-a-cafe-en-capsule-iperespreso-y3\/\">R\u00e9servoir \u00e0 eau avec couvercle pour machine \u00e0 caf\u00e9 en capsule Iperespreso Y3<\/a>\n\t<\/h5>\n\t\t\n\t\t\t\t\t\t\n\t\t\t\t\n\t\t\t<div class=\"eltdf-pli-price\"><span class=\"woocommerce-Price-amount amount\"><span class=\"woocommerce-Price-currencySymbol\">&#067;&#072;&#070;<\/span>&nbsp;10.00<\/span> (TVA incluse)<\/div>\n\t\t\n\t\t\t\t\t<\/div>\n<\/div><div class=\"eltdf-pli eltdf-item-space \">\n\t<div class=\"eltdf-pli-inner\">\n\t\t<div class=\"eltdf-pli-image\">\n\t\t\t\n<img loading=\"lazy\" decoding=\"async\" width=\"610\" height=\"458\" src=\"https:\/\/illycafe.ch\/wp-content\/uploads\/23668_High_1x_01-610x458.png\" class=\"attachment-woocommerce_thumbnail size-woocommerce_thumbnail wp-post-image\" alt=\"\" \/>\t\t<\/div>\n\t\t<div class=\"eltdf-pli-text eltdf-pli-hover-overlay\" >\n\t\t\t<div class=\"eltdf-pli-text-outer\">\n\t\t\t\t<div class=\"eltdf-pli-text-inner\">\n\t\t\t\t\t\t\n\t<div class=\"eltdf-pli-add-to-cart eltdf-default-skin\">\n\t\t<a rel=\"nofollow\" href=\"?add-to-cart=192443\" data-quantity=\"1\" data-product_id=\"192443\" data-product_sku=\"23668\" class=\"button add_to_cart_button ajax_add_to_cart eltdf-button\">Ajouter au panier<\/a>\t<\/div>\n\t\t\t\t<\/div>\n\t\t\t<\/div>\n\t\t<\/div>\n\t\t<a class=\"eltdf-pli-link\" itemprop=\"url\" href=\"https:\/\/illycafe.ch\/fr\/produit\/pastilles-detergentes-pour-machines-a-cafe-espresso-avec-cafe-moulu-ou-dosettes-e-s-e\/\" title=\"Pastilles d\u00e9tergentes pour machines \u00e0 caf\u00e9 Espresso avec caf\u00e9 moulu ou dosettes E.S.E.\"><\/a>\n\t<\/div>\n\t<div class=\"eltdf-pli-text-wrapper\" >\n\t\t    <h5 itemprop=\"name\" class=\"entry-title eltdf-pli-title\" >\n\t\t<a itemprop=\"url\" href=\"https:\/\/illycafe.ch\/fr\/produit\/pastilles-detergentes-pour-machines-a-cafe-espresso-avec-cafe-moulu-ou-dosettes-e-s-e\/\">Pastilles d\u00e9tergentes pour machines \u00e0 caf\u00e9 Espresso avec caf\u00e9 moulu ou dosettes E.S.E.<\/a>\n\t<\/h5>\n\t\t\n\t\t\t\t\t\t\n\t\t\t\t\n\t\t\t<div class=\"eltdf-pli-price\"><span class=\"woocommerce-Price-amount amount\"><span class=\"woocommerce-Price-currencySymbol\">&#067;&#072;&#070;<\/span>&nbsp;8.00<\/span> (TVA incluse)<\/div>\n\t\t\n\t\t\t\t\t<\/div>\n<\/div><div class=\"eltdf-pli eltdf-item-space \">\n\t<div class=\"eltdf-pli-inner\">\n\t\t<div class=\"eltdf-pli-image\">\n\t\t\t\n<img loading=\"lazy\" decoding=\"async\" width=\"610\" height=\"458\" src=\"https:\/\/illycafe.ch\/wp-content\/uploads\/23629_High_1x_01-610x458.png\" class=\"attachment-woocommerce_thumbnail size-woocommerce_thumbnail wp-post-image\" alt=\"\" \/>\t\t<\/div>\n\t\t<div class=\"eltdf-pli-text eltdf-pli-hover-overlay\" >\n\t\t\t<div class=\"eltdf-pli-text-outer\">\n\t\t\t\t<div class=\"eltdf-pli-text-inner\">\n\t\t\t\t\t\t\n\t<div class=\"eltdf-pli-add-to-cart eltdf-default-skin\">\n\t\t<a rel=\"nofollow\" href=\"?add-to-cart=192437\" data-quantity=\"1\" data-product_id=\"192437\" data-product_sku=\"23629\" class=\"button add_to_cart_button ajax_add_to_cart eltdf-button\">Ajouter au panier<\/a>\t<\/div>\n\t\t\t\t<\/div>\n\t\t\t<\/div>\n\t\t<\/div>\n\t\t<a class=\"eltdf-pli-link\" itemprop=\"url\" href=\"https:\/\/illycafe.ch\/fr\/produit\/bac-a-marc-knock-box\/\" title=\"Bac \u00e0 marc (Knock box)\"><\/a>\n\t<\/div>\n\t<div class=\"eltdf-pli-text-wrapper\" >\n\t\t    <h5 itemprop=\"name\" class=\"entry-title eltdf-pli-title\" >\n\t\t<a itemprop=\"url\" href=\"https:\/\/illycafe.ch\/fr\/produit\/bac-a-marc-knock-box\/\">Bac \u00e0 marc (Knock box)<\/a>\n\t<\/h5>\n\t\t\n\t\t\t\t\t\t\n\t\t\t\t\n\t\t\t<div class=\"eltdf-pli-price\"><span class=\"woocommerce-Price-amount amount\"><span class=\"woocommerce-Price-currencySymbol\">&#067;&#072;&#070;<\/span>&nbsp;19.90<\/span> (TVA incluse)<\/div>\n\t\t\n\t\t\t\t\t<\/div>\n<\/div><div class=\"eltdf-pli eltdf-item-space \">\n\t<div class=\"eltdf-pli-inner\">\n\t\t<div class=\"eltdf-pli-image\">\n\t\t\t\n\t<span class=\"eltdf-pli-out-of-stock\">Sold<\/span>\n<img loading=\"lazy\" decoding=\"async\" width=\"610\" height=\"458\" src=\"https:\/\/illycafe.ch\/wp-content\/uploads\/23808_High_1x_01-610x458.png\" class=\"attachment-woocommerce_thumbnail size-woocommerce_thumbnail wp-post-image\" alt=\"\" \/>\t\t<\/div>\n\t\t<div class=\"eltdf-pli-text eltdf-pli-hover-overlay\" >\n\t\t\t<div class=\"eltdf-pli-text-outer\">\n\t\t\t\t<div class=\"eltdf-pli-text-inner\">\n\t\t\t\t\t\t\n\t<div class=\"eltdf-pli-add-to-cart eltdf-default-skin\">\n\t\t<a rel=\"nofollow\" href=\"https:\/\/illycafe.ch\/fr\/produit\/kit-adaptateur-machine-a-cafe-moulu-x1-1-2-tasses\/\" data-quantity=\"1\" data-product_id=\"192429\" data-product_sku=\"23808\" class=\"button ajax_add_to_cart eltdf-button\">Lire la suite<\/a>\t<\/div>\n\t\t\t\t<\/div>\n\t\t\t<\/div>\n\t\t<\/div>\n\t\t<a class=\"eltdf-pli-link\" itemprop=\"url\" href=\"https:\/\/illycafe.ch\/fr\/produit\/kit-adaptateur-machine-a-cafe-moulu-x1-1-2-tasses\/\" title=\"Kit adaptateur machine a caf\u00e9 moulu X1 1 2 tasses\"><\/a>\n\t<\/div>\n\t<div class=\"eltdf-pli-text-wrapper\" >\n\t\t    <h5 itemprop=\"name\" class=\"entry-title eltdf-pli-title\" >\n\t\t<a itemprop=\"url\" href=\"https:\/\/illycafe.ch\/fr\/produit\/kit-adaptateur-machine-a-cafe-moulu-x1-1-2-tasses\/\">Kit adaptateur machine a caf\u00e9 moulu X1 1 2 tasses<\/a>\n\t<\/h5>\n\t\t\n\t\t\t\t\t\t\n\t\t\t\t\n\t\t\t<div class=\"eltdf-pli-price\"><span class=\"woocommerce-Price-amount amount\"><span class=\"woocommerce-Price-currencySymbol\">&#067;&#072;&#070;<\/span>&nbsp;6.00<\/span> (TVA incluse)<\/div>\n\t\t\n\t\t\t\t\t<\/div>\n<\/div><div class=\"eltdf-pli eltdf-item-space \">\n\t<div class=\"eltdf-pli-inner\">\n\t\t<div class=\"eltdf-pli-image\">\n\t\t\t\n<img loading=\"lazy\" decoding=\"async\" width=\"610\" height=\"458\" src=\"https:\/\/illycafe.ch\/wp-content\/uploads\/4180_High_1x_01-610x458.png\" class=\"attachment-woocommerce_thumbnail size-woocommerce_thumbnail wp-post-image\" alt=\"\" \/>\t\t<\/div>\n\t\t<div class=\"eltdf-pli-text eltdf-pli-hover-overlay\" >\n\t\t\t<div class=\"eltdf-pli-text-outer\">\n\t\t\t\t<div class=\"eltdf-pli-text-inner\">\n\t\t\t\t\t\t\n\t<div class=\"eltdf-pli-add-to-cart eltdf-default-skin\">\n\t\t<a rel=\"nofollow\" href=\"?add-to-cart=192423\" data-quantity=\"1\" data-product_id=\"192423\" data-product_sku=\"4180\" class=\"button add_to_cart_button ajax_add_to_cart eltdf-button\">Ajouter au panier<\/a>\t<\/div>\n\t\t\t\t<\/div>\n\t\t\t<\/div>\n\t\t<\/div>\n\t\t<a class=\"eltdf-pli-link\" itemprop=\"url\" href=\"https:\/\/illycafe.ch\/fr\/produit\/joints-pour-machine-a-cafe-x1-chaudiere-aluminium-10-joints\/\" title=\"Joints pour machine \u00e0 caf\u00e9 X1 chaudi\u00e8re aluminium &#8211; 10 joints\"><\/a>\n\t<\/div>\n\t<div class=\"eltdf-pli-text-wrapper\" >\n\t\t    <h5 itemprop=\"name\" class=\"entry-title eltdf-pli-title\" >\n\t\t<a itemprop=\"url\" href=\"https:\/\/illycafe.ch\/fr\/produit\/joints-pour-machine-a-cafe-x1-chaudiere-aluminium-10-joints\/\">Joints pour machine \u00e0 caf\u00e9 X1 chaudi\u00e8re aluminium &#8211; 10 joints<\/a>\n\t<\/h5>\n\t\t\n\t\t\t\t\t\t\n\t\t\t\t\n\t\t\t<div class=\"eltdf-pli-price\"><span class=\"woocommerce-Price-amount amount\"><span class=\"woocommerce-Price-currencySymbol\">&#067;&#072;&#070;<\/span>&nbsp;10.50<\/span> (TVA incluse)<\/div>\n\t\t\n\t\t\t\t\t<\/div>\n<\/div><div class=\"eltdf-pli eltdf-item-space \">\n\t<div class=\"eltdf-pli-inner\">\n\t\t<div class=\"eltdf-pli-image\">\n\t\t\t\n<img loading=\"lazy\" decoding=\"async\" width=\"610\" height=\"458\" src=\"https:\/\/illycafe.ch\/wp-content\/uploads\/23003_High_1x_01-610x458.png\" class=\"attachment-woocommerce_thumbnail size-woocommerce_thumbnail wp-post-image\" alt=\"\" \/>\t\t<\/div>\n\t\t<div class=\"eltdf-pli-text eltdf-pli-hover-overlay\" >\n\t\t\t<div class=\"eltdf-pli-text-outer\">\n\t\t\t\t<div class=\"eltdf-pli-text-inner\">\n\t\t\t\t\t\t\n\t<div class=\"eltdf-pli-add-to-cart eltdf-default-skin\">\n\t\t<a rel=\"nofollow\" href=\"?add-to-cart=192405\" data-quantity=\"1\" data-product_id=\"192405\" data-product_sku=\"23003\" class=\"button add_to_cart_button ajax_add_to_cart eltdf-button\">Ajouter au panier<\/a>\t<\/div>\n\t\t\t\t<\/div>\n\t\t\t<\/div>\n\t\t<\/div>\n\t\t<a class=\"eltdf-pli-link\" itemprop=\"url\" href=\"https:\/\/illycafe.ch\/fr\/produit\/bras-porte-dosette-pour-machines-a-cafe-en-dosettes-e-s-e-x1-trio-et-distributeurs-de-tasses\/\" title=\"Bras porte-dosette pour machines \u00e0 caf\u00e9 en dosettes E.S.E. X1 Trio et distributeurs de tasses\"><\/a>\n\t<\/div>\n\t<div class=\"eltdf-pli-text-wrapper\" >\n\t\t    <h5 itemprop=\"name\" class=\"entry-title eltdf-pli-title\" >\n\t\t<a itemprop=\"url\" href=\"https:\/\/illycafe.ch\/fr\/produit\/bras-porte-dosette-pour-machines-a-cafe-en-dosettes-e-s-e-x1-trio-et-distributeurs-de-tasses\/\">Bras porte-dosette pour machines \u00e0 caf\u00e9 en dosettes E.S.E. X1 Trio et distributeurs de tasses<\/a>\n\t<\/h5>\n\t\t\n\t\t\t\t\t\t\n\t\t\t\t\n\t\t\t<div class=\"eltdf-pli-price\"><span class=\"woocommerce-Price-amount amount\"><span class=\"woocommerce-Price-currencySymbol\">&#067;&#072;&#070;<\/span>&nbsp;19.00<\/span> (TVA incluse)<\/div>\n\t\t\n\t\t\t\t\t<\/div>\n<\/div><div class=\"eltdf-pli eltdf-item-space \">\n\t<div class=\"eltdf-pli-inner\">\n\t\t<div class=\"eltdf-pli-image\">\n\t\t\t\n<img loading=\"lazy\" decoding=\"async\" width=\"610\" height=\"458\" src=\"https:\/\/illycafe.ch\/wp-content\/uploads\/B1700_High_1x_01-610x458.png\" class=\"attachment-woocommerce_thumbnail size-woocommerce_thumbnail wp-post-image\" alt=\"\" \/>\t\t<\/div>\n\t\t<div class=\"eltdf-pli-text eltdf-pli-hover-overlay\" >\n\t\t\t<div class=\"eltdf-pli-text-outer\">\n\t\t\t\t<div class=\"eltdf-pli-text-inner\">\n\t\t\t\t\t\t\n\t<div class=\"eltdf-pli-add-to-cart eltdf-default-skin\">\n\t\t<a rel=\"nofollow\" href=\"?add-to-cart=192649\" data-quantity=\"1\" data-product_id=\"192649\" data-product_sku=\"B1700\" class=\"button add_to_cart_button ajax_add_to_cart eltdf-button\">Ajouter au panier<\/a>\t<\/div>\n\t\t\t\t<\/div>\n\t\t\t<\/div>\n\t\t<\/div>\n\t\t<a class=\"eltdf-pli-link\" itemprop=\"url\" href=\"https:\/\/illycafe.ch\/fr\/produit\/tamper-de-illy-en-acier-inoxydable-pour-machine-a-cafe-moulu-x1\/\" title=\"Tamper de illy en acier inoxydable pour machine \u00e0 caf\u00e9 moulu X1\"><\/a>\n\t<\/div>\n\t<div class=\"eltdf-pli-text-wrapper\" >\n\t\t    <h5 itemprop=\"name\" class=\"entry-title eltdf-pli-title\" >\n\t\t<a itemprop=\"url\" href=\"https:\/\/illycafe.ch\/fr\/produit\/tamper-de-illy-en-acier-inoxydable-pour-machine-a-cafe-moulu-x1\/\">Tamper de illy en acier inoxydable pour machine \u00e0 caf\u00e9 moulu X1<\/a>\n\t<\/h5>\n\t\t\n\t\t\t\t\t\t\n\t\t\t\t\n\t\t\t<div class=\"eltdf-pli-price\"><span class=\"woocommerce-Price-amount amount\"><span class=\"woocommerce-Price-currencySymbol\">&#067;&#072;&#070;<\/span>&nbsp;36.00<\/span> (TVA incluse)<\/div>\n\t\t\n\t\t\t\t\t<\/div>\n<\/div><div class=\"eltdf-pli eltdf-item-space \">\n\t<div class=\"eltdf-pli-inner\">\n\t\t<div class=\"eltdf-pli-image\">\n\t\t\t\n<img loading=\"lazy\" decoding=\"async\" width=\"610\" height=\"458\" src=\"https:\/\/illycafe.ch\/wp-content\/uploads\/23789_High_1x_01-610x458.png\" class=\"attachment-woocommerce_thumbnail size-woocommerce_thumbnail wp-post-image\" alt=\"\" \/>\t\t<\/div>\n\t\t<div class=\"eltdf-pli-text eltdf-pli-hover-overlay\" >\n\t\t\t<div class=\"eltdf-pli-text-outer\">\n\t\t\t\t<div class=\"eltdf-pli-text-inner\">\n\t\t\t\t\t\t\n\t<div class=\"eltdf-pli-add-to-cart eltdf-default-skin\">\n\t\t<a rel=\"nofollow\" href=\"?add-to-cart=192643\" data-quantity=\"1\" data-product_id=\"192643\" data-product_sku=\"23789\" class=\"button add_to_cart_button ajax_add_to_cart eltdf-button\">Ajouter au panier<\/a>\t<\/div>\n\t\t\t\t<\/div>\n\t\t\t<\/div>\n\t\t<\/div>\n\t\t<a class=\"eltdf-pli-link\" itemprop=\"url\" href=\"https:\/\/illycafe.ch\/fr\/produit\/kit-support-noir-tasse-a-espresso-avec-egouttoir-en-acier-machine-ese-illy\/\" title=\"Kit support noir tasse \u00e0 espresso avec \u00e9gouttoir en acier machine ESE illy\"><\/a>\n\t<\/div>\n\t<div class=\"eltdf-pli-text-wrapper\" >\n\t\t    <h5 itemprop=\"name\" class=\"entry-title eltdf-pli-title\" >\n\t\t<a itemprop=\"url\" href=\"https:\/\/illycafe.ch\/fr\/produit\/kit-support-noir-tasse-a-espresso-avec-egouttoir-en-acier-machine-ese-illy\/\">Kit support noir tasse \u00e0 espresso avec \u00e9gouttoir en acier machine ESE illy<\/a>\n\t<\/h5>\n\t\t\n\t\t\t\t\t\t\n\t\t\t\t\n\t\t\t<div class=\"eltdf-pli-price\"><span class=\"woocommerce-Price-amount amount\"><span class=\"woocommerce-Price-currencySymbol\">&#067;&#072;&#070;<\/span>&nbsp;9.50<\/span> (TVA incluse)<\/div>\n\t\t\n\t\t\t\t\t<\/div>\n<\/div><div class=\"eltdf-pli eltdf-item-space \">\n\t<div class=\"eltdf-pli-inner\">\n\t\t<div class=\"eltdf-pli-image\">\n\t\t\t\n<img loading=\"lazy\" decoding=\"async\" width=\"610\" height=\"458\" src=\"https:\/\/illycafe.ch\/wp-content\/uploads\/23791_High_1x_01-610x458.png\" class=\"attachment-woocommerce_thumbnail size-woocommerce_thumbnail wp-post-image\" alt=\"\" \/>\t\t<\/div>\n\t\t<div class=\"eltdf-pli-text eltdf-pli-hover-overlay\" >\n\t\t\t<div class=\"eltdf-pli-text-outer\">\n\t\t\t\t<div class=\"eltdf-pli-text-inner\">\n\t\t\t\t\t\t\n\t<div class=\"eltdf-pli-add-to-cart eltdf-default-skin\">\n\t\t<a rel=\"nofollow\" href=\"https:\/\/illycafe.ch\/fr\/produit\/porte-capsule-dosettes-usagees-machine-a-cafe-ese-illy\/\" data-quantity=\"1\" data-product_id=\"192592\" data-product_sku=\"23792\" class=\"button product_type_variable add_to_cart_button eltdf-button\">Choix des options<\/a>\t<\/div>\n\t\t\t\t<\/div>\n\t\t\t<\/div>\n\t\t<\/div>\n\t\t<a class=\"eltdf-pli-link\" itemprop=\"url\" href=\"https:\/\/illycafe.ch\/fr\/produit\/porte-capsule-dosettes-usagees-machine-a-cafe-ese-illy\/\" title=\"Porte-capsule dosettes usag\u00e9es machine \u00e0 caf\u00e9 ESE illy\"><\/a>\n\t<\/div>\n\t<div class=\"eltdf-pli-text-wrapper\" >\n\t\t    <h5 itemprop=\"name\" class=\"entry-title eltdf-pli-title\" >\n\t\t<a itemprop=\"url\" href=\"https:\/\/illycafe.ch\/fr\/produit\/porte-capsule-dosettes-usagees-machine-a-cafe-ese-illy\/\">Porte-capsule dosettes usag\u00e9es machine \u00e0 caf\u00e9 ESE illy<\/a>\n\t<\/h5>\n\t\t\n\t\t\t\t\t\t\n\t\t\t\t\n\t\t\t<div class=\"eltdf-pli-price\"><ins class=\"highlight\"><span class=\"woocommerce-Price-amount amount\"><span class=\"woocommerce-Price-currencySymbol\">&#067;&#072;&#070;<\/span>&nbsp;12.00<\/span><\/ins> (TVA incluse)<\/div>\n\t\t\n\t\t\t\t\t<\/div>\n<\/div><div class=\"eltdf-pli eltdf-item-space \">\n\t<div class=\"eltdf-pli-inner\">\n\t\t<div class=\"eltdf-pli-image\">\n\t\t\t\n<img loading=\"lazy\" decoding=\"async\" width=\"610\" height=\"458\" src=\"https:\/\/illycafe.ch\/wp-content\/uploads\/23014_High_1x_01-610x458.png\" class=\"attachment-woocommerce_thumbnail size-woocommerce_thumbnail wp-post-image\" alt=\"\" \/>\t\t<\/div>\n\t\t<div class=\"eltdf-pli-text eltdf-pli-hover-overlay\" >\n\t\t\t<div class=\"eltdf-pli-text-outer\">\n\t\t\t\t<div class=\"eltdf-pli-text-inner\">\n\t\t\t\t\t\t\n\t<div class=\"eltdf-pli-add-to-cart eltdf-default-skin\">\n\t\t<a rel=\"nofollow\" href=\"?add-to-cart=192585\" data-quantity=\"1\" data-product_id=\"192585\" data-product_sku=\"23014\" class=\"button add_to_cart_button ajax_add_to_cart eltdf-button\">Ajouter au panier<\/a>\t<\/div>\n\t\t\t\t<\/div>\n\t\t\t<\/div>\n\t\t<\/div>\n\t\t<a class=\"eltdf-pli-link\" itemprop=\"url\" href=\"https:\/\/illycafe.ch\/fr\/produit\/support-tasse-en-acier-inoxydable-pour-la-machine-a-cafe-iperespresso-y3-et-4-sachets-de-detartrant\/\" title=\"Support tasse en acier inoxydable pour la machine \u00e0 caf\u00e9 Iperespresso Y3 et 4 sachets de d\u00e9tartrant\"><\/a>\n\t<\/div>\n\t<div class=\"eltdf-pli-text-wrapper\" >\n\t\t    <h5 itemprop=\"name\" class=\"entry-title eltdf-pli-title\" >\n\t\t<a itemprop=\"url\" href=\"https:\/\/illycafe.ch\/fr\/produit\/support-tasse-en-acier-inoxydable-pour-la-machine-a-cafe-iperespresso-y3-et-4-sachets-de-detartrant\/\">Support tasse en acier inoxydable pour la machine \u00e0 caf\u00e9 Iperespresso Y3 et 4 sachets de d\u00e9tartrant<\/a>\n\t<\/h5>\n\t\t\n\t\t\t\t\t\t\n\t\t\t\t\n\t\t\t<div class=\"eltdf-pli-price\"><span class=\"woocommerce-Price-amount amount\"><span class=\"woocommerce-Price-currencySymbol\">&#067;&#072;&#070;<\/span>&nbsp;8.00<\/span> (TVA incluse)<\/div>\n\t\t\n\t\t\t\t\t<\/div>\n<\/div><div class=\"eltdf-pli eltdf-item-space \">\n\t<div class=\"eltdf-pli-inner\">\n\t\t<div class=\"eltdf-pli-image\">\n\t\t\t\n<img loading=\"lazy\" decoding=\"async\" width=\"610\" height=\"458\" src=\"https:\/\/illycafe.ch\/wp-content\/uploads\/23794_High_1x_01-610x458.png\" class=\"attachment-woocommerce_thumbnail size-woocommerce_thumbnail wp-post-image\" alt=\"\" \/>\t\t<\/div>\n\t\t<div class=\"eltdf-pli-text eltdf-pli-hover-overlay\" >\n\t\t\t<div class=\"eltdf-pli-text-outer\">\n\t\t\t\t<div class=\"eltdf-pli-text-inner\">\n\t\t\t\t\t\t\n\t<div class=\"eltdf-pli-add-to-cart eltdf-default-skin\">\n\t\t<a rel=\"nofollow\" href=\"?add-to-cart=192579\" data-quantity=\"1\" data-product_id=\"192579\" data-product_sku=\"23794\" class=\"button add_to_cart_button ajax_add_to_cart eltdf-button\">Ajouter au panier<\/a>\t<\/div>\n\t\t\t\t<\/div>\n\t\t\t<\/div>\n\t\t<\/div>\n\t\t<a class=\"eltdf-pli-link\" itemprop=\"url\" href=\"https:\/\/illycafe.ch\/fr\/produit\/grille-porte-tasse-pour-machine-a-cafe-x1-e-s-e-ground\/\" title=\"Grille porte tasse pour machine \u00e0 caf\u00e9 X1 E.S.E. &#038; Ground\"><\/a>\n\t<\/div>\n\t<div class=\"eltdf-pli-text-wrapper\" >\n\t\t    <h5 itemprop=\"name\" class=\"entry-title eltdf-pli-title\" >\n\t\t<a itemprop=\"url\" href=\"https:\/\/illycafe.ch\/fr\/produit\/grille-porte-tasse-pour-machine-a-cafe-x1-e-s-e-ground\/\">Grille porte tasse pour machine \u00e0 caf\u00e9 X1 E.S.E. &#038; Ground<\/a>\n\t<\/h5>\n\t\t\n\t\t\t\t\t\t\n\t\t\t\t\n\t\t\t<div class=\"eltdf-pli-price\"><span class=\"woocommerce-Price-amount amount\"><span class=\"woocommerce-Price-currencySymbol\">&#067;&#072;&#070;<\/span>&nbsp;14.50<\/span> (TVA incluse)<\/div>\n\t\t\n\t\t\t\t\t<\/div>\n<\/div><div class=\"eltdf-pli eltdf-item-space \">\n\t<div class=\"eltdf-pli-inner\">\n\t\t<div class=\"eltdf-pli-image\">\n\t\t\t\n<img loading=\"lazy\" decoding=\"async\" width=\"610\" height=\"458\" src=\"https:\/\/illycafe.ch\/wp-content\/uploads\/23493_High_1x_01-610x458.png\" class=\"attachment-woocommerce_thumbnail size-woocommerce_thumbnail wp-post-image\" alt=\"\" \/>\t\t<\/div>\n\t\t<div class=\"eltdf-pli-text eltdf-pli-hover-overlay\" >\n\t\t\t<div class=\"eltdf-pli-text-outer\">\n\t\t\t\t<div class=\"eltdf-pli-text-inner\">\n\t\t\t\t\t\t\n\t<div class=\"eltdf-pli-add-to-cart eltdf-default-skin\">\n\t\t<a rel=\"nofollow\" href=\"https:\/\/illycafe.ch\/fr\/produit\/kit-porte-capsule-avec-porte-tasse-machine-a-cafe-y3\/\" data-quantity=\"1\" data-product_id=\"192565\" data-product_sku=\"23493\" class=\"button product_type_variable add_to_cart_button eltdf-button\">Choix des options<\/a>\t<\/div>\n\t\t\t\t<\/div>\n\t\t\t<\/div>\n\t\t<\/div>\n\t\t<a class=\"eltdf-pli-link\" itemprop=\"url\" href=\"https:\/\/illycafe.ch\/fr\/produit\/kit-porte-capsule-avec-porte-tasse-machine-a-cafe-y3\/\" title=\"Kit porte-capsule avec porte-tasse machine \u00e0 caf\u00e9 Y3\"><\/a>\n\t<\/div>\n\t<div class=\"eltdf-pli-text-wrapper\" >\n\t\t    <h5 itemprop=\"name\" class=\"entry-title eltdf-pli-title\" >\n\t\t<a itemprop=\"url\" href=\"https:\/\/illycafe.ch\/fr\/produit\/kit-porte-capsule-avec-porte-tasse-machine-a-cafe-y3\/\">Kit porte-capsule avec porte-tasse machine \u00e0 caf\u00e9 Y3<\/a>\n\t<\/h5>\n\t\t\n\t\t\t\t\t\t\n\t\t\t\t\n\t\t\t<div class=\"eltdf-pli-price\"><ins class=\"highlight\"><span class=\"woocommerce-Price-amount amount\"><span class=\"woocommerce-Price-currencySymbol\">&#067;&#072;&#070;<\/span>&nbsp;11.00<\/span><\/ins> (TVA incluse)<\/div>\n\t\t\n\t\t\t\t\t<\/div>\n<\/div><div class=\"eltdf-pli eltdf-item-space \">\n\t<div class=\"eltdf-pli-inner\">\n\t\t<div class=\"eltdf-pli-image\">\n\t\t\t\n<img loading=\"lazy\" decoding=\"async\" width=\"610\" height=\"458\" src=\"https:\/\/illycafe.ch\/wp-content\/uploads\/4182_High_1x_01-610x458.png\" class=\"attachment-woocommerce_thumbnail size-woocommerce_thumbnail wp-post-image\" alt=\"\" \/>\t\t<\/div>\n\t\t<div class=\"eltdf-pli-text eltdf-pli-hover-overlay\" >\n\t\t\t<div class=\"eltdf-pli-text-outer\">\n\t\t\t\t<div class=\"eltdf-pli-text-inner\">\n\t\t\t\t\t\t\n\t<div class=\"eltdf-pli-add-to-cart eltdf-default-skin\">\n\t\t<a rel=\"nofollow\" href=\"?add-to-cart=192540\" data-quantity=\"1\" data-product_id=\"192540\" data-product_sku=\"4182\" class=\"button add_to_cart_button ajax_add_to_cart eltdf-button\">Ajouter au panier<\/a>\t<\/div>\n\t\t\t\t<\/div>\n\t\t\t<\/div>\n\t\t<\/div>\n\t\t<a class=\"eltdf-pli-link\" itemprop=\"url\" href=\"https:\/\/illycafe.ch\/fr\/produit\/joints-pour-machine-a-cafe-francis-francis-gamme-trio-10-joints\/\" title=\"Joints pour machine \u00e0 caf\u00e9 Francis Francis gamme TRIO &#8211; 10 joints\"><\/a>\n\t<\/div>\n\t<div class=\"eltdf-pli-text-wrapper\" >\n\t\t    <h5 itemprop=\"name\" class=\"entry-title eltdf-pli-title\" >\n\t\t<a itemprop=\"url\" href=\"https:\/\/illycafe.ch\/fr\/produit\/joints-pour-machine-a-cafe-francis-francis-gamme-trio-10-joints\/\">Joints pour machine \u00e0 caf\u00e9 Francis Francis gamme TRIO &#8211; 10 joints<\/a>\n\t<\/h5>\n\t\t\n\t\t\t\t\t\t\n\t\t\t\t\n\t\t\t<div class=\"eltdf-pli-price\"><span class=\"woocommerce-Price-amount amount\"><span class=\"woocommerce-Price-currencySymbol\">&#067;&#072;&#070;<\/span>&nbsp;13.50<\/span> (TVA incluse)<\/div>\n\t\t\n\t\t\t\t\t<\/div>\n<\/div><div class=\"eltdf-pli eltdf-item-space \">\n\t<div class=\"eltdf-pli-inner\">\n\t\t<div class=\"eltdf-pli-image\">\n\t\t\t\n<img loading=\"lazy\" decoding=\"async\" width=\"610\" height=\"458\" src=\"https:\/\/illycafe.ch\/wp-content\/uploads\/23010_High_1x_01-610x458.png\" class=\"attachment-woocommerce_thumbnail size-woocommerce_thumbnail wp-post-image\" alt=\"\" \/>\t\t<\/div>\n\t\t<div class=\"eltdf-pli-text eltdf-pli-hover-overlay\" >\n\t\t\t<div class=\"eltdf-pli-text-outer\">\n\t\t\t\t<div class=\"eltdf-pli-text-inner\">\n\t\t\t\t\t\t\n\t<div class=\"eltdf-pli-add-to-cart eltdf-default-skin\">\n\t\t<a rel=\"nofollow\" href=\"?add-to-cart=192546\" data-quantity=\"1\" data-product_id=\"192546\" data-product_sku=\"23010\" class=\"button add_to_cart_button ajax_add_to_cart eltdf-button\">Ajouter au panier<\/a>\t<\/div>\n\t\t\t\t<\/div>\n\t\t\t<\/div>\n\t\t<\/div>\n\t\t<a class=\"eltdf-pli-link\" itemprop=\"url\" href=\"https:\/\/illycafe.ch\/fr\/produit\/adapteur-dosettes-e-s-e-pour-filtre-porte-dosette-pour-manche-machine-a-cafe-x1-trio\/\" title=\"Adapteur dosettes E.S.E. pour filtre porte-dosette pour manche machine \u00e0 caf\u00e9 X1 Trio\"><\/a>\n\t<\/div>\n\t<div class=\"eltdf-pli-text-wrapper\" >\n\t\t    <h5 itemprop=\"name\" class=\"entry-title eltdf-pli-title\" >\n\t\t<a itemprop=\"url\" href=\"https:\/\/illycafe.ch\/fr\/produit\/adapteur-dosettes-e-s-e-pour-filtre-porte-dosette-pour-manche-machine-a-cafe-x1-trio\/\">Adapteur dosettes E.S.E. pour filtre porte-dosette pour manche machine \u00e0 caf\u00e9 X1 Trio<\/a>\n\t<\/h5>\n\t\t\n\t\t\t\t\t\t\n\t\t\t\t\n\t\t\t<div class=\"eltdf-pli-price\"><span class=\"woocommerce-Price-amount amount\"><span class=\"woocommerce-Price-currencySymbol\">&#067;&#072;&#070;<\/span>&nbsp;9.00<\/span> (TVA incluse)<\/div>\n\t\t\n\t\t\t\t\t<\/div>\n<\/div><div class=\"eltdf-pli eltdf-item-space \">\n\t<div class=\"eltdf-pli-inner\">\n\t\t<div class=\"eltdf-pli-image\">\n\t\t\t\n<img loading=\"lazy\" decoding=\"async\" width=\"610\" height=\"458\" src=\"https:\/\/illycafe.ch\/wp-content\/uploads\/23007_High_1x_01-610x458.png\" class=\"attachment-woocommerce_thumbnail size-woocommerce_thumbnail wp-post-image\" alt=\"\" \/>\t\t<\/div>\n\t\t<div class=\"eltdf-pli-text eltdf-pli-hover-overlay\" >\n\t\t\t<div class=\"eltdf-pli-text-outer\">\n\t\t\t\t<div class=\"eltdf-pli-text-inner\">\n\t\t\t\t\t\t\n\t<div class=\"eltdf-pli-add-to-cart eltdf-default-skin\">\n\t\t<a rel=\"nofollow\" href=\"?add-to-cart=192655\" data-quantity=\"1\" data-product_id=\"192655\" data-product_sku=\"23007\" class=\"button add_to_cart_button ajax_add_to_cart eltdf-button\">Ajouter au panier<\/a>\t<\/div>\n\t\t\t\t<\/div>\n\t\t\t<\/div>\n\t\t<\/div>\n\t\t<a class=\"eltdf-pli-link\" itemprop=\"url\" href=\"https:\/\/illycafe.ch\/fr\/produit\/grille-support-tasse-en-acier-pour-machine-a-cafe-x7-et-x7-1-iperespresso\/\" title=\"Grille support tasse en acier pour machine \u00e0 caf\u00e9 X7 et X7.1 Iperespresso\"><\/a>\n\t<\/div>\n\t<div class=\"eltdf-pli-text-wrapper\" >\n\t\t    <h5 itemprop=\"name\" class=\"entry-title eltdf-pli-title\" >\n\t\t<a itemprop=\"url\" href=\"https:\/\/illycafe.ch\/fr\/produit\/grille-support-tasse-en-acier-pour-machine-a-cafe-x7-et-x7-1-iperespresso\/\">Grille support tasse en acier pour machine \u00e0 caf\u00e9 X7 et X7.1 Iperespresso<\/a>\n\t<\/h5>\n\t\t\n\t\t\t\t\t\t\n\t\t\t\t\n\t\t\t<div class=\"eltdf-pli-price\"><span class=\"woocommerce-Price-amount amount\"><span class=\"woocommerce-Price-currencySymbol\">&#067;&#072;&#070;<\/span>&nbsp;12.00<\/span> (TVA incluse)<\/div>\n\t\t\n\t\t\t\t\t<\/div>\n<\/div><div class=\"eltdf-pli eltdf-item-space \">\n\t<div class=\"eltdf-pli-inner\">\n\t\t<div class=\"eltdf-pli-image\">\n\t\t\t\n<img loading=\"lazy\" decoding=\"async\" width=\"610\" height=\"458\" src=\"https:\/\/illycafe.ch\/wp-content\/uploads\/23795_High_1x_01-610x458.png\" class=\"attachment-woocommerce_thumbnail size-woocommerce_thumbnail wp-post-image\" alt=\"\" \/>\t\t<\/div>\n\t\t<div class=\"eltdf-pli-text eltdf-pli-hover-overlay\" >\n\t\t\t<div class=\"eltdf-pli-text-outer\">\n\t\t\t\t<div class=\"eltdf-pli-text-inner\">\n\t\t\t\t\t\t\n\t<div class=\"eltdf-pli-add-to-cart eltdf-default-skin\">\n\t\t<a rel=\"nofollow\" href=\"?add-to-cart=192661\" data-quantity=\"1\" data-product_id=\"192661\" data-product_sku=\"23795\" class=\"button add_to_cart_button ajax_add_to_cart eltdf-button\">Ajouter au panier<\/a>\t<\/div>\n\t\t\t\t<\/div>\n\t\t\t<\/div>\n\t\t<\/div>\n\t\t<a class=\"eltdf-pli-link\" itemprop=\"url\" href=\"https:\/\/illycafe.ch\/fr\/produit\/support-de-tasse-pour-machine-a-cafe-x1-e-s-e-ground\/\" title=\"Support de tasse pour machine \u00e0 caf\u00e9 X1 E.S.E. &#038; Ground\"><\/a>\n\t<\/div>\n\t<div class=\"eltdf-pli-text-wrapper\" >\n\t\t    <h5 itemprop=\"name\" class=\"entry-title eltdf-pli-title\" >\n\t\t<a itemprop=\"url\" href=\"https:\/\/illycafe.ch\/fr\/produit\/support-de-tasse-pour-machine-a-cafe-x1-e-s-e-ground\/\">Support de tasse pour machine \u00e0 caf\u00e9 X1 E.S.E. &#038; Ground<\/a>\n\t<\/h5>\n\t\t\n\t\t\t\t\t\t\n\t\t\t\t\n\t\t\t<div class=\"eltdf-pli-price\"><span class=\"woocommerce-Price-amount amount\"><span class=\"woocommerce-Price-currencySymbol\">&#067;&#072;&#070;<\/span>&nbsp;14.00<\/span> (TVA incluse)<\/div>\n\t\t\n\t\t\t\t\t<\/div>\n<\/div><div class=\"eltdf-pli eltdf-item-space \">\n\t<div class=\"eltdf-pli-inner\">\n\t\t<div class=\"eltdf-pli-image\">\n\t\t\t\n<img loading=\"lazy\" decoding=\"async\" width=\"610\" height=\"458\" src=\"https:\/\/illycafe.ch\/wp-content\/uploads\/23015_High_1x_01-610x458.png\" class=\"attachment-woocommerce_thumbnail size-woocommerce_thumbnail wp-post-image\" alt=\"\" \/>\t\t<\/div>\n\t\t<div class=\"eltdf-pli-text eltdf-pli-hover-overlay\" >\n\t\t\t<div class=\"eltdf-pli-text-outer\">\n\t\t\t\t<div class=\"eltdf-pli-text-inner\">\n\t\t\t\t\t\t\n\t<div class=\"eltdf-pli-add-to-cart eltdf-default-skin\">\n\t\t<a rel=\"nofollow\" href=\"?add-to-cart=192673\" data-quantity=\"1\" data-product_id=\"192673\" data-product_sku=\"23015\" class=\"button add_to_cart_button ajax_add_to_cart eltdf-button\">Ajouter au panier<\/a>\t<\/div>\n\t\t\t\t<\/div>\n\t\t\t<\/div>\n\t\t<\/div>\n\t\t<a class=\"eltdf-pli-link\" itemprop=\"url\" href=\"https:\/\/illycafe.ch\/fr\/produit\/reservoir-a-eau-pour-machine-a-capsules-iperespresso-y5-et-y5-milk\/\" title=\"R\u00e9servoir \u00e0 eau pour machine \u00e0 capsules Iperespresso Y5 et Y5 Milk\"><\/a>\n\t<\/div>\n\t<div class=\"eltdf-pli-text-wrapper\" >\n\t\t    <h5 itemprop=\"name\" class=\"entry-title eltdf-pli-title\" >\n\t\t<a itemprop=\"url\" href=\"https:\/\/illycafe.ch\/fr\/produit\/reservoir-a-eau-pour-machine-a-capsules-iperespresso-y5-et-y5-milk\/\">R\u00e9servoir \u00e0 eau pour machine \u00e0 capsules Iperespresso Y5 et Y5 Milk<\/a>\n\t<\/h5>\n\t\t\n\t\t\t\t\t\t\n\t\t\t\t\n\t\t\t<div class=\"eltdf-pli-price\"><span class=\"woocommerce-Price-amount amount\"><span class=\"woocommerce-Price-currencySymbol\">&#067;&#072;&#070;<\/span>&nbsp;11.00<\/span> (TVA incluse)<\/div>\n\t\t\n\t\t\t\t\t<\/div>\n<\/div><div class=\"eltdf-pli eltdf-item-space \">\n\t<div class=\"eltdf-pli-inner\">\n\t\t<div class=\"eltdf-pli-image\">\n\t\t\t\n<img loading=\"lazy\" decoding=\"async\" width=\"610\" height=\"458\" src=\"https:\/\/illycafe.ch\/wp-content\/uploads\/23787_High_1x_01-610x458.png\" class=\"attachment-woocommerce_thumbnail size-woocommerce_thumbnail wp-post-image\" alt=\"\" \/>\t\t<\/div>\n\t\t<div class=\"eltdf-pli-text eltdf-pli-hover-overlay\" >\n\t\t\t<div class=\"eltdf-pli-text-outer\">\n\t\t\t\t<div class=\"eltdf-pli-text-inner\">\n\t\t\t\t\t\t\n\t<div class=\"eltdf-pli-add-to-cart eltdf-default-skin\">\n\t\t<a rel=\"nofollow\" href=\"?add-to-cart=192667\" data-quantity=\"1\" data-product_id=\"192667\" data-product_sku=\"23787\" class=\"button add_to_cart_button ajax_add_to_cart eltdf-button\">Ajouter au panier<\/a>\t<\/div>\n\t\t\t\t<\/div>\n\t\t\t<\/div>\n\t\t<\/div>\n\t\t<a class=\"eltdf-pli-link\" itemprop=\"url\" href=\"https:\/\/illycafe.ch\/fr\/produit\/accessoires-pour-machine-a-cafe-x1-e-s-e-ground\/\" title=\"Accessoires pour machine \u00e0 caf\u00e9 X1 E.S.E. &#038; Ground\"><\/a>\n\t<\/div>\n\t<div class=\"eltdf-pli-text-wrapper\" >\n\t\t    <h5 itemprop=\"name\" class=\"entry-title eltdf-pli-title\" >\n\t\t<a itemprop=\"url\" href=\"https:\/\/illycafe.ch\/fr\/produit\/accessoires-pour-machine-a-cafe-x1-e-s-e-ground\/\">Accessoires pour machine \u00e0 caf\u00e9 X1 E.S.E. &#038; Ground<\/a>\n\t<\/h5>\n\t\t\n\t\t\t\t\t\t\n\t\t\t\t\n\t\t\t<div class=\"eltdf-pli-price\"><span class=\"woocommerce-Price-amount amount\"><span class=\"woocommerce-Price-currencySymbol\">&#067;&#072;&#070;<\/span>&nbsp;11.50<\/span> (TVA incluse)<\/div>\n\t\t\n\t\t\t\t\t<\/div>\n<\/div><div class=\"eltdf-pli eltdf-item-space \">\n\t<div class=\"eltdf-pli-inner\">\n\t\t<div class=\"eltdf-pli-image\">\n\t\t\t\n<img loading=\"lazy\" decoding=\"async\" width=\"610\" height=\"458\" src=\"https:\/\/illycafe.ch\/wp-content\/uploads\/23790_High_1x_01-610x458.png\" class=\"attachment-woocommerce_thumbnail size-woocommerce_thumbnail wp-post-image\" alt=\"\" \/>\t\t<\/div>\n\t\t<div class=\"eltdf-pli-text eltdf-pli-hover-overlay\" >\n\t\t\t<div class=\"eltdf-pli-text-outer\">\n\t\t\t\t<div class=\"eltdf-pli-text-inner\">\n\t\t\t\t\t\t\n\t<div class=\"eltdf-pli-add-to-cart eltdf-default-skin\">\n\t\t<a rel=\"nofollow\" href=\"?add-to-cart=192689\" data-quantity=\"1\" data-product_id=\"192689\" data-product_sku=\"23790\" class=\"button add_to_cart_button ajax_add_to_cart eltdf-button\">Ajouter au panier<\/a>\t<\/div>\n\t\t\t\t<\/div>\n\t\t\t<\/div>\n\t\t<\/div>\n\t\t<a class=\"eltdf-pli-link\" itemprop=\"url\" href=\"https:\/\/illycafe.ch\/fr\/produit\/porte-tasse-rouge-et-grille-machine-a-cafe-illy-easy-e-s-e\/\" title=\"Porte-tasse rouge et grille &#8211; machine \u00e0 caf\u00e9 illy EASY E.S.E.\"><\/a>\n\t<\/div>\n\t<div class=\"eltdf-pli-text-wrapper\" >\n\t\t    <h5 itemprop=\"name\" class=\"entry-title eltdf-pli-title\" >\n\t\t<a itemprop=\"url\" href=\"https:\/\/illycafe.ch\/fr\/produit\/porte-tasse-rouge-et-grille-machine-a-cafe-illy-easy-e-s-e\/\">Porte-tasse rouge et grille &#8211; machine \u00e0 caf\u00e9 illy EASY E.S.E.<\/a>\n\t<\/h5>\n\t\t\n\t\t\t\t\t\t\n\t\t\t\t\n\t\t\t<div class=\"eltdf-pli-price\"><span class=\"woocommerce-Price-amount amount\"><span class=\"woocommerce-Price-currencySymbol\">&#067;&#072;&#070;<\/span>&nbsp;9.50<\/span> (TVA incluse)<\/div>\n\t\t\n\t\t\t\t\t<\/div>\n<\/div><div class=\"eltdf-pli eltdf-item-space \">\n\t<div class=\"eltdf-pli-inner\">\n\t\t<div class=\"eltdf-pli-image\">\n\t\t\t\n<img loading=\"lazy\" decoding=\"async\" width=\"610\" height=\"458\" src=\"https:\/\/illycafe.ch\/wp-content\/uploads\/23809_High_1x_01-610x458.png\" class=\"attachment-woocommerce_thumbnail size-woocommerce_thumbnail wp-post-image\" alt=\"\" \/>\t\t<\/div>\n\t\t<div class=\"eltdf-pli-text eltdf-pli-hover-overlay\" >\n\t\t\t<div class=\"eltdf-pli-text-outer\">\n\t\t\t\t<div class=\"eltdf-pli-text-inner\">\n\t\t\t\t\t\t\n\t<div class=\"eltdf-pli-add-to-cart eltdf-default-skin\">\n\t\t<a rel=\"nofollow\" href=\"?add-to-cart=192701\" data-quantity=\"1\" data-product_id=\"192701\" data-product_sku=\"23809\" class=\"button add_to_cart_button ajax_add_to_cart eltdf-button\">Ajouter au panier<\/a>\t<\/div>\n\t\t\t\t<\/div>\n\t\t\t<\/div>\n\t\t<\/div>\n\t\t<a class=\"eltdf-pli-link\" itemprop=\"url\" href=\"https:\/\/illycafe.ch\/fr\/produit\/bec-verseur-pour-machine-a-cafe-moulu-x1-2-tasses\/\" title=\"Bec verseur pour machine \u00e0 caf\u00e9 moulu X1 2 tasses\"><\/a>\n\t<\/div>\n\t<div class=\"eltdf-pli-text-wrapper\" >\n\t\t    <h5 itemprop=\"name\" class=\"entry-title eltdf-pli-title\" >\n\t\t<a itemprop=\"url\" href=\"https:\/\/illycafe.ch\/fr\/produit\/bec-verseur-pour-machine-a-cafe-moulu-x1-2-tasses\/\">Bec verseur pour machine \u00e0 caf\u00e9 moulu X1 2 tasses<\/a>\n\t<\/h5>\n\t\t\n\t\t\t\t\t\t\n\t\t\t\t\n\t\t\t<div class=\"eltdf-pli-price\"><span class=\"woocommerce-Price-amount amount\"><span class=\"woocommerce-Price-currencySymbol\">&#067;&#072;&#070;<\/span>&nbsp;4.00<\/span> (TVA incluse)<\/div>\n\t\t\n\t\t\t\t\t<\/div>\n<\/div><div class=\"eltdf-pli eltdf-item-space \">\n\t<div class=\"eltdf-pli-inner\">\n\t\t<div class=\"eltdf-pli-image\">\n\t\t\t\n<img loading=\"lazy\" decoding=\"async\" width=\"610\" height=\"458\" src=\"https:\/\/illycafe.ch\/wp-content\/uploads\/23797_High_1x_01-610x458.png\" class=\"attachment-woocommerce_thumbnail size-woocommerce_thumbnail wp-post-image\" alt=\"\" \/>\t\t<\/div>\n\t\t<div class=\"eltdf-pli-text eltdf-pli-hover-overlay\" >\n\t\t\t<div class=\"eltdf-pli-text-outer\">\n\t\t\t\t<div class=\"eltdf-pli-text-inner\">\n\t\t\t\t\t\t\n\t<div class=\"eltdf-pli-add-to-cart eltdf-default-skin\">\n\t\t<a rel=\"nofollow\" href=\"?add-to-cart=192044\" data-quantity=\"1\" data-product_id=\"192044\" data-product_sku=\"23797\" class=\"button add_to_cart_button ajax_add_to_cart eltdf-button\">Ajouter au panier<\/a>\t<\/div>\n\t\t\t\t<\/div>\n\t\t\t<\/div>\n\t\t<\/div>\n\t\t<a class=\"eltdf-pli-link\" itemprop=\"url\" href=\"https:\/\/illycafe.ch\/fr\/produit\/porte-filtre-pour-machine-a-cafe-x1-ese-groun\/\" title=\"Porte-filtre pour machine \u00e0 caf\u00e9 X1 ESE &#038; Groun\"><\/a>\n\t<\/div>\n\t<div class=\"eltdf-pli-text-wrapper\" >\n\t\t    <h5 itemprop=\"name\" class=\"entry-title eltdf-pli-title\" >\n\t\t<a itemprop=\"url\" href=\"https:\/\/illycafe.ch\/fr\/produit\/porte-filtre-pour-machine-a-cafe-x1-ese-groun\/\">Porte-filtre pour machine \u00e0 caf\u00e9 X1 ESE &#038; Groun<\/a>\n\t<\/h5>\n\t\t\n\t\t\t\t\t\t\n\t\t\t\t\n\t\t\t<div class=\"eltdf-pli-price\"><span class=\"woocommerce-Price-amount amount\"><span class=\"woocommerce-Price-currencySymbol\">&#067;&#072;&#070;<\/span>&nbsp;40.50<\/span> (TVA incluse)<\/div>\n\t\t\n\t\t\t\t\t<\/div>\n<\/div><div class=\"eltdf-pli eltdf-item-space \">\n\t<div class=\"eltdf-pli-inner\">\n\t\t<div class=\"eltdf-pli-image\">\n\t\t\t\n<img loading=\"lazy\" decoding=\"async\" width=\"610\" height=\"458\" src=\"https:\/\/illycafe.ch\/wp-content\/uploads\/23796_High_1x_01-610x458.png\" class=\"attachment-woocommerce_thumbnail size-woocommerce_thumbnail wp-post-image\" alt=\"\" \/>\t\t<\/div>\n\t\t<div class=\"eltdf-pli-text eltdf-pli-hover-overlay\" >\n\t\t\t<div class=\"eltdf-pli-text-outer\">\n\t\t\t\t<div class=\"eltdf-pli-text-inner\">\n\t\t\t\t\t\t\n\t<div class=\"eltdf-pli-add-to-cart eltdf-default-skin\">\n\t\t<a rel=\"nofollow\" href=\"?add-to-cart=192073\" data-quantity=\"1\" data-product_id=\"192073\" data-product_sku=\"23796\" class=\"button add_to_cart_button ajax_add_to_cart eltdf-button\">Ajouter au panier<\/a>\t<\/div>\n\t\t\t\t<\/div>\n\t\t\t<\/div>\n\t\t<\/div>\n\t\t<a class=\"eltdf-pli-link\" itemprop=\"url\" href=\"https:\/\/illycafe.ch\/fr\/produit\/bec-verseur-2-tasses-pour-machine-a-cafe-x1-e-s-e-ground\/\" title=\"Bec verseur 2 tasses pour machine \u00e0 caf\u00e9 X1 E.S.E. &#038; Ground\"><\/a>\n\t<\/div>\n\t<div class=\"eltdf-pli-text-wrapper\" >\n\t\t    <h5 itemprop=\"name\" class=\"entry-title eltdf-pli-title\" >\n\t\t<a itemprop=\"url\" href=\"https:\/\/illycafe.ch\/fr\/produit\/bec-verseur-2-tasses-pour-machine-a-cafe-x1-e-s-e-ground\/\">Bec verseur 2 tasses pour machine \u00e0 caf\u00e9 X1 E.S.E. &#038; Ground<\/a>\n\t<\/h5>\n\t\t\n\t\t\t\t\t\t\n\t\t\t\t\n\t\t\t<div class=\"eltdf-pli-price\"><span class=\"woocommerce-Price-amount amount\"><span class=\"woocommerce-Price-currencySymbol\">&#067;&#072;&#070;<\/span>&nbsp;8.60<\/span> (TVA incluse)<\/div>\n\t\t\n\t\t\t\t\t<\/div>\n<\/div><div class=\"eltdf-pli eltdf-item-space \">\n\t<div class=\"eltdf-pli-inner\">\n\t\t<div class=\"eltdf-pli-image\">\n\t\t\t\n<img loading=\"lazy\" decoding=\"async\" width=\"610\" height=\"458\" src=\"https:\/\/illycafe.ch\/wp-content\/uploads\/B099_High_1x_01-610x458.png\" class=\"attachment-woocommerce_thumbnail size-woocommerce_thumbnail wp-post-image\" alt=\"\" \/>\t\t<\/div>\n\t\t<div class=\"eltdf-pli-text eltdf-pli-hover-overlay\" >\n\t\t\t<div class=\"eltdf-pli-text-outer\">\n\t\t\t\t<div class=\"eltdf-pli-text-inner\">\n\t\t\t\t\t\t\n\t<div class=\"eltdf-pli-add-to-cart eltdf-default-skin\">\n\t\t<a rel=\"nofollow\" href=\"?add-to-cart=192056\" data-quantity=\"1\" data-product_id=\"192056\" data-product_sku=\"B099\" class=\"button add_to_cart_button ajax_add_to_cart eltdf-button\">Ajouter au panier<\/a>\t<\/div>\n\t\t\t\t<\/div>\n\t\t\t<\/div>\n\t\t<\/div>\n\t\t<a class=\"eltdf-pli-link\" itemprop=\"url\" href=\"https:\/\/illycafe.ch\/fr\/produit\/detartrant-pour-machine-a-cafe-10-sachets\/\" title=\"D\u00e9tartrant pour machine \u00e0 caf\u00e9 &#8211; 10 sachets\"><\/a>\n\t<\/div>\n\t<div class=\"eltdf-pli-text-wrapper\" >\n\t\t    <h5 itemprop=\"name\" class=\"entry-title eltdf-pli-title\" >\n\t\t<a itemprop=\"url\" href=\"https:\/\/illycafe.ch\/fr\/produit\/detartrant-pour-machine-a-cafe-10-sachets\/\">D\u00e9tartrant pour machine \u00e0 caf\u00e9 &#8211; 10 sachets<\/a>\n\t<\/h5>\n\t\t\n\t\t\t\t\t\t\n\t\t\t\t\n\t\t\t<div class=\"eltdf-pli-price\"><span class=\"woocommerce-Price-amount amount\"><span class=\"woocommerce-Price-currencySymbol\">&#067;&#072;&#070;<\/span>&nbsp;7.00<\/span> (TVA incluse)<\/div>\n\t\t\n\t\t\t\t\t<\/div>\n<\/div><div class=\"eltdf-pli eltdf-item-space \">\n\t<div class=\"eltdf-pli-inner\">\n\t\t<div class=\"eltdf-pli-image\">\n\t\t\t\n<img loading=\"lazy\" decoding=\"async\" width=\"610\" height=\"458\" src=\"https:\/\/illycafe.ch\/wp-content\/uploads\/23017_High_1x_01-610x458.png\" class=\"attachment-woocommerce_thumbnail size-woocommerce_thumbnail wp-post-image\" alt=\"\" \/>\t\t<\/div>\n\t\t<div class=\"eltdf-pli-text eltdf-pli-hover-overlay\" >\n\t\t\t<div class=\"eltdf-pli-text-outer\">\n\t\t\t\t<div class=\"eltdf-pli-text-inner\">\n\t\t\t\t\t\t\n\t<div class=\"eltdf-pli-add-to-cart eltdf-default-skin\">\n\t\t<a rel=\"nofollow\" href=\"?add-to-cart=192050\" data-quantity=\"1\" data-product_id=\"192050\" data-product_sku=\"23017\" class=\"button add_to_cart_button ajax_add_to_cart eltdf-button\">Ajouter au panier<\/a>\t<\/div>\n\t\t\t\t<\/div>\n\t\t\t<\/div>\n\t\t<\/div>\n\t\t<a class=\"eltdf-pli-link\" itemprop=\"url\" href=\"https:\/\/illycafe.ch\/fr\/produit\/kit-de-fouet-en-plastique-pour-mousseur-a-lait\/\" title=\"Kit de fouet en plastique pour mousseur \u00e0 lait\"><\/a>\n\t<\/div>\n\t<div class=\"eltdf-pli-text-wrapper\" >\n\t\t    <h5 itemprop=\"name\" class=\"entry-title eltdf-pli-title\" >\n\t\t<a itemprop=\"url\" href=\"https:\/\/illycafe.ch\/fr\/produit\/kit-de-fouet-en-plastique-pour-mousseur-a-lait\/\">Kit de fouet en plastique pour mousseur \u00e0 lait<\/a>\n\t<\/h5>\n\t\t\n\t\t\t\t\t\t\n\t\t\t\t\n\t\t\t<div class=\"eltdf-pli-price\"><span class=\"woocommerce-Price-amount amount\"><span class=\"woocommerce-Price-currencySymbol\">&#067;&#072;&#070;<\/span>&nbsp;12.00<\/span> (TVA incluse)<\/div>\n\t\t\n\t\t\t\t\t<\/div>\n<\/div><div class=\"eltdf-pli eltdf-item-space \">\n\t<div class=\"eltdf-pli-inner\">\n\t\t<div class=\"eltdf-pli-image\">\n\t\t\t\n<img loading=\"lazy\" decoding=\"async\" width=\"610\" height=\"458\" src=\"https:\/\/illycafe.ch\/wp-content\/uploads\/23006_High_1x_01-610x458.png\" class=\"attachment-woocommerce_thumbnail size-woocommerce_thumbnail wp-post-image\" alt=\"\" \/>\t\t<\/div>\n\t\t<div class=\"eltdf-pli-text eltdf-pli-hover-overlay\" >\n\t\t\t<div class=\"eltdf-pli-text-outer\">\n\t\t\t\t<div class=\"eltdf-pli-text-inner\">\n\t\t\t\t\t\t\n\t<div class=\"eltdf-pli-add-to-cart eltdf-default-skin\">\n\t\t<a rel=\"nofollow\" href=\"?add-to-cart=191715\" data-quantity=\"1\" data-product_id=\"191715\" data-product_sku=\"23006\" class=\"button add_to_cart_button ajax_add_to_cart eltdf-button\">Ajouter au panier<\/a>\t<\/div>\n\t\t\t\t<\/div>\n\t\t\t<\/div>\n\t\t<\/div>\n\t\t<a class=\"eltdf-pli-link\" itemprop=\"url\" href=\"https:\/\/illycafe.ch\/fr\/produit\/reservoir-a-eau-en-plastique-avec-couvercle-pour-machine-a-cafe-y3-iperespresso\/\" title=\"R\u00e9servoir \u00e0 eau en plastique avec couvercle pour machine \u00e0 caf\u00e9 Y3 Iperespresso\"><\/a>\n\t<\/div>\n\t<div class=\"eltdf-pli-text-wrapper\" >\n\t\t    <h5 itemprop=\"name\" class=\"entry-title eltdf-pli-title\" >\n\t\t<a itemprop=\"url\" href=\"https:\/\/illycafe.ch\/fr\/produit\/reservoir-a-eau-en-plastique-avec-couvercle-pour-machine-a-cafe-y3-iperespresso\/\">R\u00e9servoir \u00e0 eau en plastique avec couvercle pour machine \u00e0 caf\u00e9 Y3 Iperespresso<\/a>\n\t<\/h5>\n\t\t\n\t\t\t\t\t\t\n\t\t\t\t\n\t\t\t<div class=\"eltdf-pli-price\"><span class=\"woocommerce-Price-amount amount\"><span class=\"woocommerce-Price-currencySymbol\">&#067;&#072;&#070;<\/span>&nbsp;10.00<\/span> (TVA incluse)<\/div>\n\t\t\n\t\t\t\t\t<\/div>\n<\/div>\t<\/div>\n<\/div>[vc_empty_space height=&#8221;60px&#8221;][\/vc_column][\/vc_row][vc_row full_width=&#8221;stretch_row&#8221; css=&#8221;.vc_custom_1734434053238{background-color: #f6f0ec !important;}&#8221;][vc_column css=&#8221;.vc_custom_1719387096335{margin-top: 0px !important;padding-top: 0px !important;}&#8221;][vc_empty_space height=&#8221;40px&#8221;][vc_row_inner content_placement=&#8221;middle&#8221; el_class=&#8221;revert-mobile&#8221;][vc_column_inner width=&#8221;1\/2&#8243;][vc_single_image image=&#8221;185249&#8243; img_size=&#8221;full&#8221;][\/vc_column_inner][vc_column_inner width=&#8221;1\/2&#8243; css=&#8221;.vc_custom_1719387402388{padding-top: 30px !important;padding-right: 30px !important;padding-bottom: 30px !important;padding-left: 30px !important;}&#8221;][vc_column_text el_class=&#8221;subtitle brown&#8221;]<\/p>\n<p style=\"text-align: center;\">Individuell auf Sie ausgerichtet<\/p>\n<p>[\/vc_column_text][vc_column_text css=&#8221;.vc_custom_1724841444343{margin-top: 0px !important;}&#8221; el_class=&#8221;titol-h3 brown&#8221;]<\/p>\n<h3 style=\"text-align: center;\">illy Abonnement<\/h3>\n<p>[\/vc_column_text][vc_column_text el_class=&#8221;text-landing brown&#8221;]<\/p>\n<p style=\"text-align: center;\">Entscheiden Sie sich zwischen den Abonnements \u201eKaffee + Maschine\u201c und \u201eKaffee\u201c.<br \/>\nHaben Sie immer Ihren Lieblingskaffee im Haus \u2013 f\u00fcr Ihr t\u00e4gliches Geschmackserlebnis.<\/p>\n<p>[\/vc_column_text][vc_empty_space height=&#8221;20px&#8221;][vc_raw_html css=&#8221;&#8221;]JTNDYSUyMGNsYXNzJTNEJTIyYnV0dG9uLXN1Yi1wcm9kdWN0JTIyJTIwaHJlZiUzRCUyMiUyM25ld3NsZXR0ZXIlMjIlM0UlM0NidXR0b24lM0VKZXR6dCUyMGFib25uaWVyZW4lM0MlMkZidXR0b24lM0UlM0MlMkZhJTNF[\/vc_raw_html][\/vc_column_inner][\/vc_row_inner][vc_empty_space height=&#8221;50px&#8221;][\/vc_column][\/vc_row][vc_row css=&#8221;.vc_custom_1734434106033{margin-top: 70px !important;padding-top: 40px !important;padding-right: 30px !important;padding-bottom: 40px !important;padding-left: 30px !important;background: #ffffff url(https:\/\/illycafe.ch\/wp-content\/uploads\/669e6365f5a6e60008ab6533.jpg.webp?id=185264) !important;background-position: center center;background-repeat: no-repeat !important;background-size: cover !important;}&#8221; el_id=&#8221;illy-lovers-banner&#8221;][vc_column css=&#8221;.vc_custom_1722931185055{margin-top: 0px !important;margin-bottom: 0px !important;margin-left: 0px !important;padding-top: 0px !important;padding-right: 0px !important;padding-bottom: 0px !important;padding-left: 0px !important;}&#8221;][vc_column_text el_class=&#8221;titol-banner&#8221;]<\/p>\n<h4>ILLY LOVERS<\/h4>\n<p>[\/vc_column_text][vc_column_text el_class=&#8221;text-banner&#8221;]Werden Sie Mitglied unserer Community und<br \/>\nentdecken Sie exklusive \u00dcberraschungen und<br \/>\nVorteile.[\/vc_column_text][vc_raw_html css=&#8221;&#8221;]JTNDYSUyMGNsYXNzJTNEJTIyYnRuLWJyb3duJTIyJTIwaHJlZiUzRCUyMiUyM25ld3NsZXR0ZXIlMjIlM0UlM0NidXR0b24lM0VKZXR6dCUyMEFib25uaWVyZW4lM0MlMkZidXR0b24lM0UlM0MlMkZhJTNF[\/vc_raw_html][\/vc_column][\/vc_row][vc_row][vc_column][vc_empty_space height=&#8221;50px&#8221;][\/vc_column][\/vc_row][vc_row full_width=&#8221;stretch_row&#8221; css=&#8221;.vc_custom_1734426352141{background-color: #FFFFFF !important;}&#8221;][vc_column css=&#8221;.vc_custom_1719387096335{margin-top: 0px !important;padding-top: 0px !important;}&#8221;][vc_empty_space height=&#8221;40px&#8221;][vc_row_inner content_placement=&#8221;middle&#8221; el_class=&#8221;revert-mobile&#8221;][vc_column_inner width=&#8221;1\/2&#8243; css=&#8221;.vc_custom_1719387402388{padding-top: 30px !important;padding-right: 30px !important;padding-bottom: 30px !important;padding-left: 30px !important;}&#8221;][vc_column_text css=&#8221;&#8221; el_class=&#8221;subtitle brown&#8221;]<\/p>\n<p style=\"text-align: center;\">Une touche de style<\/p>\n<p>[\/vc_column_text][vc_column_text css=&#8221;.vc_custom_1734428368597{margin-top: 0px !important;}&#8221; el_class=&#8221;titol-h3 brown&#8221;]<\/p>\n<h3 style=\"text-align: center;\">Les accessoires<\/h3>\n<p>[\/vc_column_text][vc_column_text css=&#8221;&#8221; el_class=&#8221;text-landing brown&#8221;]<\/p>\n<p style=\"text-align: center;\">D\u00e9couvrez ceux qui ajouteront de la beaut\u00e9 \u00e0 un moment de bon go\u00fbt.<\/p>\n<p>[\/vc_column_text][vc_empty_space height=&#8221;20px&#8221;][vc_raw_html css=&#8221;&#8221;]JTNDYSUyMGNsYXNzJTNEJTIyYnV0dG9uLXN1Yi1wcm9kdWN0JTIyJTIwaHJlZiUzRCUyMmh0dHBzJTNBJTJGJTJGaWxseWNhZmUuY2glMkZmciUyRmNhZGVhdXgtZXQtYWNjZXNzb2lyZXMlMkZhY2Nlc3NvaXJlcy10aGUtZXQtY2FmZSUyRiUyMiUzRSUzQ2J1dHRvbiUzRUFjaGV0ZXIlM0MlMkZidXR0b24lM0UlM0MlMkZhJTNF[\/vc_raw_html][\/vc_column_inner][vc_column_inner width=&#8221;1\/2&#8243;][vc_single_image image=&#8221;192803&#8243; img_size=&#8221;full&#8221; css=&#8221;&#8221;][\/vc_column_inner][\/vc_row_inner][vc_empty_space height=&#8221;50px&#8221;][vc_row_inner content_placement=&#8221;middle&#8221;][vc_column_inner width=&#8221;1\/2&#8243;][vc_single_image image=&#8221;192807&#8243; img_size=&#8221;full&#8221; css=&#8221;&#8221;][\/vc_column_inner][vc_column_inner width=&#8221;1\/2&#8243; css=&#8221;.vc_custom_1719387402388{padding-top: 30px !important;padding-right: 30px !important;padding-bottom: 30px !important;padding-left: 30px !important;}&#8221;][vc_column_text css=&#8221;&#8221; el_class=&#8221;subtitle brown&#8221;]<\/p>\n<p style=\"text-align: center;\">Excellence du design, perfection du go\u00fbt<\/p>\n<p>[\/vc_column_text][vc_column_text css=&#8221;.vc_custom_1734428415917{margin-top: 0px !important;}&#8221; el_class=&#8221;titol-h3 brown&#8221;]<\/p>\n<h3 style=\"text-align: center;\">Machines \u00e0 caf\u00e9<\/h3>\n<p>[\/vc_column_text][vc_empty_space height=&#8221;20px&#8221;][vc_raw_html css=&#8221;&#8221;]JTNDYSUyMGNsYXNzJTNEJTIyYnV0dG9uLXN1Yi1wcm9kdWN0JTIyJTIwaHJlZiUzRCUyMmh0dHBzJTNBJTJGJTJGaWxseWNhZmUuY2glMkZmciUyRm1hY2hpbmVzLWEtY2FmZSUyRiUyMiUzRSUzQ2J1dHRvbiUzRSUyMEFjaGV0ZXolMjBtYWludGVuYW50JTIwJTNDJTJGYnV0dG9uJTNFJTNDJTJGYSUzRQ==[\/vc_raw_html][\/vc_column_inner][\/vc_row_inner][vc_empty_space height=&#8221;50px&#8221;][\/vc_column][\/vc_row][vc_row full_width=&#8221;stretch_row&#8221; css=&#8221;.vc_custom_1734434131760{background-color: #f6f0ec !important;}&#8221; el_class=&#8221;newsletter&#8221; el_id=&#8221;newsletter&#8221;][vc_column css=&#8221;.vc_custom_1712226941419{padding-top: 0pc !important;padding-bottom: 0px !important;}&#8221;][vc_row_inner css=&#8221;.vc_custom_1712226909859{padding-top: 50px !important;padding-bottom: 50px !important;}&#8221;][vc_column_inner width=&#8221;1\/6&#8243;][\/vc_column_inner][vc_column_inner width=&#8221;2\/3&#8243;][vc_column_text el_class=&#8221;titol-h2 brown&#8221;]<\/p>\n<h2 style=\"text-align: center;\">INSCRIVEZ-VOUS A LA NEWSLETTER<\/h2>\n<p>[\/vc_column_text][vc_column_text el_class=&#8221;text-landing brown&#8221;]<\/p>\n<p style=\"text-align: center;\">Entrez dans le monde illy et d\u00e9couvrez tous les avantages qui vous sont r\u00e9serv\u00e9s.<\/p>\n<p>[\/vc_column_text][vc_column_text]<\/p>\n<p style=\"text-align: center;\">\n<div class=\"wpcf7 no-js\" id=\"wpcf7-f185252-o1\" lang=\"en-US\" dir=\"ltr\" data-wpcf7-id=\"185252\">\n<div class=\"screen-reader-response\"><p role=\"status\" aria-live=\"polite\" aria-atomic=\"true\"><\/p> <ul><\/ul><\/div>\n<form action=\"\/fr\/wp-json\/wp\/v2\/pages\/192795#wpcf7-f185252-o1\" method=\"post\" class=\"wpcf7-form init\" aria-label=\"Contact form\" novalidate=\"novalidate\" data-status=\"init\">\n<fieldset class=\"hidden-fields-container\"><input type=\"hidden\" name=\"_wpcf7\" value=\"185252\" \/><input type=\"hidden\" name=\"_wpcf7_version\" value=\"6.1.5\" \/><input type=\"hidden\" name=\"_wpcf7_locale\" value=\"en_US\" \/><input type=\"hidden\" name=\"_wpcf7_unit_tag\" value=\"wpcf7-f185252-o1\" \/><input type=\"hidden\" name=\"_wpcf7_container_post\" value=\"0\" \/><input type=\"hidden\" name=\"_wpcf7_posted_data_hash\" value=\"\" \/>\n<\/fieldset>\n<p><span class=\"wpcf7-form-control-wrap\" data-name=\"your-email\"><input size=\"40\" maxlength=\"400\" class=\"wpcf7-form-control wpcf7-email wpcf7-validates-as-required wpcf7-text wpcf7-validates-as-email\" autocomplete=\"email\" aria-required=\"true\" aria-invalid=\"false\" placeholder=\"Saisir votre adresse \u00e9lectronique\" value=\"\" type=\"email\" name=\"your-email\" \/><\/span>\n<\/p>\n<p class=\"newsletter-text\">J\u2019ai pris connaissance des informations relatives au traitement des donn\u00e9es priv\u00e9es.\n<\/p>\n<div class=\"news-acceptance\">\n\t<p><span class=\"wpcf7-form-control-wrap\" data-name=\"acceptance-961\"><span class=\"wpcf7-form-control wpcf7-acceptance\"><span class=\"wpcf7-list-item\"><label><input type=\"checkbox\" name=\"acceptance-961\" value=\"1\" aria-invalid=\"false\" \/><span class=\"wpcf7-list-item-label\">Je autorise au traitement de mes donn\u00e9es afin de recevoir des communications marketing sur les produits, services, promotions et initiatives li\u00e9s \u00e0 la marque illy et aux produits et initiatives propos\u00e9s sur les sites web et apps illycaff\u00e8 (objectif 2 A de la politique)<\/span><\/label><\/span><\/span><\/span>\n\t<\/p>\n<\/div>\n<p><input class=\"wpcf7-form-control wpcf7-submit has-spinner\" type=\"submit\" value=\"JE M&#039;INSCRIS\" \/>\n<\/p><input type='hidden' class='wpcf7-pum' value='{\"closepopup\":false,\"closedelay\":0,\"openpopup\":false,\"openpopup_id\":0}' \/><div class=\"wpcf7-response-output\" aria-hidden=\"true\"><\/div>\n<\/form>\n<\/div>\n<p>[\/vc_column_text][\/vc_column_inner][vc_column_inner width=&#8221;1\/6&#8243;][\/vc_column_inner][\/vc_row_inner][\/vc_column][\/vc_row]<\/p>\n<\/div>","protected":false},"excerpt":{"rendered":"<p>[vc_row full_width=&#8221;stretch_row_content_no_spaces&#8221;][vc_column css=&#8221;.vc_custom_1725015078836{margin-top: 0px !important;padding-top: 0px !important;}&#8221;][vc_single_image image=&#8221;192798&#8243; img_size=&#8221;full&#8221; css=&#8221;&#8221;][\/vc_column][\/vc_row][vc_row full_width=&#8221;stretch_row&#8221; css=&#8221;.vc_custom_1724839618079{margin-top: 0px !important;padding-top: 0px !important;background-color: #f6f0ec !important;}&#8221; el_class=&#8221;page-title&#8221;][vc_column width=&#8221;1\/6&#8243; css=&#8221;.vc_custom_1719386953532{margin-top: 0px !important;padding-top: 0px !important;}&#8221;][\/vc_column][vc_column width=&#8221;2\/3&#8243; css=&#8221;.vc_custom_1724841621568{margin-top: 0px !important;padding-top: 0px !important;}&#8221;][vc_empty_space height=&#8221;100px&#8221;][vc_column_text css=&#8221;&#8221; el_class=&#8221;titol-h2 brown&#8221;] Accessoires et parties de machines espresso [\/vc_column_text][vc_empty_space height=&#8221;20px&#8221;][vc_column_text css=&#8221;&#8221; el_class=&#8221;text-landing brown&#8221;] Pour des machines efficaces \u00e0 chaque fois et des caf\u00e9s toujours d\u00e9licieux illy vous propose une vaste gamme de pi\u00e8ces d\u00e9tach\u00e9es et d\u2019accessoires pour machines \u00e0 [&hellip;]<\/p>\n","protected":false},"author":5358,"featured_media":0,"parent":185205,"menu_order":0,"comment_status":"closed","ping_status":"closed","template":"","meta":{"inline_featured_image":false,"footnotes":""},"class_list":["post-192795","page","type-page","status-publish","hentry"],"yoast_head":"<!-- This site is optimized with the Yoast SEO plugin v27.3 - https:\/\/yoast.com\/product\/yoast-seo-wordpress\/ -->\n<title>Pieces detachees machines a cafe - Illycaf\u00e9 | Premium Kaffee kaufen | Gastronomie, Firmen, Privat<\/title>\n<meta name=\"robots\" content=\"index, follow, max-snippet:-1, max-image-preview:large, max-video-preview:-1\" \/>\n<link rel=\"canonical\" href=\"https:\/\/illycafe.ch\/fr\/machines-a-cafe\/pieces-detachees-machines-a-cafe\/\" \/>\n<meta property=\"og:locale\" content=\"fr_FR\" \/>\n<meta property=\"og:type\" content=\"article\" \/>\n<meta property=\"og:title\" content=\"Pieces detachees machines a cafe - Illycaf\u00e9 | Premium Kaffee kaufen | Gastronomie, Firmen, Privat\" \/>\n<meta property=\"og:description\" content=\"[vc_row full_width=&#8221;stretch_row_content_no_spaces&#8221;][vc_column css=&#8221;.vc_custom_1725015078836{margin-top: 0px !important;padding-top: 0px !important;}&#8221;][vc_single_image image=&#8221;192798&#8243; img_size=&#8221;full&#8221; css=&#8221;&#8221;][\/vc_column][\/vc_row][vc_row full_width=&#8221;stretch_row&#8221; css=&#8221;.vc_custom_1724839618079{margin-top: 0px !important;padding-top: 0px !important;background-color: #f6f0ec !important;}&#8221; el_class=&#8221;page-title&#8221;][vc_column width=&#8221;1\/6&#8243; css=&#8221;.vc_custom_1719386953532{margin-top: 0px !important;padding-top: 0px !important;}&#8221;][\/vc_column][vc_column width=&#8221;2\/3&#8243; css=&#8221;.vc_custom_1724841621568{margin-top: 0px !important;padding-top: 0px !important;}&#8221;][vc_empty_space height=&#8221;100px&#8221;][vc_column_text css=&#8221;&#8221; el_class=&#8221;titol-h2 brown&#8221;] Accessoires et parties de machines espresso [\/vc_column_text][vc_empty_space height=&#8221;20px&#8221;][vc_column_text css=&#8221;&#8221; el_class=&#8221;text-landing brown&#8221;] Pour des machines efficaces \u00e0 chaque fois et des caf\u00e9s toujours d\u00e9licieux illy vous propose une vaste gamme de pi\u00e8ces d\u00e9tach\u00e9es et d\u2019accessoires pour machines \u00e0 [&hellip;]\" \/>\n<meta property=\"og:url\" content=\"https:\/\/illycafe.ch\/fr\/machines-a-cafe\/pieces-detachees-machines-a-cafe\/\" \/>\n<meta property=\"og:site_name\" content=\"Illycaf\u00e9 | Premium Kaffee kaufen | Gastronomie, Firmen, Privat\" \/>\n<meta property=\"article:modified_time\" content=\"2026-01-07T11:16:07+00:00\" \/>\n<meta name=\"twitter:card\" content=\"summary_large_image\" \/>\n<meta name=\"twitter:label1\" content=\"Dur\u00e9e de lecture estim\u00e9e\" \/>\n\t<meta name=\"twitter:data1\" content=\"2 minutes\" \/>\n<script type=\"application\/ld+json\" class=\"yoast-schema-graph\">{\"@context\":\"https:\\\/\\\/schema.org\",\"@graph\":[{\"@type\":\"WebPage\",\"@id\":\"https:\\\/\\\/illycafe.ch\\\/fr\\\/machines-a-cafe\\\/pieces-detachees-machines-a-cafe\\\/\",\"url\":\"https:\\\/\\\/illycafe.ch\\\/fr\\\/machines-a-cafe\\\/pieces-detachees-machines-a-cafe\\\/\",\"name\":\"Pieces detachees machines a cafe - Illycaf\u00e9 | Premium Kaffee kaufen | Gastronomie, Firmen, Privat\",\"isPartOf\":{\"@id\":\"https:\\\/\\\/illycafe.ch\\\/#website\"},\"datePublished\":\"2024-12-17T09:36:28+00:00\",\"dateModified\":\"2026-01-07T11:16:07+00:00\",\"breadcrumb\":{\"@id\":\"https:\\\/\\\/illycafe.ch\\\/fr\\\/machines-a-cafe\\\/pieces-detachees-machines-a-cafe\\\/#breadcrumb\"},\"inLanguage\":\"fr-FR\",\"potentialAction\":[{\"@type\":\"ReadAction\",\"target\":[\"https:\\\/\\\/illycafe.ch\\\/fr\\\/machines-a-cafe\\\/pieces-detachees-machines-a-cafe\\\/\"]}]},{\"@type\":\"BreadcrumbList\",\"@id\":\"https:\\\/\\\/illycafe.ch\\\/fr\\\/machines-a-cafe\\\/pieces-detachees-machines-a-cafe\\\/#breadcrumb\",\"itemListElement\":[{\"@type\":\"ListItem\",\"position\":1,\"name\":\"Accueil\",\"item\":\"https:\\\/\\\/illycafe.ch\\\/fr\\\/\"},{\"@type\":\"ListItem\",\"position\":2,\"name\":\"Machines \u00e0 caf\u00e9\",\"item\":\"https:\\\/\\\/illycafe.ch\\\/fr\\\/machines-a-cafe\\\/\"},{\"@type\":\"ListItem\",\"position\":3,\"name\":\"Pieces detachees machines a cafe\"}]},{\"@type\":\"WebSite\",\"@id\":\"https:\\\/\\\/illycafe.ch\\\/#website\",\"url\":\"https:\\\/\\\/illycafe.ch\\\/\",\"name\":\"Illycaf\u00e9 | Premium Kaffee kaufen | Gastronomie, Firmen, Privat\",\"description\":\"Italienische Kaffeekultur. Schweizer Qualit\u00e4t.\",\"potentialAction\":[{\"@type\":\"SearchAction\",\"target\":{\"@type\":\"EntryPoint\",\"urlTemplate\":\"https:\\\/\\\/illycafe.ch\\\/?s={search_term_string}\"},\"query-input\":{\"@type\":\"PropertyValueSpecification\",\"valueRequired\":true,\"valueName\":\"search_term_string\"}}],\"inLanguage\":\"fr-FR\"}]}<\/script>\n<!-- \/ Yoast SEO plugin. -->","yoast_head_json":{"title":"Pieces detachees machines a cafe - Illycaf\u00e9 | Premium Kaffee kaufen | Gastronomie, Firmen, Privat","robots":{"index":"index","follow":"follow","max-snippet":"max-snippet:-1","max-image-preview":"max-image-preview:large","max-video-preview":"max-video-preview:-1"},"canonical":"https:\/\/illycafe.ch\/fr\/machines-a-cafe\/pieces-detachees-machines-a-cafe\/","og_locale":"fr_FR","og_type":"article","og_title":"Pieces detachees machines a cafe - Illycaf\u00e9 | Premium Kaffee kaufen | Gastronomie, Firmen, Privat","og_description":"[vc_row full_width=&#8221;stretch_row_content_no_spaces&#8221;][vc_column css=&#8221;.vc_custom_1725015078836{margin-top: 0px !important;padding-top: 0px !important;}&#8221;][vc_single_image image=&#8221;192798&#8243; img_size=&#8221;full&#8221; css=&#8221;&#8221;][\/vc_column][\/vc_row][vc_row full_width=&#8221;stretch_row&#8221; css=&#8221;.vc_custom_1724839618079{margin-top: 0px !important;padding-top: 0px !important;background-color: #f6f0ec !important;}&#8221; el_class=&#8221;page-title&#8221;][vc_column width=&#8221;1\/6&#8243; css=&#8221;.vc_custom_1719386953532{margin-top: 0px !important;padding-top: 0px !important;}&#8221;][\/vc_column][vc_column width=&#8221;2\/3&#8243; css=&#8221;.vc_custom_1724841621568{margin-top: 0px !important;padding-top: 0px !important;}&#8221;][vc_empty_space height=&#8221;100px&#8221;][vc_column_text css=&#8221;&#8221; el_class=&#8221;titol-h2 brown&#8221;] Accessoires et parties de machines espresso [\/vc_column_text][vc_empty_space height=&#8221;20px&#8221;][vc_column_text css=&#8221;&#8221; el_class=&#8221;text-landing brown&#8221;] Pour des machines efficaces \u00e0 chaque fois et des caf\u00e9s toujours d\u00e9licieux illy vous propose une vaste gamme de pi\u00e8ces d\u00e9tach\u00e9es et d\u2019accessoires pour machines \u00e0 [&hellip;]","og_url":"https:\/\/illycafe.ch\/fr\/machines-a-cafe\/pieces-detachees-machines-a-cafe\/","og_site_name":"Illycaf\u00e9 | Premium Kaffee kaufen | Gastronomie, Firmen, Privat","article_modified_time":"2026-01-07T11:16:07+00:00","twitter_card":"summary_large_image","twitter_misc":{"Dur\u00e9e de lecture estim\u00e9e":"2 minutes"},"schema":{"@context":"https:\/\/schema.org","@graph":[{"@type":"WebPage","@id":"https:\/\/illycafe.ch\/fr\/machines-a-cafe\/pieces-detachees-machines-a-cafe\/","url":"https:\/\/illycafe.ch\/fr\/machines-a-cafe\/pieces-detachees-machines-a-cafe\/","name":"Pieces detachees machines a cafe - Illycaf\u00e9 | Premium Kaffee kaufen | Gastronomie, Firmen, Privat","isPartOf":{"@id":"https:\/\/illycafe.ch\/#website"},"datePublished":"2024-12-17T09:36:28+00:00","dateModified":"2026-01-07T11:16:07+00:00","breadcrumb":{"@id":"https:\/\/illycafe.ch\/fr\/machines-a-cafe\/pieces-detachees-machines-a-cafe\/#breadcrumb"},"inLanguage":"fr-FR","potentialAction":[{"@type":"ReadAction","target":["https:\/\/illycafe.ch\/fr\/machines-a-cafe\/pieces-detachees-machines-a-cafe\/"]}]},{"@type":"BreadcrumbList","@id":"https:\/\/illycafe.ch\/fr\/machines-a-cafe\/pieces-detachees-machines-a-cafe\/#breadcrumb","itemListElement":[{"@type":"ListItem","position":1,"name":"Accueil","item":"https:\/\/illycafe.ch\/fr\/"},{"@type":"ListItem","position":2,"name":"Machines \u00e0 caf\u00e9","item":"https:\/\/illycafe.ch\/fr\/machines-a-cafe\/"},{"@type":"ListItem","position":3,"name":"Pieces detachees machines a cafe"}]},{"@type":"WebSite","@id":"https:\/\/illycafe.ch\/#website","url":"https:\/\/illycafe.ch\/","name":"Illycaf\u00e9 | Premium Kaffee kaufen | Gastronomie, Firmen, Privat","description":"Italienische Kaffeekultur. Schweizer Qualit\u00e4t.","potentialAction":[{"@type":"SearchAction","target":{"@type":"EntryPoint","urlTemplate":"https:\/\/illycafe.ch\/?s={search_term_string}"},"query-input":{"@type":"PropertyValueSpecification","valueRequired":true,"valueName":"search_term_string"}}],"inLanguage":"fr-FR"}]}},"_links":{"self":[{"href":"https:\/\/illycafe.ch\/fr\/wp-json\/wp\/v2\/pages\/192795","targetHints":{"allow":["GET"]}}],"collection":[{"href":"https:\/\/illycafe.ch\/fr\/wp-json\/wp\/v2\/pages"}],"about":[{"href":"https:\/\/illycafe.ch\/fr\/wp-json\/wp\/v2\/types\/page"}],"author":[{"embeddable":true,"href":"https:\/\/illycafe.ch\/fr\/wp-json\/wp\/v2\/users\/5358"}],"replies":[{"embeddable":true,"href":"https:\/\/illycafe.ch\/fr\/wp-json\/wp\/v2\/comments?post=192795"}],"version-history":[{"count":0,"href":"https:\/\/illycafe.ch\/fr\/wp-json\/wp\/v2\/pages\/192795\/revisions"}],"up":[{"embeddable":true,"href":"https:\/\/illycafe.ch\/fr\/wp-json\/wp\/v2\/pages\/185205"}],"wp:attachment":[{"href":"https:\/\/illycafe.ch\/fr\/wp-json\/wp\/v2\/media?parent=192795"}],"curies":[{"name":"wp","href":"https:\/\/api.w.org\/{rel}","templated":true}]}}