{"id":219501,"date":"2025-02-03T11:32:30","date_gmt":"2025-02-03T10:32:30","guid":{"rendered":"https:\/\/illycafe.ch\/?page_id=219501"},"modified":"2025-08-13T12:11:33","modified_gmt":"2025-08-13T10:11:33","slug":"preparation-du-cafe","status":"publish","type":"page","link":"https:\/\/illycafe.ch\/fr\/cafe\/preparation-du-cafe\/","title":{"rendered":"Recettes caf\u00e9"},"content":{"rendered":"<div class=\"wpb-content-wrapper\"><p>[vc_row full_width=&#8221;stretch_row&#8221; full_height=&#8221;yes&#8221; content_placement=&#8221;middle&#8221; disable_background_image=&#8221;&#8221; css=&#8221;.vc_custom_1738575116664{border-bottom-width: 0px !important;background-position: center center;background-repeat: no-repeat !important;background-size: cover !important;}&#8221; el_class=&#8221;slider&#8221; simple_background_image=&#8221;219503&#8243;][vc_column][vc_row_inner css=&#8221;.vc_custom_1719396574807{padding-top: 200px !important;padding-bottom: 200px !important;}&#8221;][vc_column_inner width=&#8221;1\/6&#8243;][\/vc_column_inner][vc_column_inner width=&#8221;2\/3&#8243;][vc_column_text css=&#8221;.vc_custom_1738578423127{margin-top: 0px !important;}&#8221; el_class=&#8221;titol-h2 white&#8221;]<\/p>\n<h2 style=\"text-align: center;\">Recettes caf\u00e9<\/h2>\n<p>[\/vc_column_text][vc_empty_space height=&#8221;25px&#8221;][vc_column_text css=&#8221;&#8221; el_class=&#8221;text-landing white&#8221; el_id=&#8221;text-slider&#8221;]<\/p>\n<p style=\"text-align: center;\">D\u00e9couvrez nos conseils pour <strong>profiter pleinement<\/strong> de votre caf\u00e9<\/p>\n<p>[\/vc_column_text][\/vc_column_inner][vc_column_inner width=&#8221;1\/6&#8243;][\/vc_column_inner][\/vc_row_inner][\/vc_column][\/vc_row][vc_row][vc_column css=&#8221;.vc_custom_1738575195426{margin-top: 0px !important;padding-top: 0px !important;}&#8221;][vc_empty_space height=&#8221;50px&#8221;][vc_column_text css=&#8221;.vc_custom_1738578446159{margin-top: 0px !important;}&#8221; el_class=&#8221;titol-h3 brown&#8221;]<\/p>\n<h3 style=\"text-align: center;\">Pour des r\u00e9sultats parfaits<\/h3>\n<p>[\/vc_column_text][vc_empty_space height=&#8221;15px&#8221;][vc_column_text css=&#8221;.vc_custom_1738578452974{margin-top: 0px !important;}&#8221; el_class=&#8221;titol-h4 brown&#8221;]<\/p>\n<h4 style=\"text-align: center;\">Espresso, cappuccino, cafeti\u00e8re italienne ou \u00e0 piston, choisissez votre recette pr\u00e9f\u00e9r\u00e9e et suivez les \u00e9tapes pour pr\u00e9parer une tasse de caf\u00e9 d\u2019exception.<\/h4>\n<p>[\/vc_column_text][vc_empty_space height=&#8221;50px&#8221;][\/vc_column][\/vc_row][vc_row full_width=&#8221;stretch_row_content&#8221; el_class=&#8221;products&#8221;][vc_column width=&#8221;1\/3&#8243;][vc_single_image image=&#8221;219535&#8243; img_size=&#8221;full&#8221; alignment=&#8221;center&#8221; css=&#8221;&#8221;][vc_empty_space height=&#8221;10px&#8221;][vc_column_text css=&#8221;.vc_custom_1738578463726{margin-top: 0px !important;}&#8221; el_class=&#8221;titol-h3 brown&#8221;]<\/p>\n<h3 style=\"text-align: left;\">Cafeti\u00e8re \u00e0 piston<\/h3>\n<p>[\/vc_column_text][vc_column_text css=&#8221;&#8221; el_class=&#8221;text-landing brown&#8221;]<\/p>\n<p style=\"text-align: left;\">La cafeti\u00e8re \u00e0 la fran\u00e7aise. La mani\u00e8re la plus simple de pr\u00e9parer un caf\u00e9 au go\u00fbt inoubliable.<\/p>\n<p>[\/vc_column_text][vc_empty_space height=&#8221;10px&#8221;][vc_column_text css=&#8221;&#8221; el_class=&#8221;text-landing brown&#8221;]<a style=\"text-align: left;\" href=\"https:\/\/illycafe.ch\/fr\/cafe\/preparation-du-cafe\/cafetiere-a-piston-comment-ca-marche\/\">En savoir plus<\/a>[\/vc_column_text][vc_empty_space height=&#8221;40px&#8221;][\/vc_column][vc_column width=&#8221;1\/3&#8243;][vc_single_image image=&#8221;219538&#8243; img_size=&#8221;full&#8221; alignment=&#8221;center&#8221; css=&#8221;&#8221;][vc_empty_space height=&#8221;10px&#8221;][vc_column_text css=&#8221;.vc_custom_1738578470678{margin-top: 0px !important;}&#8221; el_class=&#8221;titol-h3 brown&#8221;]<\/p>\n<h3 style=\"text-align: left;\">Caf\u00e9 filtre<\/h3>\n<p>[\/vc_column_text][vc_column_text css=&#8221;&#8221; el_class=&#8221;text-landing brown&#8221;]<\/p>\n<p style=\"text-align: left;\">Saveur et richesse aromatique : d\u00e9couvrez comment pr\u00e9parer un caf\u00e9 filtre ou un americano.<\/p>\n<p>[\/vc_column_text][vc_empty_space height=&#8221;10px&#8221;][vc_column_text css=&#8221;&#8221; el_class=&#8221;text-landing brown&#8221;]<a style=\"text-align: left;\" href=\"https:\/\/illycafe.ch\/fr\/cafe\/preparation-du-cafe\/comment-faire-du-cafe-filtre\/\">En savoir plus<\/a>[\/vc_column_text][vc_empty_space height=&#8221;40px&#8221;][\/vc_column][vc_column width=&#8221;1\/3&#8243;][vc_single_image image=&#8221;219541&#8243; img_size=&#8221;full&#8221; alignment=&#8221;center&#8221; css=&#8221;&#8221;][vc_empty_space height=&#8221;10px&#8221;][vc_column_text css=&#8221;.vc_custom_1738578477125{margin-top: 0px !important;}&#8221; el_class=&#8221;titol-h3 brown&#8221;]<\/p>\n<h3 style=\"text-align: left;\">Espresso<\/h3>\n<p>[\/vc_column_text][vc_column_text css=&#8221;&#8221; el_class=&#8221;text-landing brown&#8221;]<\/p>\n<p style=\"text-align: left;\">Un go\u00fbt unique : pr\u00e9par\u00e9 sur l\u2019instant pour \u00eatre savour\u00e9 imm\u00e9diatement. D\u00e9couvrez comment pr\u00e9parer l\u2019espresso parfait.<\/p>\n<p>[\/vc_column_text][vc_empty_space height=&#8221;10px&#8221;][vc_column_text css=&#8221;&#8221; el_class=&#8221;text-landing brown&#8221;]<a style=\"text-align: left;\" href=\"https:\/\/illycafe.ch\/fr\/cafe\/preparation-du-cafe\/comment-faire-un-espresso\/\">En savoir plus<\/a>[\/vc_column_text][\/vc_column][\/vc_row][vc_row full_width=&#8221;stretch_row_content&#8221; el_class=&#8221;products&#8221;][vc_column css=&#8221;.vc_custom_1738576274414{margin-top: 0px !important;padding-top: 0px !important;}&#8221;][vc_empty_space height=&#8221;50px&#8221;][vc_single_image image=&#8221;219544&#8243; img_size=&#8221;full&#8221; alignment=&#8221;center&#8221; css=&#8221;&#8221;][vc_empty_space height=&#8221;10px&#8221;][vc_column_text css=&#8221;.vc_custom_1738576344461{margin-top: 0px !important;}&#8221; el_class=&#8221;titol-h3 brown&#8221;]<\/p>\n<h3 style=\"text-align: left;\">Cappuccino<\/h3>\n<p>[\/vc_column_text][vc_column_text css=&#8221;&#8221; el_class=&#8221;text-landing brown&#8221;]<\/p>\n<p style=\"text-align: left;\">Si vous souhaitez pr\u00e9parer un authentique cappuccino chez vous, vous \u00eates au bon endroit.<\/p>\n<p>[\/vc_column_text][vc_empty_space height=&#8221;10px&#8221;][vc_column_text css=&#8221;&#8221; el_class=&#8221;text-landing brown&#8221;]<a style=\"text-align: left;\" href=\"https:\/\/illycafe.ch\/fr\/cafe\/preparation-du-cafe\/comment-faire-un-cappuccino\/\">En savoir plus<\/a>[\/vc_column_text][vc_empty_space height=&#8221;50px&#8221;][\/vc_column][\/vc_row][vc_row full_width=&#8221;stretch_row_content&#8221; el_class=&#8221;products&#8221;][vc_column width=&#8221;1\/3&#8243;][vc_single_image image=&#8221;219520&#8243; img_size=&#8221;full&#8221; alignment=&#8221;center&#8221; css=&#8221;&#8221;][vc_empty_space height=&#8221;10px&#8221;][vc_column_text css=&#8221;.vc_custom_1738576517721{margin-top: 0px !important;}&#8221; el_class=&#8221;titol-h3 brown&#8221;]<\/p>\n<h3 style=\"text-align: left;\">Mokka<\/h3>\n<p>[\/vc_column_text][vc_column_text css=&#8221;&#8221; el_class=&#8221;text-landing brown&#8221;]<\/p>\n<p style=\"text-align: left;\">La cafeti\u00e8re italienne offre des ar\u00f4mes et saveurs v\u00e9ritablement uniques. Ne passez pas \u00e0 c\u00f4t\u00e9.<\/p>\n<p>[\/vc_column_text][vc_empty_space height=&#8221;10px&#8221;][vc_column_text css=&#8221;&#8221; el_class=&#8221;text-landing brown&#8221;]<a style=\"text-align: left;\" href=\"https:\/\/illycafe.ch\/fr\/cafe\/preparation-du-cafe\/comment-faire-un-cafe-moka\/\">En savoir plus<\/a>[\/vc_column_text][vc_empty_space height=&#8221;40px&#8221;][\/vc_column][vc_column width=&#8221;1\/3&#8243;][vc_single_image image=&#8221;219523&#8243; img_size=&#8221;full&#8221; alignment=&#8221;center&#8221; css=&#8221;&#8221;][vc_empty_space height=&#8221;10px&#8221;][vc_column_text css=&#8221;.vc_custom_1738578561467{margin-top: 0px !important;}&#8221; el_class=&#8221;titol-h3 brown&#8221;]<\/p>\n<h3 style=\"text-align: left;\">Cafeti\u00e8re napolitaine<\/h3>\n<p>[\/vc_column_text][vc_column_text css=&#8221;&#8221; el_class=&#8221;text-landing brown&#8221;]<\/p>\n<p style=\"text-align: left;\">Tous les secrets d\u2019un v\u00e9ritable classique. \u00c9galement appel\u00e9e cuccumella, la cafeti\u00e8re napolitaine propose un caf\u00e9 particuli\u00e8rement savoureux.<\/p>\n<p>[\/vc_column_text][vc_empty_space height=&#8221;10px&#8221;][vc_column_text css=&#8221;&#8221; el_class=&#8221;text-landing brown&#8221;]<a style=\"text-align: left;\" href=\"https:\/\/illycafe.ch\/fr\/cafe\/preparation-du-cafe\/cafe-napolitain-preparation\/\">En savoir plus<\/a>[\/vc_column_text][vc_empty_space height=&#8221;40px&#8221;][\/vc_column][vc_column width=&#8221;1\/3&#8243;][vc_single_image image=&#8221;219526&#8243; img_size=&#8221;full&#8221; alignment=&#8221;center&#8221; css=&#8221;&#8221;][vc_empty_space height=&#8221;10px&#8221;][vc_column_text css=&#8221;.vc_custom_1738578568147{margin-top: 0px !important;}&#8221; el_class=&#8221;titol-h3 brown&#8221;]<\/p>\n<h3 style=\"text-align: left;\">Caf\u00e9 turc<\/h3>\n<p>[\/vc_column_text][vc_column_text css=&#8221;&#8221; el_class=&#8221;text-landing brown&#8221;]<\/p>\n<p style=\"text-align: left;\">Une tradition venue d\u2019orient. D\u00e9couvrez la richesse de ses ar\u00f4mes.<\/p>\n<p>[\/vc_column_text][vc_empty_space height=&#8221;10px&#8221;][vc_column_text css=&#8221;&#8221; el_class=&#8221;text-landing brown&#8221;]<a style=\"text-align: left;\" href=\"https:\/\/illycafe.ch\/fr\/cafe\/preparation-du-cafe\/comment-faire-un-cafe-turc\/\">En savoir plus<\/a>[\/vc_column_text][\/vc_column][\/vc_row][vc_row full_width=&#8221;stretch_row&#8221; css=&#8221;.vc_custom_1727683266961{background-color: #FFFFFF !important;}&#8221;][vc_column css=&#8221;.vc_custom_1719389360265{margin-top: 0px !important;padding-top: 0px !important;}&#8221;][vc_empty_space height=&#8221;80px&#8221;][vc_row_inner content_placement=&#8221;middle&#8221; el_class=&#8221;revert-mobile&#8221;][vc_column_inner width=&#8221;1\/2&#8243; css=&#8221;.vc_custom_1719390181991{padding-top: 30px !important;padding-right: 30px !important;padding-bottom: 30px !important;padding-left: 30px !important;}&#8221;][vc_column_text css=&#8221;&#8221; el_class=&#8221;text-landing brown&#8221;]<\/p>\n<p style=\"text-align: center;\">De la s\u00e9lection des grains jusqu\u2019\u00e0 la tasse<\/p>\n<p>[\/vc_column_text][vc_column_text css=&#8221;.vc_custom_1738578626515{margin-top: 0px !important;}&#8221; el_class=&#8221;titol-h3 brown&#8221;]<\/p>\n<h3 style=\"text-align: center;\">La qualit\u00e9 se cache dans les d\u00e9tails<\/h3>\n<p>[\/vc_column_text][vc_column_text css=&#8221;&#8221; el_class=&#8221;text-landing brown&#8221;]<\/p>\n<p style=\"text-align: center;\">Pour vous offrir notre <strong>caf\u00e9<\/strong>, nous s\u00e9lectionnons <strong>uniquement les meilleurs caf\u00e9s Arabica<\/strong>.<\/p>\n<p>[\/vc_column_text][vc_empty_space height=&#8221;20px&#8221;][vc_raw_html css=&#8221;&#8221;]JTNDYSUyMGNsYXNzJTNEJTIyYnRuLWJyb3duJTIyJTIwaHJlZiUzRCUyMmh0dHBzJTNBJTJGJTJGaWxseWNhZmUuY2glMkZmciUyRmR1cmFiaWxpdGUlMkZub3RyZS1waGlsb3NvcGhpZSUyRiUyMiUzRSUzQ2J1dHRvbiUzRUVuJTIwc2F2b2lyJTIwcGx1cyUzQyUyRmJ1dHRvbiUzRSUzQyUyRmElM0U=[\/vc_raw_html][\/vc_column_inner][vc_column_inner width=&#8221;1\/2&#8243; css=&#8221;.vc_custom_1726476158953{padding-right: 0px !important;padding-left: 0px !important;}&#8221;][vc_single_image image=&#8221;267087&#8243; img_size=&#8221;full&#8221; onclick=&#8221;custom_link&#8221; css=&#8221;&#8221; link=&#8221;https:\/\/illycafe.ch\/nachhaltigkeit\/unsere-philosophie\/&#8221;][\/vc_column_inner][\/vc_row_inner][vc_empty_space height=&#8221;50px&#8221;][\/vc_column][\/vc_row][vc_row full_width=&#8221;stretch_row&#8221; css=&#8221;.vc_custom_1727683266961{background-color: #FFFFFF !important;}&#8221;][vc_column css=&#8221;.vc_custom_1719389360265{margin-top: 0px !important;padding-top: 0px !important;}&#8221;][vc_row_inner content_placement=&#8221;middle&#8221;][vc_column_inner width=&#8221;1\/2&#8243; css=&#8221;.vc_custom_1726476158953{padding-right: 0px !important;padding-left: 0px !important;}&#8221;][vc_single_image image=&#8221;219532&#8243; img_size=&#8221;full&#8221; onclick=&#8221;custom_link&#8221; css=&#8221;&#8221; link=&#8221;https:\/\/illycafe.ch\/nachhaltigkeit\/projekte\/&#8221;][\/vc_column_inner][vc_column_inner width=&#8221;1\/2&#8243; css=&#8221;.vc_custom_1719390181991{padding-top: 30px !important;padding-right: 30px !important;padding-bottom: 30px !important;padding-left: 30px !important;}&#8221;][vc_column_text css=&#8221;&#8221; el_class=&#8221;text-landing brown&#8221;]<\/p>\n<p style=\"text-align: center;\">Une saveur incomparable<\/p>\n<p>[\/vc_column_text][vc_column_text css=&#8221;.vc_custom_1738578677385{margin-top: 0px !important;}&#8221; el_class=&#8221;titol-h3 brown&#8221;]<\/p>\n<h3 style=\"text-align: center;\">Nos caf\u00e9s<\/h3>\n<p>[\/vc_column_text][vc_column_text css=&#8221;&#8221; el_class=&#8221;text-landing brown&#8221;]<\/p>\n<p style=\"text-align: center;\">D\u00e9couvrez <strong>CLASSICO<\/strong>, <strong>INTENSO<\/strong> et <strong>FORTE<\/strong>, <strong>les trois profils de torr\u00e9faction<\/strong> de notre <strong>assemblage unique<\/strong>, ou les notes aromatiques typiques de nos caf\u00e9s <strong>provenant de diff\u00e9rents pays<\/strong>, gr\u00e2ce aux <strong>origines uniques<\/strong> de l\u2019<strong>Arabica Selection<\/strong>.<\/p>\n<p>[\/vc_column_text][vc_empty_space height=&#8221;20px&#8221;][vc_raw_html css=&#8221;&#8221;]JTNDYSUyMGNsYXNzJTNEJTIyYnRuLWJyb3duJTIyJTIwaHJlZiUzRCUyMmh0dHBzJTNBJTJGJTJGaWxseWNhZmUuY2glMkZmciUyRmNhZmUlMkYlMjIlM0UlM0NidXR0b24lM0VFbiUyMHNhdm9pciUyMHBsdXMlM0MlMkZidXR0b24lM0UlM0MlMkZhJTNF[\/vc_raw_html][\/vc_column_inner][\/vc_row_inner][vc_empty_space height=&#8221;50px&#8221;][\/vc_column][\/vc_row][vc_row full_width=&#8221;stretch_row&#8221; css=&#8221;.vc_custom_1719389983250{background-color: #f6f0ec !important;}&#8221; el_class=&#8221;newsletter&#8221;][vc_column css=&#8221;.vc_custom_1712226941419{padding-top: 0pc !important;padding-bottom: 0px !important;}&#8221;][vc_row_inner css=&#8221;.vc_custom_1712226909859{padding-top: 50px !important;padding-bottom: 50px !important;}&#8221;][vc_column_inner width=&#8221;1\/6&#8243;][\/vc_column_inner][vc_column_inner width=&#8221;2\/3&#8243;][vc_column_text css=&#8221;&#8221; el_class=&#8221;titol-h2 brown&#8221;]<\/p>\n<h2 style=\"text-align: center;\">INSCRIVEZ-VOUS A LA NEWSLETTER<\/h2>\n<p>[\/vc_column_text][vc_column_text css=&#8221;&#8221; el_class=&#8221;text-landing brown&#8221;]<\/p>\n<p style=\"text-align: center;\">Entrez dans le monde illy et d\u00e9couvrez tous les avantages qui vous sont r\u00e9serv\u00e9s.<\/p>\n<p>[\/vc_column_text][vc_column_text css=&#8221;&#8221;]<\/p>\n<p style=\"text-align: center;\">\n<div class=\"wpcf7 no-js\" id=\"wpcf7-f185252-o1\" lang=\"en-US\" dir=\"ltr\" data-wpcf7-id=\"185252\">\n<div class=\"screen-reader-response\"><p role=\"status\" aria-live=\"polite\" aria-atomic=\"true\"><\/p> <ul><\/ul><\/div>\n<form action=\"\/fr\/wp-json\/wp\/v2\/pages\/219501#wpcf7-f185252-o1\" method=\"post\" class=\"wpcf7-form init\" aria-label=\"Contact form\" novalidate=\"novalidate\" data-status=\"init\">\n<fieldset class=\"hidden-fields-container\"><input type=\"hidden\" name=\"_wpcf7\" value=\"185252\" \/><input type=\"hidden\" name=\"_wpcf7_version\" value=\"6.1.5\" \/><input type=\"hidden\" name=\"_wpcf7_locale\" value=\"en_US\" \/><input type=\"hidden\" name=\"_wpcf7_unit_tag\" value=\"wpcf7-f185252-o1\" \/><input type=\"hidden\" name=\"_wpcf7_container_post\" value=\"0\" \/><input type=\"hidden\" name=\"_wpcf7_posted_data_hash\" value=\"\" \/>\n<\/fieldset>\n<p><span class=\"wpcf7-form-control-wrap\" data-name=\"your-email\"><input size=\"40\" maxlength=\"400\" class=\"wpcf7-form-control wpcf7-email wpcf7-validates-as-required wpcf7-text wpcf7-validates-as-email\" autocomplete=\"email\" aria-required=\"true\" aria-invalid=\"false\" placeholder=\"Saisir votre adresse \u00e9lectronique\" value=\"\" type=\"email\" name=\"your-email\" \/><\/span>\n<\/p>\n<p class=\"newsletter-text\">J\u2019ai pris connaissance des informations relatives au traitement des donn\u00e9es priv\u00e9es.\n<\/p>\n<div class=\"news-acceptance\">\n\t<p><span class=\"wpcf7-form-control-wrap\" data-name=\"acceptance-961\"><span class=\"wpcf7-form-control wpcf7-acceptance\"><span class=\"wpcf7-list-item\"><label><input type=\"checkbox\" name=\"acceptance-961\" value=\"1\" aria-invalid=\"false\" \/><span class=\"wpcf7-list-item-label\">Je autorise au traitement de mes donn\u00e9es afin de recevoir des communications marketing sur les produits, services, promotions et initiatives li\u00e9s \u00e0 la marque illy et aux produits et initiatives propos\u00e9s sur les sites web et apps illycaff\u00e8 (objectif 2 A de la politique)<\/span><\/label><\/span><\/span><\/span>\n\t<\/p>\n<\/div>\n<p><input class=\"wpcf7-form-control wpcf7-submit has-spinner\" type=\"submit\" value=\"JE M&#039;INSCRIS\" \/>\n<\/p><input type='hidden' class='wpcf7-pum' value='{\"closepopup\":false,\"closedelay\":0,\"openpopup\":false,\"openpopup_id\":0}' \/><div class=\"wpcf7-response-output\" aria-hidden=\"true\"><\/div>\n<\/form>\n<\/div>\n<p>[\/vc_column_text][\/vc_column_inner][vc_column_inner width=&#8221;1\/6&#8243;][\/vc_column_inner][\/vc_row_inner][\/vc_column][\/vc_row]<\/p>\n<\/div>","protected":false},"excerpt":{"rendered":"<p>[vc_row full_width=&#8221;stretch_row&#8221; full_height=&#8221;yes&#8221; content_placement=&#8221;middle&#8221; disable_background_image=&#8221;&#8221; css=&#8221;.vc_custom_1738575116664{border-bottom-width: 0px !important;background-position: center center;background-repeat: no-repeat !important;background-size: cover !important;}&#8221; el_class=&#8221;slider&#8221; simple_background_image=&#8221;219503&#8243;][vc_column][vc_row_inner css=&#8221;.vc_custom_1719396574807{padding-top: 200px !important;padding-bottom: 200px !important;}&#8221;][vc_column_inner width=&#8221;1\/6&#8243;][\/vc_column_inner][vc_column_inner width=&#8221;2\/3&#8243;][vc_column_text css=&#8221;.vc_custom_1738578423127{margin-top: 0px !important;}&#8221; el_class=&#8221;titol-h2 white&#8221;] Recettes caf\u00e9 [\/vc_column_text][vc_empty_space height=&#8221;25px&#8221;][vc_column_text css=&#8221;&#8221; el_class=&#8221;text-landing white&#8221; el_id=&#8221;text-slider&#8221;] D\u00e9couvrez nos conseils pour profiter pleinement de votre caf\u00e9 [\/vc_column_text][\/vc_column_inner][vc_column_inner width=&#8221;1\/6&#8243;][\/vc_column_inner][\/vc_row_inner][\/vc_column][\/vc_row][vc_row][vc_column css=&#8221;.vc_custom_1738575195426{margin-top: 0px !important;padding-top: 0px !important;}&#8221;][vc_empty_space height=&#8221;50px&#8221;][vc_column_text css=&#8221;.vc_custom_1738578446159{margin-top: 0px !important;}&#8221; el_class=&#8221;titol-h3 brown&#8221;] Pour des r\u00e9sultats parfaits [\/vc_column_text][vc_empty_space height=&#8221;15px&#8221;][vc_column_text css=&#8221;.vc_custom_1738578452974{margin-top: 0px !important;}&#8221; el_class=&#8221;titol-h4 brown&#8221;] Espresso, cappuccino, cafeti\u00e8re [&hellip;]<\/p>\n","protected":false},"author":5358,"featured_media":0,"parent":185696,"menu_order":0,"comment_status":"closed","ping_status":"closed","template":"","meta":{"inline_featured_image":false,"footnotes":""},"class_list":["post-219501","page","type-page","status-publish","hentry"],"yoast_head":"<!-- This site is optimized with the Yoast SEO plugin v27.3 - https:\/\/yoast.com\/product\/yoast-seo-wordpress\/ -->\n<title>Recettes caf\u00e9 - Illycaf\u00e9 | Premium Kaffee kaufen | Gastronomie, Firmen, Privat<\/title>\n<meta name=\"robots\" content=\"index, follow, max-snippet:-1, max-image-preview:large, max-video-preview:-1\" \/>\n<link rel=\"canonical\" href=\"https:\/\/illycafe.ch\/fr\/cafe\/preparation-du-cafe\/\" \/>\n<meta property=\"og:locale\" content=\"fr_FR\" \/>\n<meta property=\"og:type\" content=\"article\" \/>\n<meta property=\"og:title\" content=\"Recettes caf\u00e9 - Illycaf\u00e9 | Premium Kaffee kaufen | Gastronomie, Firmen, Privat\" \/>\n<meta property=\"og:description\" content=\"[vc_row full_width=&#8221;stretch_row&#8221; full_height=&#8221;yes&#8221; content_placement=&#8221;middle&#8221; disable_background_image=&#8221;&#8221; css=&#8221;.vc_custom_1738575116664{border-bottom-width: 0px !important;background-position: center center;background-repeat: no-repeat !important;background-size: cover !important;}&#8221; el_class=&#8221;slider&#8221; simple_background_image=&#8221;219503&#8243;][vc_column][vc_row_inner css=&#8221;.vc_custom_1719396574807{padding-top: 200px !important;padding-bottom: 200px !important;}&#8221;][vc_column_inner width=&#8221;1\/6&#8243;][\/vc_column_inner][vc_column_inner width=&#8221;2\/3&#8243;][vc_column_text css=&#8221;.vc_custom_1738578423127{margin-top: 0px !important;}&#8221; el_class=&#8221;titol-h2 white&#8221;] Recettes caf\u00e9 [\/vc_column_text][vc_empty_space height=&#8221;25px&#8221;][vc_column_text css=&#8221;&#8221; el_class=&#8221;text-landing white&#8221; el_id=&#8221;text-slider&#8221;] D\u00e9couvrez nos conseils pour profiter pleinement de votre caf\u00e9 [\/vc_column_text][\/vc_column_inner][vc_column_inner width=&#8221;1\/6&#8243;][\/vc_column_inner][\/vc_row_inner][\/vc_column][\/vc_row][vc_row][vc_column css=&#8221;.vc_custom_1738575195426{margin-top: 0px !important;padding-top: 0px !important;}&#8221;][vc_empty_space height=&#8221;50px&#8221;][vc_column_text css=&#8221;.vc_custom_1738578446159{margin-top: 0px !important;}&#8221; el_class=&#8221;titol-h3 brown&#8221;] Pour des r\u00e9sultats parfaits [\/vc_column_text][vc_empty_space height=&#8221;15px&#8221;][vc_column_text css=&#8221;.vc_custom_1738578452974{margin-top: 0px !important;}&#8221; el_class=&#8221;titol-h4 brown&#8221;] Espresso, cappuccino, cafeti\u00e8re [&hellip;]\" \/>\n<meta property=\"og:url\" content=\"https:\/\/illycafe.ch\/fr\/cafe\/preparation-du-cafe\/\" \/>\n<meta property=\"og:site_name\" content=\"Illycaf\u00e9 | Premium Kaffee kaufen | Gastronomie, Firmen, Privat\" \/>\n<meta property=\"article:modified_time\" content=\"2025-08-13T10:11:33+00:00\" \/>\n<meta name=\"twitter:card\" content=\"summary_large_image\" \/>\n<meta name=\"twitter:label1\" content=\"Dur\u00e9e de lecture estim\u00e9e\" \/>\n\t<meta name=\"twitter:data1\" content=\"3 minutes\" \/>\n<script type=\"application\/ld+json\" class=\"yoast-schema-graph\">{\"@context\":\"https:\\\/\\\/schema.org\",\"@graph\":[{\"@type\":\"WebPage\",\"@id\":\"https:\\\/\\\/illycafe.ch\\\/fr\\\/cafe\\\/preparation-du-cafe\\\/\",\"url\":\"https:\\\/\\\/illycafe.ch\\\/fr\\\/cafe\\\/preparation-du-cafe\\\/\",\"name\":\"Recettes caf\u00e9 - Illycaf\u00e9 | Premium Kaffee kaufen | Gastronomie, Firmen, Privat\",\"isPartOf\":{\"@id\":\"https:\\\/\\\/illycafe.ch\\\/#website\"},\"datePublished\":\"2025-02-03T10:32:30+00:00\",\"dateModified\":\"2025-08-13T10:11:33+00:00\",\"breadcrumb\":{\"@id\":\"https:\\\/\\\/illycafe.ch\\\/fr\\\/cafe\\\/preparation-du-cafe\\\/#breadcrumb\"},\"inLanguage\":\"fr-FR\",\"potentialAction\":[{\"@type\":\"ReadAction\",\"target\":[\"https:\\\/\\\/illycafe.ch\\\/fr\\\/cafe\\\/preparation-du-cafe\\\/\"]}]},{\"@type\":\"BreadcrumbList\",\"@id\":\"https:\\\/\\\/illycafe.ch\\\/fr\\\/cafe\\\/preparation-du-cafe\\\/#breadcrumb\",\"itemListElement\":[{\"@type\":\"ListItem\",\"position\":1,\"name\":\"Accueil\",\"item\":\"https:\\\/\\\/illycafe.ch\\\/fr\\\/\"},{\"@type\":\"ListItem\",\"position\":2,\"name\":\"Caf\u00e9\",\"item\":\"https:\\\/\\\/illycafe.ch\\\/fr\\\/cafe\\\/\"},{\"@type\":\"ListItem\",\"position\":3,\"name\":\"Recettes caf\u00e9\"}]},{\"@type\":\"WebSite\",\"@id\":\"https:\\\/\\\/illycafe.ch\\\/#website\",\"url\":\"https:\\\/\\\/illycafe.ch\\\/\",\"name\":\"Illycaf\u00e9 | Premium Kaffee kaufen | Gastronomie, Firmen, Privat\",\"description\":\"Italienische Kaffeekultur. Schweizer Qualit\u00e4t.\",\"potentialAction\":[{\"@type\":\"SearchAction\",\"target\":{\"@type\":\"EntryPoint\",\"urlTemplate\":\"https:\\\/\\\/illycafe.ch\\\/?s={search_term_string}\"},\"query-input\":{\"@type\":\"PropertyValueSpecification\",\"valueRequired\":true,\"valueName\":\"search_term_string\"}}],\"inLanguage\":\"fr-FR\"}]}<\/script>\n<!-- \/ Yoast SEO plugin. -->","yoast_head_json":{"title":"Recettes caf\u00e9 - Illycaf\u00e9 | Premium Kaffee kaufen | Gastronomie, Firmen, Privat","robots":{"index":"index","follow":"follow","max-snippet":"max-snippet:-1","max-image-preview":"max-image-preview:large","max-video-preview":"max-video-preview:-1"},"canonical":"https:\/\/illycafe.ch\/fr\/cafe\/preparation-du-cafe\/","og_locale":"fr_FR","og_type":"article","og_title":"Recettes caf\u00e9 - Illycaf\u00e9 | Premium Kaffee kaufen | Gastronomie, Firmen, Privat","og_description":"[vc_row full_width=&#8221;stretch_row&#8221; full_height=&#8221;yes&#8221; content_placement=&#8221;middle&#8221; disable_background_image=&#8221;&#8221; css=&#8221;.vc_custom_1738575116664{border-bottom-width: 0px !important;background-position: center center;background-repeat: no-repeat !important;background-size: cover !important;}&#8221; el_class=&#8221;slider&#8221; simple_background_image=&#8221;219503&#8243;][vc_column][vc_row_inner css=&#8221;.vc_custom_1719396574807{padding-top: 200px !important;padding-bottom: 200px !important;}&#8221;][vc_column_inner width=&#8221;1\/6&#8243;][\/vc_column_inner][vc_column_inner width=&#8221;2\/3&#8243;][vc_column_text css=&#8221;.vc_custom_1738578423127{margin-top: 0px !important;}&#8221; el_class=&#8221;titol-h2 white&#8221;] Recettes caf\u00e9 [\/vc_column_text][vc_empty_space height=&#8221;25px&#8221;][vc_column_text css=&#8221;&#8221; el_class=&#8221;text-landing white&#8221; el_id=&#8221;text-slider&#8221;] D\u00e9couvrez nos conseils pour profiter pleinement de votre caf\u00e9 [\/vc_column_text][\/vc_column_inner][vc_column_inner width=&#8221;1\/6&#8243;][\/vc_column_inner][\/vc_row_inner][\/vc_column][\/vc_row][vc_row][vc_column css=&#8221;.vc_custom_1738575195426{margin-top: 0px !important;padding-top: 0px !important;}&#8221;][vc_empty_space height=&#8221;50px&#8221;][vc_column_text css=&#8221;.vc_custom_1738578446159{margin-top: 0px !important;}&#8221; el_class=&#8221;titol-h3 brown&#8221;] Pour des r\u00e9sultats parfaits [\/vc_column_text][vc_empty_space height=&#8221;15px&#8221;][vc_column_text css=&#8221;.vc_custom_1738578452974{margin-top: 0px !important;}&#8221; el_class=&#8221;titol-h4 brown&#8221;] Espresso, cappuccino, cafeti\u00e8re [&hellip;]","og_url":"https:\/\/illycafe.ch\/fr\/cafe\/preparation-du-cafe\/","og_site_name":"Illycaf\u00e9 | Premium Kaffee kaufen | Gastronomie, Firmen, Privat","article_modified_time":"2025-08-13T10:11:33+00:00","twitter_card":"summary_large_image","twitter_misc":{"Dur\u00e9e de lecture estim\u00e9e":"3 minutes"},"schema":{"@context":"https:\/\/schema.org","@graph":[{"@type":"WebPage","@id":"https:\/\/illycafe.ch\/fr\/cafe\/preparation-du-cafe\/","url":"https:\/\/illycafe.ch\/fr\/cafe\/preparation-du-cafe\/","name":"Recettes caf\u00e9 - Illycaf\u00e9 | Premium Kaffee kaufen | Gastronomie, Firmen, Privat","isPartOf":{"@id":"https:\/\/illycafe.ch\/#website"},"datePublished":"2025-02-03T10:32:30+00:00","dateModified":"2025-08-13T10:11:33+00:00","breadcrumb":{"@id":"https:\/\/illycafe.ch\/fr\/cafe\/preparation-du-cafe\/#breadcrumb"},"inLanguage":"fr-FR","potentialAction":[{"@type":"ReadAction","target":["https:\/\/illycafe.ch\/fr\/cafe\/preparation-du-cafe\/"]}]},{"@type":"BreadcrumbList","@id":"https:\/\/illycafe.ch\/fr\/cafe\/preparation-du-cafe\/#breadcrumb","itemListElement":[{"@type":"ListItem","position":1,"name":"Accueil","item":"https:\/\/illycafe.ch\/fr\/"},{"@type":"ListItem","position":2,"name":"Caf\u00e9","item":"https:\/\/illycafe.ch\/fr\/cafe\/"},{"@type":"ListItem","position":3,"name":"Recettes caf\u00e9"}]},{"@type":"WebSite","@id":"https:\/\/illycafe.ch\/#website","url":"https:\/\/illycafe.ch\/","name":"Illycaf\u00e9 | Premium Kaffee kaufen | Gastronomie, Firmen, Privat","description":"Italienische Kaffeekultur. Schweizer Qualit\u00e4t.","potentialAction":[{"@type":"SearchAction","target":{"@type":"EntryPoint","urlTemplate":"https:\/\/illycafe.ch\/?s={search_term_string}"},"query-input":{"@type":"PropertyValueSpecification","valueRequired":true,"valueName":"search_term_string"}}],"inLanguage":"fr-FR"}]}},"_links":{"self":[{"href":"https:\/\/illycafe.ch\/fr\/wp-json\/wp\/v2\/pages\/219501","targetHints":{"allow":["GET"]}}],"collection":[{"href":"https:\/\/illycafe.ch\/fr\/wp-json\/wp\/v2\/pages"}],"about":[{"href":"https:\/\/illycafe.ch\/fr\/wp-json\/wp\/v2\/types\/page"}],"author":[{"embeddable":true,"href":"https:\/\/illycafe.ch\/fr\/wp-json\/wp\/v2\/users\/5358"}],"replies":[{"embeddable":true,"href":"https:\/\/illycafe.ch\/fr\/wp-json\/wp\/v2\/comments?post=219501"}],"version-history":[{"count":0,"href":"https:\/\/illycafe.ch\/fr\/wp-json\/wp\/v2\/pages\/219501\/revisions"}],"up":[{"embeddable":true,"href":"https:\/\/illycafe.ch\/fr\/wp-json\/wp\/v2\/pages\/185696"}],"wp:attachment":[{"href":"https:\/\/illycafe.ch\/fr\/wp-json\/wp\/v2\/media?parent=219501"}],"curies":[{"name":"wp","href":"https:\/\/api.w.org\/{rel}","templated":true}]}}