{"id":219994,"date":"2025-02-12T10:15:38","date_gmt":"2025-02-12T09:15:38","guid":{"rendered":"https:\/\/illycafe.ch\/?page_id=219994"},"modified":"2026-02-03T15:42:57","modified_gmt":"2026-02-03T14:42:57","slug":"cafetiere-italienne-moka","status":"publish","type":"page","link":"https:\/\/illycafe.ch\/fr\/machines-a-cafe\/cafetiere-italienne-moka\/","title":{"rendered":"Cafeti\u00e8res italiennes"},"content":{"rendered":"<div class=\"wpb-content-wrapper\"><p>[vc_row full_width=&#8221;stretch_row_content_no_spaces&#8221; el_class=&#8221;header-img-categoria&#8221;][vc_column css=&#8221;.vc_custom_1725015078836{margin-top: 0px !important;padding-top: 0px !important;}&#8221;][vc_single_image image=&#8221;219997&#8243; img_size=&#8221;full&#8221; css=&#8221;&#8221;][\/vc_column][\/vc_row][vc_row full_width=&#8221;stretch_row&#8221; css=&#8221;.vc_custom_1741864327871{margin-top: 0px !important;padding-top: 0px !important;background-color: #f6f0ec !important;}&#8221; el_class=&#8221;page-title header-text-categoria&#8221;][vc_column width=&#8221;1\/6&#8243; css=&#8221;.vc_custom_1719386953532{margin-top: 0px !important;padding-top: 0px !important;}&#8221;][\/vc_column][vc_column width=&#8221;2\/3&#8243; css=&#8221;.vc_custom_1724841621568{margin-top: 0px !important;padding-top: 0px !important;}&#8221;][vc_empty_space height=&#8221;100px&#8221;][vc_column_text css=&#8221;&#8221; el_class=&#8221;titol-h2 brown&#8221;]<\/p>\n<h2 style=\"text-align: center;\">Cafeti\u00e8res italiennes<\/h2>\n<p>[\/vc_column_text][vc_empty_space height=&#8221;20px&#8221;][vc_column_text css=&#8221;&#8221; el_class=&#8221;text-landing brown&#8221;]<\/p>\n<p style=\"text-align: center;\">Un accessoire culte pour vos pr\u00e9parations quotidiennes.<\/p>\n<p>[\/vc_column_text][vc_empty_space height=&#8221;100px&#8221;][\/vc_column][vc_column width=&#8221;1\/6&#8243;][\/vc_column][\/vc_row][vc_row full_width=&#8221;stretch_row_content&#8221; el_class=&#8221;menu-landings&#8221; css=&#8221;.vc_custom_1724840623820{margin-top: 0px !important;padding-top: 0px !important;padding-right: 50px !important;padding-left: 50px !important;}&#8221;][vc_column css=&#8221;.vc_custom_1724840470358{margin-top: 0px !important;margin-bottom: 0px !important;padding-top: 0px !important;padding-bottom: 0px !important;}&#8221;][vc_empty_space][vc_raw_html css=&#8221;&#8221;]JTNDZGl2JTIwY2xhc3MlM0QlMjJtZW51LWxhbmRpbmdzJTIyJTNFJTBBJTA5JTNDYSUyMGhyZWYlM0QlMjJodHRwcyUzQSUyRiUyRmlsbHljYWZlLmNoJTJGZnIlMkZtYWNoaW5lcy1hLWNhZmUlMkZ0b3V0ZXMtbGVzLW1hY2hpbmVzLWEtY2FmZSUyRiUyMiUyMGNsYXNzJTNEJTIybGFuZGluZy1wYWdlJTIyJTNFVG91dGVzJTIwbGVzJTIwbWFjaGluZXMlMjAlQzMlQTAlMjBjYWYlQzMlQTklM0MlMkZhJTNFJTBBJTA5JTNDYSUyMGhyZWYlM0QlMjJodHRwcyUzQSUyRiUyRmlsbHljYWZlLmNoJTJGZnIlMkZtYWNoaW5lcy1hLWNhZmUlMkZtYWNoaW5lcy1hLWNhcHN1bGVzLWlwZXJlc3ByZXNzbyUyRiUyMiUyMGNsYXNzJTNEJTIybGFuZGluZy1wYWdlJTIyJTNFTWFjaGluZXMlMjAlQzMlQTAlMjBjYWYlQzMlQTklMjAlQzMlQTAlMjBjYXBzdWxlJTIwSXBlcmVzcHJlc3NvJTIwJTNDJTJGYSUzRSUwQSUzQ2ElMjBocmVmJTNEJTIyaHR0cHMlM0ElMkYlMkZpbGx5Y2FmZS5jaCUyRmZyJTJGbWFjaGluZXMtYS1jYWZlJTJGbWFjaGluZXMtYS1jYXBzdWxlcy1jb21wYXRpYmxlcy1uZXNwcmVzc28lMkYlMjIlMjBjbGFzcyUzRCUyMmxhbmRpbmctcGFnZSUyMG1lbnUtbm9uZSUyMiUzRSUyME1hY2hpbmVzJTIwJUMzJUEwJTIwY2FmJUMzJUE5JTIwcG91ciUyMGNhcHN1bGVzJTIwY29tcGF0aWJsZXMlMjAlM0MlMkZhJTNFJTBBJTA5JTNDYSUyMGhyZWYlM0QlMjJodHRwcyUzQSUyRiUyRmlsbHljYWZlLmNoJTJGZnIlMkZtYWNoaW5lcy1hLWNhZmUlMkZtYWNoaW5lcy1kb3NldHRlcy1lc2UlMkYlMjIlMjBjbGFzcyUzRCUyMmxhbmRpbmctcGFnZSUyMiUzRU1hY2hpbmVzJTIwJUMzJUEwJTIwY2FmJUMzJUE5JTIwJUMzJUEwJTIwZG9zZXR0ZXMlMjBFLlMuRSUyMCUzQyUyRmElM0UlMEElMDklM0NhJTIwaHJlZiUzRCUyMmh0dHBzJTNBJTJGJTJGaWxseWNhZmUuY2glMkZmciUyRm1hY2hpbmVzLWEtY2FmZSUyRm1hY2hpbmUtYS1jYWZlLWRvc2V0dGVzLWVzZS1jYWZlLW1vdWx1JTJGJTIyJTIwY2xhc3MlM0QlMjJsYW5kaW5nLXBhZ2UlMjIlM0VNYWNoaW5lJTIwJUMzJUEwJTIwY2FmJUMzJUE5JTIwbW91bHUlMjBldCUyMGRvc2V0dGVzJTIwRS5TLkUuJTNDJTJGYSUzRSUwQSUwOSUzQ2ElMjBocmVmJTNEJTIyaHR0cHMlM0ElMkYlMkZpbGx5Y2FmZS5jaCUyRmZyJTJGbWFjaGluZXMtYS1jYWZlJTJGbW91c3NldXJzLWEtbGFpdCUyRiUyMiUyMGNsYXNzJTNEJTIybGFuZGluZy1wYWdlJTIyJTNFTW91c3NldXIlMjAlQzMlQTAlMjBsYWl0JTNDJTJGYSUzRSUwQSUzQ2ElMjBocmVmJTNEJTIyaHR0cHMlM0ElMkYlMkZpbGx5Y2FmZS5jaCUyRmZyJTJGbWFjaGluZXMtYS1jYWZlJTJGY2FmZXRpZXJlLWl0YWxpZW5uZS1tb2thJTJGJTIyJTIwY2xhc3MlM0QlMjJsYW5kaW5nLXBhZ2UlMjBhY3RpdmUlMjIlM0VDYWZldGklQzMlQThyZXMlMjBpdGFsaWVubmVzJTNDJTJGYSUzRSUwQSUzQyUyRmRpdiUzRQ==[\/vc_raw_html][vc_empty_space][\/vc_column][\/vc_row][vc_row full_width=&#8221;stretch_row&#8221; css=&#8221;.vc_custom_1770129769441{background-color: #F2E9DA !important;}&#8221;][vc_column css=&#8221;.vc_custom_1754298631817{margin-top: 0px !important;padding-top: 0px !important;}&#8221;][vc_column_text css=&#8221;&#8221;]<div data-post-id=\"209004\" class=\"insert-page insert-page-209004 \"><style type=\"text\/css\" data-type=\"vc_custom-css\">.promo-text h3{\r\n    font-size: 24px !important;\r\n    color: #512C1F !important;\r\n    font-weight: 700 !important;\r\n    font-family: &#039;Manrope&#039;, sans-serif !important;\r\n    letter-spacing: 0px !important;\r\n    margin-bottom:0px !important;\r\n}\r\n\r\n.promo-text h5{\r\n    font-size: 16px !important;\r\n    text-align: center;\r\n    color: #512C1F !important;\r\n    font-family: &#039;Manrope&#039;, sans-serif !important;\r\n    letter-spacing: 0px !important;\r\n}\r\n\r\n.promo-text p{\r\n    font-size: 11px !important;\r\n    text-align: center !important;\r\n    margin-top: 0px;\r\n    color: #636660;\r\n    font-family: &#039;Manrope&#039;, sans-serif !important;\r\n    letter-spacing: 0px !important;\r\n}\r\n\r\n.promo-text .wpb_wrapper {\r\n    display: flex;\r\n    justify-content: center;\r\n    align-items:center;\r\n}\r\n\r\n.promo-text img {\r\n    width: 20px;\r\n    margin-left:10px;\r\n}<\/style><style type=\"text\/css\" data-type=\"vc_shortcodes-custom-css\">.vc_custom_1764683060332{padding-top: 20px !important;padding-bottom: 30px !important;background-color: #F6F0ED !important;border-radius: 4px !important;}.vc_custom_1754297899454{border-top-width: 1px !important;border-right-width: 1px !important;border-bottom-width: 1px !important;border-left-width: 1px !important;padding-top: 20px !important;padding-bottom: 30px !important;border-left-style: solid !important;border-right-style: solid !important;border-top-style: solid !important;border-bottom-style: solid !important;border-radius: 4px !important;border-color: #C6B9AE !important;}.vc_custom_1737105470623{border-top-width: 0px !important;padding-top: 0px !important;}<\/style><div class=\"wpb-content-wrapper\"><p>[vc_row full_width=&#8221;stretch_row_content_no_spaces&#8221; css=&#8221;.vc_custom_1764683060332{padding-top: 20px !important;padding-bottom: 30px !important;background-color: #F6F0ED !important;border-radius: 4px !important;}&#8221; el_class=&#8221;banner-promo-maquina popmake-517229&#8243;][vc_column css=&#8221;.vc_custom_1737105470623{border-top-width: 0px !important;padding-top: 0px !important;}&#8221;][vc_column_text css=&#8221;&#8221; el_class=&#8221;titol-h3 brown promo-text&#8221;]<\/p>\n<h3 style=\"text-align: center;\">Exclusivit\u00e9 illy Lovers : 20% de remise sur l\u2019ensemble du catalogue.<\/h3>\n<p><img decoding=\"async\" src=\"https:\/\/illycafe.ch\/wp-content\/uploads\/icon-info.webp\" \/>[\/vc_column_text][\/vc_column][\/vc_row][vc_row disable_element=&#8221;yes&#8221; el_class=&#8221;banner-promo-maquina-2&#8243; css=&#8221;.vc_custom_1754297899454{border-top-width: 1px !important;border-right-width: 1px !important;border-bottom-width: 1px !important;border-left-width: 1px !important;padding-top: 20px !important;padding-bottom: 30px !important;border-left-style: solid !important;border-right-style: solid !important;border-top-style: solid !important;border-bottom-style: solid !important;border-radius: 4px !important;border-color: #C6B9AE !important;}&#8221;][vc_column css=&#8221;.vc_custom_1737105470623{border-top-width: 0px !important;padding-top: 0px !important;}&#8221;][vc_column_text css=&#8221;&#8221; el_class=&#8221;promo-text&#8221;]<\/p>\n<p style=\"text-align: center;\"><em>*La promotion est valable jusqu\u2019\u00e0 minuit le <strong>31 ao\u00fbt 2025<\/strong> et s\u2019applique uniquement \u00e0 l\u2019offre combin\u00e9e Machine illy easy \u00e0 capsules compatibles + Capsules compatibles.<br \/>\nLes offres sp\u00e9ciales sont exclues de la promotion. Elle n\u2019est pas cumulable avec d\u2019autres offres en cours ou avec les avantages r\u00e9serv\u00e9s aux membres illy Lovers.<br \/>\nLa machine illy easy \u00e0 capsules compatibles peut utiliser les capsules illy en aluminium compatibles avec les machines **Nespresso Original, les capsules **Nespresso Original ainsi que la majorit\u00e9 des autres capsules compatibles.<br \/>\nilly n\u2019est pas affili\u00e9e \u00e0 la marque *Nespresso\u00ae.<\/em><\/p>\n<p>[\/vc_column_text][\/vc_column][\/vc_row]<\/p>\n<\/div><\/div>[\/vc_column_text][\/vc_column][\/vc_row][vc_row full_width=&#8221;stretch_row&#8221; css=&#8221;.vc_custom_1724841142195{background-color: #F2E9DA !important;}&#8221;][vc_column css=&#8221;.vc_custom_1719387096335{margin-top: 0px !important;padding-top: 0px !important;}&#8221;][vc_empty_space height=&#8221;70px&#8221;]<div class=\"eltdf-pl-holder eltdf-standard-layout eltdf-large-space eltdf-three-columns eltdf-info-below-image eltdf-product-info-default\">\n\t<div class=\"eltdf-pl-outer eltdf-outer-space\">\n\t\t<div class=\"eltdf-pli eltdf-item-space \">\n\t<div class=\"eltdf-pli-inner\">\n\t\t<div class=\"eltdf-pli-image\">\n\t\t\t\n<img loading=\"lazy\" decoding=\"async\" width=\"610\" height=\"458\" src=\"https:\/\/illycafe.ch\/wp-content\/uploads\/21908_High_1x_01-610x458.png\" class=\"attachment-woocommerce_thumbnail size-woocommerce_thumbnail wp-post-image\" alt=\"\" \/>\t\t<\/div>\n\t\t<div class=\"eltdf-pli-text eltdf-pli-hover-overlay\" >\n\t\t\t<div class=\"eltdf-pli-text-outer\">\n\t\t\t\t<div class=\"eltdf-pli-text-inner\">\n\t\t\t\t\t\t\n\t<div class=\"eltdf-pli-add-to-cart eltdf-default-skin\">\n\t\t<a rel=\"nofollow\" href=\"?add-to-cart=192203\" data-quantity=\"1\" data-product_id=\"192203\" data-product_sku=\"21908\" class=\"button add_to_cart_button ajax_add_to_cart eltdf-button\">Ajouter au panier<\/a>\t<\/div>\n\t\t\t\t<\/div>\n\t\t\t<\/div>\n\t\t<\/div>\n\t\t<a class=\"eltdf-pli-link\" itemprop=\"url\" href=\"https:\/\/illycafe.ch\/fr\/produit\/moka-rouge-a-induction-alessi-3-tasses\/\" title=\"Moka rouge \u00e0 induction Alessi 3 tasses\"><\/a>\n\t<\/div>\n\t<div class=\"eltdf-pli-text-wrapper\" >\n\t\t    <h5 itemprop=\"name\" class=\"entry-title eltdf-pli-title\" >\n\t\t<a itemprop=\"url\" href=\"https:\/\/illycafe.ch\/fr\/produit\/moka-rouge-a-induction-alessi-3-tasses\/\">Moka rouge \u00e0 induction Alessi 3 tasses<\/a>\n\t<\/h5>\n\t\t\n\t\t\t\t\t\t\n\t\t\t\t\n\t\t\t<div class=\"eltdf-pli-price\"><span class=\"woocommerce-Price-amount amount\"><span class=\"woocommerce-Price-currencySymbol\">&#067;&#072;&#070;<\/span>&nbsp;95.00<\/span> (TVA incluse)<\/div>\n\t\t\n\t\t\t\t\t<\/div>\n<\/div>\t<\/div>\n<\/div>[vc_empty_space height=&#8221;60px&#8221;][\/vc_column][\/vc_row][vc_row full_width=&#8221;stretch_row&#8221; css=&#8221;.vc_custom_1724841515969{background-color: #f6f0ec !important;}&#8221;][vc_column css=&#8221;.vc_custom_1719387096335{margin-top: 0px !important;padding-top: 0px !important;}&#8221;][vc_empty_space height=&#8221;40px&#8221;][vc_row_inner content_placement=&#8221;middle&#8221; el_class=&#8221;revert-mobile&#8221;][vc_column_inner width=&#8221;1\/2&#8243;][vc_single_image image=&#8221;185249&#8243; img_size=&#8221;full&#8221;][\/vc_column_inner][vc_column_inner width=&#8221;1\/2&#8243; css=&#8221;.vc_custom_1719387402388{padding-top: 30px !important;padding-right: 30px !important;padding-bottom: 30px !important;padding-left: 30px !important;}&#8221;][vc_column_text el_class=&#8221;text-landing brown&#8221;]<\/p>\n<p style=\"text-align: center;\">Con\u00e7u pour r\u00e9pondre \u00e0 vos attentes<\/p>\n<p>[\/vc_column_text][vc_column_text css=&#8221;.vc_custom_1724925129593{margin-top: 0px !important;}&#8221; el_class=&#8221;titol-h3 brown&#8221;]<\/p>\n<h3 style=\"text-align: center;\">Abonnement illy<\/h3>\n<p>[\/vc_column_text][vc_column_text el_class=&#8221;text-landing brown&#8221;]<\/p>\n<p style=\"text-align: center;\">Choisissez entre les abonnements Machine et caf\u00e9 ou Caf\u00e9 uniquement.<br \/>\nNe manquez jamais votre caf\u00e9 pr\u00e9f\u00e9r\u00e9, pour profiter d\u2019une exp\u00e9rience gustative quotidienne.<\/p>\n<p>[\/vc_column_text][vc_empty_space height=&#8221;20px&#8221;][vc_raw_html css=&#8221;&#8221;]JTNDYSUyMGNsYXNzJTNEJTIyYnV0dG9uLXN1Yi1wcm9kdWN0JTIyJTIwaHJlZiUzRCUyMiUyM25ld3NsZXR0ZXIlMjIlM0UlM0NidXR0b24lM0VTJTI3aW5zY3JpcmUlM0MlMkZidXR0b24lM0UlM0MlMkZhJTNF[\/vc_raw_html][\/vc_column_inner][\/vc_row_inner][vc_empty_space height=&#8221;50px&#8221;][\/vc_column][\/vc_row][vc_row full_width=&#8221;stretch_row_content_no_spaces&#8221; equal_height=&#8221;yes&#8221; disable_background_image=&#8221;&#8221; css=&#8221;.vc_custom_1739274719028{background-position: center center;background-repeat: no-repeat !important;background-size: cover !important;}&#8221; simple_background_image=&#8221;220003&#8243;][vc_column css=&#8221;.vc_custom_1739274621149{margin-top: 0px !important;padding-top: 0px !important;background-position: center center;background-repeat: no-repeat !important;background-size: cover !important;}&#8221;][vc_empty_space height=&#8221;250px&#8221;][vc_column_text css=&#8221;&#8221; el_class=&#8221;text-landing white&#8221;]<\/p>\n<p style=\"text-align: center;\">La tasse du connaisseur<\/p>\n<p>[\/vc_column_text][vc_column_text css=&#8221;.vc_custom_1739351662541{margin-top: 0px !important;}&#8221; el_class=&#8221;titol-h3 white&#8221;]<\/p>\n<h2 style=\"text-align: center;\">Caf\u00e9 moulu<\/h2>\n<p>[\/vc_column_text][vc_column_text css=&#8221;&#8221; el_class=&#8221;text-landing white&#8221;]<\/p>\n<p style=\"text-align: center;\">Choisissez votre mouture pr\u00e9f\u00e9r\u00e9e, pour un caf\u00e9 parfait jusque dans ses moindres d\u00e9tails<\/p>\n<p>[\/vc_column_text][vc_empty_space height=&#8221;30px&#8221;][vc_raw_html css=&#8221;&#8221;]JTNDYSUyMGhyZWYlM0QlMjJodHRwcyUzQSUyRiUyRmlsbHljYWZlLmNoJTJGZnIlMkZjYWZlJTJGY2FmZS1tb3VsdSUyRiUyMiUyMGNsYXNzJTNEJTIyYnV0dG9uLXN1Yi1wcm9kdWN0LXJlZCUyMiUzRSUzQ2J1dHRvbiUzRSUyMEVuJTIwc2F2b2lyJTIwcGx1cyUyMCUzQyUyRmJ1dHRvbiUzRSUzQyUyRmElM0U=[\/vc_raw_html][vc_empty_space height=&#8221;250px&#8221;][\/vc_column][\/vc_row][vc_row full_width=&#8221;stretch_row_content_no_spaces&#8221; equal_height=&#8221;yes&#8221; css=&#8221;.vc_custom_1725005446973{background-position: center center;background-repeat: no-repeat !important;background-size: cover !important;}&#8221; el_class=&#8221;col-banner&#8221;][vc_column width=&#8221;1\/2&#8243; css=&#8221;.vc_custom_1739352114575{margin-top: 0px !important;padding-top: 0px !important;background-image: url(https:\/\/illycafe.ch\/wp-content\/uploads\/670f7a17fb9cb5c8d3cc4eb4.jpg.jpg?id=220000) !important;background-position: center center;background-repeat: no-repeat !important;background-size: cover !important;}&#8221;][vc_empty_space height=&#8221;250px&#8221;][vc_column_text el_class=&#8221;text-landing white&#8221;]<\/p>\n<p style=\"text-align: center;\">Le go\u00fbt de l&#8217;art<\/p>\n<p>[\/vc_column_text][vc_column_text css=&#8221;.vc_custom_1725005174774{margin-top: 0px !important;}&#8221; el_class=&#8221;titol-h3 white&#8221;]<\/p>\n<h2 style=\"text-align: center;\">illy Art Collection<\/h2>\n<p>[\/vc_column_text][vc_empty_space height=&#8221;30px&#8221;][vc_raw_html css=&#8221;&#8221;]JTNDYSUyMGhyZWYlM0QlMjJodHRwcyUzQSUyRiUyRmlsbHljYWZlLmNoJTJGZnIlMkZjYWRlYXV4LWV0LWFjY2Vzc29pcmVzJTJGdGFzc2VzLWEtY2FmZS1pbGx5LWFydC1jb2xsZWN0aW9uJTJGJTIyJTIwY2xhc3MlM0QlMjJidXR0b24tc3ViLXByb2R1Y3QtcmVkJTIyJTNFJTNDYnV0dG9uJTNFRW4lMjBzYXZvaXIlMjBwbHVzJTNDJTJGYnV0dG9uJTNFJTNDJTJGYSUzRQ==[\/vc_raw_html][vc_empty_space height=&#8221;250px&#8221;][\/vc_column][vc_column width=&#8221;1\/2&#8243; css=&#8221;.vc_custom_1725005256374{background-image: url(https:\/\/illycafe.ch\/wp-content\/uploads\/cq5dam.web_.1280.1280-7.jpg?id=185364) !important;background-position: center center;background-repeat: no-repeat !important;background-size: cover !important;}&#8221;][vc_empty_space height=&#8221;250px&#8221;][vc_column_text el_class=&#8221;text-landing white&#8221;]<\/p>\n<p style=\"text-align: center;\">Les secrets du caf\u00e9<\/p>\n<p>[\/vc_column_text][vc_column_text css=&#8221;.vc_custom_1725006187874{margin-top: 0px !important;}&#8221; el_class=&#8221;titol-h3 white&#8221;]<\/p>\n<h2 style=\"text-align: center;\">Pr\u00e9paration<\/h2>\n<p>[\/vc_column_text][vc_empty_space height=&#8221;30px&#8221;][vc_raw_html css=&#8221;&#8221;]JTNDYSUyMGNsYXNzJTNEJTIyYnV0dG9uLXN1Yi1wcm9kdWN0LXJlZCUyMiUyMGhyZWYlM0QlMjJodHRwcyUzQSUyRiUyRmlsbHljYWZlLmNoJTJGZnIlMkZjYWZlJTJGcHJlcGFyYXRpb24tZHUtY2FmZSUyRmNvbW1lbnQtZmFpcmUtdW4tY2FmZS1tb2thJTJGJTIyJTNFJTNDYnV0dG9uJTNFRW4lMjBzYXZvaXIlMjBwbHVzJTNDJTJGYnV0dG9uJTNFJTNDJTJGYSUzRQ==[\/vc_raw_html][vc_empty_space height=&#8221;250px&#8221;][\/vc_column][\/vc_row][vc_row full_width=&#8221;stretch_row&#8221; css=&#8221;.vc_custom_1734509943789{background-color: #f6f0ec !important;}&#8221; el_class=&#8221;newsletter&#8221; el_id=&#8221;newsletter&#8221;][vc_column css=&#8221;.vc_custom_1712226941419{padding-top: 0pc !important;padding-bottom: 0px !important;}&#8221;][vc_row_inner css=&#8221;.vc_custom_1712226909859{padding-top: 50px !important;padding-bottom: 50px !important;}&#8221;][vc_column_inner width=&#8221;1\/6&#8243;][\/vc_column_inner][vc_column_inner width=&#8221;2\/3&#8243;][vc_column_text el_class=&#8221;titol-h2 brown&#8221;]<\/p>\n<h2 style=\"text-align: center;\">INSCRIVEZ-VOUS A LA NEWSLETTER<\/h2>\n<p>[\/vc_column_text][vc_column_text el_class=&#8221;text-landing brown&#8221;]<\/p>\n<p style=\"text-align: center;\">Entrez dans le monde illy et d\u00e9couvrez tous les avantages qui vous sont r\u00e9serv\u00e9s.<\/p>\n<p>[\/vc_column_text][vc_column_text]<\/p>\n<p style=\"text-align: center;\">\n<div class=\"wpcf7 no-js\" id=\"wpcf7-f185252-o1\" lang=\"en-US\" dir=\"ltr\" data-wpcf7-id=\"185252\">\n<div class=\"screen-reader-response\"><p role=\"status\" aria-live=\"polite\" aria-atomic=\"true\"><\/p> <ul><\/ul><\/div>\n<form action=\"\/fr\/wp-json\/wp\/v2\/pages\/219994#wpcf7-f185252-o1\" method=\"post\" class=\"wpcf7-form init\" aria-label=\"Contact form\" novalidate=\"novalidate\" data-status=\"init\">\n<fieldset class=\"hidden-fields-container\"><input type=\"hidden\" name=\"_wpcf7\" value=\"185252\" \/><input type=\"hidden\" name=\"_wpcf7_version\" value=\"6.1.5\" \/><input type=\"hidden\" name=\"_wpcf7_locale\" value=\"en_US\" \/><input type=\"hidden\" name=\"_wpcf7_unit_tag\" value=\"wpcf7-f185252-o1\" \/><input type=\"hidden\" name=\"_wpcf7_container_post\" value=\"0\" \/><input type=\"hidden\" name=\"_wpcf7_posted_data_hash\" value=\"\" \/>\n<\/fieldset>\n<p><span class=\"wpcf7-form-control-wrap\" data-name=\"your-email\"><input size=\"40\" maxlength=\"400\" class=\"wpcf7-form-control wpcf7-email wpcf7-validates-as-required wpcf7-text wpcf7-validates-as-email\" autocomplete=\"email\" aria-required=\"true\" aria-invalid=\"false\" placeholder=\"Saisir votre adresse \u00e9lectronique\" value=\"\" type=\"email\" name=\"your-email\" \/><\/span>\n<\/p>\n<p class=\"newsletter-text\">J\u2019ai pris connaissance des informations relatives au traitement des donn\u00e9es priv\u00e9es.\n<\/p>\n<div class=\"news-acceptance\">\n\t<p><span class=\"wpcf7-form-control-wrap\" data-name=\"acceptance-961\"><span class=\"wpcf7-form-control wpcf7-acceptance\"><span class=\"wpcf7-list-item\"><label><input type=\"checkbox\" name=\"acceptance-961\" value=\"1\" aria-invalid=\"false\" \/><span class=\"wpcf7-list-item-label\">Je autorise au traitement de mes donn\u00e9es afin de recevoir des communications marketing sur les produits, services, promotions et initiatives li\u00e9s \u00e0 la marque illy et aux produits et initiatives propos\u00e9s sur les sites web et apps illycaff\u00e8 (objectif 2 A de la politique)<\/span><\/label><\/span><\/span><\/span>\n\t<\/p>\n<\/div>\n<p><input class=\"wpcf7-form-control wpcf7-submit has-spinner\" type=\"submit\" value=\"JE M&#039;INSCRIS\" \/>\n<\/p><input type='hidden' class='wpcf7-pum' value='{\"closepopup\":false,\"closedelay\":0,\"openpopup\":false,\"openpopup_id\":0}' \/><div class=\"wpcf7-response-output\" aria-hidden=\"true\"><\/div>\n<\/form>\n<\/div>\n<p>[\/vc_column_text][\/vc_column_inner][vc_column_inner width=&#8221;1\/6&#8243;][\/vc_column_inner][\/vc_row_inner][\/vc_column][\/vc_row]<\/p>\n<\/div>","protected":false},"excerpt":{"rendered":"<p>[vc_row full_width=&#8221;stretch_row_content_no_spaces&#8221; el_class=&#8221;header-img-categoria&#8221;][vc_column css=&#8221;.vc_custom_1725015078836{margin-top: 0px !important;padding-top: 0px !important;}&#8221;][vc_single_image image=&#8221;219997&#8243; img_size=&#8221;full&#8221; css=&#8221;&#8221;][\/vc_column][\/vc_row][vc_row full_width=&#8221;stretch_row&#8221; css=&#8221;.vc_custom_1741864327871{margin-top: 0px !important;padding-top: 0px !important;background-color: #f6f0ec !important;}&#8221; el_class=&#8221;page-title header-text-categoria&#8221;][vc_column width=&#8221;1\/6&#8243; css=&#8221;.vc_custom_1719386953532{margin-top: 0px !important;padding-top: 0px !important;}&#8221;][\/vc_column][vc_column width=&#8221;2\/3&#8243; css=&#8221;.vc_custom_1724841621568{margin-top: 0px !important;padding-top: 0px !important;}&#8221;][vc_empty_space height=&#8221;100px&#8221;][vc_column_text css=&#8221;&#8221; el_class=&#8221;titol-h2 brown&#8221;] Cafeti\u00e8res italiennes [\/vc_column_text][vc_empty_space height=&#8221;20px&#8221;][vc_column_text css=&#8221;&#8221; el_class=&#8221;text-landing brown&#8221;] Un accessoire culte pour vos pr\u00e9parations quotidiennes. [\/vc_column_text][vc_empty_space height=&#8221;100px&#8221;][\/vc_column][vc_column width=&#8221;1\/6&#8243;][\/vc_column][\/vc_row][vc_row full_width=&#8221;stretch_row_content&#8221; el_class=&#8221;menu-landings&#8221; css=&#8221;.vc_custom_1724840623820{margin-top: 0px !important;padding-top: 0px !important;padding-right: 50px !important;padding-left: 50px !important;}&#8221;][vc_column css=&#8221;.vc_custom_1724840470358{margin-top: 0px !important;margin-bottom: 0px !important;padding-top: 0px !important;padding-bottom: [&hellip;]<\/p>\n","protected":false},"author":5358,"featured_media":0,"parent":185205,"menu_order":0,"comment_status":"closed","ping_status":"closed","template":"","meta":{"inline_featured_image":false,"footnotes":""},"class_list":["post-219994","page","type-page","status-publish","hentry"],"yoast_head":"<!-- This site is optimized with the Yoast SEO plugin v27.3 - https:\/\/yoast.com\/product\/yoast-seo-wordpress\/ -->\n<title>Cafeti\u00e8res italiennes - Illycaf\u00e9 | Premium Kaffee kaufen | Gastronomie, Firmen, Privat<\/title>\n<meta name=\"robots\" content=\"index, follow, max-snippet:-1, max-image-preview:large, max-video-preview:-1\" \/>\n<link rel=\"canonical\" href=\"https:\/\/illycafe.ch\/fr\/machines-a-cafe\/cafetiere-italienne-moka\/\" \/>\n<meta property=\"og:locale\" content=\"fr_FR\" \/>\n<meta property=\"og:type\" content=\"article\" \/>\n<meta property=\"og:title\" content=\"Cafeti\u00e8res italiennes - Illycaf\u00e9 | Premium Kaffee kaufen | Gastronomie, Firmen, Privat\" \/>\n<meta property=\"og:description\" content=\"[vc_row full_width=&#8221;stretch_row_content_no_spaces&#8221; el_class=&#8221;header-img-categoria&#8221;][vc_column css=&#8221;.vc_custom_1725015078836{margin-top: 0px !important;padding-top: 0px !important;}&#8221;][vc_single_image image=&#8221;219997&#8243; img_size=&#8221;full&#8221; css=&#8221;&#8221;][\/vc_column][\/vc_row][vc_row full_width=&#8221;stretch_row&#8221; css=&#8221;.vc_custom_1741864327871{margin-top: 0px !important;padding-top: 0px !important;background-color: #f6f0ec !important;}&#8221; el_class=&#8221;page-title header-text-categoria&#8221;][vc_column width=&#8221;1\/6&#8243; css=&#8221;.vc_custom_1719386953532{margin-top: 0px !important;padding-top: 0px !important;}&#8221;][\/vc_column][vc_column width=&#8221;2\/3&#8243; css=&#8221;.vc_custom_1724841621568{margin-top: 0px !important;padding-top: 0px !important;}&#8221;][vc_empty_space height=&#8221;100px&#8221;][vc_column_text css=&#8221;&#8221; el_class=&#8221;titol-h2 brown&#8221;] Cafeti\u00e8res italiennes [\/vc_column_text][vc_empty_space height=&#8221;20px&#8221;][vc_column_text css=&#8221;&#8221; el_class=&#8221;text-landing brown&#8221;] Un accessoire culte pour vos pr\u00e9parations quotidiennes. [\/vc_column_text][vc_empty_space height=&#8221;100px&#8221;][\/vc_column][vc_column width=&#8221;1\/6&#8243;][\/vc_column][\/vc_row][vc_row full_width=&#8221;stretch_row_content&#8221; el_class=&#8221;menu-landings&#8221; css=&#8221;.vc_custom_1724840623820{margin-top: 0px !important;padding-top: 0px !important;padding-right: 50px !important;padding-left: 50px !important;}&#8221;][vc_column css=&#8221;.vc_custom_1724840470358{margin-top: 0px !important;margin-bottom: 0px !important;padding-top: 0px !important;padding-bottom: [&hellip;]\" \/>\n<meta property=\"og:url\" content=\"https:\/\/illycafe.ch\/fr\/machines-a-cafe\/cafetiere-italienne-moka\/\" \/>\n<meta property=\"og:site_name\" content=\"Illycaf\u00e9 | Premium Kaffee kaufen | Gastronomie, Firmen, Privat\" \/>\n<meta property=\"article:modified_time\" content=\"2026-02-03T14:42:57+00:00\" \/>\n<meta name=\"twitter:card\" content=\"summary_large_image\" \/>\n<meta name=\"twitter:label1\" content=\"Dur\u00e9e de lecture estim\u00e9e\" \/>\n\t<meta name=\"twitter:data1\" content=\"3 minutes\" \/>\n<script type=\"application\/ld+json\" class=\"yoast-schema-graph\">{\"@context\":\"https:\\\/\\\/schema.org\",\"@graph\":[{\"@type\":\"WebPage\",\"@id\":\"https:\\\/\\\/illycafe.ch\\\/fr\\\/machines-a-cafe\\\/cafetiere-italienne-moka\\\/\",\"url\":\"https:\\\/\\\/illycafe.ch\\\/fr\\\/machines-a-cafe\\\/cafetiere-italienne-moka\\\/\",\"name\":\"Cafeti\u00e8res italiennes - Illycaf\u00e9 | Premium Kaffee kaufen | Gastronomie, Firmen, Privat\",\"isPartOf\":{\"@id\":\"https:\\\/\\\/illycafe.ch\\\/#website\"},\"datePublished\":\"2025-02-12T09:15:38+00:00\",\"dateModified\":\"2026-02-03T14:42:57+00:00\",\"breadcrumb\":{\"@id\":\"https:\\\/\\\/illycafe.ch\\\/fr\\\/machines-a-cafe\\\/cafetiere-italienne-moka\\\/#breadcrumb\"},\"inLanguage\":\"fr-FR\",\"potentialAction\":[{\"@type\":\"ReadAction\",\"target\":[\"https:\\\/\\\/illycafe.ch\\\/fr\\\/machines-a-cafe\\\/cafetiere-italienne-moka\\\/\"]}]},{\"@type\":\"BreadcrumbList\",\"@id\":\"https:\\\/\\\/illycafe.ch\\\/fr\\\/machines-a-cafe\\\/cafetiere-italienne-moka\\\/#breadcrumb\",\"itemListElement\":[{\"@type\":\"ListItem\",\"position\":1,\"name\":\"Accueil\",\"item\":\"https:\\\/\\\/illycafe.ch\\\/fr\\\/\"},{\"@type\":\"ListItem\",\"position\":2,\"name\":\"Machines \u00e0 caf\u00e9\",\"item\":\"https:\\\/\\\/illycafe.ch\\\/fr\\\/machines-a-cafe\\\/\"},{\"@type\":\"ListItem\",\"position\":3,\"name\":\"Cafeti\u00e8res italiennes\"}]},{\"@type\":\"WebSite\",\"@id\":\"https:\\\/\\\/illycafe.ch\\\/#website\",\"url\":\"https:\\\/\\\/illycafe.ch\\\/\",\"name\":\"Illycaf\u00e9 | Premium Kaffee kaufen | Gastronomie, Firmen, Privat\",\"description\":\"Italienische Kaffeekultur. Schweizer Qualit\u00e4t.\",\"potentialAction\":[{\"@type\":\"SearchAction\",\"target\":{\"@type\":\"EntryPoint\",\"urlTemplate\":\"https:\\\/\\\/illycafe.ch\\\/?s={search_term_string}\"},\"query-input\":{\"@type\":\"PropertyValueSpecification\",\"valueRequired\":true,\"valueName\":\"search_term_string\"}}],\"inLanguage\":\"fr-FR\"}]}<\/script>\n<!-- \/ Yoast SEO plugin. -->","yoast_head_json":{"title":"Cafeti\u00e8res italiennes - Illycaf\u00e9 | Premium Kaffee kaufen | Gastronomie, Firmen, Privat","robots":{"index":"index","follow":"follow","max-snippet":"max-snippet:-1","max-image-preview":"max-image-preview:large","max-video-preview":"max-video-preview:-1"},"canonical":"https:\/\/illycafe.ch\/fr\/machines-a-cafe\/cafetiere-italienne-moka\/","og_locale":"fr_FR","og_type":"article","og_title":"Cafeti\u00e8res italiennes - Illycaf\u00e9 | Premium Kaffee kaufen | Gastronomie, Firmen, Privat","og_description":"[vc_row full_width=&#8221;stretch_row_content_no_spaces&#8221; el_class=&#8221;header-img-categoria&#8221;][vc_column css=&#8221;.vc_custom_1725015078836{margin-top: 0px !important;padding-top: 0px !important;}&#8221;][vc_single_image image=&#8221;219997&#8243; img_size=&#8221;full&#8221; css=&#8221;&#8221;][\/vc_column][\/vc_row][vc_row full_width=&#8221;stretch_row&#8221; css=&#8221;.vc_custom_1741864327871{margin-top: 0px !important;padding-top: 0px !important;background-color: #f6f0ec !important;}&#8221; el_class=&#8221;page-title header-text-categoria&#8221;][vc_column width=&#8221;1\/6&#8243; css=&#8221;.vc_custom_1719386953532{margin-top: 0px !important;padding-top: 0px !important;}&#8221;][\/vc_column][vc_column width=&#8221;2\/3&#8243; css=&#8221;.vc_custom_1724841621568{margin-top: 0px !important;padding-top: 0px !important;}&#8221;][vc_empty_space height=&#8221;100px&#8221;][vc_column_text css=&#8221;&#8221; el_class=&#8221;titol-h2 brown&#8221;] Cafeti\u00e8res italiennes [\/vc_column_text][vc_empty_space height=&#8221;20px&#8221;][vc_column_text css=&#8221;&#8221; el_class=&#8221;text-landing brown&#8221;] Un accessoire culte pour vos pr\u00e9parations quotidiennes. [\/vc_column_text][vc_empty_space height=&#8221;100px&#8221;][\/vc_column][vc_column width=&#8221;1\/6&#8243;][\/vc_column][\/vc_row][vc_row full_width=&#8221;stretch_row_content&#8221; el_class=&#8221;menu-landings&#8221; css=&#8221;.vc_custom_1724840623820{margin-top: 0px !important;padding-top: 0px !important;padding-right: 50px !important;padding-left: 50px !important;}&#8221;][vc_column css=&#8221;.vc_custom_1724840470358{margin-top: 0px !important;margin-bottom: 0px !important;padding-top: 0px !important;padding-bottom: [&hellip;]","og_url":"https:\/\/illycafe.ch\/fr\/machines-a-cafe\/cafetiere-italienne-moka\/","og_site_name":"Illycaf\u00e9 | Premium Kaffee kaufen | Gastronomie, Firmen, Privat","article_modified_time":"2026-02-03T14:42:57+00:00","twitter_card":"summary_large_image","twitter_misc":{"Dur\u00e9e de lecture estim\u00e9e":"3 minutes"},"schema":{"@context":"https:\/\/schema.org","@graph":[{"@type":"WebPage","@id":"https:\/\/illycafe.ch\/fr\/machines-a-cafe\/cafetiere-italienne-moka\/","url":"https:\/\/illycafe.ch\/fr\/machines-a-cafe\/cafetiere-italienne-moka\/","name":"Cafeti\u00e8res italiennes - Illycaf\u00e9 | Premium Kaffee kaufen | Gastronomie, Firmen, Privat","isPartOf":{"@id":"https:\/\/illycafe.ch\/#website"},"datePublished":"2025-02-12T09:15:38+00:00","dateModified":"2026-02-03T14:42:57+00:00","breadcrumb":{"@id":"https:\/\/illycafe.ch\/fr\/machines-a-cafe\/cafetiere-italienne-moka\/#breadcrumb"},"inLanguage":"fr-FR","potentialAction":[{"@type":"ReadAction","target":["https:\/\/illycafe.ch\/fr\/machines-a-cafe\/cafetiere-italienne-moka\/"]}]},{"@type":"BreadcrumbList","@id":"https:\/\/illycafe.ch\/fr\/machines-a-cafe\/cafetiere-italienne-moka\/#breadcrumb","itemListElement":[{"@type":"ListItem","position":1,"name":"Accueil","item":"https:\/\/illycafe.ch\/fr\/"},{"@type":"ListItem","position":2,"name":"Machines \u00e0 caf\u00e9","item":"https:\/\/illycafe.ch\/fr\/machines-a-cafe\/"},{"@type":"ListItem","position":3,"name":"Cafeti\u00e8res italiennes"}]},{"@type":"WebSite","@id":"https:\/\/illycafe.ch\/#website","url":"https:\/\/illycafe.ch\/","name":"Illycaf\u00e9 | Premium Kaffee kaufen | Gastronomie, Firmen, Privat","description":"Italienische Kaffeekultur. Schweizer Qualit\u00e4t.","potentialAction":[{"@type":"SearchAction","target":{"@type":"EntryPoint","urlTemplate":"https:\/\/illycafe.ch\/?s={search_term_string}"},"query-input":{"@type":"PropertyValueSpecification","valueRequired":true,"valueName":"search_term_string"}}],"inLanguage":"fr-FR"}]}},"_links":{"self":[{"href":"https:\/\/illycafe.ch\/fr\/wp-json\/wp\/v2\/pages\/219994","targetHints":{"allow":["GET"]}}],"collection":[{"href":"https:\/\/illycafe.ch\/fr\/wp-json\/wp\/v2\/pages"}],"about":[{"href":"https:\/\/illycafe.ch\/fr\/wp-json\/wp\/v2\/types\/page"}],"author":[{"embeddable":true,"href":"https:\/\/illycafe.ch\/fr\/wp-json\/wp\/v2\/users\/5358"}],"replies":[{"embeddable":true,"href":"https:\/\/illycafe.ch\/fr\/wp-json\/wp\/v2\/comments?post=219994"}],"version-history":[{"count":0,"href":"https:\/\/illycafe.ch\/fr\/wp-json\/wp\/v2\/pages\/219994\/revisions"}],"up":[{"embeddable":true,"href":"https:\/\/illycafe.ch\/fr\/wp-json\/wp\/v2\/pages\/185205"}],"wp:attachment":[{"href":"https:\/\/illycafe.ch\/fr\/wp-json\/wp\/v2\/media?parent=219994"}],"curies":[{"name":"wp","href":"https:\/\/api.w.org\/{rel}","templated":true}]}}