{"id":23155,"date":"2020-08-21T11:26:32","date_gmt":"2020-08-21T09:26:32","guid":{"rendered":"https:\/\/illycafe.ch\/partnerschaften\/"},"modified":"2022-03-19T05:25:24","modified_gmt":"2022-03-19T04:25:24","slug":"partenariats","status":"publish","type":"page","link":"https:\/\/illycafe.ch\/fr\/partenariats\/","title":{"rendered":"Partenariats"},"content":{"rendered":"<div class=\"wpb-content-wrapper\"><p>[vc_row css=&#8221;.vc_custom_1606727073746{padding-bottom: 50px !important;}&#8221;][vc_column][vc_single_image image=&#8221;21043&#8243; img_size=&#8221;full&#8221; alignment=&#8221;center&#8221;]<div class=\"eltdf-section-title-holder  \" style=\"text-align: center\">\n\t<div class=\"eltdf-st-inner\">\n\t\t\t\t\t<h2 class=\"eltdf-st-title\" >\n\t\t\t\tUne culture du caf\u00e9 hors pair\t\t\t<\/h2>\n\t\t\t\t\t<\/div>\n<\/div>[vc_column_text]<\/p>\n<p style=\"text-align: center;\">En coop\u00e9ration avec des partenaires s\u00e9lectionn\u00e9s avec soin, Illycaf\u00e9 s\u2019engage en faveur d\u2019une culture du caf\u00e9 hors pair en Suisse.<\/p>\n<p>[\/vc_column_text][\/vc_column][\/vc_row][vc_row][vc_column width=&#8221;1\/2&#8243; offset=&#8221;vc_col-lg-offset-0 vc_col-lg-3 vc_col-md-offset-1 vc_col-md-5 vc_col-sm-offset-0 vc_col-xs-12&#8243; css=&#8221;.vc_custom_1606727037572{padding-right: 40px !important;padding-bottom: 40px !important;padding-left: 40px !important;}&#8221;]<div class=\"eltdf-iwt clearfix  eltdf-iwt-icon-top eltdf-iwt-icon-medium \">\n\t<div class=\"eltdf-iwt-icon\">\n\t\t\t\t\t<a itemprop=\"url\" href=\"https:\/\/www.procafe.ch\/fr\/procafe-3\/\" target=\"_blank\">\n\t\t\t\t\t\t\t\t\t<span class=\"eltdf-iwt-custom-icon\">\n\t\t\t\t\t<img loading=\"lazy\" decoding=\"async\" width=\"150\" height=\"150\" src=\"https:\/\/illycafe.ch\/wp-content\/uploads\/logo_procafe-1-1.png\" class=\"attachment-full size-full\" alt=\"Logo Procaf\u00e9\" srcset=\"https:\/\/illycafe.ch\/wp-content\/uploads\/logo_procafe-1-1.png 150w, https:\/\/illycafe.ch\/wp-content\/uploads\/logo_procafe-1-1-100x100.png 100w\" sizes=\"auto, (max-width: 150px) 100vw, 150px\" \/>\t\t\t\t\t\t\t\t\t<\/span>\n\t\t\t\t\t\t\t\t<\/a>\n\t\t\t<\/div>\n\t<div class=\"eltdf-iwt-content\" >\n\t\t\t\t\t<h5 class=\"eltdf-iwt-title\" style=\"margin-top: -7px\">\n\t\t\t\t\t\t\t\t\t<a itemprop=\"url\" href=\"https:\/\/www.procafe.ch\/fr\/procafe-3\/\" target=\"_blank\">\n\t\t\t\t\t\t\t\t<span class=\"eltdf-iwt-title-text\">Association pour la promotion du caf\u00e9<\/span>\n\t\t\t\t\t\t\t\t\t<\/a>\n\t\t\t\t\t\t\t<\/h5>\n\t\t\t\t\t<\/div>\n<\/div>[\/vc_column][vc_column width=&#8221;1\/2&#8243; offset=&#8221;vc_col-lg-offset-0 vc_col-lg-3 vc_col-md-offset-0 vc_col-md-5 vc_col-sm-offset-0 vc_col-xs-12&#8243; css=&#8221;.vc_custom_1606727047860{padding-right: 40px !important;padding-bottom: 40px !important;padding-left: 40px !important;}&#8221;]<div class=\"eltdf-iwt clearfix  eltdf-iwt-icon-top eltdf-iwt-icon-medium \">\n\t<div class=\"eltdf-iwt-icon\">\n\t\t\t\t\t<a itemprop=\"url\" href=\"http:\/\/www.xn--rstergilde-ecb.ch\/index.cfm?Nav=11\" target=\"_blank\">\n\t\t\t\t\t\t\t\t\t<span class=\"eltdf-iwt-custom-icon\">\n\t\t\t\t\t<img loading=\"lazy\" decoding=\"async\" width=\"150\" height=\"150\" src=\"https:\/\/illycafe.ch\/wp-content\/uploads\/logo_vereinigung_kaffeeroester-1.jpg\" class=\"attachment-full size-full\" alt=\"Logo Vereinigung Kaffeer\u00f6ster Schweiz\" srcset=\"https:\/\/illycafe.ch\/wp-content\/uploads\/logo_vereinigung_kaffeeroester-1.jpg 150w, https:\/\/illycafe.ch\/wp-content\/uploads\/logo_vereinigung_kaffeeroester-1-100x100.jpg 100w\" sizes=\"auto, (max-width: 150px) 100vw, 150px\" \/>\t\t\t\t\t\t\t\t\t<\/span>\n\t\t\t\t\t\t\t\t<\/a>\n\t\t\t<\/div>\n\t<div class=\"eltdf-iwt-content\" >\n\t\t\t\t\t<h5 class=\"eltdf-iwt-title\" style=\"margin-top: -7px\">\n\t\t\t\t\t\t\t\t\t<a itemprop=\"url\" href=\"http:\/\/www.xn--rstergilde-ecb.ch\/index.cfm?Nav=11\" target=\"_blank\">\n\t\t\t\t\t\t\t\t<span class=\"eltdf-iwt-title-text\">Association des torr\u00e9facteurs et importateurs de caf\u00e9 en Suisse<\/span>\n\t\t\t\t\t\t\t\t\t<\/a>\n\t\t\t\t\t\t\t<\/h5>\n\t\t\t\t\t<\/div>\n<\/div>[\/vc_column][vc_column width=&#8221;1\/2&#8243; offset=&#8221;vc_col-lg-offset-0 vc_col-lg-3 vc_col-md-offset-1 vc_col-md-5 vc_col-sm-offset-0 vc_col-xs-12&#8243; css=&#8221;.vc_custom_1606727056899{padding-right: 40px !important;padding-bottom: 40px !important;padding-left: 40px !important;}&#8221;]<div class=\"eltdf-iwt clearfix  eltdf-iwt-icon-top eltdf-iwt-icon-medium \">\n\t<div class=\"eltdf-iwt-icon\">\n\t\t\t\t\t<a itemprop=\"url\" href=\"http:\/\/www.kaffeeshop-kaffeewelt.ch\" target=\"_self\">\n\t\t\t\t\t\t\t\t\t<span class=\"eltdf-iwt-custom-icon\">\n\t\t\t\t\t<img loading=\"lazy\" decoding=\"async\" width=\"150\" height=\"150\" src=\"https:\/\/illycafe.ch\/wp-content\/uploads\/logo_dae_kafimaa-1-2.jpg\" class=\"attachment-full size-full\" alt=\"Logo D\u00e4 Kafimaa\" srcset=\"https:\/\/illycafe.ch\/wp-content\/uploads\/logo_dae_kafimaa-1-2.jpg 150w, https:\/\/illycafe.ch\/wp-content\/uploads\/logo_dae_kafimaa-1-2-100x100.jpg 100w\" sizes=\"auto, (max-width: 150px) 100vw, 150px\" \/>\t\t\t\t\t\t\t\t\t<\/span>\n\t\t\t\t\t\t\t\t<\/a>\n\t\t\t<\/div>\n\t<div class=\"eltdf-iwt-content\" >\n\t\t\t\t\t<h5 class=\"eltdf-iwt-title\" style=\"margin-top: -7px\">\n\t\t\t\t\t\t\t\t\t<a itemprop=\"url\" href=\"http:\/\/www.kaffeeshop-kaffeewelt.ch\" target=\"_self\">\n\t\t\t\t\t\t\t\t<span class=\"eltdf-iwt-title-text\">D\u00e4 Kafimaa<\/span>\n\t\t\t\t\t\t\t\t\t<\/a>\n\t\t\t\t\t\t\t<\/h5>\n\t\t\t\t\t\t\t<p class=\"eltdf-iwt-text\" >le lieu de rencontre des adeptes de caf\u00e9 \u00e0 St-Gall et \u00e0 Cham<\/p>\n\t\t\t<\/div>\n<\/div>[\/vc_column][vc_column width=&#8221;1\/2&#8243; offset=&#8221;vc_col-lg-offset-0 vc_col-lg-3 vc_col-md-offset-0 vc_col-md-5 vc_col-sm-offset-0 vc_col-xs-12&#8243; css=&#8221;.vc_custom_1606727065103{padding-right: 40px !important;padding-bottom: 40px !important;padding-left: 40px !important;}&#8221;]<div class=\"eltdf-iwt clearfix  eltdf-iwt-icon-top eltdf-iwt-icon-medium \">\n\t<div class=\"eltdf-iwt-icon\">\n\t\t\t\t\t<a itemprop=\"url\" href=\"http:\/\/www.cafedosettes.ch\/\" target=\"_blank\">\n\t\t\t\t\t\t\t\t\t<span class=\"eltdf-iwt-custom-icon\">\n\t\t\t\t\t<img loading=\"lazy\" decoding=\"async\" width=\"150\" height=\"150\" src=\"https:\/\/illycafe.ch\/wp-content\/uploads\/55-1.jpg\" class=\"attachment-full size-full\" alt=\"\" srcset=\"https:\/\/illycafe.ch\/wp-content\/uploads\/55-1.jpg 150w, https:\/\/illycafe.ch\/wp-content\/uploads\/55-1-100x100.jpg 100w\" sizes=\"auto, (max-width: 150px) 100vw, 150px\" \/>\t\t\t\t\t\t\t\t\t<\/span>\n\t\t\t\t\t\t\t\t<\/a>\n\t\t\t<\/div>\n\t<div class=\"eltdf-iwt-content\" >\n\t\t\t\t\t<h5 class=\"eltdf-iwt-title\" style=\"margin-top: -7px\">\n\t\t\t\t\t\t\t\t\t<a itemprop=\"url\" href=\"http:\/\/www.cafedosettes.ch\/\" target=\"_blank\">\n\t\t\t\t\t\t\t\t<span class=\"eltdf-iwt-title-text\">Cafedosettes<\/span>\n\t\t\t\t\t\t\t\t\t<\/a>\n\t\t\t\t\t\t\t<\/h5>\n\t\t\t\t\t\t\t<p class=\"eltdf-iwt-text\" >le sp\u00e9cialiste des dosettes ESE, des dosettes &amp; servings 44 mm<\/p>\n\t\t\t<\/div>\n<\/div>[\/vc_column][\/vc_row][vc_row][vc_column width=&#8221;1\/2&#8243; offset=&#8221;vc_col-lg-offset-0 vc_col-lg-3 vc_col-md-offset-1 vc_col-md-5 vc_col-sm-offset-0 vc_col-xs-12&#8243; css=&#8221;.vc_custom_1606727037572{padding-right: 40px !important;padding-bottom: 40px !important;padding-left: 40px !important;}&#8221;]<div class=\"eltdf-iwt clearfix  eltdf-iwt-icon-top eltdf-iwt-icon-medium \">\n\t<div class=\"eltdf-iwt-icon\">\n\t\t\t\t\t<a itemprop=\"url\" href=\"https:\/\/centraleducafe.ch\/fr\/cafe\/index.cfm\" target=\"_self\">\n\t\t\t\t\t\t\t\t\t<span class=\"eltdf-iwt-custom-icon\">\n\t\t\t\t\t<img loading=\"lazy\" decoding=\"async\" width=\"150\" height=\"150\" src=\"https:\/\/illycafe.ch\/wp-content\/uploads\/6.jpg\" class=\"attachment-full size-full\" alt=\"\" srcset=\"https:\/\/illycafe.ch\/wp-content\/uploads\/6.jpg 150w, https:\/\/illycafe.ch\/wp-content\/uploads\/6-100x100.jpg 100w\" sizes=\"auto, (max-width: 150px) 100vw, 150px\" \/>\t\t\t\t\t\t\t\t\t<\/span>\n\t\t\t\t\t\t\t\t<\/a>\n\t\t\t<\/div>\n\t<div class=\"eltdf-iwt-content\" >\n\t\t\t\t\t<h5 class=\"eltdf-iwt-title\" >\n\t\t\t\t\t\t\t\t\t<a itemprop=\"url\" href=\"https:\/\/centraleducafe.ch\/fr\/cafe\/index.cfm\" target=\"_self\">\n\t\t\t\t\t\t\t\t<span class=\"eltdf-iwt-title-text\">Centrale du caf\u00e9<\/span>\n\t\t\t\t\t\t\t\t\t<\/a>\n\t\t\t\t\t\t\t<\/h5>\n\t\t\t\t\t<\/div>\n<\/div>[\/vc_column][vc_column width=&#8221;1\/2&#8243; offset=&#8221;vc_col-lg-offset-0 vc_col-lg-3 vc_col-md-offset-0 vc_col-md-5 vc_col-sm-offset-0 vc_col-xs-12&#8243; css=&#8221;.vc_custom_1606727047860{padding-right: 40px !important;padding-bottom: 40px !important;padding-left: 40px !important;}&#8221;]<div class=\"eltdf-iwt clearfix  eltdf-iwt-icon-top eltdf-iwt-icon-medium \">\n\t<div class=\"eltdf-iwt-icon\">\n\t\t\t\t\t<a itemprop=\"url\" href=\"http:\/\/www.teeshop-ronnefeldt.com\" target=\"_self\">\n\t\t\t\t\t\t\t\t\t<span class=\"eltdf-iwt-custom-icon\">\n\t\t\t\t\t<img loading=\"lazy\" decoding=\"async\" width=\"150\" height=\"150\" src=\"https:\/\/illycafe.ch\/wp-content\/uploads\/logo_ronnefeldt_tee_shop-1-1.png\" class=\"attachment-full size-full\" alt=\"Logo Ronnefeldt Teeshop\" srcset=\"https:\/\/illycafe.ch\/wp-content\/uploads\/logo_ronnefeldt_tee_shop-1-1.png 150w, https:\/\/illycafe.ch\/wp-content\/uploads\/logo_ronnefeldt_tee_shop-1-1-100x100.png 100w\" sizes=\"auto, (max-width: 150px) 100vw, 150px\" \/>\t\t\t\t\t\t\t\t\t<\/span>\n\t\t\t\t\t\t\t\t<\/a>\n\t\t\t<\/div>\n\t<div class=\"eltdf-iwt-content\" >\n\t\t\t\t\t<h5 class=\"eltdf-iwt-title\" style=\"margin-top: -7px\">\n\t\t\t\t\t\t\t\t\t<a itemprop=\"url\" href=\"http:\/\/www.teeshop-ronnefeldt.com\" target=\"_self\">\n\t\t\t\t\t\t\t\t<span class=\"eltdf-iwt-title-text\">La boutique du th\u00e9 Ronnefeldt Tee<\/span>\n\t\t\t\t\t\t\t\t\t<\/a>\n\t\t\t\t\t\t\t<\/h5>\n\t\t\t\t\t<\/div>\n<\/div>[\/vc_column][vc_column width=&#8221;1\/2&#8243; offset=&#8221;vc_col-lg-offset-0 vc_col-lg-3 vc_col-md-offset-1 vc_col-md-5 vc_col-sm-offset-0 vc_col-xs-12&#8243; css=&#8221;.vc_custom_1606727056899{padding-right: 40px !important;padding-bottom: 40px !important;padding-left: 40px !important;}&#8221;]<div class=\"eltdf-iwt clearfix  eltdf-iwt-icon-top eltdf-iwt-icon-medium \">\n\t<div class=\"eltdf-iwt-icon\">\n\t\t\t\t\t<a itemprop=\"url\" href=\"http:\/\/www.globus.ch\/\" target=\"_self\">\n\t\t\t\t\t\t\t\t\t<span class=\"eltdf-iwt-custom-icon\">\n\t\t\t\t\t<img loading=\"lazy\" decoding=\"async\" width=\"150\" height=\"150\" src=\"https:\/\/illycafe.ch\/wp-content\/uploads\/logo_vereinigung_kaffeeroester-1-1.jpg\" class=\"attachment-full size-full\" alt=\"\" srcset=\"https:\/\/illycafe.ch\/wp-content\/uploads\/logo_vereinigung_kaffeeroester-1-1.jpg 150w, https:\/\/illycafe.ch\/wp-content\/uploads\/logo_vereinigung_kaffeeroester-1-1-100x100.jpg 100w\" sizes=\"auto, (max-width: 150px) 100vw, 150px\" \/>\t\t\t\t\t\t\t\t\t<\/span>\n\t\t\t\t\t\t\t\t<\/a>\n\t\t\t<\/div>\n\t<div class=\"eltdf-iwt-content\" >\n\t\t\t\t\t<h5 class=\"eltdf-iwt-title\" style=\"margin-top: -7px\">\n\t\t\t\t\t\t\t\t\t<a itemprop=\"url\" href=\"http:\/\/www.globus.ch\/\" target=\"_self\">\n\t\t\t\t\t\t\t\t<span class=\"eltdf-iwt-title-text\">Globus delicatessa<\/span>\n\t\t\t\t\t\t\t\t\t<\/a>\n\t\t\t\t\t\t\t<\/h5>\n\t\t\t\t\t\t\t<p class=\"eltdf-iwt-text\" >Tauchen Sie ein in die Welt des Genusses. Erh\u00e4ltlich in allen Verkaufsstellen und online unter globus.ch<\/p>\n\t\t\t<\/div>\n<\/div>[\/vc_column][vc_column width=&#8221;1\/2&#8243; offset=&#8221;vc_col-lg-offset-0 vc_col-lg-3 vc_col-md-offset-0 vc_col-md-5 vc_col-sm-offset-0 vc_col-xs-12&#8243; css=&#8221;.vc_custom_1606727065103{padding-right: 40px !important;padding-bottom: 40px !important;padding-left: 40px !important;}&#8221;]<div class=\"eltdf-iwt clearfix  eltdf-iwt-icon-top eltdf-iwt-icon-medium \">\n\t<div class=\"eltdf-iwt-icon\">\n\t\t\t\t\t<a itemprop=\"url\" href=\"https:\/\/www.manor.ch\/de\/u\/manorfood\" target=\"_self\">\n\t\t\t\t\t\t\t\t\t<span class=\"eltdf-iwt-custom-icon\">\n\t\t\t\t\t<img loading=\"lazy\" decoding=\"async\" width=\"150\" height=\"150\" src=\"https:\/\/illycafe.ch\/wp-content\/uploads\/2.jpg\" class=\"attachment-full size-full\" alt=\"\" srcset=\"https:\/\/illycafe.ch\/wp-content\/uploads\/2.jpg 150w, https:\/\/illycafe.ch\/wp-content\/uploads\/2-100x100.jpg 100w\" sizes=\"auto, (max-width: 150px) 100vw, 150px\" \/>\t\t\t\t\t\t\t\t\t<\/span>\n\t\t\t\t\t\t\t\t<\/a>\n\t\t\t<\/div>\n\t<div class=\"eltdf-iwt-content\" >\n\t\t\t\t\t<h5 class=\"eltdf-iwt-title\" style=\"margin-top: -7px\">\n\t\t\t\t\t\t\t\t\t<a itemprop=\"url\" href=\"https:\/\/www.manor.ch\/de\/u\/manorfood\" target=\"_self\">\n\t\t\t\t\t\t\t\t<span class=\"eltdf-iwt-title-text\">Manor Food<\/span>\n\t\t\t\t\t\t\t\t\t<\/a>\n\t\t\t\t\t\t\t<\/h5>\n\t\t\t\t\t<\/div>\n<\/div>[\/vc_column][\/vc_row][vc_row][vc_column width=&#8221;1\/2&#8243; offset=&#8221;vc_col-lg-offset-0 vc_col-lg-3 vc_col-md-offset-1 vc_col-md-5 vc_col-sm-offset-0 vc_col-xs-12&#8243; css=&#8221;.vc_custom_1606727037572{padding-right: 40px !important;padding-bottom: 40px !important;padding-left: 40px !important;}&#8221;]<div class=\"eltdf-iwt clearfix  eltdf-iwt-icon-top eltdf-iwt-icon-medium \">\n\t<div class=\"eltdf-iwt-icon\">\n\t\t\t\t\t<a itemprop=\"url\" href=\"https:\/\/www.galaxus.ch\/de\/brand\/illycafe-21280\" target=\"_self\">\n\t\t\t\t\t\t\t\t\t<span class=\"eltdf-iwt-custom-icon\">\n\t\t\t\t\t<img loading=\"lazy\" decoding=\"async\" width=\"150\" height=\"150\" src=\"https:\/\/illycafe.ch\/wp-content\/uploads\/3.jpg\" class=\"attachment-full size-full\" alt=\"\" srcset=\"https:\/\/illycafe.ch\/wp-content\/uploads\/3.jpg 150w, https:\/\/illycafe.ch\/wp-content\/uploads\/3-100x100.jpg 100w\" sizes=\"auto, (max-width: 150px) 100vw, 150px\" \/>\t\t\t\t\t\t\t\t\t<\/span>\n\t\t\t\t\t\t\t\t<\/a>\n\t\t\t<\/div>\n\t<div class=\"eltdf-iwt-content\" >\n\t\t\t\t\t<h5 class=\"eltdf-iwt-title\" style=\"margin-top: -7px\">\n\t\t\t\t\t\t\t\t\t<a itemprop=\"url\" href=\"https:\/\/www.galaxus.ch\/de\/brand\/illycafe-21280\" target=\"_self\">\n\t\t\t\t\t\t\t\t<span class=\"eltdf-iwt-title-text\">Galaxus<\/span>\n\t\t\t\t\t\t\t\t\t<\/a>\n\t\t\t\t\t\t\t<\/h5>\n\t\t\t\t\t<\/div>\n<\/div>[\/vc_column][vc_column width=&#8221;1\/2&#8243; offset=&#8221;vc_col-lg-offset-0 vc_col-lg-3 vc_col-md-offset-0 vc_col-md-5 vc_col-sm-offset-0 vc_col-xs-12&#8243; css=&#8221;.vc_custom_1606727047860{padding-right: 40px !important;padding-bottom: 40px !important;padding-left: 40px !important;}&#8221;]<div class=\"eltdf-iwt clearfix  eltdf-iwt-icon-top eltdf-iwt-icon-medium \">\n\t<div class=\"eltdf-iwt-icon\">\n\t\t\t\t\t\t\t\t\t<span class=\"eltdf-iwt-custom-icon\">\n\t\t\t\t\t<img loading=\"lazy\" decoding=\"async\" width=\"150\" height=\"150\" src=\"https:\/\/illycafe.ch\/wp-content\/uploads\/Jelmoli_Logo_STD_P_4C-1.png\" class=\"attachment-full size-full\" alt=\"\" srcset=\"https:\/\/illycafe.ch\/wp-content\/uploads\/Jelmoli_Logo_STD_P_4C-1.png 150w, https:\/\/illycafe.ch\/wp-content\/uploads\/Jelmoli_Logo_STD_P_4C-1-100x100.png 100w\" sizes=\"auto, (max-width: 150px) 100vw, 150px\" \/>\t\t\t\t\t\t\t\t\t<\/span>\n\t\t\t\t\t\t<\/div>\n\t<div class=\"eltdf-iwt-content\" >\n\t\t\t\t\t<h5 class=\"eltdf-iwt-title\" style=\"margin-top: -7px\">\n\t\t\t\t\t\t\t\t<span class=\"eltdf-iwt-title-text\">Jelmoli<\/span>\n\t\t\t\t\t\t\t<\/h5>\n\t\t\t\t\t<\/div>\n<\/div>[\/vc_column][vc_column width=&#8221;1\/2&#8243; offset=&#8221;vc_col-lg-offset-0 vc_col-lg-3 vc_col-md-offset-1 vc_col-md-5 vc_col-sm-offset-0 vc_col-xs-12&#8243; css=&#8221;.vc_custom_1606727056899{padding-right: 40px !important;padding-bottom: 40px !important;padding-left: 40px !important;}&#8221;]<div class=\"eltdf-iwt clearfix  eltdf-iwt-icon-top eltdf-iwt-icon-medium \">\n\t<div class=\"eltdf-iwt-icon\">\n\t\t\t\t\t<a itemprop=\"url\" href=\"https:\/\/www.geschenkkoerbe.ch\/\" target=\"_self\">\n\t\t\t\t\t\t\t\t\t<span class=\"eltdf-iwt-custom-icon\">\n\t\t\t\t\t<img loading=\"lazy\" decoding=\"async\" width=\"150\" height=\"150\" src=\"https:\/\/illycafe.ch\/wp-content\/uploads\/nur_Logo_Schleife_ico.png\" class=\"attachment-full size-full\" alt=\"\" srcset=\"https:\/\/illycafe.ch\/wp-content\/uploads\/nur_Logo_Schleife_ico.png 150w, https:\/\/illycafe.ch\/wp-content\/uploads\/nur_Logo_Schleife_ico-100x100.png 100w\" sizes=\"auto, (max-width: 150px) 100vw, 150px\" \/>\t\t\t\t\t\t\t\t\t<\/span>\n\t\t\t\t\t\t\t\t<\/a>\n\t\t\t<\/div>\n\t<div class=\"eltdf-iwt-content\" >\n\t\t\t\t\t<h5 class=\"eltdf-iwt-title\" style=\"margin-top: -7px\">\n\t\t\t\t\t\t\t\t\t<a itemprop=\"url\" href=\"https:\/\/www.geschenkkoerbe.ch\/\" target=\"_self\">\n\t\t\t\t\t\t\t\t<span class=\"eltdf-iwt-title-text\">Geschenkk\u00f6rbe<\/span>\n\t\t\t\t\t\t\t\t\t<\/a>\n\t\t\t\t\t\t\t<\/h5>\n\t\t\t\t\t<\/div>\n<\/div>[\/vc_column][vc_column width=&#8221;1\/2&#8243; offset=&#8221;vc_col-lg-offset-0 vc_col-lg-3 vc_col-md-offset-0 vc_col-md-5 vc_col-sm-offset-0 vc_col-xs-12&#8243; css=&#8221;.vc_custom_1606727065103{padding-right: 40px !important;padding-bottom: 40px !important;padding-left: 40px !important;}&#8221;]<div class=\"eltdf-iwt clearfix  eltdf-iwt-icon-top eltdf-iwt-icon-medium \">\n\t<div class=\"eltdf-iwt-icon\">\n\t\t\t\t\t<a itemprop=\"url\" href=\"https:\/\/toogoodtogo.ch\/fr-ch\" target=\"_self\">\n\t\t\t\t\t\t\t\t\t<span class=\"eltdf-iwt-custom-icon\">\n\t\t\t\t\t<img loading=\"lazy\" decoding=\"async\" width=\"150\" height=\"150\" src=\"https:\/\/illycafe.ch\/wp-content\/uploads\/too_good_to_go.png\" class=\"attachment-full size-full\" alt=\"\" srcset=\"https:\/\/illycafe.ch\/wp-content\/uploads\/too_good_to_go.png 150w, https:\/\/illycafe.ch\/wp-content\/uploads\/too_good_to_go-100x100.png 100w\" sizes=\"auto, (max-width: 150px) 100vw, 150px\" \/>\t\t\t\t\t\t\t\t\t<\/span>\n\t\t\t\t\t\t\t\t<\/a>\n\t\t\t<\/div>\n\t<div class=\"eltdf-iwt-content\" >\n\t\t\t\t\t<h5 class=\"eltdf-iwt-title\" style=\"margin-top: -7px\">\n\t\t\t\t\t\t\t\t\t<a itemprop=\"url\" href=\"https:\/\/toogoodtogo.ch\/fr-ch\" target=\"_self\">\n\t\t\t\t\t\t\t\t<span class=\"eltdf-iwt-title-text\">Too Good To Go<\/span>\n\t\t\t\t\t\t\t\t\t<\/a>\n\t\t\t\t\t\t\t<\/h5>\n\t\t\t\t\t<\/div>\n<\/div>[\/vc_column][\/vc_row][vc_row][vc_column width=&#8221;1\/4&#8243; offset=&#8221;vc_col-lg-offset-0 vc_col-lg-3 vc_col-md-offset-1 vc_col-md-5 vc_col-sm-offset-0 vc_col-xs-12&#8243; css=&#8221;.vc_custom_1606727037572{padding-right: 40px !important;padding-bottom: 40px !important;padding-left: 40px !important;}&#8221;][\/vc_column][vc_column width=&#8221;1\/4&#8243;][\/vc_column][vc_column width=&#8221;1\/4&#8243;][\/vc_column][vc_column width=&#8221;1\/4&#8243;][\/vc_column][\/vc_row]<\/p>\n<\/div>","protected":false},"excerpt":{"rendered":"<p>[vc_row css=&#8221;.vc_custom_1606727073746{padding-bottom: 50px !important;}&#8221;][vc_column][vc_single_image image=&#8221;21043&#8243; img_size=&#8221;full&#8221; alignment=&#8221;center&#8221;][vc_column_text] En coop\u00e9ration avec des partenaires s\u00e9lectionn\u00e9s avec soin, Illycaf\u00e9 s\u2019engage en faveur d\u2019une culture du caf\u00e9 hors pair en Suisse. [\/vc_column_text][\/vc_column][\/vc_row][vc_row][vc_column width=&#8221;1\/2&#8243; offset=&#8221;vc_col-lg-offset-0 vc_col-lg-3 vc_col-md-offset-1 vc_col-md-5 vc_col-sm-offset-0 vc_col-xs-12&#8243; css=&#8221;.vc_custom_1606727037572{padding-right: 40px !important;padding-bottom: 40px !important;padding-left: 40px !important;}&#8221;][\/vc_column][vc_column width=&#8221;1\/2&#8243; offset=&#8221;vc_col-lg-offset-0 vc_col-lg-3 vc_col-md-offset-0 vc_col-md-5 vc_col-sm-offset-0 vc_col-xs-12&#8243; css=&#8221;.vc_custom_1606727047860{padding-right: 40px !important;padding-bottom: 40px !important;padding-left: 40px !important;}&#8221;][\/vc_column][vc_column width=&#8221;1\/2&#8243; offset=&#8221;vc_col-lg-offset-0 vc_col-lg-3 vc_col-md-offset-1 vc_col-md-5 vc_col-sm-offset-0 vc_col-xs-12&#8243; css=&#8221;.vc_custom_1606727056899{padding-right: 40px !important;padding-bottom: 40px !important;padding-left: 40px !important;}&#8221;][\/vc_column][vc_column width=&#8221;1\/2&#8243; offset=&#8221;vc_col-lg-offset-0 [&hellip;]<\/p>\n","protected":false},"author":3165,"featured_media":0,"parent":0,"menu_order":25,"comment_status":"closed","ping_status":"closed","template":"","meta":{"inline_featured_image":false,"footnotes":""},"class_list":["post-23155","page","type-page","status-publish","hentry"],"yoast_head":"<!-- This site is optimized with the Yoast SEO plugin v27.3 - https:\/\/yoast.com\/product\/yoast-seo-wordpress\/ -->\n<title>Partenariats - Illycaf\u00e9 | Premium Kaffee kaufen | Gastronomie, Firmen, Privat<\/title>\n<meta name=\"robots\" content=\"index, follow, max-snippet:-1, max-image-preview:large, max-video-preview:-1\" \/>\n<link rel=\"canonical\" href=\"https:\/\/illycafe.ch\/fr\/partenariats\/\" \/>\n<meta property=\"og:locale\" content=\"fr_FR\" \/>\n<meta property=\"og:type\" content=\"article\" \/>\n<meta property=\"og:title\" content=\"Partenariats - Illycaf\u00e9 | Premium Kaffee kaufen | Gastronomie, Firmen, Privat\" \/>\n<meta property=\"og:description\" content=\"[vc_row css=&#8221;.vc_custom_1606727073746{padding-bottom: 50px !important;}&#8221;][vc_column][vc_single_image image=&#8221;21043&#8243; img_size=&#8221;full&#8221; alignment=&#8221;center&#8221;][vc_column_text] En coop\u00e9ration avec des partenaires s\u00e9lectionn\u00e9s avec soin, Illycaf\u00e9 s\u2019engage en faveur d\u2019une culture du caf\u00e9 hors pair en Suisse. [\/vc_column_text][\/vc_column][\/vc_row][vc_row][vc_column width=&#8221;1\/2&#8243; offset=&#8221;vc_col-lg-offset-0 vc_col-lg-3 vc_col-md-offset-1 vc_col-md-5 vc_col-sm-offset-0 vc_col-xs-12&#8243; css=&#8221;.vc_custom_1606727037572{padding-right: 40px !important;padding-bottom: 40px !important;padding-left: 40px !important;}&#8221;][\/vc_column][vc_column width=&#8221;1\/2&#8243; offset=&#8221;vc_col-lg-offset-0 vc_col-lg-3 vc_col-md-offset-0 vc_col-md-5 vc_col-sm-offset-0 vc_col-xs-12&#8243; css=&#8221;.vc_custom_1606727047860{padding-right: 40px !important;padding-bottom: 40px !important;padding-left: 40px !important;}&#8221;][\/vc_column][vc_column width=&#8221;1\/2&#8243; offset=&#8221;vc_col-lg-offset-0 vc_col-lg-3 vc_col-md-offset-1 vc_col-md-5 vc_col-sm-offset-0 vc_col-xs-12&#8243; css=&#8221;.vc_custom_1606727056899{padding-right: 40px !important;padding-bottom: 40px !important;padding-left: 40px !important;}&#8221;][\/vc_column][vc_column width=&#8221;1\/2&#8243; offset=&#8221;vc_col-lg-offset-0 [&hellip;]\" \/>\n<meta property=\"og:url\" content=\"https:\/\/illycafe.ch\/fr\/partenariats\/\" \/>\n<meta property=\"og:site_name\" content=\"Illycaf\u00e9 | Premium Kaffee kaufen | Gastronomie, Firmen, Privat\" \/>\n<meta property=\"article:modified_time\" content=\"2022-03-19T04:25:24+00:00\" \/>\n<meta name=\"twitter:card\" content=\"summary_large_image\" \/>\n<meta name=\"twitter:label1\" content=\"Dur\u00e9e de lecture estim\u00e9e\" \/>\n\t<meta name=\"twitter:data1\" content=\"4 minutes\" \/>\n<script type=\"application\/ld+json\" class=\"yoast-schema-graph\">{\"@context\":\"https:\\\/\\\/schema.org\",\"@graph\":[{\"@type\":\"WebPage\",\"@id\":\"https:\\\/\\\/illycafe.ch\\\/fr\\\/partenariats\\\/\",\"url\":\"https:\\\/\\\/illycafe.ch\\\/fr\\\/partenariats\\\/\",\"name\":\"Partenariats - Illycaf\u00e9 | Premium Kaffee kaufen | Gastronomie, Firmen, Privat\",\"isPartOf\":{\"@id\":\"https:\\\/\\\/illycafe.ch\\\/#website\"},\"datePublished\":\"2020-08-21T09:26:32+00:00\",\"dateModified\":\"2022-03-19T04:25:24+00:00\",\"breadcrumb\":{\"@id\":\"https:\\\/\\\/illycafe.ch\\\/fr\\\/partenariats\\\/#breadcrumb\"},\"inLanguage\":\"fr-FR\",\"potentialAction\":[{\"@type\":\"ReadAction\",\"target\":[\"https:\\\/\\\/illycafe.ch\\\/fr\\\/partenariats\\\/\"]}]},{\"@type\":\"BreadcrumbList\",\"@id\":\"https:\\\/\\\/illycafe.ch\\\/fr\\\/partenariats\\\/#breadcrumb\",\"itemListElement\":[{\"@type\":\"ListItem\",\"position\":1,\"name\":\"Accueil\",\"item\":\"https:\\\/\\\/illycafe.ch\\\/fr\\\/\"},{\"@type\":\"ListItem\",\"position\":2,\"name\":\"Partenariats\"}]},{\"@type\":\"WebSite\",\"@id\":\"https:\\\/\\\/illycafe.ch\\\/#website\",\"url\":\"https:\\\/\\\/illycafe.ch\\\/\",\"name\":\"Illycaf\u00e9 | Premium Kaffee kaufen | Gastronomie, Firmen, Privat\",\"description\":\"Italienische Kaffeekultur. Schweizer Qualit\u00e4t.\",\"potentialAction\":[{\"@type\":\"SearchAction\",\"target\":{\"@type\":\"EntryPoint\",\"urlTemplate\":\"https:\\\/\\\/illycafe.ch\\\/?s={search_term_string}\"},\"query-input\":{\"@type\":\"PropertyValueSpecification\",\"valueRequired\":true,\"valueName\":\"search_term_string\"}}],\"inLanguage\":\"fr-FR\"}]}<\/script>\n<!-- \/ Yoast SEO plugin. -->","yoast_head_json":{"title":"Partenariats - Illycaf\u00e9 | Premium Kaffee kaufen | Gastronomie, Firmen, Privat","robots":{"index":"index","follow":"follow","max-snippet":"max-snippet:-1","max-image-preview":"max-image-preview:large","max-video-preview":"max-video-preview:-1"},"canonical":"https:\/\/illycafe.ch\/fr\/partenariats\/","og_locale":"fr_FR","og_type":"article","og_title":"Partenariats - Illycaf\u00e9 | Premium Kaffee kaufen | Gastronomie, Firmen, Privat","og_description":"[vc_row css=&#8221;.vc_custom_1606727073746{padding-bottom: 50px !important;}&#8221;][vc_column][vc_single_image image=&#8221;21043&#8243; img_size=&#8221;full&#8221; alignment=&#8221;center&#8221;][vc_column_text] En coop\u00e9ration avec des partenaires s\u00e9lectionn\u00e9s avec soin, Illycaf\u00e9 s\u2019engage en faveur d\u2019une culture du caf\u00e9 hors pair en Suisse. [\/vc_column_text][\/vc_column][\/vc_row][vc_row][vc_column width=&#8221;1\/2&#8243; offset=&#8221;vc_col-lg-offset-0 vc_col-lg-3 vc_col-md-offset-1 vc_col-md-5 vc_col-sm-offset-0 vc_col-xs-12&#8243; css=&#8221;.vc_custom_1606727037572{padding-right: 40px !important;padding-bottom: 40px !important;padding-left: 40px !important;}&#8221;][\/vc_column][vc_column width=&#8221;1\/2&#8243; offset=&#8221;vc_col-lg-offset-0 vc_col-lg-3 vc_col-md-offset-0 vc_col-md-5 vc_col-sm-offset-0 vc_col-xs-12&#8243; css=&#8221;.vc_custom_1606727047860{padding-right: 40px !important;padding-bottom: 40px !important;padding-left: 40px !important;}&#8221;][\/vc_column][vc_column width=&#8221;1\/2&#8243; offset=&#8221;vc_col-lg-offset-0 vc_col-lg-3 vc_col-md-offset-1 vc_col-md-5 vc_col-sm-offset-0 vc_col-xs-12&#8243; css=&#8221;.vc_custom_1606727056899{padding-right: 40px !important;padding-bottom: 40px !important;padding-left: 40px !important;}&#8221;][\/vc_column][vc_column width=&#8221;1\/2&#8243; offset=&#8221;vc_col-lg-offset-0 [&hellip;]","og_url":"https:\/\/illycafe.ch\/fr\/partenariats\/","og_site_name":"Illycaf\u00e9 | Premium Kaffee kaufen | Gastronomie, Firmen, Privat","article_modified_time":"2022-03-19T04:25:24+00:00","twitter_card":"summary_large_image","twitter_misc":{"Dur\u00e9e de lecture estim\u00e9e":"4 minutes"},"schema":{"@context":"https:\/\/schema.org","@graph":[{"@type":"WebPage","@id":"https:\/\/illycafe.ch\/fr\/partenariats\/","url":"https:\/\/illycafe.ch\/fr\/partenariats\/","name":"Partenariats - Illycaf\u00e9 | Premium Kaffee kaufen | Gastronomie, Firmen, Privat","isPartOf":{"@id":"https:\/\/illycafe.ch\/#website"},"datePublished":"2020-08-21T09:26:32+00:00","dateModified":"2022-03-19T04:25:24+00:00","breadcrumb":{"@id":"https:\/\/illycafe.ch\/fr\/partenariats\/#breadcrumb"},"inLanguage":"fr-FR","potentialAction":[{"@type":"ReadAction","target":["https:\/\/illycafe.ch\/fr\/partenariats\/"]}]},{"@type":"BreadcrumbList","@id":"https:\/\/illycafe.ch\/fr\/partenariats\/#breadcrumb","itemListElement":[{"@type":"ListItem","position":1,"name":"Accueil","item":"https:\/\/illycafe.ch\/fr\/"},{"@type":"ListItem","position":2,"name":"Partenariats"}]},{"@type":"WebSite","@id":"https:\/\/illycafe.ch\/#website","url":"https:\/\/illycafe.ch\/","name":"Illycaf\u00e9 | Premium Kaffee kaufen | Gastronomie, Firmen, Privat","description":"Italienische Kaffeekultur. Schweizer Qualit\u00e4t.","potentialAction":[{"@type":"SearchAction","target":{"@type":"EntryPoint","urlTemplate":"https:\/\/illycafe.ch\/?s={search_term_string}"},"query-input":{"@type":"PropertyValueSpecification","valueRequired":true,"valueName":"search_term_string"}}],"inLanguage":"fr-FR"}]}},"_links":{"self":[{"href":"https:\/\/illycafe.ch\/fr\/wp-json\/wp\/v2\/pages\/23155","targetHints":{"allow":["GET"]}}],"collection":[{"href":"https:\/\/illycafe.ch\/fr\/wp-json\/wp\/v2\/pages"}],"about":[{"href":"https:\/\/illycafe.ch\/fr\/wp-json\/wp\/v2\/types\/page"}],"author":[{"embeddable":true,"href":"https:\/\/illycafe.ch\/fr\/wp-json\/wp\/v2\/users\/3165"}],"replies":[{"embeddable":true,"href":"https:\/\/illycafe.ch\/fr\/wp-json\/wp\/v2\/comments?post=23155"}],"version-history":[{"count":0,"href":"https:\/\/illycafe.ch\/fr\/wp-json\/wp\/v2\/pages\/23155\/revisions"}],"wp:attachment":[{"href":"https:\/\/illycafe.ch\/fr\/wp-json\/wp\/v2\/media?parent=23155"}],"curies":[{"name":"wp","href":"https:\/\/api.w.org\/{rel}","templated":true}]}}