{"id":27759,"date":"2021-02-16T14:55:12","date_gmt":"2021-02-16T13:55:12","guid":{"rendered":"https:\/\/illycafe.ch\/?page_id=27759"},"modified":"2021-02-22T14:39:12","modified_gmt":"2021-02-22T13:39:12","slug":"abonnement-cafe","status":"publish","type":"page","link":"https:\/\/illycafe.ch\/fr\/abonnement-cafe\/","title":{"rendered":"Abonnement de caf\u00e9 Illy: confortable et rapide"},"content":{"rendered":"<div class=\"wpb-content-wrapper\"><p>[vc_row row_content_width=&#8221;grid&#8221; css=&#8221;.vc_custom_1610373113928{padding-bottom: 40px !important;}&#8221;][vc_column offset=&#8221;vc_col-lg-offset-2 vc_col-lg-8&#8243;][vc_single_image image=&#8221;21043&#8243; img_size=&#8221;full&#8221; alignment=&#8221;center&#8221;][vc_custom_heading text=&#8221;Votre caf\u00e9 pr\u00e9f\u00e9r\u00e9 toujours sur demande&#8221; use_theme_fonts=&#8221;yes&#8221;][vc_column_text]<span data-doc-id=\"281080000000432001\" data-doc-type=\"writer\">S<\/span>ouhaitez-vous recevoir votre caf\u00e9 gourmand r\u00e9guli\u00e8rement livr\u00e9 \u00e0 votre domicile ? Automatiquement et, surtout, rapidement? Rien de plus simple. Configurez votre abonnement de caf\u00e9 Illy selon vos d\u00e9sirs. Vos produits pr\u00e9f\u00e9r\u00e9s. La fr\u00e9quence de livraison souhait\u00e9e. Le mode de paiement souhait\u00e9.[\/vc_column_text][\/vc_column][\/vc_row][vc_row row_content_width=&#8221;grid&#8221; content_text_aligment=&#8221;left&#8221; el_id=&#8221;rosten&#8221; css=&#8221;.vc_custom_1610373151315{padding-bottom: 40px !important;}&#8221;][vc_column offset=&#8221;vc_col-lg-offset-2 vc_col-lg-8&#8243;][vc_custom_heading text=&#8221;Les avantages de votre abonnement:&#8221; font_container=&#8221;tag:h3|text_align:left&#8221; use_theme_fonts=&#8221;yes&#8221;][vc_column_text]<\/p>\n<ul>\n<li>Simple et commode<\/li>\n<li>Gain de temps<\/li>\n<li>Livraison automatique<\/li>\n<li>Mode de paiement choisissable<\/li>\n<li>Adaptable \u00e0 tout moment<\/li>\n<li>Pas de dur\u00e9e minimale de contrat<\/li>\n<li>Annulable \u00e0 tout moment<\/li>\n<\/ul>\n<p>[\/vc_column_text][vc_empty_space height=&#8221;50px&#8221;][vc_custom_heading text=&#8221;Comment configurer votre abonnement de caf\u00e9 Illy?&#8221; font_container=&#8221;tag:h3|text_align:left&#8221; use_theme_fonts=&#8221;yes&#8221;][vc_column_text]<\/p>\n<p class=\"p1\"><span data-doc-id=\"281080000000432001\" data-doc-type=\"writer\">C&#8217;est <\/span>tr\u00e8s simple. Dans la boutique en <a href=\"\/fr\/boutique\/\">ligne<\/a>, vous pouvez d\u00e9cider pour chaque produit si vous voulez le commander une fois ou sous forme d&#8217;abonnement. Il vous suffit ensuite de choisir la fr\u00e9quence de livraison souhait\u00e9e. Doit-il s\u2019agir de 8 ou 12 semaines ? C&#8217;est vous-m\u00eame qui d\u00e9cidez.<\/p>\n<p>[\/vc_column_text][vc_empty_space height=&#8221;20px&#8221;]<div class=\"bruno-custom-inline-css\"><style>#ihwt-hotspoted-image69f240a5a0eb0 .ihwt-hotspot-wrapper .HotspotPlugin_Hotspot:not(.ihwtHotspotImageMarker):after { background: #ffffff;}<\/style><\/div><div id=\"ihwt-hotspoted-image69f240a5a0eb0\" class=\"ihwt-hotspot-wrapper-wrapper\"><div class=\"ihwt-hotspot-wrapper\"  data-hotspot-content=\"%5B%7B%22index%22%3A8%2C%22x%22%3A47.141077898550726%2C%22y%22%3A61.33363970588235%2C%22Title%22%3A%22Quantit%C3%A9%20d&#039;unit%C3%A9s%20de%20caf%C3%A9%20par%20commande%22%2C%22Message%22%3A%22%22%7D%2C%7B%22index%22%3A9%2C%22x%22%3A47.31869904891305%2C%22y%22%3A43.10569852941176%2C%22Title%22%3A%22Caf%C3%A9%20sur%20abonnement%20ou%20%C3%A0%20l&#039;unit%C3%A9.%20Choissisez.%22%2C%22Message%22%3A%22%22%7D%5D\"  data-action=\"hover\" ><div class=\"ihwt-hotspot-image-cover  ihwt-action-hover\"><img loading=\"lazy\" decoding=\"async\" src=\"https:\/\/illycafe.ch\/wp-content\/uploads\/Screenshot_7_fr.jpg\" width=\"1080\" height=\"845\"\/><\/div><\/div><\/div>[vc_column_text]<span data-doc-id=\"281080000000432001\" data-doc-type=\"writer\">Il vous suffit maintenant de choisir le mode de paiement souhait\u00e9. Si vous n&#8217;avez pas encore de compte client, vous pouvez facilement en cr\u00e9er un \u00e0 l&#8217;\u00e9tape suivante. <\/span>[\/vc_column_text][vc_empty_space height=&#8221;20px&#8221;][\/vc_column][\/vc_row][vc_row row_content_width=&#8221;grid&#8221; content_text_aligment=&#8221;left&#8221; css=&#8221;.vc_custom_1610373162919{padding-bottom: 40px !important;}&#8221;][vc_column offset=&#8221;vc_col-lg-offset-2 vc_col-lg-8&#8243;][vc_custom_heading text=&#8221;Comment g\u00e9rez-vous votre abonnement de caf\u00e9?&#8221; font_container=&#8221;tag:h3|text_align:left&#8221; use_theme_fonts=&#8221;yes&#8221;][vc_column_text]<\/p>\n<p class=\"zw-paragraph\" data-textformat=\"{&quot;fgc&quot;:&quot;rgb(0,0,0)&quot;}\" data-margin-bottom=\"10.0pt\" data-doc-id=\"281080000000432001\" data-doc-type=\"writer\">Avez-vous besoin de faire une pause ou de modifier votre abonnement de caf\u00e9 ? Pas de probl\u00e8me. Allez dans &#8220;Mon compte&#8221; et cliquez sur la rubrique &#8220;<span class=\"colour\"><span class=\"font\"><span class=\"size\"><span class=\"x_-884671779size\">Abonnements<\/span><\/span><\/span><\/span>&#8220;. C&#8217;est l\u00e0 que sont stock\u00e9es toutes les informations relatives \u00e0 votre abonnement.<\/p>\n<p>[\/vc_column_text][vc_empty_space height=&#8221;20px&#8221;]<div class=\"bruno-custom-inline-css\"><style>#ihwt-hotspoted-image69f240a5a1281 .ihwt-hotspot-wrapper .HotspotPlugin_Hotspot:not(.ihwtHotspotImageMarker):after { background: #ffffff;}<\/style><\/div><div id=\"ihwt-hotspoted-image69f240a5a1281\" class=\"ihwt-hotspot-wrapper-wrapper\"><div class=\"ihwt-hotspot-wrapper\"  data-hotspot-content=\"%5B%7B%22index%22%3A11%2C%22x%22%3A14.20414708722299%2C%22y%22%3A23.71926229508197%2C%22Title%22%3A%22Gestion%20abonnement%20de%20caf%C3%A9%22%2C%22Message%22%3A%22%22%7D%5D\"  data-action=\"hover\" ><div class=\"ihwt-hotspot-image-cover  ihwt-action-hover\"><img loading=\"lazy\" decoding=\"async\" src=\"https:\/\/illycafe.ch\/wp-content\/uploads\/Screenshot_6-fr-1.jpg\" width=\"1334\" height=\"488\"\/><\/div><\/div><\/div>[vc_column_text]<\/p>\n<p class=\"zw-paragraph\" data-textformat=\"{&quot;fgc&quot;:&quot;rgb(0,0,0)&quot;}\" data-margin-bottom=\"10.0pt\">Important: chez Illycaf\u00e9, il n&#8217;y a pas de dur\u00e9e minimale d&#8217;abonnement. Parce que nous sommes convaincus que la qualit\u00e9 unique de notre caf\u00e9 et notre vaste assortiment de produits gastronomiques parlent d&#8217;eux-m\u00eames.<\/p>\n<p><span data-doc-id=\"281080000000432001\" data-doc-type=\"writer\">Et si vous souhaitez \u00e9largir votre assortiment de caf\u00e9 pour vous et vos invit\u00e9s, vous pouvez ouvrir\u00a0un abonnement nouveau dans la boutique en ligne \u00e0 tout moment.<\/span>[\/vc_column_text][vc_empty_space height=&#8221;20px&#8221;][\/vc_column][\/vc_row][vc_row row_content_width=&#8221;grid&#8221; content_text_aligment=&#8221;left&#8221; css=&#8221;.vc_custom_1610373170513{padding-bottom: 40px !important;}&#8221;][vc_column offset=&#8221;vc_col-lg-offset-2 vc_col-lg-8&#8243;][vc_custom_heading text=&#8221;Comment pouvez-vous payer?&#8221; font_container=&#8221;tag:h3|text_align:left&#8221; use_theme_fonts=&#8221;yes&#8221;][vc_column_text]<span data-doc-id=\"281080000000432001\" data-doc-type=\"writer\">Si vous souhaitez payer sur<\/span> facture, vous recevrez une facture avec chaque livraison d&#8217;abonnement. Si vous choisissez la carte de cr\u00e9dit comme mode de paiement, votre carte sera d\u00e9bit\u00e9e selon la fr\u00e9quence choisie des achats.[\/vc_column_text][vc_empty_space height=&#8221;20px&#8221;][vc_custom_heading text=&#8221;Des questions sur votre abonnement au caf\u00e9 Illy ?&#8221; font_container=&#8221;tag:h3|text_align:left&#8221; use_theme_fonts=&#8221;yes&#8221;][vc_column_text]<span data-doc-id=\"281080000000432001\" data-doc-type=\"writer\">M<\/span>alheureusement nous ne vous pouvons pas\u00a0\u00a0mettre \u00a0un abonnement de caf\u00e9 en place, mais nous serons heureux de vous aider ou de r\u00e9pondre \u00e0 vos questions. Utilisez notre formulaire de <a href=\"https:\/\/illycafe.ch\/fr\/contact\/\">contact<\/a> ou appelez-nous simplement au num\u00e9ro du t\u00e9l\u00e9phone <a href=\"tel:0844 455 22\">0844 455 22<\/a>[\/vc_column_text][vc_empty_space height=&#8221;20px&#8221;][\/vc_column][\/vc_row][vc_row row_content_width=&#8221;grid&#8221; disable_background_image=&#8221;&#8221; simple_background_image=&#8221;21399&#8243; css=&#8221;.vc_custom_1599587630258{padding-top: 30px !important;padding-bottom: 30px !important;background-image;background-position: center center;: url(https:\/\/illycafe.ch\/wp-content\/uploads\/revslider\/landing-bakcground-img-1.jpg?id=21399) !important;}&#8221; el_class=&#8221;call-action-box&#8221;][vc_column offset=&#8221;vc_col-lg-11 vc_col-md-12 vc_col-xs-12&#8243;]<div class=\"eltdf-call-to-action-holder  eltdf-normal-layout  eltdf-three-quarters-columns\">\n\t<div class=\"eltdf-cta-inner \">\n\t\t<div class=\"eltdf-cta-text-holder\">\n\t\t\t<div class=\"eltdf-cta-text\">\n<h5><span data-doc-id=\"281080000000432001\" data-doc-type=\"writer\">Cr\u00e9ez un<\/span> abonnement de\u00a0caf\u00e9 d\u00e8s maintenant!<\/h5>\n<\/div>\n\t\t<\/div>\n\t\t<div class=\"eltdf-cta-button-holder\" >\n\t\t\t<div class=\"eltdf-cta-button\"><a itemprop=\"url\" href=\"https:\/\/illycafe.ch\/fr\/boutique\/\" target=\"_self\" style=\"color: #ffffff;background-color: #be9c79\" class=\"eltdf-btn eltdf-btn-medium eltdf-btn-solid eltdf-btn-custom-hover-color eltdf-btn-dash\" data-hover-color=\"#ffffff\" >    <span class=\"eltdf-btn-text\">Boutique<\/span>\t<\/a><\/div>\n\t\t<\/div>\n\t<\/div>\n<\/div>[\/vc_column][\/vc_row]<\/p>\n<\/div>","protected":false},"excerpt":{"rendered":"<p>[vc_row row_content_width=&#8221;grid&#8221; css=&#8221;.vc_custom_1610373113928{padding-bottom: 40px !important;}&#8221;][vc_column offset=&#8221;vc_col-lg-offset-2 vc_col-lg-8&#8243;][vc_single_image image=&#8221;21043&#8243; img_size=&#8221;full&#8221; alignment=&#8221;center&#8221;][vc_custom_heading text=&#8221;Votre caf\u00e9 pr\u00e9f\u00e9r\u00e9 toujours sur demande&#8221; use_theme_fonts=&#8221;yes&#8221;][vc_column_text]Souhaitez-vous recevoir votre caf\u00e9 gourmand r\u00e9guli\u00e8rement livr\u00e9 \u00e0 votre domicile ? Automatiquement et, surtout, rapidement? Rien de plus simple. Configurez votre abonnement de caf\u00e9 Illy selon vos d\u00e9sirs. Vos produits pr\u00e9f\u00e9r\u00e9s. La fr\u00e9quence de livraison souhait\u00e9e. Le mode de paiement souhait\u00e9.[\/vc_column_text][\/vc_column][\/vc_row][vc_row row_content_width=&#8221;grid&#8221; content_text_aligment=&#8221;left&#8221; el_id=&#8221;rosten&#8221; css=&#8221;.vc_custom_1610373151315{padding-bottom: 40px !important;}&#8221;][vc_column offset=&#8221;vc_col-lg-offset-2 vc_col-lg-8&#8243;][vc_custom_heading text=&#8221;Les avantages de votre abonnement:&#8221; font_container=&#8221;tag:h3|text_align:left&#8221; use_theme_fonts=&#8221;yes&#8221;][vc_column_text] [&hellip;]<\/p>\n","protected":false},"author":3166,"featured_media":0,"parent":0,"menu_order":0,"comment_status":"closed","ping_status":"closed","template":"full-width.php","meta":{"inline_featured_image":false,"footnotes":""},"class_list":["post-27759","page","type-page","status-publish","hentry"],"yoast_head":"<!-- This site is optimized with the Yoast SEO plugin v27.3 - https:\/\/yoast.com\/product\/yoast-seo-wordpress\/ -->\n<title>Abonnement de caf\u00e9 Illy: confortable et rapide - Illycaf\u00e9 | Premium Kaffee kaufen | Gastronomie, Firmen, Privat<\/title>\n<meta name=\"robots\" content=\"index, follow, max-snippet:-1, max-image-preview:large, max-video-preview:-1\" \/>\n<link rel=\"canonical\" href=\"https:\/\/illycafe.ch\/fr\/abonnement-cafe\/\" \/>\n<meta property=\"og:locale\" content=\"fr_FR\" \/>\n<meta property=\"og:type\" content=\"article\" \/>\n<meta property=\"og:title\" content=\"Abonnement de caf\u00e9 Illy: confortable et rapide - Illycaf\u00e9 | Premium Kaffee kaufen | Gastronomie, Firmen, Privat\" \/>\n<meta property=\"og:description\" content=\"[vc_row row_content_width=&#8221;grid&#8221; css=&#8221;.vc_custom_1610373113928{padding-bottom: 40px !important;}&#8221;][vc_column offset=&#8221;vc_col-lg-offset-2 vc_col-lg-8&#8243;][vc_single_image image=&#8221;21043&#8243; img_size=&#8221;full&#8221; alignment=&#8221;center&#8221;][vc_custom_heading text=&#8221;Votre caf\u00e9 pr\u00e9f\u00e9r\u00e9 toujours sur demande&#8221; use_theme_fonts=&#8221;yes&#8221;][vc_column_text]Souhaitez-vous recevoir votre caf\u00e9 gourmand r\u00e9guli\u00e8rement livr\u00e9 \u00e0 votre domicile ? Automatiquement et, surtout, rapidement? Rien de plus simple. Configurez votre abonnement de caf\u00e9 Illy selon vos d\u00e9sirs. Vos produits pr\u00e9f\u00e9r\u00e9s. La fr\u00e9quence de livraison souhait\u00e9e. Le mode de paiement souhait\u00e9.[\/vc_column_text][\/vc_column][\/vc_row][vc_row row_content_width=&#8221;grid&#8221; content_text_aligment=&#8221;left&#8221; el_id=&#8221;rosten&#8221; css=&#8221;.vc_custom_1610373151315{padding-bottom: 40px !important;}&#8221;][vc_column offset=&#8221;vc_col-lg-offset-2 vc_col-lg-8&#8243;][vc_custom_heading text=&#8221;Les avantages de votre abonnement:&#8221; font_container=&#8221;tag:h3|text_align:left&#8221; use_theme_fonts=&#8221;yes&#8221;][vc_column_text] [&hellip;]\" \/>\n<meta property=\"og:url\" content=\"https:\/\/illycafe.ch\/fr\/abonnement-cafe\/\" \/>\n<meta property=\"og:site_name\" content=\"Illycaf\u00e9 | Premium Kaffee kaufen | Gastronomie, Firmen, Privat\" \/>\n<meta property=\"article:modified_time\" content=\"2021-02-22T13:39:12+00:00\" \/>\n<meta name=\"twitter:card\" content=\"summary_large_image\" \/>\n<meta name=\"twitter:label1\" content=\"Dur\u00e9e de lecture estim\u00e9e\" \/>\n\t<meta name=\"twitter:data1\" content=\"4 minutes\" \/>\n<script type=\"application\/ld+json\" class=\"yoast-schema-graph\">{\"@context\":\"https:\\\/\\\/schema.org\",\"@graph\":[{\"@type\":\"WebPage\",\"@id\":\"https:\\\/\\\/illycafe.ch\\\/fr\\\/abonnement-cafe\\\/\",\"url\":\"https:\\\/\\\/illycafe.ch\\\/fr\\\/abonnement-cafe\\\/\",\"name\":\"Abonnement de caf\u00e9 Illy: confortable et rapide - Illycaf\u00e9 | Premium Kaffee kaufen | Gastronomie, Firmen, Privat\",\"isPartOf\":{\"@id\":\"https:\\\/\\\/illycafe.ch\\\/#website\"},\"datePublished\":\"2021-02-16T13:55:12+00:00\",\"dateModified\":\"2021-02-22T13:39:12+00:00\",\"breadcrumb\":{\"@id\":\"https:\\\/\\\/illycafe.ch\\\/fr\\\/abonnement-cafe\\\/#breadcrumb\"},\"inLanguage\":\"fr-FR\",\"potentialAction\":[{\"@type\":\"ReadAction\",\"target\":[\"https:\\\/\\\/illycafe.ch\\\/fr\\\/abonnement-cafe\\\/\"]}]},{\"@type\":\"BreadcrumbList\",\"@id\":\"https:\\\/\\\/illycafe.ch\\\/fr\\\/abonnement-cafe\\\/#breadcrumb\",\"itemListElement\":[{\"@type\":\"ListItem\",\"position\":1,\"name\":\"Accueil\",\"item\":\"https:\\\/\\\/illycafe.ch\\\/fr\\\/\"},{\"@type\":\"ListItem\",\"position\":2,\"name\":\"Abonnement de caf\u00e9 Illy: confortable et rapide\"}]},{\"@type\":\"WebSite\",\"@id\":\"https:\\\/\\\/illycafe.ch\\\/#website\",\"url\":\"https:\\\/\\\/illycafe.ch\\\/\",\"name\":\"Illycaf\u00e9 | Premium Kaffee kaufen | Gastronomie, Firmen, Privat\",\"description\":\"Italienische Kaffeekultur. Schweizer Qualit\u00e4t.\",\"potentialAction\":[{\"@type\":\"SearchAction\",\"target\":{\"@type\":\"EntryPoint\",\"urlTemplate\":\"https:\\\/\\\/illycafe.ch\\\/?s={search_term_string}\"},\"query-input\":{\"@type\":\"PropertyValueSpecification\",\"valueRequired\":true,\"valueName\":\"search_term_string\"}}],\"inLanguage\":\"fr-FR\"}]}<\/script>\n<!-- \/ Yoast SEO plugin. -->","yoast_head_json":{"title":"Abonnement de caf\u00e9 Illy: confortable et rapide - Illycaf\u00e9 | Premium Kaffee kaufen | Gastronomie, Firmen, Privat","robots":{"index":"index","follow":"follow","max-snippet":"max-snippet:-1","max-image-preview":"max-image-preview:large","max-video-preview":"max-video-preview:-1"},"canonical":"https:\/\/illycafe.ch\/fr\/abonnement-cafe\/","og_locale":"fr_FR","og_type":"article","og_title":"Abonnement de caf\u00e9 Illy: confortable et rapide - Illycaf\u00e9 | Premium Kaffee kaufen | Gastronomie, Firmen, Privat","og_description":"[vc_row row_content_width=&#8221;grid&#8221; css=&#8221;.vc_custom_1610373113928{padding-bottom: 40px !important;}&#8221;][vc_column offset=&#8221;vc_col-lg-offset-2 vc_col-lg-8&#8243;][vc_single_image image=&#8221;21043&#8243; img_size=&#8221;full&#8221; alignment=&#8221;center&#8221;][vc_custom_heading text=&#8221;Votre caf\u00e9 pr\u00e9f\u00e9r\u00e9 toujours sur demande&#8221; use_theme_fonts=&#8221;yes&#8221;][vc_column_text]Souhaitez-vous recevoir votre caf\u00e9 gourmand r\u00e9guli\u00e8rement livr\u00e9 \u00e0 votre domicile ? Automatiquement et, surtout, rapidement? Rien de plus simple. Configurez votre abonnement de caf\u00e9 Illy selon vos d\u00e9sirs. Vos produits pr\u00e9f\u00e9r\u00e9s. La fr\u00e9quence de livraison souhait\u00e9e. Le mode de paiement souhait\u00e9.[\/vc_column_text][\/vc_column][\/vc_row][vc_row row_content_width=&#8221;grid&#8221; content_text_aligment=&#8221;left&#8221; el_id=&#8221;rosten&#8221; css=&#8221;.vc_custom_1610373151315{padding-bottom: 40px !important;}&#8221;][vc_column offset=&#8221;vc_col-lg-offset-2 vc_col-lg-8&#8243;][vc_custom_heading text=&#8221;Les avantages de votre abonnement:&#8221; font_container=&#8221;tag:h3|text_align:left&#8221; use_theme_fonts=&#8221;yes&#8221;][vc_column_text] [&hellip;]","og_url":"https:\/\/illycafe.ch\/fr\/abonnement-cafe\/","og_site_name":"Illycaf\u00e9 | Premium Kaffee kaufen | Gastronomie, Firmen, Privat","article_modified_time":"2021-02-22T13:39:12+00:00","twitter_card":"summary_large_image","twitter_misc":{"Dur\u00e9e de lecture estim\u00e9e":"4 minutes"},"schema":{"@context":"https:\/\/schema.org","@graph":[{"@type":"WebPage","@id":"https:\/\/illycafe.ch\/fr\/abonnement-cafe\/","url":"https:\/\/illycafe.ch\/fr\/abonnement-cafe\/","name":"Abonnement de caf\u00e9 Illy: confortable et rapide - Illycaf\u00e9 | Premium Kaffee kaufen | Gastronomie, Firmen, Privat","isPartOf":{"@id":"https:\/\/illycafe.ch\/#website"},"datePublished":"2021-02-16T13:55:12+00:00","dateModified":"2021-02-22T13:39:12+00:00","breadcrumb":{"@id":"https:\/\/illycafe.ch\/fr\/abonnement-cafe\/#breadcrumb"},"inLanguage":"fr-FR","potentialAction":[{"@type":"ReadAction","target":["https:\/\/illycafe.ch\/fr\/abonnement-cafe\/"]}]},{"@type":"BreadcrumbList","@id":"https:\/\/illycafe.ch\/fr\/abonnement-cafe\/#breadcrumb","itemListElement":[{"@type":"ListItem","position":1,"name":"Accueil","item":"https:\/\/illycafe.ch\/fr\/"},{"@type":"ListItem","position":2,"name":"Abonnement de caf\u00e9 Illy: confortable et rapide"}]},{"@type":"WebSite","@id":"https:\/\/illycafe.ch\/#website","url":"https:\/\/illycafe.ch\/","name":"Illycaf\u00e9 | Premium Kaffee kaufen | Gastronomie, Firmen, Privat","description":"Italienische Kaffeekultur. Schweizer Qualit\u00e4t.","potentialAction":[{"@type":"SearchAction","target":{"@type":"EntryPoint","urlTemplate":"https:\/\/illycafe.ch\/?s={search_term_string}"},"query-input":{"@type":"PropertyValueSpecification","valueRequired":true,"valueName":"search_term_string"}}],"inLanguage":"fr-FR"}]}},"_links":{"self":[{"href":"https:\/\/illycafe.ch\/fr\/wp-json\/wp\/v2\/pages\/27759","targetHints":{"allow":["GET"]}}],"collection":[{"href":"https:\/\/illycafe.ch\/fr\/wp-json\/wp\/v2\/pages"}],"about":[{"href":"https:\/\/illycafe.ch\/fr\/wp-json\/wp\/v2\/types\/page"}],"author":[{"embeddable":true,"href":"https:\/\/illycafe.ch\/fr\/wp-json\/wp\/v2\/users\/3166"}],"replies":[{"embeddable":true,"href":"https:\/\/illycafe.ch\/fr\/wp-json\/wp\/v2\/comments?post=27759"}],"version-history":[{"count":0,"href":"https:\/\/illycafe.ch\/fr\/wp-json\/wp\/v2\/pages\/27759\/revisions"}],"wp:attachment":[{"href":"https:\/\/illycafe.ch\/fr\/wp-json\/wp\/v2\/media?parent=27759"}],"curies":[{"name":"wp","href":"https:\/\/api.w.org\/{rel}","templated":true}]}}