{"id":549555,"date":"2026-04-29T12:21:27","date_gmt":"2026-04-29T10:21:27","guid":{"rendered":"https:\/\/illycafe.ch\/?page_id=549555"},"modified":"2026-04-30T11:55:54","modified_gmt":"2026-04-30T09:55:54","slug":"politique-de-cookies","status":"publish","type":"page","link":"https:\/\/illycafe.ch\/fr\/politique-de-cookies\/","title":{"rendered":"Politique de cookies"},"content":{"rendered":"<div class=\"wpb-content-wrapper\"><p>[vc_row][vc_column][vc_column_text css=&#8221;&#8221;]<\/p>\n<ol>\n<li><strong> INTRODUCTION<\/strong><\/li>\n<\/ol>\n<p>La pr\u00e9sente Politique de cookies est \u00e9tablie conform\u00e9ment au R\u00e8glement (UE) 2016\/679 (\u00ab RGPD \u00bb), \u00e0 la l\u00e9gislation europ\u00e9enne applicable en mati\u00e8re de cookies et d&#8217;outils de suivi, ainsi qu&#8217;\u00e0 la loi f\u00e9d\u00e9rale suisse sur la protection des donn\u00e9es (\u00ab LPD \u00bb), en tenant compte des recommandations du Pr\u00e9pos\u00e9 f\u00e9d\u00e9ral \u00e0 la protection des donn\u00e9es et \u00e0 la transparence (PFPDT).<\/p>\n<p>Elle s&#8217;applique aux utilisateurs du site et d\u00e9crit l&#8217;utilisation de cookies et d&#8217;autres outils de suivi, leurs finalit\u00e9s, les modalit\u00e9s de gestion des pr\u00e9f\u00e9rences et les tiers concern\u00e9s.<\/p>\n<p>&nbsp;<\/p>\n<p>&nbsp;<\/p>\n<p><strong><em>Omissis<\/em><\/strong><\/p>\n<p>&nbsp;<\/p>\n<p>2.3\u00a0\u00a0<strong>\u00a0 Crit\u00e8res de codification \u00a0<\/strong><\/p>\n<p>Voici les crit\u00e8res selon lesquels les outils de suivi sont class\u00e9s dans des cat\u00e9gories pr\u00e9d\u00e9finies.<\/p>\n<p>&#8211;<strong>\u00a0\u00a0 Cookies techniques<\/strong>\u00a0\u2013 Toujours actifs, sans pr\u00e9judice du droit de l&#8217;utilisateur de les bloquer via les param\u00e8tres de son navigateur : cookies utilis\u00e9s pour garantir le bon fonctionnement du site. Leur utilisation ne n\u00e9cessite pas le consentement de l&#8217;utilisateur. Sans ces cookies, le site pourrait ne pas fonctionner correctement. Dans les cas o\u00f9 le RGPD s&#8217;applique, la base juridique du traitement de ces cookies est l&#8217;int\u00e9r\u00eat l\u00e9gitime consistant \u00e0 assurer le bon fonctionnement du site. En consid\u00e9rant ces int\u00e9r\u00eats l\u00e9gitimes, il a \u00e9t\u00e9 v\u00e9rifi\u00e9 qu&#8217;ils ne compromettent ni n&#8217;interf\u00e8rent avec les int\u00e9r\u00eats ou les droits et libert\u00e9s fondamentaux de la personne concern\u00e9e (l&#8217;int\u00e9r\u00eat l\u00e9gitime a \u00e9t\u00e9 \u00e9valu\u00e9 sur la base d&#8217;un triple test disponible aupr\u00e8s de la Soci\u00e9t\u00e9).<\/p>\n<p>&nbsp;<\/p>\n<p>&#8211;\u00a0\u00a0\u00a0\u00a0\u00a0<strong>Cookies analytiques<\/strong>\u00a0\u2013 Les cookies analytiques permettent de recueillir des informations sur l&#8217;utilisation du site, sur le nombre de visiteurs, sur les pages consult\u00e9es, sur les sources de trafic et sur les interactions avec les contenus.<br \/>\nCes cookies ne sont utilis\u00e9s qu&#8217;avec le consentement pr\u00e9alable de l&#8217;utilisateur.\u00a0 Dans les cas o\u00f9 le RGPD s&#8217;applique, la base juridique du traitement des donn\u00e9es pour ces cookies est le consentement.<\/p>\n<p>&nbsp;<\/p>\n<p>&#8211;\u00a0 <strong>\u00a0\u00a0Cookies de fonctionnalit\u00e9 <\/strong>\u2013<strong>\u00a0<\/strong>Cookies utilis\u00e9s pour faciliter la navigation, ils sont n\u00e9cessaires pour assurer le bon fonctionnement des fonctionnalit\u00e9s suivantes : chat d&#8217;assistance, s\u00e9lection de la langue, moteur de recherche, enregistrement des produits dans le panier et utilisation du localisateur de magasins. Ils sont utilis\u00e9s sans demander le consentement de l&#8217;utilisateur, car ils sont n\u00e9cessaires au bon fonctionnement des fonctionnalit\u00e9s demand\u00e9es par celui-ci. M\u00eame sans ces cookies, il est possible de naviguer sur le site sans aucun probl\u00e8me ni restriction, \u00e0 l&#8217;exception de l&#8217;impossibilit\u00e9 d&#8217;utiliser les fonctionnalit\u00e9s qui recourent \u00e0 ce type de cookies. La base juridique du traitement des donn\u00e9es pour ces cookies est l&#8217;int\u00e9r\u00eat l\u00e9gitime du responsable du traitement, qui consiste \u00e0 rendre le site accessible aux visiteurs en r\u00e9pondant \u00e0 leurs demandes. En consid\u00e9rant ces int\u00e9r\u00eats l\u00e9gitimes, il a \u00e9t\u00e9 v\u00e9rifi\u00e9 qu&#8217;ils ne compromettent ni n&#8217;interf\u00e8rent avec les int\u00e9r\u00eats ou les droits et libert\u00e9s fondamentaux de la personne concern\u00e9e (l&#8217;int\u00e9r\u00eat l\u00e9gitime a \u00e9t\u00e9 \u00e9valu\u00e9 sur la base d&#8217;un triple test disponible aupr\u00e8s de la Soci\u00e9t\u00e9).<\/p>\n<p>&nbsp;<\/p>\n<p>&#8211;\u00a0\u00a0\u00a0\u00a0\u00a0<strong>Cookies de marketing <\/strong>\u2013\u00a0Cookies utilis\u00e9s pour enregistrer les pr\u00e9f\u00e9rences de l&#8217;utilisateur, ils sont n\u00e9cessaires pour lui proposer des publicit\u00e9s cibl\u00e9es et des offres commerciales mieux adapt\u00e9es \u00e0 ses centres d&#8217;int\u00e9r\u00eat. Ils comprennent \u00e9galement des outils de remarketing, de suivi des conversions et d&#8217;\u00e9valuation des campagnes publicitaires. Ces cookies ne peuvent \u00eatre utilis\u00e9s qu\u2019avec le consentement de l\u2019utilisateur. M\u00eame sans ces cookies, il est possible de naviguer sur le site sans aucun probl\u00e8me ni restriction. La base juridique du traitement des donn\u00e9es pour ces cookies est le consentement.<\/p>\n<p>&nbsp;<\/p>\n<p>&nbsp;<\/p>\n<ol start=\"3\">\n<li><strong> LISTE DE COOKIES, SYST\u00c8MES DE SUIVI ET FINALIT\u00c9S<\/strong><\/li>\n<\/ol>\n<p><a href=\"https:\/\/www.illy.com\/it-it\/cookie-policy\"><strong>Revoir<\/strong><\/a><u> vos choix sur les cookies (<em>liens ins\u00e9r\u00e9s \u00e0 la touche revoir choix)<\/em><\/u><\/p>\n<ol>\n<li><strong>Cookies techniques (n\u00e9cessaires)<\/strong><\/li>\n<\/ol>\n<p><em>\u00a0\u00a0\u00a0\u00a0\u00a0\u00a0\u00a0\u00a0 (ne n\u00e9cessitent pas de consentement)<\/em><\/p>\n<p><strong>\u00a0<\/strong><\/p>\n<table>\n<thead>\n<tr>\n<td><strong>Nom du cookie<\/strong><\/td>\n<td><strong>Prestataire <\/strong><\/td>\n<td><strong>Finalit\u00e9s<\/strong><\/td>\n<td><strong>Cat\u00e9gorie<\/strong><\/td>\n<td><strong>Dur\u00e9e<\/strong><\/td>\n<\/tr>\n<\/thead>\n<tbody>\n<tr>\n<td>wordpress_test_cookie<\/td>\n<td>WordPress<\/td>\n<td>V\u00e9rification support cookie<\/td>\n<td>Technique<\/td>\n<td>Session<\/td>\n<\/tr>\n<tr>\n<td>wpEmojiSettingsSupports<\/td>\n<td>WordPress<\/td>\n<td>Support emoji<\/td>\n<td>Technique<\/td>\n<td>Session<\/td>\n<\/tr>\n<tr>\n<td>wfwaf-authcookie*<\/td>\n<td>Wordfence<\/td>\n<td>S\u00e9curit\u00e9 et protection acc\u00e8s<\/td>\n<td>Technique<\/td>\n<td>1 jour<\/td>\n<\/tr>\n<tr>\n<td>cmplz_policy_id<\/td>\n<td>Complianz<\/td>\n<td>Version politique accept\u00e9e<\/td>\n<td>Technique<\/td>\n<td>1 an<\/td>\n<\/tr>\n<tr>\n<td>cmplz_banner-status<\/td>\n<td>Complianz<\/td>\n<td>\u00c9tat banner cookie<\/td>\n<td>Technique<\/td>\n<td>1 an<\/td>\n<\/tr>\n<tr>\n<td>cmplz_cookie_data<\/td>\n<td>Complianz<\/td>\n<td>M\u00e9morisation pr\u00e9f\u00e9rences consentement<\/td>\n<td>Technique<\/td>\n<td>1 an<\/td>\n<\/tr>\n<tr>\n<td>cmplz_marketing<\/td>\n<td>Complianz<\/td>\n<td>M\u00e9morisation consentement marketing<\/td>\n<td>Technique<\/td>\n<td>1 an<\/td>\n<\/tr>\n<tr>\n<td>cmplz_statistics<\/td>\n<td>Complianz<\/td>\n<td>M\u00e9morisation consentement analytics<\/td>\n<td>Technique<\/td>\n<td>1 an<\/td>\n<\/tr>\n<\/tbody>\n<\/table>\n<p>&nbsp;<\/p>\n<p><strong>Cookies de fonctionnalit\u00e9 (toujours actifs)<\/strong><\/p>\n<p><em>(ne n\u00e9cessitent pas de consentement)<\/em><\/p>\n<p>&nbsp;<\/p>\n<table>\n<thead>\n<tr>\n<td><strong>Nom du cookie<\/strong><\/td>\n<td><strong>Prestataire<\/strong><\/td>\n<td><strong>Finalit\u00e9s<\/strong><\/td>\n<td><strong>Cat\u00e9gorie<\/strong><\/td>\n<td><strong>Dur\u00e9e<\/strong><\/td>\n<\/tr>\n<\/thead>\n<tbody>\n<tr>\n<td>wc_cart_hash_*<\/td>\n<td>WooCommerce<\/td>\n<td>Gestion panier et int\u00e9grit\u00e9 des donn\u00e9es<\/td>\n<td>Fonctionnel<\/td>\n<td>Session<\/td>\n<\/tr>\n<tr>\n<td>woocommerce_items_in_cart<\/td>\n<td>WooCommerce<\/td>\n<td>V\u00e9rification pr\u00e9sence articles dans le panier<\/td>\n<td>Fonctionnel<\/td>\n<td>Session<\/td>\n<\/tr>\n<tr>\n<td>woocommerce_cart_hash<\/td>\n<td>WooCommerce<\/td>\n<td>Mise \u00e0 jour de l\u2019\u00e9tat du panier<\/td>\n<td>Fonctionnel<\/td>\n<td>1 jour<\/td>\n<\/tr>\n<tr>\n<td>wp_woocommerce_session_*<\/td>\n<td>WooCommerce<\/td>\n<td>Gestion session utilisateur<\/td>\n<td>Fonctionnel<\/td>\n<td>Session<\/td>\n<\/tr>\n<tr>\n<td>wordpress_logged_in_*<\/td>\n<td>WordPress<\/td>\n<td>Gestion connexion utilisateur<\/td>\n<td>Fonctionnel<\/td>\n<td>Persistant<\/td>\n<\/tr>\n<tr>\n<td>wp-settings-*<\/td>\n<td>WordPress<\/td>\n<td>Pr\u00e9f\u00e9rences utilisateur<\/td>\n<td>Fonctionnel<\/td>\n<td>Persistant<\/td>\n<\/tr>\n<tr>\n<td>wp-settings-time-*<\/td>\n<td>WordPress<\/td>\n<td>Horodatage des pr\u00e9f\u00e9rences<\/td>\n<td>Fonctionnel<\/td>\n<td>1 an<\/td>\n<\/tr>\n<tr>\n<td>WP_PREFERENCES_USER_*<\/td>\n<td>WordPress<\/td>\n<td>Pr\u00e9f\u00e9rences utilisateur<\/td>\n<td>Fonctionnel<\/td>\n<td>Persistant<\/td>\n<\/tr>\n<tr>\n<td>wp-wpml_current_language<\/td>\n<td>WPML<\/td>\n<td>M\u00e9morisation langue s\u00e9lectionn\u00e9e<\/td>\n<td>Fonctionnel<\/td>\n<td>1 jour<\/td>\n<\/tr>\n<\/tbody>\n<\/table>\n<p>&nbsp;<\/p>\n<p>Les cookies de fonctionnalit\u00e9, bien qu&#8217;ils ne soient pas strictement n\u00e9cessaires \u00e0 la simple navigation sur le site, sont indispensables pour permettre l&#8217;utilisation de fonctionnalit\u00e9s sp\u00e9cifiques demand\u00e9es par l&#8217;utilisateur (par ex. panier, authentification, langue) et ne n\u00e9cessitent pas de consentement.<\/p>\n<p><strong>\u00a0<\/strong><\/p>\n<ol start=\"3\">\n<li><strong> Cookies analytiques (statistics)<\/strong><\/li>\n<\/ol>\n<p><em>(n\u00e9cessitent un consentement)<\/em><\/p>\n<p>&nbsp;<\/p>\n<table>\n<thead>\n<tr>\n<td><strong>Nom du cookie<\/strong><\/td>\n<td><strong>Prestataire<\/strong><\/td>\n<td><strong>Finalit\u00e9s<\/strong><\/td>\n<td><strong>Cat\u00e9gorie<\/strong><\/td>\n<td><strong>Dur\u00e9e<\/strong><\/td>\n<\/tr>\n<\/thead>\n<tbody>\n<tr>\n<td>_ga<\/td>\n<td>Google Analytics<\/td>\n<td>Distinction utilisateurs et analyse trafic<\/td>\n<td>Analytics<\/td>\n<td>2 ans<\/td>\n<\/tr>\n<tr>\n<td><em>_ga_<\/em>*<\/td>\n<td>Google Analytics<\/td>\n<td>\u00c9tat session et interactions<\/td>\n<td>Analytics<\/td>\n<td>1 an<\/td>\n<\/tr>\n<tr>\n<td>gtm4wp_orderid_tracked<\/td>\n<td>Google Tag Manager<\/td>\n<td>Analyse commandes et conversions internes<\/td>\n<td>Analytics<\/td>\n<td>1 an<\/td>\n<\/tr>\n<tr>\n<td>wistia-video-progress-*<\/td>\n<td>Wistia<\/td>\n<td>Suivi de l&#8217;avancement vid\u00e9o<\/td>\n<td>Analytics<\/td>\n<td>Persistant<\/td>\n<\/tr>\n<tr>\n<td>pysTrafficSource<\/td>\n<td>PixelYourSite<\/td>\n<td>Identification source trafic<\/td>\n<td>Analytics<\/td>\n<td>1 jour<\/td>\n<\/tr>\n<tr>\n<td>pys_landing_page<\/td>\n<td>PixelYourSite<\/td>\n<td>Analyse page d\u2019accueil<\/td>\n<td>Analytics<\/td>\n<td>Session<\/td>\n<\/tr>\n<tr>\n<td>tk_qs<\/td>\n<td>Automattic<\/td>\n<td>Analyse comportement navigation<\/td>\n<td>Analytics<\/td>\n<td>30 min<\/td>\n<\/tr>\n<tr>\n<td>sbjs_session<\/td>\n<td>Sourcebuster JS<\/td>\n<td>Suivi session utilisateur<\/td>\n<td>Analytics<\/td>\n<td>30 min<\/td>\n<\/tr>\n<tr>\n<td>sbjs_udata<\/td>\n<td>Sourcebuster JS<\/td>\n<td>Identifiant session<\/td>\n<td>Analytics<\/td>\n<td>6 mois<\/td>\n<\/tr>\n<\/tbody>\n<\/table>\n<p>&nbsp;<\/p>\n<ol start=\"4\">\n<li><strong>Cookies de marketing et profilage<\/strong><\/li>\n<\/ol>\n<p><em>(n\u00e9cessitent un consentement)<\/em><\/p>\n<p>&nbsp;<\/p>\n<table>\n<thead>\n<tr>\n<td><strong>Nom du cookie<\/strong><\/td>\n<td><strong>Prestataire<\/strong><\/td>\n<td><strong>Finalit\u00e9s<\/strong><\/td>\n<td><strong>Cat\u00e9gorie<\/strong><\/td>\n<td><strong>Dur\u00e9e<\/strong><\/td>\n<\/tr>\n<\/thead>\n<tbody>\n<tr>\n<td>_uetvid<\/td>\n<td>Microsoft Advertising<\/td>\n<td>Remarketing et tra\u00e7age utilisateurs<\/td>\n<td>Marketing<\/td>\n<td>13 mois<\/td>\n<\/tr>\n<tr>\n<td>_uetsid<\/td>\n<td>Microsoft Advertising<\/td>\n<td>Interactions publicitaires session<\/td>\n<td>Marketing<\/td>\n<td>1 jour<\/td>\n<\/tr>\n<tr>\n<td>_gcl_au<\/td>\n<td>Google Ads<\/td>\n<td>Mesurage conversions publicitaires<\/td>\n<td>Marketing<\/td>\n<td>Persistant<\/td>\n<\/tr>\n<tr>\n<td>_gcl_ls<\/td>\n<td>Google Ads<\/td>\n<td>Collecte donn\u00e9es session pour annonces publicitaires<\/td>\n<td>Marketing<\/td>\n<td>Session<\/td>\n<\/tr>\n<tr>\n<td>_fbp<\/td>\n<td>Meta<\/td>\n<td>Publicit\u00e9 personnalis\u00e9e<\/td>\n<td>Marketing<\/td>\n<td>3 mois<\/td>\n<\/tr>\n<tr>\n<td>_fbc<\/td>\n<td>Meta<\/td>\n<td>Attribution des clics publicitaires<\/td>\n<td>Marketing<\/td>\n<td>2 ans<\/td>\n<\/tr>\n<tr>\n<td>wistia<\/td>\n<td>Wistia<\/td>\n<td>Profilage bas\u00e9 sur interactions vid\u00e9o<\/td>\n<td>Marketing<\/td>\n<td>Persistant<\/td>\n<\/tr>\n<tr>\n<td>bcookie<\/td>\n<td>LinkedIn<\/td>\n<td>Suivi utilisateur pour publicit\u00e9<\/td>\n<td>Marketing<\/td>\n<td>Persistant<\/td>\n<\/tr>\n<tr>\n<td>lidc<\/td>\n<td>LinkedIn<\/td>\n<td>Optimisation services LinkedIn Ads<\/td>\n<td>Marketing<\/td>\n<td>Persistant<\/td>\n<\/tr>\n<\/tbody>\n<\/table>\n<p>&nbsp;<\/p>\n<ol start=\"5\">\n<li><strong> Autres outils et technologies<\/strong><\/li>\n<\/ol>\n<p><em>(pas toujours bas\u00e9s sur des cookies, mais pertinents en mati\u00e8re de confidentialit\u00e9)<\/em><\/p>\n<p>&nbsp;<\/p>\n<table>\n<thead>\n<tr>\n<td><strong>Outil<\/strong><\/td>\n<td><strong>Prestataire<\/strong><\/td>\n<td><strong>Finalit\u00e9s<\/strong><\/td>\n<td><strong>Notes<\/strong><\/td>\n<\/tr>\n<\/thead>\n<tbody>\n<tr>\n<td>reCAPTCHA (rc::a\/b\/c)<\/td>\n<td>Google<\/td>\n<td>Protection contre les bots et s\u00e9curit\u00e9<\/td>\n<td>Peut comporter une analyse comportementale<\/td>\n<\/tr>\n<tr>\n<td>Google Fonts API<\/td>\n<td>Google<\/td>\n<td>Chargement des polices web<\/td>\n<td>Peut comporter la transmission de l\u2019adresse IP<\/td>\n<\/tr>\n<\/tbody>\n<\/table>\n<p>&nbsp;<\/p>\n<ol start=\"4\">\n<li><strong> Tiers et responsables autonomes du traitement<\/strong><\/li>\n<\/ol>\n<p>Certains cookies et autres outils de suivi pr\u00e9sents sur le site sont fournis par des tiers qui peuvent traiter des donn\u00e9es \u00e0 caract\u00e8re personnel conform\u00e9ment \u00e0 leurs propres politiques de protection des donn\u00e9es.<\/p>\n<p>&nbsp;<\/p>\n<p>Dans le cadre de ces traitements, les tiers peuvent agir en tant que <strong>responsables autonomes du traitement<\/strong>, en d\u00e9terminant de mani\u00e8re ind\u00e9pendante les finalit\u00e9s et les moyens du traitement des donn\u00e9es collect\u00e9es via leurs propres outils.<\/p>\n<p>&nbsp;<\/p>\n<p>Le responsable du traitement n&#8217;exerce aucun contr\u00f4le sur les traitements effectu\u00e9s par ces entit\u00e9s et invite les utilisateurs \u00e0 consulter leurs politiques de confidentialit\u00e9 respectives.<\/p>\n<p>&nbsp;<\/p>\n<p><strong>Liste des tierces parties principales<\/strong><\/p>\n<p>&nbsp;<\/p>\n<p><strong>\u00a0Services d\u2019analytics et advertising<\/strong><\/p>\n<ul>\n<li>Google LLC<br \/>\n(Google Analytics, Google Ads, Google Tag Manager, reCAPTCHA, Google Fonts)<br \/>\n<a href=\"https:\/\/policies.google.com\/privacy\">https:\/\/policies.google.com\/privacy<\/a><\/li>\n<li>Meta Platforms, Inc.<br \/>\n(Facebook \/ Meta Pixel)<br \/>\n<a href=\"https:\/\/www.facebook.com\/privacy\/policy\">https:\/\/www.facebook.com\/privacy\/policy<\/a><\/li>\n<li>Microsoft Corporation<br \/>\n(Microsoft Advertising)<br \/>\n<a href=\"https:\/\/privacy.microsoft.com\/\">https:\/\/privacy.microsoft.com\/<\/a><\/li>\n<li>LinkedIn Corporation<br \/>\n(LinkedIn Insight Tag et services annexes)<br \/>\n<a href=\"https:\/\/www.linkedin.com\/legal\/privacy-policy\">https:\/\/www.linkedin.com\/legal\/privacy-policy<\/a><\/li>\n<\/ul>\n<p>&nbsp;<\/p>\n<p><strong>Outils d&#8217;analyse et de suivi<\/strong><\/p>\n<ul>\n<li>Automattic Inc.<br \/>\n(Outils d\u2019analyse WordPress, ex. Jetpack)<br \/>\n<a href=\"https:\/\/automattic.com\/privacy\/\">https:\/\/automattic.com\/privacy\/<\/a><\/li>\n<li>Sourcebuster JS<br \/>\n(attribution trafic et sessions)<br \/>\nhttps:\/\/sourcebuster.minimaldog.com\/privacy-policy\/<\/li>\n<li>PixelYourSite<br \/>\n(gestion et int\u00e9gration d\u2019outils de suivi et marketing)<br \/>\n<a href=\"https:\/\/www.pixelyoursite.com\/privacy-policy\">https:\/\/www.pixelyoursite.com\/privacy-policy<\/a><\/li>\n<\/ul>\n<p>&nbsp;<\/p>\n<p><strong>\u00a0Contenus multim\u00e9dias<\/strong><\/p>\n<ul>\n<li>Wistia, Inc.<br \/>\n(video hosting et video analytics)<br \/>\n<a href=\"https:\/\/wistia.com\/privacy\">https:\/\/wistia.com\/privacy<\/a><\/li>\n<\/ul>\n<p>&nbsp;<\/p>\n<p><strong>Note importante<\/strong><\/p>\n<p>L&#8217;utilisation de cookies et d&#8217;autres outils de suivi tiers peut entra\u00eener le transfert de donn\u00e9es \u00e0 caract\u00e8re personnel vers les pays o\u00f9 ces entit\u00e9s sont \u00e9tablies, y compris des pays situ\u00e9s en dehors de l&#8217;Union europ\u00e9enne et de la Suisse.<\/p>\n<p>Pour de plus amples informations sur les modalit\u00e9s de traitement des donn\u00e9es par ces entit\u00e9s, nous vous invitons \u00e0 consulter leurs politiques de confidentialit\u00e9 respectives.<\/p>\n<p>&nbsp;<\/p>\n<ol start=\"5\">\n<li><strong> ASSOCIATION DES INFORMATIONS DE L&#8217;UTILISATEUR ENREGISTR\u00c9 AVEC LES INFORMATIONS OBTENUES PAR LE BIAIS DES COOKIES<\/strong><\/li>\n<\/ol>\n<p>Au cas o\u00f9 l&#8217;utilisateur disposerait d&#8217;un compte et aurait donn\u00e9 son consentement \u00e0 l&#8217;utilisation de cookies et d&#8217;autres outils de suivi \u00e0 des fins de marketing ou de profilage, les informations recueillies par le biais de ces outils pourront \u00eatre associ\u00e9es aux autres informations relatives \u00e0 l&#8217;utilisateur d\u00e9j\u00e0 d\u00e9tenues l\u00e9galement par le responsable du traitement, afin d&#8217;am\u00e9liorer la personnalisation des contenus, des communications et des services propos\u00e9s.<\/p>\n<ol start=\"6\">\n<li><strong> RESPONSABLE DU TRAITEMENT DES DONN\u00c9ES ET SOUS-TRAITANT \u00c0 LA PROTECTION DES DONN\u00c9ES<\/strong><\/li>\n<\/ol>\n<p>Le responsable du traitement des donn\u00e9es que vous nous avez fournies est llycaf\u00e9 AG, Wiesengrundstrasse 1, 8800 Thalwil. T\u00e9l\u00e9phone : 044 723 10 22 E-mail:\u00a0ashraf.montoya@illy.com<\/p>\n<ol start=\"7\">\n<li><strong> DROITS<\/strong><\/li>\n<\/ol>\n<p>Nous vous informons que le RGPD pr\u00e9voit que vous pouvez nous demander (en nous contactant aux coordonn\u00e9es indiqu\u00e9es au point 6) l&#8217;acc\u00e8s \u00e0 vos donn\u00e9es \u00e0 caract\u00e8re personnel, leur rectification, leur suppression ou la limitation du traitement vous concernant, ainsi que la portabilit\u00e9 de vos donn\u00e9es ; vous avez \u00e9galement la possibilit\u00e9, toujours en nous contactant, de vous opposer au traitement des donn\u00e9es et d&#8217;exercer les autres droits pr\u00e9vus au chapitre 3, section 1 du RGPD, parmi lesquels figure celui de retirer votre consentement, le cas \u00e9ch\u00e9ant : le retrait du consentement n&#8217;affecte pas la lic\u00e9it\u00e9 du traitement fond\u00e9 sur le consentement donn\u00e9 avant le retrait.<\/p>\n<p>Conform\u00e9ment \u00e0 la loi f\u00e9d\u00e9rale suisse sur la protection des donn\u00e9es (LPD), vous pouvez exercer votre droit d&#8217;acc\u00e8s aux donn\u00e9es \u00e0 caract\u00e8re personnel vous concernant et, dans les cas pr\u00e9vus par la loi, votre droit de <a href=\"https:\/\/www.fedlex.admin.ch\/eli\/cc\/2022\/491\/it#art_28\">vous faire remettre ces donn\u00e9es ou d&#8217;exiger leur transmission \u00e0 des tiers<\/a>.<\/p>\n<p>Vous pourrez \u00e9galement demander la rectification des donn\u00e9es inexactes et la suppression des donn\u00e9es trait\u00e9es en violation de la l\u00e9gislation applicable.<\/p>\n<ol start=\"8\">\n<li><strong> R\u00e9clamations<\/strong><\/li>\n<\/ol>\n<p>Dans les cas o\u00f9 le RGPD s&#8217;applique et si vous estimez que le traitement des donn\u00e9es enfreint les dispositions du RGPD, vous avez le droit de d\u00e9poser une r\u00e9clamation aupr\u00e8s de l&#8217;autorit\u00e9 de contr\u00f4le de l&#8217;\u00c9tat dans lequel vous r\u00e9sidez habituellement ou travaillez, conform\u00e9ment \u00e0 l&#8217;article 77 du RGPD, ou de saisir les juridictions comp\u00e9tentes (article 79 du RGPD).\u00a0 La liste de l&#8217;autorit\u00e9 de contr\u00f4le est disponible au lien suivant <a href=\"https:\/\/edpb.europa.eu\/about-edpb\/about-edpb\/members_nl\">https:\/\/edpb.europa.eu\/about-edpb\/about-edpb\/members_nl<\/a>.<\/p>\n<p>Dans les cas o\u00f9 la LPD s&#8217;applique et si vous estimez que le traitement des donn\u00e9es enfreint les dispositions de la LPD, l&#8217;autorit\u00e9 de contr\u00f4le comp\u00e9tente est le Pr\u00e9pos\u00e9 f\u00e9d\u00e9ral \u00e0 la protection des donn\u00e9es et \u00e0 la transparence (PFPDT), dont les coordonn\u00e9es sont disponibles au lien suivant <a href=\"https:\/\/www.edoeb.admin.ch\">https:\/\/www.edoeb.admin.ch<\/a><\/p>\n<ol start=\"9\">\n<li><strong> COMMUNICATION DES DONN\u00c9ES<\/strong><\/li>\n<\/ol>\n<p>Les donn\u00e9es ne pourront \u00eatre trait\u00e9es que par du personnel habilit\u00e9 \u00e0 cet effet (informaticiens, \u00e9galement externes \u00e0 la soci\u00e9t\u00e9, consultants, \u00e9galement externes \u00e0 la soci\u00e9t\u00e9 \u2013 informaticiens, consultants charg\u00e9s de la gestion du site, responsables marketing, \u00e9galement externes \u00e0 la soci\u00e9t\u00e9, responsables de la gestion du site, \u00e9galement externes \u00e0 la soci\u00e9t\u00e9, ainsi que les collaborateurs des secteurs concern\u00e9s par une \u00e9ventuelle demande) et par des responsables du traitement des donn\u00e9es sp\u00e9cialement d\u00e9sign\u00e9s (par exemple, les soci\u00e9t\u00e9s qui g\u00e8rent le site ou qui h\u00e9bergent le site). La liste des responsables peut \u00eatre obtenue en s&#8217;adressant au responsable du traitement des donn\u00e9es.\u00a0Tous les sujets susmentionn\u00e9s traitent uniquement les donn\u00e9es indispensables \u00e0 l&#8217;accomplissement de leurs t\u00e2ches.<\/p>\n<p>Si n\u00e9cessaire, les donn\u00e9es pourront \u00e9galement \u00eatre communiqu\u00e9es par la Soci\u00e9t\u00e9 aux autorit\u00e9s judiciaires ou polici\u00e8res, \u00e0 des avocats et \u00e0 toute autre personne concern\u00e9e afin de respecter les obligations pr\u00e9vues par la loi, par un r\u00e8glement ou par la l\u00e9gislation communautaire, ou pour faire valoir ou d\u00e9fendre un droit.<\/p>\n<ol start=\"10\">\n<li><strong> AUTRES FINALIT\u00c9S<\/strong><\/li>\n<\/ol>\n<p>Nous vous rappelons que toutes les donn\u00e9es pourront toujours \u00eatre trait\u00e9es afin de faire valoir ou de d\u00e9fendre un droit de la Soci\u00e9t\u00e9 et pour satisfaire \u00e0 toutes les obligations pr\u00e9vues par la loi, par un r\u00e8glement ou par la l\u00e9gislation communautaire, en rappelant qu&#8217;\u00e0 cet \u00e9gard, la communication des donn\u00e9es est n\u00e9cessaire et que le refus de les communiquer impliquera l&#8217;impossibilit\u00e9 d&#8217;acc\u00e9der au site et\/ou d&#8217;\u00e9tablir toute relation avec la Soci\u00e9t\u00e9 (m\u00eame simplement en envoyant un e-mail pour obtenir des informations) et que, \u00e0 ces fins, les donn\u00e9es pourront \u00eatre communiqu\u00e9es aux autorit\u00e9s judiciaires ou de police, \u00e0 des avocats et \u00e0 toute personne n\u00e9cessaire afin de satisfaire aux obligations pr\u00e9vues par la loi, par un r\u00e8glement ou la l\u00e9gislation communautaire ou pour faire valoir ou d\u00e9fendre un droit. Lorsque le RGPD s&#8217;applique, la base juridique est la poursuite d&#8217;int\u00e9r\u00eats l\u00e9gitimes et le respect des obligations l\u00e9gales. En consid\u00e9rant ces int\u00e9r\u00eats l\u00e9gitimes, il a \u00e9t\u00e9 v\u00e9rifi\u00e9 qu&#8217;ils ne compromettent ni n&#8217;interf\u00e8rent avec les int\u00e9r\u00eats ou les droits et libert\u00e9s fondamentaux de la personne concern\u00e9e (l&#8217;int\u00e9r\u00eat l\u00e9gitime a \u00e9t\u00e9 \u00e9valu\u00e9 sur la base d&#8217;un triple test disponible aupr\u00e8s de la Soci\u00e9t\u00e9).<\/p>\n<p>&nbsp;<\/p>\n<ol start=\"11\">\n<li><strong>INSTRUCTIONS POUR D\u00c9SACTIVER LES COOKIES DIRECTEMENT \u00c0 PARTIR DE VOTRE NAVIGATEUR<\/strong><\/li>\n<\/ol>\n<p>\u2013 Chrome \u2013&gt;\u00a0<a href=\"https:\/\/support.google.com\/chrome\/answer\/95647?hl=it\">https:\/\/support.google.com\/chrome\/answer\/95647?hl=it<\/a><br \/>\n\u2013 Internet Explorer \u2013&gt;\u00a0<a href=\"http:\/\/windows.microsoft.com\/it-it\/internet-explorer\/delete-manage-cookies#ie=ie-11\">http:\/\/windows.microsoft.com\/it-it\/internet-explorer\/delete-manage-cookie#ie=ie-11<\/a><br \/>\n\u2013 Opera \u2013&gt;\u00a0<a href=\"http:\/\/help.opera.com\/Windows\/10.00\/it\/cookies.html\">http:\/\/help.opera.com\/Windows\/10.00\/it\/cookie.html<\/a><br \/>\n\u2013 Safari pour dispositifs mobiles \u2013&gt;\u00a0<a href=\"http:\/\/support.apple.com\/kb\/HT1677?viewlocale=it_IT\">http:\/\/support.apple.com\/kb\/HT1677?viewlocale=it_IT<\/a><br \/>\n\u2013 Safari pour bureau\u2013&gt;\u00a0<a href=\"https:\/\/support.apple.com\/kb\/PH19214?locale=it_IT\">https:\/\/support.apple.com\/kb\/PH19214?locale=it_IT<\/a><br \/>\n\u2013 Firefox\u2013&gt;<a href=\"https:\/\/support.mozilla.org\/it\/products\/firefox\/protect-your-privacy\/cookies\">https:\/\/support.mozilla.org\/it\/products\/firefox\/protect-your-privacy\/cookie<\/a><br \/>\n\u2013 Microsoft Edge \u2013&gt;\u00a0<a href=\"http:\/\/windows.microsoft.com\/it-it\/windows-10\/edge-privacy-faq\">http:\/\/windows.microsoft.com\/it-it\/windows-10\/edge-privacy-faq<\/a><\/p>\n<p>Si vous utilisez un navigateur Web qui ne figure pas dans la liste ci-dessus, veuillez consulter la documentation ou le guide en ligne de votre navigateur pour obtenir plus d&#8217;informations.<\/p>\n<p>&nbsp;<\/p>\n<p><strong><u>Transfert de donn\u00e9es en dehors de l&#8217;Union europ\u00e9enne et de la Suisse<\/u><\/strong><\/p>\n<p>&nbsp;<\/p>\n<p>Les donn\u00e9es \u00e0 caract\u00e8re personnel collect\u00e9es au moyen de cookies et d&#8217;autres outils de suivi peuvent \u00eatre transf\u00e9r\u00e9es vers des pays situ\u00e9s en dehors de l&#8217;Union europ\u00e9enne et de la Suisse :<\/p>\n<ul>\n<li>\u00e0 des prestataires de services agissant en tant que responsables du traitement (par exemple, prestataires informatiques, h\u00e9bergeurs, \u00e9diteurs de logiciels) ;<\/li>\n<li>\u00a0\u00e0 des tiers agissant en tant que responsables autonomes du traitement (par exemple, des prestataires de services analytiques, publicitaires et de r\u00e9seaux sociaux), en ce qui concerne les cookies et les outils de suivi mentionn\u00e9s dans la pr\u00e9sente politique.<\/li>\n<\/ul>\n<p>Dans les cas o\u00f9 le RGPD s&#8217;applique, les transferts vers des pays tiers s&#8217;effectuent dans le respect des conditions pr\u00e9vues par la r\u00e9glementation europ\u00e9enne, au moyen de d\u00e9cisions d&#8217;ad\u00e9quation ou, \u00e0 d\u00e9faut, au moyen de garanties appropri\u00e9es, notamment les clauses contractuelles types adopt\u00e9es par la Commission europ\u00e9enne (art. 46, par. 2, lettre c du RGPD), dont une copie peut \u00eatre demand\u00e9e en contactant le responsable du traitement aux coordonn\u00e9es indiqu\u00e9es au point 6.<\/p>\n<p>Les donn\u00e9es peuvent \u00eatre transf\u00e9r\u00e9es vers diff\u00e9rents pays, notamment, \u00e0 titre d&#8217;exemple, les \u00c9tats-Unis d&#8217;Am\u00e9rique. Des informations actualis\u00e9es sur les destinataires peuvent \u00eatre demand\u00e9es au responsable du traitement.<\/p>\n<p>Les entit\u00e9s agissant en tant que sous-traitants \u00e0 la protection des donn\u00e9es traitent les donn\u00e9es pour le compte du responsable du traitement sur la base d&#8217;accords contractuels sp\u00e9cifiques et mettent en \u0153uvre des mesures de s\u00e9curit\u00e9 appropri\u00e9es.<\/p>\n<p>Les tiers agissant en tant que responsables autonomes du traitement traitent les donn\u00e9es \u00e0 caract\u00e8re personnel conform\u00e9ment \u00e0 leurs propres notes d&#8217;information sur la confidentialit\u00e9 et leur politique en mati\u00e8re de cookies, auxquelles nous nous r\u00e9f\u00e9rons.<\/p>\n<p>Conform\u00e9ment \u00e0 la l\u00e9gislation suisse (LPD), si le pays de destination n&#8217;assure pas un niveau de protection ad\u00e9quat, le transfert s&#8217;effectue sur la base de garanties appropri\u00e9es, notamment au moyen de clauses contractuelles types reconnues ou accept\u00e9es par le Pr\u00e9pos\u00e9 f\u00e9d\u00e9ral \u00e0 la protection des donn\u00e9es et \u00e0 la transparence (PFPDT).<\/p>\n<p>L&#8217;installation de cookies et d&#8217;autres outils de suivi soumis au consentement peut entra\u00eener le transfert de donn\u00e9es aux tiers mentionn\u00e9s ci-dessus.[\/vc_column_text][\/vc_column][\/vc_row]<\/p>\n<\/div>","protected":false},"excerpt":{"rendered":"<p>[vc_row][vc_column][vc_column_text css=&#8221;&#8221;] INTRODUCTION La pr\u00e9sente Politique de cookies est \u00e9tablie conform\u00e9ment au R\u00e8glement (UE) 2016\/679 (\u00ab RGPD \u00bb), \u00e0 la l\u00e9gislation europ\u00e9enne applicable en mati\u00e8re de cookies et d&#8217;outils de suivi, ainsi qu&#8217;\u00e0 la loi f\u00e9d\u00e9rale suisse sur la protection des donn\u00e9es (\u00ab LPD \u00bb), en tenant compte des recommandations du Pr\u00e9pos\u00e9 f\u00e9d\u00e9ral \u00e0 la protection des donn\u00e9es et \u00e0 la transparence (PFPDT). Elle s&#8217;applique aux utilisateurs du site et d\u00e9crit l&#8217;utilisation [&hellip;]<\/p>\n","protected":false},"author":5358,"featured_media":0,"parent":0,"menu_order":0,"comment_status":"closed","ping_status":"closed","template":"","meta":{"inline_featured_image":false,"footnotes":""},"class_list":["post-549555","page","type-page","status-publish","hentry"],"yoast_head":"<!-- This site is optimized with the Yoast SEO plugin v27.3 - https:\/\/yoast.com\/product\/yoast-seo-wordpress\/ -->\n<title>Politique de cookies - Illycaf\u00e9 | Premium Kaffee kaufen | Gastronomie, Firmen, Privat<\/title>\n<meta name=\"robots\" content=\"noindex, nofollow\" \/>\n<meta property=\"og:locale\" content=\"fr_FR\" \/>\n<meta property=\"og:type\" content=\"article\" \/>\n<meta property=\"og:title\" content=\"Politique de cookies - Illycaf\u00e9 | Premium Kaffee kaufen | Gastronomie, Firmen, Privat\" \/>\n<meta property=\"og:description\" content=\"[vc_row][vc_column][vc_column_text css=&#8221;&#8221;] INTRODUCTION La pr\u00e9sente Politique de cookies est \u00e9tablie conform\u00e9ment au R\u00e8glement (UE) 2016\/679 (\u00ab RGPD \u00bb), \u00e0 la l\u00e9gislation europ\u00e9enne applicable en mati\u00e8re de cookies et d&#8217;outils de suivi, ainsi qu&#8217;\u00e0 la loi f\u00e9d\u00e9rale suisse sur la protection des donn\u00e9es (\u00ab LPD \u00bb), en tenant compte des recommandations du Pr\u00e9pos\u00e9 f\u00e9d\u00e9ral \u00e0 la protection des donn\u00e9es et \u00e0 la transparence (PFPDT). Elle s&#8217;applique aux utilisateurs du site et d\u00e9crit l&#8217;utilisation [&hellip;]\" \/>\n<meta property=\"og:url\" content=\"https:\/\/illycafe.ch\/fr\/politique-de-cookies\/\" \/>\n<meta property=\"og:site_name\" content=\"Illycaf\u00e9 | Premium Kaffee kaufen | Gastronomie, Firmen, Privat\" \/>\n<meta property=\"article:modified_time\" content=\"2026-04-30T09:55:54+00:00\" \/>\n<meta name=\"twitter:card\" content=\"summary_large_image\" \/>\n<meta name=\"twitter:label1\" content=\"Dur\u00e9e de lecture estim\u00e9e\" \/>\n\t<meta name=\"twitter:data1\" content=\"11 minutes\" \/>\n<script type=\"application\/ld+json\" class=\"yoast-schema-graph\">{\"@context\":\"https:\\\/\\\/schema.org\",\"@graph\":[{\"@type\":\"WebPage\",\"@id\":\"https:\\\/\\\/illycafe.ch\\\/fr\\\/politique-de-cookies\\\/\",\"url\":\"https:\\\/\\\/illycafe.ch\\\/fr\\\/politique-de-cookies\\\/\",\"name\":\"Politique de cookies - Illycaf\u00e9 | Premium Kaffee kaufen | Gastronomie, Firmen, Privat\",\"isPartOf\":{\"@id\":\"https:\\\/\\\/illycafe.ch\\\/#website\"},\"datePublished\":\"2026-04-29T10:21:27+00:00\",\"dateModified\":\"2026-04-30T09:55:54+00:00\",\"breadcrumb\":{\"@id\":\"https:\\\/\\\/illycafe.ch\\\/fr\\\/politique-de-cookies\\\/#breadcrumb\"},\"inLanguage\":\"fr-FR\",\"potentialAction\":[{\"@type\":\"ReadAction\",\"target\":[\"https:\\\/\\\/illycafe.ch\\\/fr\\\/politique-de-cookies\\\/\"]}]},{\"@type\":\"BreadcrumbList\",\"@id\":\"https:\\\/\\\/illycafe.ch\\\/fr\\\/politique-de-cookies\\\/#breadcrumb\",\"itemListElement\":[{\"@type\":\"ListItem\",\"position\":1,\"name\":\"Accueil\",\"item\":\"https:\\\/\\\/illycafe.ch\\\/fr\\\/\"},{\"@type\":\"ListItem\",\"position\":2,\"name\":\"Politique de cookies\"}]},{\"@type\":\"WebSite\",\"@id\":\"https:\\\/\\\/illycafe.ch\\\/#website\",\"url\":\"https:\\\/\\\/illycafe.ch\\\/\",\"name\":\"Illycaf\u00e9 | Premium Kaffee kaufen | Gastronomie, Firmen, Privat\",\"description\":\"Italienische Kaffeekultur. Schweizer Qualit\u00e4t.\",\"potentialAction\":[{\"@type\":\"SearchAction\",\"target\":{\"@type\":\"EntryPoint\",\"urlTemplate\":\"https:\\\/\\\/illycafe.ch\\\/?s={search_term_string}\"},\"query-input\":{\"@type\":\"PropertyValueSpecification\",\"valueRequired\":true,\"valueName\":\"search_term_string\"}}],\"inLanguage\":\"fr-FR\"}]}<\/script>\n<!-- \/ Yoast SEO plugin. -->","yoast_head_json":{"title":"Politique de cookies - Illycaf\u00e9 | Premium Kaffee kaufen | Gastronomie, Firmen, Privat","robots":{"index":"noindex","follow":"nofollow"},"og_locale":"fr_FR","og_type":"article","og_title":"Politique de cookies - Illycaf\u00e9 | Premium Kaffee kaufen | Gastronomie, Firmen, Privat","og_description":"[vc_row][vc_column][vc_column_text css=&#8221;&#8221;] INTRODUCTION La pr\u00e9sente Politique de cookies est \u00e9tablie conform\u00e9ment au R\u00e8glement (UE) 2016\/679 (\u00ab RGPD \u00bb), \u00e0 la l\u00e9gislation europ\u00e9enne applicable en mati\u00e8re de cookies et d&#8217;outils de suivi, ainsi qu&#8217;\u00e0 la loi f\u00e9d\u00e9rale suisse sur la protection des donn\u00e9es (\u00ab LPD \u00bb), en tenant compte des recommandations du Pr\u00e9pos\u00e9 f\u00e9d\u00e9ral \u00e0 la protection des donn\u00e9es et \u00e0 la transparence (PFPDT). Elle s&#8217;applique aux utilisateurs du site et d\u00e9crit l&#8217;utilisation [&hellip;]","og_url":"https:\/\/illycafe.ch\/fr\/politique-de-cookies\/","og_site_name":"Illycaf\u00e9 | Premium Kaffee kaufen | Gastronomie, Firmen, Privat","article_modified_time":"2026-04-30T09:55:54+00:00","twitter_card":"summary_large_image","twitter_misc":{"Dur\u00e9e de lecture estim\u00e9e":"11 minutes"},"schema":{"@context":"https:\/\/schema.org","@graph":[{"@type":"WebPage","@id":"https:\/\/illycafe.ch\/fr\/politique-de-cookies\/","url":"https:\/\/illycafe.ch\/fr\/politique-de-cookies\/","name":"Politique de cookies - Illycaf\u00e9 | Premium Kaffee kaufen | Gastronomie, Firmen, Privat","isPartOf":{"@id":"https:\/\/illycafe.ch\/#website"},"datePublished":"2026-04-29T10:21:27+00:00","dateModified":"2026-04-30T09:55:54+00:00","breadcrumb":{"@id":"https:\/\/illycafe.ch\/fr\/politique-de-cookies\/#breadcrumb"},"inLanguage":"fr-FR","potentialAction":[{"@type":"ReadAction","target":["https:\/\/illycafe.ch\/fr\/politique-de-cookies\/"]}]},{"@type":"BreadcrumbList","@id":"https:\/\/illycafe.ch\/fr\/politique-de-cookies\/#breadcrumb","itemListElement":[{"@type":"ListItem","position":1,"name":"Accueil","item":"https:\/\/illycafe.ch\/fr\/"},{"@type":"ListItem","position":2,"name":"Politique de cookies"}]},{"@type":"WebSite","@id":"https:\/\/illycafe.ch\/#website","url":"https:\/\/illycafe.ch\/","name":"Illycaf\u00e9 | Premium Kaffee kaufen | Gastronomie, Firmen, Privat","description":"Italienische Kaffeekultur. Schweizer Qualit\u00e4t.","potentialAction":[{"@type":"SearchAction","target":{"@type":"EntryPoint","urlTemplate":"https:\/\/illycafe.ch\/?s={search_term_string}"},"query-input":{"@type":"PropertyValueSpecification","valueRequired":true,"valueName":"search_term_string"}}],"inLanguage":"fr-FR"}]}},"_links":{"self":[{"href":"https:\/\/illycafe.ch\/fr\/wp-json\/wp\/v2\/pages\/549555","targetHints":{"allow":["GET"]}}],"collection":[{"href":"https:\/\/illycafe.ch\/fr\/wp-json\/wp\/v2\/pages"}],"about":[{"href":"https:\/\/illycafe.ch\/fr\/wp-json\/wp\/v2\/types\/page"}],"author":[{"embeddable":true,"href":"https:\/\/illycafe.ch\/fr\/wp-json\/wp\/v2\/users\/5358"}],"replies":[{"embeddable":true,"href":"https:\/\/illycafe.ch\/fr\/wp-json\/wp\/v2\/comments?post=549555"}],"version-history":[{"count":0,"href":"https:\/\/illycafe.ch\/fr\/wp-json\/wp\/v2\/pages\/549555\/revisions"}],"wp:attachment":[{"href":"https:\/\/illycafe.ch\/fr\/wp-json\/wp\/v2\/media?parent=549555"}],"curies":[{"name":"wp","href":"https:\/\/api.w.org\/{rel}","templated":true}]}}