{"id":192203,"date":"2024-07-15T11:12:57","date_gmt":"2024-07-15T09:12:57","guid":{"rendered":"https:\/\/illycafe.ch\/?post_type=product&#038;p=192203"},"modified":"2024-12-10T11:21:09","modified_gmt":"2024-12-10T10:21:09","slug":"moka-rouge-a-induction-alessi-3-tasses","status":"publish","type":"product","link":"https:\/\/illycafe.ch\/fr\/produit\/moka-rouge-a-induction-alessi-3-tasses\/","title":{"rendered":"Moka rouge \u00e0 induction Alessi 3 tasses"},"content":{"rendered":"<div class=\"wpb-content-wrapper\"><p>[vc_row][vc_column][\/vc_column][\/vc_row][vc_row el_class=&#8221;none-sub-products&#8221; el_id=&#8221;sub-product&#8221; css=&#8221;.vc_custom_1723021695272{background-color: #ffffff !important;}&#8221;][vc_column width=&#8221;1\/6&#8243;][\/vc_column][vc_column width=&#8221;2\/3&#8243; css=&#8221;.vc_custom_1722498456585{padding-top: 32px !important;padding-bottom: 32px !important;}&#8221;][vc_column_text]<\/p>\n<h2 style=\"text-align: center; color: #512c1f; font-size: 34; font-family: 'Manrope',sans-serif;\">Caract\u00e9ristiques principales<\/h2>\n<p>[\/vc_column_text][vc_empty_space height=&#8221;35px&#8221;][vc_row_inner el_class=&#8221;row-icons&#8221;][vc_column_inner width=&#8221;1\/3&#8243; css=&#8221;.vc_custom_1723018477715{padding-right: 20px !important;padding-left: 20px !important;}&#8221;][vc_single_image image=&#8221;104445&#8243; img_size=&#8221;60&#215;60&#8243; alignment=&#8221;center&#8221;][vc_column_text css=&#8221;&#8221;]<\/p>\n<h6 style=\"text-align: center;\"><strong>Format de caf\u00e9 :<\/strong><\/h6>\n<p style=\"text-align: center;\">Pour le caf\u00e9 moulu<\/p>\n<p>[\/vc_column_text][vc_empty_space height=&#8221;15px&#8221;][\/vc_column_inner][vc_column_inner width=&#8221;1\/3&#8243; css=&#8221;.vc_custom_1723018486731{padding-right: 20px !important;padding-left: 20px !important;}&#8221;][vc_single_image image=&#8221;104388&#8243; img_size=&#8221;60&#215;60&#8243; alignment=&#8221;center&#8221;][vc_column_text css=&#8221;&#8221;]<\/p>\n<h6 style=\"text-align: center;\"><strong>Valeur ajout\u00e9e :<\/strong><\/h6>\n<p style=\"text-align: center;\">Cafeti\u00e8re pour pr\u00e9parations de moka<\/p>\n<p>[\/vc_column_text][vc_empty_space height=&#8221;15px&#8221;][\/vc_column_inner][vc_column_inner width=&#8221;1\/3&#8243; css=&#8221;.vc_custom_1723018493419{padding-right: 20px !important;padding-left: 20px !important;}&#8221;][vc_single_image image=&#8221;104448&#8243; img_size=&#8221;60&#215;60&#8243; alignment=&#8221;center&#8221;][vc_column_text css=&#8221;&#8221;]<\/p>\n<h6 style=\"text-align: center;\"><strong> Vorteil:<\/strong><\/h6>\n<p style=\"text-align: center;\">Un design unique qui sublime le caf\u00e9<\/p>\n<p>[\/vc_column_text][vc_empty_space height=&#8221;15px&#8221;][\/vc_column_inner][\/vc_row_inner][\/vc_column][vc_column width=&#8221;1\/6&#8243;][\/vc_column][\/vc_row][vc_row el_class=&#8221;none-sub-products&#8221; el_id=&#8221;sub-product-acc&#8221; css=&#8221;.vc_custom_1722497764635{background-color: #f2e9da !important;}&#8221;][vc_column width=&#8221;1\/6&#8243;][\/vc_column][vc_column width=&#8221;2\/3&#8243; css=&#8221;.vc_custom_1722498426609{padding-top: 80px !important;padding-bottom: 80px !important;}&#8221;]<div class=\"eltdf-accordion-holder eltdf-ac-default  eltdf-toggle eltdf-ac-simple  clearfix\">\n\t<h4 class=\"eltdf-accordion-title\">\n    <span class=\"eltdf-accordion-mark\">\n\t\t<span class=\"eltdf_icon_plus icon_plus\"><\/span>\n\t\t<span class=\"eltdf_icon_minus icon_minus-06\"><\/span>\n\t<\/span>\n\t<span class=\"eltdf-tab-title\">D\u00e9tails du produit<\/span>\n<\/h4>\n<div class=\"eltdf-accordion-content\">\n\t<div class=\"eltdf-accordion-content-inner\">\n\t\t[vc_column_text css=&#8221;&#8221;]R\u00e9f\u00e9rence produit : <strong>21908<\/strong>[\/vc_column_text]\t<\/div>\n<\/div><h4 class=\"eltdf-accordion-title\">\n    <span class=\"eltdf-accordion-mark\">\n\t\t<span class=\"eltdf_icon_plus icon_plus\"><\/span>\n\t\t<span class=\"eltdf_icon_minus icon_minus-06\"><\/span>\n\t<\/span>\n\t<span class=\"eltdf-tab-title\">Exp\u00e9dition<\/span>\n<\/h4>\n<div class=\"eltdf-accordion-content\">\n\t<div class=\"eltdf-accordion-content-inner\">\n\t\t[vc_column_text]<strong>Livraison, frais de port, modes de paiement<\/strong><\/p>\n<p><strong>Livraison:<\/strong><\/p>\n<p>Votre commande sera livr\u00e9e rapidement et de mani\u00e8re fiable.<\/p>\n<p>Nous travaillons avec FedEx.<\/p>\n<p>Vous recevrez une confirmation d&#8217;exp\u00e9dition d\u00e8s que votre commande quittera notre entrep\u00f4t.<\/p>\n<p>Les livraisons sont effectu\u00e9es exclusivement en Allemagne.<\/p>\n<p>Malheureusement, la livraison aux adresses de bo\u00eetes postales ou aux stations d&#8217;emballage n&#8217;est pas possible.<\/p>\n<p>Pour toutes les commandes sup\u00e9rieures \u00e0 60,00 \u20ac, la livraison en Allemagne est gratuite.<\/p>\n<p>illycaff\u00e8 ordonne la livraison des produits command\u00e9s par coursier \u00e0 l&#8217;adresse indiqu\u00e9e dans un d\u00e9lai d&#8217;environ 48 heures ouvrables \u00e0 compter de la r\u00e9ception de la commande. D\u00e9lai de livraison environ 4 \u00e0 5 jours ouvr\u00e9s.<\/p>\n<p>Vous serez inform\u00e9 de l&#8217;\u00e9tat de votre commande par email \u00e0 tout moment sur simple demande.<br \/>\nLa soci\u00e9t\u00e9 illy et ses partenaires ne pourront \u00eatre tenus responsables de tout dommage d\u00fb \u00e0 un retard de transport.<\/p>\n<p>Les commandes re\u00e7ues le samedi, le dimanche ou les jours f\u00e9ri\u00e9s ne seront trait\u00e9es au plus t\u00f4t que le jour ouvrable suivant.<\/p>\n<p>Il peut arriver que la commande soit emball\u00e9e en plusieurs colis pouvant arriver \u00e0 des jours diff\u00e9rents.<\/p>\n<p>Paypal<\/p>\n<p>Carte de cr\u00e9dit : VISA, MASTERCARD, AMERICAN EXPRESS<\/p>\n<p><strong>Commande en plusieurs colis<\/strong><\/p>\n<p>Si vous commandez plusieurs produits chez illy, nous exp\u00e9dierons toujours vos articles le plus rapidement possible. Il peut arriver que ceux-ci soient envoy\u00e9s s\u00e9par\u00e9ment et r\u00e9partis en plusieurs colis.[\/vc_column_text]\t<\/div>\n<\/div><\/div>[\/vc_column][vc_column width=&#8221;1\/6&#8243;][\/vc_column][\/vc_row][vc_row el_class=&#8221;none-sub-products&#8221;][vc_column width=&#8221;1\/12&#8243;][\/vc_column][vc_column width=&#8221;10\/12&#8243;][vc_column_text]<div data-post-id=\"104373\" class=\"insert-page insert-page-104373 \"><style type=\"text\/css\" data-type=\"vc_custom-css\">div#illy-lovers-banner .titol-banner h4 {\r\n    font-size: 30px;\r\n    font-family: &#039;Manrope&#039;, sans-serif;\r\n    color: #512C1F !important;\r\n    font-weight: 500;\r\n    margin-top: 0px !important;\r\n    letter-spacing: 0px;\r\n}\r\n\r\ndiv#illy-lovers-banner .text-banner p{\r\n    font-family: &#039;Manrope&#039;, sans-serif;\r\n    color: #512c1f;\r\n    font-size: 16px;\r\n    font-weight: 500;\r\n}\r\n\r\na.btn-brown button {\r\n    background: #512c1f !important;\r\n    color: #fff !important;\r\n    letter-spacing: 0px;\r\n    border-radius: 5px !important;\r\n    padding: 8px 35px !important;\r\n    font-family: &#039;Manrope&#039;, sans-serif !important;\r\n    font-weight: 500;\r\n    font-size: 14px !important;\r\n    transition: linear 0.7s;\r\n    margin-top:10px !important;\r\n}\r\n\r\na.btn-brown button:hover {\r\n    box-shadow: inset 0px -100px 0px #D12420;\r\n\tcolor:#fff !important;\r\n}<\/style><style type=\"text\/css\" data-type=\"vc_shortcodes-custom-css\">.vc_custom_1723021922849{margin-top: 50px !important;margin-bottom: 80px !important;padding-top: 40px !important;padding-right: 30px !important;padding-bottom: 40px !important;padding-left: 30px !important;background: #ffffff url(https:\/\/illycafe.ch\/wp-content\/uploads\/img_04@2x.jpg?id=104376) !important;background-position: center !important;background-repeat: no-repeat !important;background-size: cover !important;}.vc_custom_1722931185055{margin-top: 0px !important;margin-bottom: 0px !important;margin-left: 0px !important;padding-top: 0px !important;padding-right: 0px !important;padding-bottom: 0px !important;padding-left: 0px !important;}<\/style><div class=\"wpb-content-wrapper\"><p>[vc_row css=&#8221;.vc_custom_1723021922849{margin-top: 50px !important;margin-bottom: 80px !important;padding-top: 40px !important;padding-right: 30px !important;padding-bottom: 40px !important;padding-left: 30px !important;background: #ffffff url(https:\/\/illycafe.ch\/wp-content\/uploads\/img_04@2x.jpg?id=104376) !important;background-position: center center;background-repeat: no-repeat !important;background-size: cover !important;}&#8221; el_id=&#8221;illy-lovers-banner&#8221;][vc_column css=&#8221;.vc_custom_1722931185055{margin-top: 0px !important;margin-bottom: 0px !important;margin-left: 0px !important;padding-top: 0px !important;padding-right: 0px !important;padding-bottom: 0px !important;padding-left: 0px !important;}&#8221;][vc_column_text el_class=&#8221;titol-banner&#8221;]<\/p>\n<h4>ILLY LOVERS<\/h4>\n<p>[\/vc_column_text][vc_column_text el_class=&#8221;text-banner&#8221;]Rejoignez la communaut\u00e9 et d\u00e9couvrez les surprises<br \/>\net les avantages exclusifs que nous vous r\u00e9servons.<\/p>\n<p>[\/vc_column_text][vc_raw_html]JTNDYSUyMGNsYXNzJTNEJTIyYnRuLWJyb3duJTIyJTNFJTNDYnV0dG9uJTNFSW5zY3JpdmVzLXZvdXMlMjBtYWludGVuYW50JTNDJTJGYnV0dG9uJTNFJTNDJTJGYSUzRQ==[\/vc_raw_html][\/vc_column][\/vc_row]<\/p>\n<\/div><\/div>[\/vc_column_text][\/vc_column][vc_column width=&#8221;1\/12&#8243;][\/vc_column][\/vc_row]<\/p>\n<\/div>","protected":false},"excerpt":{"rendered":"<p>Caf\u00e9 pour cafeti\u00e8re italienne<br \/>\n3 tasses<\/p>\n","protected":false},"featured_media":192201,"comment_status":"closed","ping_status":"closed","template":"","meta":{"inline_featured_image":false},"product_cat":[1109],"product_tag":[],"class_list":{"0":"post-192203","1":"product","2":"type-product","3":"status-publish","4":"has-post-thumbnail","6":"product_cat-machines-a-cafe","8":"first","9":"instock","10":"taxable","11":"shipping-taxable","12":"purchasable","13":"product-type-simple"},"yoast_head":"<!-- This site is optimized with the Yoast SEO plugin v27.3 - https:\/\/yoast.com\/product\/yoast-seo-wordpress\/ -->\n<title>Moka rouge \u00e0 induction Alessi 3 tasses - Illycaf\u00e9 | Premium Kaffee kaufen | Gastronomie, Firmen, Privat<\/title>\n<meta name=\"robots\" content=\"index, follow, max-snippet:-1, max-image-preview:large, max-video-preview:-1\" \/>\n<link rel=\"canonical\" href=\"https:\/\/illycafe.ch\/produit\/kaffeekanne-fuer-3-tassen-die-rote-alessi-pulcina-mokkakanne-fuer-induktionsherde\/\" \/>\n<meta property=\"og:locale\" content=\"fr_FR\" \/>\n<meta property=\"og:type\" content=\"article\" \/>\n<meta property=\"og:title\" content=\"Moka rouge \u00e0 induction Alessi 3 tasses - Illycaf\u00e9 | Premium Kaffee kaufen | Gastronomie, Firmen, Privat\" \/>\n<meta property=\"og:description\" content=\"Caf\u00e9 pour cafeti\u00e8re italienne 3 tasses\" \/>\n<meta property=\"og:url\" content=\"https:\/\/illycafe.ch\/produit\/kaffeekanne-fuer-3-tassen-die-rote-alessi-pulcina-mokkakanne-fuer-induktionsherde\/\" \/>\n<meta property=\"og:site_name\" content=\"Illycaf\u00e9 | Premium Kaffee kaufen | Gastronomie, Firmen, Privat\" \/>\n<meta property=\"article:modified_time\" content=\"2024-12-10T10:21:09+00:00\" \/>\n<meta property=\"og:image\" content=\"https:\/\/illycafe.ch\/wp-content\/uploads\/21908_High_1x_01.png\" \/>\n\t<meta property=\"og:image:width\" content=\"700\" \/>\n\t<meta property=\"og:image:height\" content=\"770\" \/>\n\t<meta property=\"og:image:type\" content=\"image\/png\" \/>\n<meta name=\"twitter:card\" content=\"summary_large_image\" \/>\n<meta name=\"twitter:label1\" content=\"Dur\u00e9e de lecture estim\u00e9e\" \/>\n\t<meta name=\"twitter:data1\" content=\"2 minutes\" \/>\n<script type=\"application\/ld+json\" class=\"yoast-schema-graph\">{\"@context\":\"https:\\\/\\\/schema.org\",\"@graph\":[{\"@type\":\"WebPage\",\"@id\":\"https:\\\/\\\/illycafe.ch\\\/produit\\\/kaffeekanne-fuer-3-tassen-die-rote-alessi-pulcina-mokkakanne-fuer-induktionsherde\\\/\",\"url\":\"https:\\\/\\\/illycafe.ch\\\/produit\\\/kaffeekanne-fuer-3-tassen-die-rote-alessi-pulcina-mokkakanne-fuer-induktionsherde\\\/\",\"name\":\"Moka rouge \u00e0 induction Alessi 3 tasses - Illycaf\u00e9 | Premium Kaffee kaufen | Gastronomie, Firmen, Privat\",\"isPartOf\":{\"@id\":\"https:\\\/\\\/illycafe.ch\\\/#website\"},\"primaryImageOfPage\":{\"@id\":\"https:\\\/\\\/illycafe.ch\\\/produit\\\/kaffeekanne-fuer-3-tassen-die-rote-alessi-pulcina-mokkakanne-fuer-induktionsherde\\\/#primaryimage\"},\"image\":{\"@id\":\"https:\\\/\\\/illycafe.ch\\\/produit\\\/kaffeekanne-fuer-3-tassen-die-rote-alessi-pulcina-mokkakanne-fuer-induktionsherde\\\/#primaryimage\"},\"thumbnailUrl\":\"https:\\\/\\\/illycafe.ch\\\/wp-content\\\/uploads\\\/21908_High_1x_01.png\",\"datePublished\":\"2024-07-15T09:12:57+00:00\",\"dateModified\":\"2024-12-10T10:21:09+00:00\",\"breadcrumb\":{\"@id\":\"https:\\\/\\\/illycafe.ch\\\/produit\\\/kaffeekanne-fuer-3-tassen-die-rote-alessi-pulcina-mokkakanne-fuer-induktionsherde\\\/#breadcrumb\"},\"inLanguage\":\"fr-FR\",\"potentialAction\":[{\"@type\":\"ReadAction\",\"target\":[\"https:\\\/\\\/illycafe.ch\\\/produit\\\/kaffeekanne-fuer-3-tassen-die-rote-alessi-pulcina-mokkakanne-fuer-induktionsherde\\\/\"]}]},{\"@type\":\"ImageObject\",\"inLanguage\":\"fr-FR\",\"@id\":\"https:\\\/\\\/illycafe.ch\\\/produit\\\/kaffeekanne-fuer-3-tassen-die-rote-alessi-pulcina-mokkakanne-fuer-induktionsherde\\\/#primaryimage\",\"url\":\"https:\\\/\\\/illycafe.ch\\\/wp-content\\\/uploads\\\/21908_High_1x_01.png\",\"contentUrl\":\"https:\\\/\\\/illycafe.ch\\\/wp-content\\\/uploads\\\/21908_High_1x_01.png\",\"width\":700,\"height\":770},{\"@type\":\"BreadcrumbList\",\"@id\":\"https:\\\/\\\/illycafe.ch\\\/produit\\\/kaffeekanne-fuer-3-tassen-die-rote-alessi-pulcina-mokkakanne-fuer-induktionsherde\\\/#breadcrumb\",\"itemListElement\":[{\"@type\":\"ListItem\",\"position\":1,\"name\":\"Accueil\",\"item\":\"https:\\\/\\\/illycafe.ch\\\/fr\\\/\"},{\"@type\":\"ListItem\",\"position\":2,\"name\":\"Boutique\",\"item\":\"https:\\\/\\\/illycafe.ch\\\/fr\\\/boutique\\\/\"},{\"@type\":\"ListItem\",\"position\":3,\"name\":\"Moka rouge \u00e0 induction Alessi 3 tasses\"}]},{\"@type\":\"WebSite\",\"@id\":\"https:\\\/\\\/illycafe.ch\\\/#website\",\"url\":\"https:\\\/\\\/illycafe.ch\\\/\",\"name\":\"Illycaf\u00e9 | Premium Kaffee kaufen | Gastronomie, Firmen, Privat\",\"description\":\"Italienische Kaffeekultur. Schweizer Qualit\u00e4t.\",\"potentialAction\":[{\"@type\":\"SearchAction\",\"target\":{\"@type\":\"EntryPoint\",\"urlTemplate\":\"https:\\\/\\\/illycafe.ch\\\/?s={search_term_string}\"},\"query-input\":{\"@type\":\"PropertyValueSpecification\",\"valueRequired\":true,\"valueName\":\"search_term_string\"}}],\"inLanguage\":\"fr-FR\"}]}<\/script>\n<!-- \/ Yoast SEO plugin. -->","yoast_head_json":{"title":"Moka rouge \u00e0 induction Alessi 3 tasses - Illycaf\u00e9 | Premium Kaffee kaufen | Gastronomie, Firmen, Privat","robots":{"index":"index","follow":"follow","max-snippet":"max-snippet:-1","max-image-preview":"max-image-preview:large","max-video-preview":"max-video-preview:-1"},"canonical":"https:\/\/illycafe.ch\/produit\/kaffeekanne-fuer-3-tassen-die-rote-alessi-pulcina-mokkakanne-fuer-induktionsherde\/","og_locale":"fr_FR","og_type":"article","og_title":"Moka rouge \u00e0 induction Alessi 3 tasses - Illycaf\u00e9 | Premium Kaffee kaufen | Gastronomie, Firmen, Privat","og_description":"Caf\u00e9 pour cafeti\u00e8re italienne 3 tasses","og_url":"https:\/\/illycafe.ch\/produit\/kaffeekanne-fuer-3-tassen-die-rote-alessi-pulcina-mokkakanne-fuer-induktionsherde\/","og_site_name":"Illycaf\u00e9 | Premium Kaffee kaufen | Gastronomie, Firmen, Privat","article_modified_time":"2024-12-10T10:21:09+00:00","og_image":[{"width":700,"height":770,"url":"https:\/\/illycafe.ch\/wp-content\/uploads\/21908_High_1x_01.png","type":"image\/png"}],"twitter_card":"summary_large_image","twitter_misc":{"Dur\u00e9e de lecture estim\u00e9e":"2 minutes"},"schema":{"@context":"https:\/\/schema.org","@graph":[{"@type":"WebPage","@id":"https:\/\/illycafe.ch\/produit\/kaffeekanne-fuer-3-tassen-die-rote-alessi-pulcina-mokkakanne-fuer-induktionsherde\/","url":"https:\/\/illycafe.ch\/produit\/kaffeekanne-fuer-3-tassen-die-rote-alessi-pulcina-mokkakanne-fuer-induktionsherde\/","name":"Moka rouge \u00e0 induction Alessi 3 tasses - Illycaf\u00e9 | Premium Kaffee kaufen | Gastronomie, Firmen, Privat","isPartOf":{"@id":"https:\/\/illycafe.ch\/#website"},"primaryImageOfPage":{"@id":"https:\/\/illycafe.ch\/produit\/kaffeekanne-fuer-3-tassen-die-rote-alessi-pulcina-mokkakanne-fuer-induktionsherde\/#primaryimage"},"image":{"@id":"https:\/\/illycafe.ch\/produit\/kaffeekanne-fuer-3-tassen-die-rote-alessi-pulcina-mokkakanne-fuer-induktionsherde\/#primaryimage"},"thumbnailUrl":"https:\/\/illycafe.ch\/wp-content\/uploads\/21908_High_1x_01.png","datePublished":"2024-07-15T09:12:57+00:00","dateModified":"2024-12-10T10:21:09+00:00","breadcrumb":{"@id":"https:\/\/illycafe.ch\/produit\/kaffeekanne-fuer-3-tassen-die-rote-alessi-pulcina-mokkakanne-fuer-induktionsherde\/#breadcrumb"},"inLanguage":"fr-FR","potentialAction":[{"@type":"ReadAction","target":["https:\/\/illycafe.ch\/produit\/kaffeekanne-fuer-3-tassen-die-rote-alessi-pulcina-mokkakanne-fuer-induktionsherde\/"]}]},{"@type":"ImageObject","inLanguage":"fr-FR","@id":"https:\/\/illycafe.ch\/produit\/kaffeekanne-fuer-3-tassen-die-rote-alessi-pulcina-mokkakanne-fuer-induktionsherde\/#primaryimage","url":"https:\/\/illycafe.ch\/wp-content\/uploads\/21908_High_1x_01.png","contentUrl":"https:\/\/illycafe.ch\/wp-content\/uploads\/21908_High_1x_01.png","width":700,"height":770},{"@type":"BreadcrumbList","@id":"https:\/\/illycafe.ch\/produit\/kaffeekanne-fuer-3-tassen-die-rote-alessi-pulcina-mokkakanne-fuer-induktionsherde\/#breadcrumb","itemListElement":[{"@type":"ListItem","position":1,"name":"Accueil","item":"https:\/\/illycafe.ch\/fr\/"},{"@type":"ListItem","position":2,"name":"Boutique","item":"https:\/\/illycafe.ch\/fr\/boutique\/"},{"@type":"ListItem","position":3,"name":"Moka rouge \u00e0 induction Alessi 3 tasses"}]},{"@type":"WebSite","@id":"https:\/\/illycafe.ch\/#website","url":"https:\/\/illycafe.ch\/","name":"Illycaf\u00e9 | Premium Kaffee kaufen | Gastronomie, Firmen, Privat","description":"Italienische Kaffeekultur. Schweizer Qualit\u00e4t.","potentialAction":[{"@type":"SearchAction","target":{"@type":"EntryPoint","urlTemplate":"https:\/\/illycafe.ch\/?s={search_term_string}"},"query-input":{"@type":"PropertyValueSpecification","valueRequired":true,"valueName":"search_term_string"}}],"inLanguage":"fr-FR"}]}},"_links":{"self":[{"href":"https:\/\/illycafe.ch\/fr\/wp-json\/wp\/v2\/product\/192203","targetHints":{"allow":["GET"]}}],"collection":[{"href":"https:\/\/illycafe.ch\/fr\/wp-json\/wp\/v2\/product"}],"about":[{"href":"https:\/\/illycafe.ch\/fr\/wp-json\/wp\/v2\/types\/product"}],"replies":[{"embeddable":true,"href":"https:\/\/illycafe.ch\/fr\/wp-json\/wp\/v2\/comments?post=192203"}],"wp:featuredmedia":[{"embeddable":true,"href":"https:\/\/illycafe.ch\/fr\/wp-json\/wp\/v2\/media\/192201"}],"wp:attachment":[{"href":"https:\/\/illycafe.ch\/fr\/wp-json\/wp\/v2\/media?parent=192203"}],"wp:term":[{"taxonomy":"product_cat","embeddable":true,"href":"https:\/\/illycafe.ch\/fr\/wp-json\/wp\/v2\/product_cat?post=192203"},{"taxonomy":"product_tag","embeddable":true,"href":"https:\/\/illycafe.ch\/fr\/wp-json\/wp\/v2\/product_tag?post=192203"}],"curies":[{"name":"wp","href":"https:\/\/api.w.org\/{rel}","templated":true}]}}