{"id":264008,"date":"2025-05-22T10:17:06","date_gmt":"2025-05-22T08:17:11","guid":{"rendered":"https:\/\/illycafe.ch\/?post_type=product&#038;p=264008"},"modified":"2025-06-11T20:04:06","modified_gmt":"2025-06-11T18:04:06","slug":"ensemble-de-deux-tasses-a-cappuccino-illy-art-collection-sol-calero","status":"publish","type":"product","link":"https:\/\/illycafe.ch\/fr\/produit\/ensemble-de-deux-tasses-a-cappuccino-illy-art-collection-sol-calero\/","title":{"rendered":"Ensemble De Deux Tasses \u00c0 Cappuccino \u2013 Illy Art Collection Sol Calero"},"content":{"rendered":"<div class=\"wpb-content-wrapper\"><p>[vc_row][vc_column][vc_column_text css=&#8221;&#8221;][\/vc_column_text][\/vc_column][\/vc_row][vc_row el_class=&#8221;none-sub-products&#8221; el_id=&#8221;sub-product-acc&#8221; css=&#8221;.vc_custom_1722497764635{background-color: #f2e9da !important;}&#8221;][vc_column width=&#8221;1\/6&#8243;][\/vc_column][vc_column width=&#8221;2\/3&#8243; css=&#8221;.vc_custom_1722498426609{padding-top: 80px !important;padding-bottom: 80px !important;}&#8221;]<div class=\"eltdf-accordion-holder eltdf-ac-default  eltdf-toggle eltdf-ac-simple  clearfix\">\n\t<h4 class=\"eltdf-accordion-title\">\n    <span class=\"eltdf-accordion-mark\">\n\t\t<span class=\"eltdf_icon_plus icon_plus\"><\/span>\n\t\t<span class=\"eltdf_icon_minus icon_minus-06\"><\/span>\n\t<\/span>\n\t<span class=\"eltdf-tab-title\">Produktangaben<\/span>\n<\/h4>\n<div class=\"eltdf-accordion-content\">\n\t<div class=\"eltdf-accordion-content-inner\">\n\t\t[vc_column_text css=&#8221;&#8221;]Aus diesem Grund greift die Sol Calero illy Art Collection mit ihrer Farbpalette und ihren Blumenmotiven den Bereich der funktionalen Kunst auf. Ihre unverwechselbare \u00c4sthetik entspringt der Auseinandersetzung mit lateinamerikanischen kulturellen Codes und verwischt die Grenzen zwischen pers\u00f6nlichen Erz\u00e4hlungen und einem breiteren gesellschaftspolitischen Diskurs. Die Kollektion l\u00e4dt Sie ein, sich mit ihren Werken anhand dieser speziell dekorierten Artikel in einem f\u00fcr Ihr Zuhause idealen Format vertraut zu machen. Die Packung enth\u00e4lt zwei Cappuccinotassen.<\/p>\n<p>Produkt-Nr.: <strong>25369<\/strong><\/p>\n<p>[\/vc_column_text]\t<\/div>\n<\/div><h4 class=\"eltdf-accordion-title\">\n    <span class=\"eltdf-accordion-mark\">\n\t\t<span class=\"eltdf_icon_plus icon_plus\"><\/span>\n\t\t<span class=\"eltdf_icon_minus icon_minus-06\"><\/span>\n\t<\/span>\n\t<span class=\"eltdf-tab-title\">Versand<\/span>\n<\/h4>\n<div class=\"eltdf-accordion-content\">\n\t<div class=\"eltdf-accordion-content-inner\">\n\t\t[vc_column_text css=&#8221;&#8221;]Lieferung, Versandkosten, Zahlungsarten<\/p>\n<p><strong>Lieferung:<\/strong><\/p>\n<p>Ihre Bestellung wird schnell und zuverl\u00e4ssig geliefert.<\/p>\n<p>Wir arbeiten mit der SwissPost zusammen.<\/p>\n<p>Mit dem Versand der Ware geht das Risiko auf den K\u00e4ufer \u00fcber.<\/p>\n<p>Angaben zur Verf\u00fcgbarkeit und zu Lieferfristen sind unverbindlich, sofern sie nicht schriftlich vom Verk\u00e4ufer best\u00e4tigt wurden.<\/p>\n<p>Die Zustellung erfolgt entweder per Post oder, gem\u00e4\u00df Tourenplan, per Lkw innerhalb der Schweiz.<\/p>\n<p>In der Regel betr\u00e4gt die Lieferdauer 3 bis 5 Tage. Falls der Kunde es ausdr\u00fccklich w\u00fcnscht, erfolgt der Versand per Express oder Kurierdienst. In diesen F\u00e4llen werden jedoch immer die Versandkosten berechnet.<\/p>\n<p><strong>Versandkosten:<\/strong><\/p>\n<p>Ab einem Bestellwert von Fr. 100.00 ist der Versand kostenlos.<\/p>\n<p>Produkte Illy Triest: Fr. 10.25 inkl. MwSt. (ab Fr. 100.00 versandkostenfrei) Produkte Illy Schweiz bis 1,5 kg: Fr. 9.50 inkl. MwSt. \/ ab 1,6 kg: Fr. 10.25 inkl. MwSt. Kapseln (1\u20137 St\u00fcck): Fr. 4.75 inkl. MwSt. Kapseln (8\u201329 St\u00fcck): Fr. 5.40 inkl. MwSt. Ab 30 Kapseln versandkostenfrei.<\/p>\n<p>Postfachadressen werden nicht beliefert. Die Illycaf\u00e9 AG haftet nicht f\u00fcr Lieferverz\u00f6gerungen, die von Transportdienstleistern oder Dritten verursacht werden.<\/p>\n<p>Bestellungen, die an Samstagen, Sonntagen oder an Feiertagen eingehen, werden sp\u00e4testens am n\u00e4chsten Werktag bearbeitet.<\/p>\n<p>Es kann vorkommen, dass Bestellungen in mehrere Pakete aufgeteilt werden, die an verschiedenen Tagen geliefert werden k\u00f6nnen.<\/p>\n<p><strong>Zahlungsmethoden:<\/strong><\/p>\n<p>Paypal<\/p>\n<p>Kreditkarten: VISA, MASTERCARD, AMERICAN EXPRESS<br \/>\n[\/vc_column_text]\t<\/div>\n<\/div><\/div>[\/vc_column][vc_column width=&#8221;1\/6&#8243;][\/vc_column][\/vc_row][vc_row el_class=&#8221;none-sub-products&#8221;][vc_column width=&#8221;1\/12&#8243;][\/vc_column][vc_column width=&#8221;10\/12&#8243;][vc_column_text]<div data-post-id=\"104372\" class=\"insert-page insert-page-104372 \"><style type=\"text\/css\" data-type=\"vc_custom-css\">div#illy-lovers-banner .titol-banner h4 {\r\n    font-size: 30px;\r\n    font-family: &#039;Manrope&#039;, sans-serif;\r\n    color: #512C1F !important;\r\n    font-weight: 500;\r\n    margin-top: 0px !important;\r\n    letter-spacing: 0px;\r\n}\r\n\r\ndiv#illy-lovers-banner .text-banner p{\r\n    font-family: &#039;Manrope&#039;, sans-serif;\r\n    color: #512c1f;\r\n    font-size: 16px;\r\n    font-weight: 500;\r\n}\r\n\r\na.btn-brown button {\r\n    background: #512c1f !important;\r\n    color: #fff !important;\r\n    letter-spacing: 0px;\r\n    border-radius: 5px !important;\r\n    padding: 8px 35px !important;\r\n    font-family: &#039;Manrope&#039;, sans-serif !important;\r\n    font-weight: 500;\r\n    font-size: 14px !important;\r\n    transition: linear 0.7s;\r\n    margin-top:10px !important;\r\n}\r\n\r\na.btn-brown button:hover {\r\n    box-shadow: inset 0px -100px 0px #D12420;\r\n\tcolor:#fff !important;\r\n}<\/style><style type=\"text\/css\" data-type=\"vc_shortcodes-custom-css\">.vc_custom_1723021922849{margin-top: 50px !important;margin-bottom: 80px !important;padding-top: 40px !important;padding-right: 30px !important;padding-bottom: 40px !important;padding-left: 30px !important;background: #ffffff url(https:\/\/illycafe.ch\/wp-content\/uploads\/img_04@2x.jpg?id=104376) !important;background-position: center !important;background-repeat: no-repeat !important;background-size: cover !important;}.vc_custom_1722931185055{margin-top: 0px !important;margin-bottom: 0px !important;margin-left: 0px !important;padding-top: 0px !important;padding-right: 0px !important;padding-bottom: 0px !important;padding-left: 0px !important;}<\/style><div class=\"wpb-content-wrapper\"><p>[vc_row css=&#8221;.vc_custom_1723021922849{margin-top: 50px !important;margin-bottom: 80px !important;padding-top: 40px !important;padding-right: 30px !important;padding-bottom: 40px !important;padding-left: 30px !important;background: #ffffff url(https:\/\/illycafe.ch\/wp-content\/uploads\/img_04@2x.jpg?id=104376) !important;background-position: center center;background-repeat: no-repeat !important;background-size: cover !important;}&#8221; el_id=&#8221;illy-lovers-banner&#8221;][vc_column css=&#8221;.vc_custom_1722931185055{margin-top: 0px !important;margin-bottom: 0px !important;margin-left: 0px !important;padding-top: 0px !important;padding-right: 0px !important;padding-bottom: 0px !important;padding-left: 0px !important;}&#8221;][vc_column_text el_class=&#8221;titol-banner&#8221;]<\/p>\n<h4>ILLY LOVERS<\/h4>\n<p>[\/vc_column_text][vc_column_text el_class=&#8221;text-banner&#8221;]Rejoignez la communaut\u00e9 et d\u00e9couvrez les surprises<br \/>\net les avantages exclusifs que nous vous r\u00e9servons.<\/p>\n<p>[\/vc_column_text][vc_raw_html]JTNDYSUyMGNsYXNzJTNEJTIyYnRuLWJyb3duJTIyJTNFJTNDYnV0dG9uJTNFSW5zY3JpdmVzLXZvdXMlMjBtYWludGVuYW50JTNDJTJGYnV0dG9uJTNFJTNDJTJGYSUzRQ==[\/vc_raw_html][\/vc_column][\/vc_row]<\/p>\n<\/div><\/div>[\/vc_column_text][\/vc_column][vc_column width=&#8221;1\/12&#8243;][\/vc_column][\/vc_row]<\/p>\n<\/div>","protected":false},"excerpt":{"rendered":"<p>Deux tasses \u00e0 cappuccino de l\u2019illy Art Collection Sol Calero<\/p>\n","protected":false},"featured_media":264006,"comment_status":"closed","ping_status":"closed","template":"","meta":{"inline_featured_image":false},"product_cat":[1335,1121,1118,1094],"product_tag":[],"class_list":{"0":"post-264008","1":"product","2":"type-product","3":"status-publish","4":"has-post-thumbnail","6":"product_cat-tasses-cappuccino","7":"product_cat-illy-art-collection","8":"product_cat-cadeaux-et-accessoires","9":"product_cat-boutique-illy-s-p-a","11":"first","12":"instock","13":"taxable","14":"shipping-taxable","15":"purchasable","16":"product-type-simple"},"yoast_head":"<!-- This site is optimized with the Yoast SEO plugin v27.3 - https:\/\/yoast.com\/product\/yoast-seo-wordpress\/ -->\n<title>Ensemble De Deux Tasses \u00c0 Cappuccino \u2013 Illy Art Collection Sol Calero - Illycaf\u00e9 | Premium Kaffee kaufen | Gastronomie, Firmen, Privat<\/title>\n<meta name=\"robots\" content=\"index, follow, max-snippet:-1, max-image-preview:large, max-video-preview:-1\" \/>\n<link rel=\"canonical\" href=\"https:\/\/illycafe.ch\/fr\/produit\/ensemble-de-deux-tasses-a-cappuccino-illy-art-collection-sol-calero\/\" \/>\n<meta property=\"og:locale\" content=\"fr_FR\" \/>\n<meta property=\"og:type\" content=\"article\" \/>\n<meta property=\"og:title\" content=\"Ensemble De Deux Tasses \u00c0 Cappuccino \u2013 Illy Art Collection Sol Calero - Illycaf\u00e9 | Premium Kaffee kaufen | Gastronomie, Firmen, Privat\" \/>\n<meta property=\"og:description\" content=\"Deux tasses \u00e0 cappuccino de l\u2019illy Art Collection Sol Calero\" \/>\n<meta property=\"og:url\" content=\"https:\/\/illycafe.ch\/fr\/produit\/ensemble-de-deux-tasses-a-cappuccino-illy-art-collection-sol-calero\/\" \/>\n<meta property=\"og:site_name\" content=\"Illycaf\u00e9 | Premium Kaffee kaufen | Gastronomie, Firmen, Privat\" \/>\n<meta property=\"article:modified_time\" content=\"2025-06-11T18:04:06+00:00\" \/>\n<meta property=\"og:image\" content=\"https:\/\/illycafe.ch\/wp-content\/uploads\/25369_High_1x_03.png\" \/>\n\t<meta property=\"og:image:width\" content=\"700\" \/>\n\t<meta property=\"og:image:height\" content=\"770\" \/>\n\t<meta property=\"og:image:type\" content=\"image\/png\" \/>\n<meta name=\"twitter:card\" content=\"summary_large_image\" \/>\n<meta name=\"twitter:label1\" content=\"Dur\u00e9e de lecture estim\u00e9e\" \/>\n\t<meta name=\"twitter:data1\" content=\"2 minutes\" \/>\n<script type=\"application\/ld+json\" class=\"yoast-schema-graph\">{\"@context\":\"https:\\\/\\\/schema.org\",\"@graph\":[{\"@type\":\"WebPage\",\"@id\":\"https:\\\/\\\/illycafe.ch\\\/fr\\\/produit\\\/ensemble-de-deux-tasses-a-cappuccino-illy-art-collection-sol-calero\\\/\",\"url\":\"https:\\\/\\\/illycafe.ch\\\/fr\\\/produit\\\/ensemble-de-deux-tasses-a-cappuccino-illy-art-collection-sol-calero\\\/\",\"name\":\"Ensemble De Deux Tasses \u00c0 Cappuccino \u2013 Illy Art Collection Sol Calero - Illycaf\u00e9 | Premium Kaffee kaufen | Gastronomie, Firmen, Privat\",\"isPartOf\":{\"@id\":\"https:\\\/\\\/illycafe.ch\\\/#website\"},\"primaryImageOfPage\":{\"@id\":\"https:\\\/\\\/illycafe.ch\\\/fr\\\/produit\\\/ensemble-de-deux-tasses-a-cappuccino-illy-art-collection-sol-calero\\\/#primaryimage\"},\"image\":{\"@id\":\"https:\\\/\\\/illycafe.ch\\\/fr\\\/produit\\\/ensemble-de-deux-tasses-a-cappuccino-illy-art-collection-sol-calero\\\/#primaryimage\"},\"thumbnailUrl\":\"https:\\\/\\\/illycafe.ch\\\/wp-content\\\/uploads\\\/25369_High_1x_03.png\",\"datePublished\":\"2025-05-22T08:17:11+00:00\",\"dateModified\":\"2025-06-11T18:04:06+00:00\",\"breadcrumb\":{\"@id\":\"https:\\\/\\\/illycafe.ch\\\/fr\\\/produit\\\/ensemble-de-deux-tasses-a-cappuccino-illy-art-collection-sol-calero\\\/#breadcrumb\"},\"inLanguage\":\"fr-FR\",\"potentialAction\":[{\"@type\":\"ReadAction\",\"target\":[\"https:\\\/\\\/illycafe.ch\\\/fr\\\/produit\\\/ensemble-de-deux-tasses-a-cappuccino-illy-art-collection-sol-calero\\\/\"]}]},{\"@type\":\"ImageObject\",\"inLanguage\":\"fr-FR\",\"@id\":\"https:\\\/\\\/illycafe.ch\\\/fr\\\/produit\\\/ensemble-de-deux-tasses-a-cappuccino-illy-art-collection-sol-calero\\\/#primaryimage\",\"url\":\"https:\\\/\\\/illycafe.ch\\\/wp-content\\\/uploads\\\/25369_High_1x_03.png\",\"contentUrl\":\"https:\\\/\\\/illycafe.ch\\\/wp-content\\\/uploads\\\/25369_High_1x_03.png\",\"width\":700,\"height\":770},{\"@type\":\"BreadcrumbList\",\"@id\":\"https:\\\/\\\/illycafe.ch\\\/fr\\\/produit\\\/ensemble-de-deux-tasses-a-cappuccino-illy-art-collection-sol-calero\\\/#breadcrumb\",\"itemListElement\":[{\"@type\":\"ListItem\",\"position\":1,\"name\":\"Accueil\",\"item\":\"https:\\\/\\\/illycafe.ch\\\/fr\\\/\"},{\"@type\":\"ListItem\",\"position\":2,\"name\":\"Boutique\",\"item\":\"https:\\\/\\\/illycafe.ch\\\/fr\\\/boutique\\\/\"},{\"@type\":\"ListItem\",\"position\":3,\"name\":\"Ensemble De Deux Tasses \u00c0 Cappuccino \u2013 Illy Art Collection Sol Calero\"}]},{\"@type\":\"WebSite\",\"@id\":\"https:\\\/\\\/illycafe.ch\\\/#website\",\"url\":\"https:\\\/\\\/illycafe.ch\\\/\",\"name\":\"Illycaf\u00e9 | Premium Kaffee kaufen | Gastronomie, Firmen, Privat\",\"description\":\"Italienische Kaffeekultur. Schweizer Qualit\u00e4t.\",\"potentialAction\":[{\"@type\":\"SearchAction\",\"target\":{\"@type\":\"EntryPoint\",\"urlTemplate\":\"https:\\\/\\\/illycafe.ch\\\/?s={search_term_string}\"},\"query-input\":{\"@type\":\"PropertyValueSpecification\",\"valueRequired\":true,\"valueName\":\"search_term_string\"}}],\"inLanguage\":\"fr-FR\"}]}<\/script>\n<!-- \/ Yoast SEO plugin. -->","yoast_head_json":{"title":"Ensemble De Deux Tasses \u00c0 Cappuccino \u2013 Illy Art Collection Sol Calero - Illycaf\u00e9 | Premium Kaffee kaufen | Gastronomie, Firmen, Privat","robots":{"index":"index","follow":"follow","max-snippet":"max-snippet:-1","max-image-preview":"max-image-preview:large","max-video-preview":"max-video-preview:-1"},"canonical":"https:\/\/illycafe.ch\/fr\/produit\/ensemble-de-deux-tasses-a-cappuccino-illy-art-collection-sol-calero\/","og_locale":"fr_FR","og_type":"article","og_title":"Ensemble De Deux Tasses \u00c0 Cappuccino \u2013 Illy Art Collection Sol Calero - Illycaf\u00e9 | Premium Kaffee kaufen | Gastronomie, Firmen, Privat","og_description":"Deux tasses \u00e0 cappuccino de l\u2019illy Art Collection Sol Calero","og_url":"https:\/\/illycafe.ch\/fr\/produit\/ensemble-de-deux-tasses-a-cappuccino-illy-art-collection-sol-calero\/","og_site_name":"Illycaf\u00e9 | Premium Kaffee kaufen | Gastronomie, Firmen, Privat","article_modified_time":"2025-06-11T18:04:06+00:00","og_image":[{"width":700,"height":770,"url":"https:\/\/illycafe.ch\/wp-content\/uploads\/25369_High_1x_03.png","type":"image\/png"}],"twitter_card":"summary_large_image","twitter_misc":{"Dur\u00e9e de lecture estim\u00e9e":"2 minutes"},"schema":{"@context":"https:\/\/schema.org","@graph":[{"@type":"WebPage","@id":"https:\/\/illycafe.ch\/fr\/produit\/ensemble-de-deux-tasses-a-cappuccino-illy-art-collection-sol-calero\/","url":"https:\/\/illycafe.ch\/fr\/produit\/ensemble-de-deux-tasses-a-cappuccino-illy-art-collection-sol-calero\/","name":"Ensemble De Deux Tasses \u00c0 Cappuccino \u2013 Illy Art Collection Sol Calero - Illycaf\u00e9 | Premium Kaffee kaufen | Gastronomie, Firmen, Privat","isPartOf":{"@id":"https:\/\/illycafe.ch\/#website"},"primaryImageOfPage":{"@id":"https:\/\/illycafe.ch\/fr\/produit\/ensemble-de-deux-tasses-a-cappuccino-illy-art-collection-sol-calero\/#primaryimage"},"image":{"@id":"https:\/\/illycafe.ch\/fr\/produit\/ensemble-de-deux-tasses-a-cappuccino-illy-art-collection-sol-calero\/#primaryimage"},"thumbnailUrl":"https:\/\/illycafe.ch\/wp-content\/uploads\/25369_High_1x_03.png","datePublished":"2025-05-22T08:17:11+00:00","dateModified":"2025-06-11T18:04:06+00:00","breadcrumb":{"@id":"https:\/\/illycafe.ch\/fr\/produit\/ensemble-de-deux-tasses-a-cappuccino-illy-art-collection-sol-calero\/#breadcrumb"},"inLanguage":"fr-FR","potentialAction":[{"@type":"ReadAction","target":["https:\/\/illycafe.ch\/fr\/produit\/ensemble-de-deux-tasses-a-cappuccino-illy-art-collection-sol-calero\/"]}]},{"@type":"ImageObject","inLanguage":"fr-FR","@id":"https:\/\/illycafe.ch\/fr\/produit\/ensemble-de-deux-tasses-a-cappuccino-illy-art-collection-sol-calero\/#primaryimage","url":"https:\/\/illycafe.ch\/wp-content\/uploads\/25369_High_1x_03.png","contentUrl":"https:\/\/illycafe.ch\/wp-content\/uploads\/25369_High_1x_03.png","width":700,"height":770},{"@type":"BreadcrumbList","@id":"https:\/\/illycafe.ch\/fr\/produit\/ensemble-de-deux-tasses-a-cappuccino-illy-art-collection-sol-calero\/#breadcrumb","itemListElement":[{"@type":"ListItem","position":1,"name":"Accueil","item":"https:\/\/illycafe.ch\/fr\/"},{"@type":"ListItem","position":2,"name":"Boutique","item":"https:\/\/illycafe.ch\/fr\/boutique\/"},{"@type":"ListItem","position":3,"name":"Ensemble De Deux Tasses \u00c0 Cappuccino \u2013 Illy Art Collection Sol Calero"}]},{"@type":"WebSite","@id":"https:\/\/illycafe.ch\/#website","url":"https:\/\/illycafe.ch\/","name":"Illycaf\u00e9 | Premium Kaffee kaufen | Gastronomie, Firmen, Privat","description":"Italienische Kaffeekultur. Schweizer Qualit\u00e4t.","potentialAction":[{"@type":"SearchAction","target":{"@type":"EntryPoint","urlTemplate":"https:\/\/illycafe.ch\/?s={search_term_string}"},"query-input":{"@type":"PropertyValueSpecification","valueRequired":true,"valueName":"search_term_string"}}],"inLanguage":"fr-FR"}]}},"_links":{"self":[{"href":"https:\/\/illycafe.ch\/fr\/wp-json\/wp\/v2\/product\/264008","targetHints":{"allow":["GET"]}}],"collection":[{"href":"https:\/\/illycafe.ch\/fr\/wp-json\/wp\/v2\/product"}],"about":[{"href":"https:\/\/illycafe.ch\/fr\/wp-json\/wp\/v2\/types\/product"}],"replies":[{"embeddable":true,"href":"https:\/\/illycafe.ch\/fr\/wp-json\/wp\/v2\/comments?post=264008"}],"wp:featuredmedia":[{"embeddable":true,"href":"https:\/\/illycafe.ch\/fr\/wp-json\/wp\/v2\/media\/264006"}],"wp:attachment":[{"href":"https:\/\/illycafe.ch\/fr\/wp-json\/wp\/v2\/media?parent=264008"}],"wp:term":[{"taxonomy":"product_cat","embeddable":true,"href":"https:\/\/illycafe.ch\/fr\/wp-json\/wp\/v2\/product_cat?post=264008"},{"taxonomy":"product_tag","embeddable":true,"href":"https:\/\/illycafe.ch\/fr\/wp-json\/wp\/v2\/product_tag?post=264008"}],"curies":[{"name":"wp","href":"https:\/\/api.w.org\/{rel}","templated":true}]}}