{"id":36645,"date":"2022-11-08T18:12:07","date_gmt":"2022-11-08T17:12:07","guid":{"rendered":"https:\/\/illycafe.ch\/produkt\/serie-autonno-snow-white-limited-edition-eine-tasse-inkl-teller\/"},"modified":"2024-07-25T03:47:44","modified_gmt":"2024-07-25T01:47:44","slug":"serie-autunno-snow-white-limited-edition-une-tasse-avec-assiettes","status":"publish","type":"product","link":"https:\/\/illycafe.ch\/fr\/produit\/serie-autunno-snow-white-limited-edition-une-tasse-avec-assiettes\/","title":{"rendered":"S\u00e9rie Autunno\/Snow white Limited Edition (une tasse avec assiettes)"},"content":{"rendered":"<p>Autunno est pens\u00e9e pour \u00e9voquer l\u2019automne. L\u2019anse ressemble \u00e0 un corail congel\u00e9 qui orne l\u2019anse. Cette s\u00e9rie \u00e9voque les jours blancs de l\u2019hiver.<\/p>\n<p>Une tasse \u00e0 espresso de collection avec anse dor\u00e9e.<\/p>\n","protected":false},"excerpt":{"rendered":"<p>Autunno est pens\u00e9e pour \u00e9voquer l\u2019automne. L\u2019anse ressemble \u00e0 un corail congel\u00e9 qui orne l\u2019anse. Cette s\u00e9rie \u00e9voque les jours blancs de l\u2019hiver. Une tasse \u00e0 espresso de collection avec anse dor\u00e9e.<\/p>\n","protected":false},"featured_media":47646,"comment_status":"closed","ping_status":"closed","template":"","meta":{"inline_featured_image":false},"product_cat":[819],"product_tag":[],"class_list":{"0":"post-36645","1":"product","2":"type-product","3":"status-publish","4":"has-post-thumbnail","6":"product_cat-accessoires","7":"pa_weight-250g-fr","8":"processing-accessoires-processing","10":"first","11":"instock","12":"taxable","13":"shipping-taxable","14":"purchasable","15":"product-type-variable","16":"has-default-attributes"},"yoast_head":"<!-- This site is optimized with the Yoast SEO plugin v27.3 - https:\/\/yoast.com\/product\/yoast-seo-wordpress\/ -->\n<title>S\u00e9rie Autunno\/Snow white Limited Edition (une tasse avec assiettes) - Illycaf\u00e9 | Premium Kaffee kaufen | Gastronomie, Firmen, Privat<\/title>\n<meta name=\"robots\" content=\"index, follow, max-snippet:-1, max-image-preview:large, max-video-preview:-1\" \/>\n<link rel=\"canonical\" href=\"https:\/\/illycafe.ch\/fr\/produit\/serie-autunno-snow-white-limited-edition-une-tasse-avec-assiettes\/\" \/>\n<meta property=\"og:locale\" content=\"fr_FR\" \/>\n<meta property=\"og:type\" content=\"article\" \/>\n<meta property=\"og:title\" content=\"S\u00e9rie Autunno\/Snow white Limited Edition (une tasse avec assiettes) - Illycaf\u00e9 | Premium Kaffee kaufen | Gastronomie, Firmen, Privat\" \/>\n<meta property=\"og:description\" content=\"Autunno est pens\u00e9e pour \u00e9voquer l\u2019automne. L\u2019anse ressemble \u00e0 un corail congel\u00e9 qui orne l\u2019anse. Cette s\u00e9rie \u00e9voque les jours blancs de l\u2019hiver. Une tasse \u00e0 espresso de collection avec anse dor\u00e9e.\" \/>\n<meta property=\"og:url\" content=\"https:\/\/illycafe.ch\/fr\/produit\/serie-autunno-snow-white-limited-edition-une-tasse-avec-assiettes\/\" \/>\n<meta property=\"og:site_name\" content=\"Illycaf\u00e9 | Premium Kaffee kaufen | Gastronomie, Firmen, Privat\" \/>\n<meta property=\"article:modified_time\" content=\"2024-07-25T01:47:44+00:00\" \/>\n<meta property=\"og:image\" content=\"https:\/\/illycafe.ch\/wp-content\/uploads\/prdt042.jpg\" \/>\n\t<meta property=\"og:image:width\" content=\"350\" \/>\n\t<meta property=\"og:image:height\" content=\"534\" \/>\n\t<meta property=\"og:image:type\" content=\"image\/jpeg\" \/>\n<meta name=\"twitter:card\" content=\"summary_large_image\" \/>\n<meta name=\"twitter:label1\" content=\"Dur\u00e9e de lecture estim\u00e9e\" \/>\n\t<meta name=\"twitter:data1\" content=\"1 minute\" \/>\n<script type=\"application\/ld+json\" class=\"yoast-schema-graph\">{\"@context\":\"https:\\\/\\\/schema.org\",\"@graph\":[{\"@type\":\"WebPage\",\"@id\":\"https:\\\/\\\/illycafe.ch\\\/fr\\\/produit\\\/serie-autunno-snow-white-limited-edition-une-tasse-avec-assiettes\\\/\",\"url\":\"https:\\\/\\\/illycafe.ch\\\/fr\\\/produit\\\/serie-autunno-snow-white-limited-edition-une-tasse-avec-assiettes\\\/\",\"name\":\"S\u00e9rie Autunno\\\/Snow white Limited Edition (une tasse avec assiettes) - Illycaf\u00e9 | Premium Kaffee kaufen | Gastronomie, Firmen, Privat\",\"isPartOf\":{\"@id\":\"https:\\\/\\\/illycafe.ch\\\/#website\"},\"primaryImageOfPage\":{\"@id\":\"https:\\\/\\\/illycafe.ch\\\/fr\\\/produit\\\/serie-autunno-snow-white-limited-edition-une-tasse-avec-assiettes\\\/#primaryimage\"},\"image\":{\"@id\":\"https:\\\/\\\/illycafe.ch\\\/fr\\\/produit\\\/serie-autunno-snow-white-limited-edition-une-tasse-avec-assiettes\\\/#primaryimage\"},\"thumbnailUrl\":\"https:\\\/\\\/illycafe.ch\\\/wp-content\\\/uploads\\\/prdt042.jpg\",\"datePublished\":\"2022-11-08T17:12:07+00:00\",\"dateModified\":\"2024-07-25T01:47:44+00:00\",\"breadcrumb\":{\"@id\":\"https:\\\/\\\/illycafe.ch\\\/fr\\\/produit\\\/serie-autunno-snow-white-limited-edition-une-tasse-avec-assiettes\\\/#breadcrumb\"},\"inLanguage\":\"fr-FR\",\"potentialAction\":[{\"@type\":\"ReadAction\",\"target\":[\"https:\\\/\\\/illycafe.ch\\\/fr\\\/produit\\\/serie-autunno-snow-white-limited-edition-une-tasse-avec-assiettes\\\/\"]}]},{\"@type\":\"ImageObject\",\"inLanguage\":\"fr-FR\",\"@id\":\"https:\\\/\\\/illycafe.ch\\\/fr\\\/produit\\\/serie-autunno-snow-white-limited-edition-une-tasse-avec-assiettes\\\/#primaryimage\",\"url\":\"https:\\\/\\\/illycafe.ch\\\/wp-content\\\/uploads\\\/prdt042.jpg\",\"contentUrl\":\"https:\\\/\\\/illycafe.ch\\\/wp-content\\\/uploads\\\/prdt042.jpg\",\"width\":350,\"height\":534},{\"@type\":\"BreadcrumbList\",\"@id\":\"https:\\\/\\\/illycafe.ch\\\/fr\\\/produit\\\/serie-autunno-snow-white-limited-edition-une-tasse-avec-assiettes\\\/#breadcrumb\",\"itemListElement\":[{\"@type\":\"ListItem\",\"position\":1,\"name\":\"Accueil\",\"item\":\"https:\\\/\\\/illycafe.ch\\\/fr\\\/\"},{\"@type\":\"ListItem\",\"position\":2,\"name\":\"Boutique\",\"item\":\"https:\\\/\\\/illycafe.ch\\\/fr\\\/boutique\\\/\"},{\"@type\":\"ListItem\",\"position\":3,\"name\":\"S\u00e9rie Autunno\\\/Snow white Limited Edition (une tasse avec assiettes)\"}]},{\"@type\":\"WebSite\",\"@id\":\"https:\\\/\\\/illycafe.ch\\\/#website\",\"url\":\"https:\\\/\\\/illycafe.ch\\\/\",\"name\":\"Illycaf\u00e9 | Premium Kaffee kaufen | Gastronomie, Firmen, Privat\",\"description\":\"Italienische Kaffeekultur. Schweizer Qualit\u00e4t.\",\"potentialAction\":[{\"@type\":\"SearchAction\",\"target\":{\"@type\":\"EntryPoint\",\"urlTemplate\":\"https:\\\/\\\/illycafe.ch\\\/?s={search_term_string}\"},\"query-input\":{\"@type\":\"PropertyValueSpecification\",\"valueRequired\":true,\"valueName\":\"search_term_string\"}}],\"inLanguage\":\"fr-FR\"}]}<\/script>\n<!-- \/ Yoast SEO plugin. -->","yoast_head_json":{"title":"S\u00e9rie Autunno\/Snow white Limited Edition (une tasse avec assiettes) - Illycaf\u00e9 | Premium Kaffee kaufen | Gastronomie, Firmen, Privat","robots":{"index":"index","follow":"follow","max-snippet":"max-snippet:-1","max-image-preview":"max-image-preview:large","max-video-preview":"max-video-preview:-1"},"canonical":"https:\/\/illycafe.ch\/fr\/produit\/serie-autunno-snow-white-limited-edition-une-tasse-avec-assiettes\/","og_locale":"fr_FR","og_type":"article","og_title":"S\u00e9rie Autunno\/Snow white Limited Edition (une tasse avec assiettes) - Illycaf\u00e9 | Premium Kaffee kaufen | Gastronomie, Firmen, Privat","og_description":"Autunno est pens\u00e9e pour \u00e9voquer l\u2019automne. L\u2019anse ressemble \u00e0 un corail congel\u00e9 qui orne l\u2019anse. Cette s\u00e9rie \u00e9voque les jours blancs de l\u2019hiver. Une tasse \u00e0 espresso de collection avec anse dor\u00e9e.","og_url":"https:\/\/illycafe.ch\/fr\/produit\/serie-autunno-snow-white-limited-edition-une-tasse-avec-assiettes\/","og_site_name":"Illycaf\u00e9 | Premium Kaffee kaufen | Gastronomie, Firmen, Privat","article_modified_time":"2024-07-25T01:47:44+00:00","og_image":[{"width":350,"height":534,"url":"https:\/\/illycafe.ch\/wp-content\/uploads\/prdt042.jpg","type":"image\/jpeg"}],"twitter_card":"summary_large_image","twitter_misc":{"Dur\u00e9e de lecture estim\u00e9e":"1 minute"},"schema":{"@context":"https:\/\/schema.org","@graph":[{"@type":"WebPage","@id":"https:\/\/illycafe.ch\/fr\/produit\/serie-autunno-snow-white-limited-edition-une-tasse-avec-assiettes\/","url":"https:\/\/illycafe.ch\/fr\/produit\/serie-autunno-snow-white-limited-edition-une-tasse-avec-assiettes\/","name":"S\u00e9rie Autunno\/Snow white Limited Edition (une tasse avec assiettes) - Illycaf\u00e9 | Premium Kaffee kaufen | Gastronomie, Firmen, Privat","isPartOf":{"@id":"https:\/\/illycafe.ch\/#website"},"primaryImageOfPage":{"@id":"https:\/\/illycafe.ch\/fr\/produit\/serie-autunno-snow-white-limited-edition-une-tasse-avec-assiettes\/#primaryimage"},"image":{"@id":"https:\/\/illycafe.ch\/fr\/produit\/serie-autunno-snow-white-limited-edition-une-tasse-avec-assiettes\/#primaryimage"},"thumbnailUrl":"https:\/\/illycafe.ch\/wp-content\/uploads\/prdt042.jpg","datePublished":"2022-11-08T17:12:07+00:00","dateModified":"2024-07-25T01:47:44+00:00","breadcrumb":{"@id":"https:\/\/illycafe.ch\/fr\/produit\/serie-autunno-snow-white-limited-edition-une-tasse-avec-assiettes\/#breadcrumb"},"inLanguage":"fr-FR","potentialAction":[{"@type":"ReadAction","target":["https:\/\/illycafe.ch\/fr\/produit\/serie-autunno-snow-white-limited-edition-une-tasse-avec-assiettes\/"]}]},{"@type":"ImageObject","inLanguage":"fr-FR","@id":"https:\/\/illycafe.ch\/fr\/produit\/serie-autunno-snow-white-limited-edition-une-tasse-avec-assiettes\/#primaryimage","url":"https:\/\/illycafe.ch\/wp-content\/uploads\/prdt042.jpg","contentUrl":"https:\/\/illycafe.ch\/wp-content\/uploads\/prdt042.jpg","width":350,"height":534},{"@type":"BreadcrumbList","@id":"https:\/\/illycafe.ch\/fr\/produit\/serie-autunno-snow-white-limited-edition-une-tasse-avec-assiettes\/#breadcrumb","itemListElement":[{"@type":"ListItem","position":1,"name":"Accueil","item":"https:\/\/illycafe.ch\/fr\/"},{"@type":"ListItem","position":2,"name":"Boutique","item":"https:\/\/illycafe.ch\/fr\/boutique\/"},{"@type":"ListItem","position":3,"name":"S\u00e9rie Autunno\/Snow white Limited Edition (une tasse avec assiettes)"}]},{"@type":"WebSite","@id":"https:\/\/illycafe.ch\/#website","url":"https:\/\/illycafe.ch\/","name":"Illycaf\u00e9 | Premium Kaffee kaufen | Gastronomie, Firmen, Privat","description":"Italienische Kaffeekultur. Schweizer Qualit\u00e4t.","potentialAction":[{"@type":"SearchAction","target":{"@type":"EntryPoint","urlTemplate":"https:\/\/illycafe.ch\/?s={search_term_string}"},"query-input":{"@type":"PropertyValueSpecification","valueRequired":true,"valueName":"search_term_string"}}],"inLanguage":"fr-FR"}]}},"_links":{"self":[{"href":"https:\/\/illycafe.ch\/fr\/wp-json\/wp\/v2\/product\/36645","targetHints":{"allow":["GET"]}}],"collection":[{"href":"https:\/\/illycafe.ch\/fr\/wp-json\/wp\/v2\/product"}],"about":[{"href":"https:\/\/illycafe.ch\/fr\/wp-json\/wp\/v2\/types\/product"}],"replies":[{"embeddable":true,"href":"https:\/\/illycafe.ch\/fr\/wp-json\/wp\/v2\/comments?post=36645"}],"wp:featuredmedia":[{"embeddable":true,"href":"https:\/\/illycafe.ch\/fr\/wp-json\/wp\/v2\/media\/47646"}],"wp:attachment":[{"href":"https:\/\/illycafe.ch\/fr\/wp-json\/wp\/v2\/media?parent=36645"}],"wp:term":[{"taxonomy":"product_cat","embeddable":true,"href":"https:\/\/illycafe.ch\/fr\/wp-json\/wp\/v2\/product_cat?post=36645"},{"taxonomy":"product_tag","embeddable":true,"href":"https:\/\/illycafe.ch\/fr\/wp-json\/wp\/v2\/product_tag?post=36645"}],"curies":[{"name":"wp","href":"https:\/\/api.w.org\/{rel}","templated":true}]}}