{"id":186201,"date":"2024-09-12T11:29:16","date_gmt":"2024-09-12T09:29:16","guid":{"rendered":"https:\/\/illycafe.ch\/?page_id=186201"},"modified":"2025-04-11T10:19:20","modified_gmt":"2025-04-11T08:19:20","slug":"accessori-te-e-caffe","status":"publish","type":"page","link":"https:\/\/illycafe.ch\/it\/idee-regalo-e-accessori\/accessori-te-e-caffe\/","title":{"rendered":"Accessori da caff\u00e8 e t\u00e8"},"content":{"rendered":"<div class=\"wpb-content-wrapper\"><p>[vc_row full_width=&#8221;stretch_row_content_no_spaces&#8221;][vc_column css=&#8221;.vc_custom_1725015184247{padding-top: 0px !important;}&#8221;][vc_single_image image=&#8221;186204&#8243; img_size=&#8221;full&#8221; css=&#8221;&#8221;][\/vc_column][\/vc_row][vc_row full_width=&#8221;stretch_row&#8221; css=&#8221;.vc_custom_1724839618079{margin-top: 0px !important;padding-top: 0px !important;background-color: #f6f0ec !important;}&#8221; el_class=&#8221;page-title&#8221;][vc_column width=&#8221;1\/6&#8243; css=&#8221;.vc_custom_1719386953532{margin-top: 0px !important;padding-top: 0px !important;}&#8221;][\/vc_column][vc_column width=&#8221;2\/3&#8243; css=&#8221;.vc_custom_1724841621568{margin-top: 0px !important;padding-top: 0px !important;}&#8221;][vc_empty_space height=&#8221;100px&#8221;][vc_column_text css=&#8221;&#8221; el_class=&#8221;titol-h2 brown&#8221;]<\/p>\n<h2 style=\"text-align: center;\">ACCESSORI DA CAFF\u00c8 E T\u00c8<\/h2>\n<p>[\/vc_column_text][vc_empty_space height=&#8221;20px&#8221;][vc_column_text css=&#8221;&#8221; el_class=&#8221;text-landing brown&#8221;]<\/p>\n<p style=\"text-align: center;\">Tutto il bello che accompagna il buono. La nostra selezione di accessori per completare la tua esperienza di gusto.<\/p>\n<p>[\/vc_column_text][vc_empty_space height=&#8221;100px&#8221;][\/vc_column][vc_column width=&#8221;1\/6&#8243;][\/vc_column][\/vc_row][vc_row full_width=&#8221;stretch_row_content&#8221; el_class=&#8221;menu-landings&#8221; css=&#8221;.vc_custom_1724840623820{margin-top: 0px !important;padding-top: 0px !important;padding-right: 50px !important;padding-left: 50px !important;}&#8221;][vc_column css=&#8221;.vc_custom_1724840470358{margin-top: 0px !important;margin-bottom: 0px !important;padding-top: 0px !important;padding-bottom: 0px !important;}&#8221;][vc_empty_space][vc_raw_html css=&#8221;&#8221;]JTNDZGl2JTIwY2xhc3MlM0QlMjJtZW51LWxhbmRpbmdzJTIyJTNFJTBBJTA5JTNDYSUyMGhyZWYlM0QlMjJodHRwcyUzQSUyRiUyRmlsbHljYWZlLmNoJTJGaXQlMkZpZGVlLXJlZ2Fsby1lLWFjY2Vzc29yaSUyRnRhenppbmUtY2FmZmUtaWxseS1hcnQtY29sbGVjdGlvbiUyRiUyMiUyMGNsYXNzJTNEJTIybGFuZGluZy1wYWdlJTIyJTNFSUxMWSUyMEFSVCUyMENPTExFQ1RJT04lM0MlMkZhJTNFJTBBJTA5JTNDYSUyMGhyZWYlM0QlMjJodHRwcyUzQSUyRiUyRmlsbHljYWZlLmNoJTJGaXQlMkZpZGVlLXJlZ2Fsby1lLWFjY2Vzc29yaSUyRmNvbmZlemlvbmktcmVnYWxvLWNhZmZlJTJGJTIyJTIwY2xhc3MlM0QlMjJsYW5kaW5nLXBhZ2UlMjIlM0VDT05GRVpJT05JJTIwUkVHQUxPJTNDJTJGYSUzRSUwQSUyMCUyMCUyMCUyMCUyMCUyMCUyMCUyMCUzQ2ElMjBocmVmJTNEJTIyaHR0cHMlM0ElMkYlMkZpbGx5Y2FmZS5jaCUyRml0JTJGaWRlZS1yZWdhbG8tZS1hY2Nlc3NvcmklMkZhY2Nlc3NvcmktdGUtZS1jYWZmZSUyRiUyMiUyMGNsYXNzJTNEJTIybGFuZGluZy1wYWdlJTIwYWN0aXZlJTIyJTNFQUNDRVNTT1JJJTIwREElMjBDQUZGJUMzJTg4JTNDJTJGYSUzRSUwQSUzQyUyRmRpdiUzRQ==[\/vc_raw_html][vc_empty_space][\/vc_column][\/vc_row][vc_row full_width=&#8221;stretch_row&#8221; css=&#8221;.vc_custom_1724841142195{background-color: #F2E9DA !important;}&#8221;][vc_column css=&#8221;.vc_custom_1719387096335{margin-top: 0px !important;padding-top: 0px !important;}&#8221;][vc_empty_space height=&#8221;50px&#8221;]<div class=\"eltdf-pl-holder eltdf-standard-layout eltdf-large-space eltdf-three-columns eltdf-info-below-image eltdf-product-info-default\">\n\t<div class=\"eltdf-pl-outer eltdf-outer-space\">\n\t\t<div class=\"eltdf-pli eltdf-item-space \">\n\t<div class=\"eltdf-pli-inner\">\n\t\t<div class=\"eltdf-pli-image\">\n\t\t\t\n<img loading=\"lazy\" decoding=\"async\" width=\"610\" height=\"458\" src=\"https:\/\/illycafe.ch\/wp-content\/uploads\/B1235ME_High_2x_01-610x458.png\" class=\"attachment-woocommerce_thumbnail size-woocommerce_thumbnail wp-post-image\" alt=\"\" \/>\t\t<\/div>\n\t\t<div class=\"eltdf-pli-text eltdf-pli-hover-overlay\" >\n\t\t\t<div class=\"eltdf-pli-text-outer\">\n\t\t\t\t<div class=\"eltdf-pli-text-inner\">\n\t\t\t\t\t\t\n\t<div class=\"eltdf-pli-add-to-cart eltdf-default-skin\">\n\t\t<a rel=\"nofollow\" href=\"?add-to-cart=410832\" data-quantity=\"1\" data-product_id=\"410832\" data-product_sku=\"B1235ME\" class=\"button add_to_cart_button ajax_add_to_cart eltdf-button\">Aggiungi al carrello<\/a>\t<\/div>\n\t\t\t\t<\/div>\n\t\t\t<\/div>\n\t\t<\/div>\n\t\t<a class=\"eltdf-pli-link\" itemprop=\"url\" href=\"https:\/\/illycafe.ch\/it\/prodotto\/cucchiaini-girotondo-6-cucchiaini-da-104mm\/\" title=\"Cucchiaini Girotondo &#8211; 6 cucchiaini da 104mm\"><\/a>\n\t<\/div>\n\t<div class=\"eltdf-pli-text-wrapper\" >\n\t\t    <h5 itemprop=\"name\" class=\"entry-title eltdf-pli-title\" >\n\t\t<a itemprop=\"url\" href=\"https:\/\/illycafe.ch\/it\/prodotto\/cucchiaini-girotondo-6-cucchiaini-da-104mm\/\">Cucchiaini Girotondo &#8211; 6 cucchiaini da 104mm<\/a>\n\t<\/h5>\n\t\t\n\t\t\t\t\t\t\n\t\t\t\t\n\t\t\t<div class=\"eltdf-pli-price\"><span class=\"woocommerce-Price-amount amount\"><span class=\"woocommerce-Price-currencySymbol\">&#067;&#072;&#070;<\/span>&nbsp;13.50<\/span> (IVA inclusa)<\/div>\n\t\t\n\t\t\t\t\t<\/div>\n<\/div><div class=\"eltdf-pli eltdf-item-space \">\n\t<div class=\"eltdf-pli-inner\">\n\t\t<div class=\"eltdf-pli-image\">\n\t\t\t\n<img loading=\"lazy\" decoding=\"async\" width=\"610\" height=\"458\" src=\"https:\/\/illycafe.ch\/wp-content\/uploads\/B1234ME_High_2x_01-610x458.png\" class=\"attachment-woocommerce_thumbnail size-woocommerce_thumbnail wp-post-image\" alt=\"\" \/>\t\t<\/div>\n\t\t<div class=\"eltdf-pli-text eltdf-pli-hover-overlay\" >\n\t\t\t<div class=\"eltdf-pli-text-outer\">\n\t\t\t\t<div class=\"eltdf-pli-text-inner\">\n\t\t\t\t\t\t\n\t<div class=\"eltdf-pli-add-to-cart eltdf-default-skin\">\n\t\t<a rel=\"nofollow\" href=\"?add-to-cart=410824\" data-quantity=\"1\" data-product_id=\"410824\" data-product_sku=\"B1234ME\" class=\"button add_to_cart_button ajax_add_to_cart eltdf-button\">Aggiungi al carrello<\/a>\t<\/div>\n\t\t\t\t<\/div>\n\t\t\t<\/div>\n\t\t<\/div>\n\t\t<a class=\"eltdf-pli-link\" itemprop=\"url\" href=\"https:\/\/illycafe.ch\/it\/prodotto\/cucchiaini-girotondo-6-cucchiaini-da-160mm\/\" title=\"Cucchiaini Girotondo &#8211; 6 cucchiaini da 160mm\"><\/a>\n\t<\/div>\n\t<div class=\"eltdf-pli-text-wrapper\" >\n\t\t    <h5 itemprop=\"name\" class=\"entry-title eltdf-pli-title\" >\n\t\t<a itemprop=\"url\" href=\"https:\/\/illycafe.ch\/it\/prodotto\/cucchiaini-girotondo-6-cucchiaini-da-160mm\/\">Cucchiaini Girotondo &#8211; 6 cucchiaini da 160mm<\/a>\n\t<\/h5>\n\t\t\n\t\t\t\t\t\t\n\t\t\t\t\n\t\t\t<div class=\"eltdf-pli-price\"><span class=\"woocommerce-Price-amount amount\"><span class=\"woocommerce-Price-currencySymbol\">&#067;&#072;&#070;<\/span>&nbsp;17.50<\/span> (IVA inclusa)<\/div>\n\t\t\n\t\t\t\t\t<\/div>\n<\/div><div class=\"eltdf-pli eltdf-item-space \">\n\t<div class=\"eltdf-pli-inner\">\n\t\t<div class=\"eltdf-pli-image\">\n\t\t\t\n<img loading=\"lazy\" decoding=\"async\" width=\"610\" height=\"458\" src=\"https:\/\/illycafe.ch\/wp-content\/uploads\/24380_High_1x_01-610x458.png\" class=\"attachment-woocommerce_thumbnail size-woocommerce_thumbnail wp-post-image\" alt=\"\" \/>\t\t<\/div>\n\t\t<div class=\"eltdf-pli-text eltdf-pli-hover-overlay\" >\n\t\t\t<div class=\"eltdf-pli-text-outer\">\n\t\t\t\t<div class=\"eltdf-pli-text-inner\">\n\t\t\t\t\t\t\n\t<div class=\"eltdf-pli-add-to-cart eltdf-default-skin\">\n\t\t<a rel=\"nofollow\" href=\"?add-to-cart=44088\" data-quantity=\"1\" data-product_id=\"44088\" data-product_sku=\"24380\" class=\"button add_to_cart_button ajax_add_to_cart eltdf-button\">Aggiungi al carrello<\/a>\t<\/div>\n\t\t\t\t<\/div>\n\t\t\t<\/div>\n\t\t<\/div>\n\t\t<a class=\"eltdf-pli-link\" itemprop=\"url\" href=\"https:\/\/illycafe.ch\/it\/prodotto\/kit-pausa-caffe\/\" title=\"Kit Pausa Caff\u00e8\"><\/a>\n\t<\/div>\n\t<div class=\"eltdf-pli-text-wrapper\" >\n\t\t    <h5 itemprop=\"name\" class=\"entry-title eltdf-pli-title\" >\n\t\t<a itemprop=\"url\" href=\"https:\/\/illycafe.ch\/it\/prodotto\/kit-pausa-caffe\/\">Kit Pausa Caff\u00e8<\/a>\n\t<\/h5>\n\t\t\n\t\t\t\t\t\t\n\t\t\t\t\n\t\t\t<div class=\"eltdf-pli-price\"><span class=\"woocommerce-Price-amount amount\"><span class=\"woocommerce-Price-currencySymbol\">&#067;&#072;&#070;<\/span>&nbsp;16.22<\/span> (IVA inclusa)<\/div>\n\t\t\n\t\t\t\t\t<\/div>\n<\/div><div class=\"eltdf-pli eltdf-item-space \">\n\t<div class=\"eltdf-pli-inner\">\n\t\t<div class=\"eltdf-pli-image\">\n\t\t\t\n\t<span class=\"eltdf-pli-out-of-stock\">Sold<\/span>\n<img loading=\"lazy\" decoding=\"async\" width=\"610\" height=\"458\" src=\"https:\/\/illycafe.ch\/wp-content\/uploads\/24509ME_High_1x_01-610x458.png\" class=\"attachment-woocommerce_thumbnail size-woocommerce_thumbnail wp-post-image\" alt=\"\" \/>\t\t<\/div>\n\t\t<div class=\"eltdf-pli-text eltdf-pli-hover-overlay\" >\n\t\t\t<div class=\"eltdf-pli-text-outer\">\n\t\t\t\t<div class=\"eltdf-pli-text-inner\">\n\t\t\t\t\t\t\n\t<div class=\"eltdf-pli-add-to-cart eltdf-default-skin\">\n\t\t<a rel=\"nofollow\" href=\"https:\/\/illycafe.ch\/it\/prodotto\/travel-mug-illy-da-350-ml\/\" data-quantity=\"1\" data-product_id=\"192235\" data-product_sku=\"\" class=\"button ajax_add_to_cart eltdf-button\">Scegli<\/a>\t<\/div>\n\t\t\t\t<\/div>\n\t\t\t<\/div>\n\t\t<\/div>\n\t\t<a class=\"eltdf-pli-link\" itemprop=\"url\" href=\"https:\/\/illycafe.ch\/it\/prodotto\/travel-mug-illy-da-350-ml\/\" title=\"Travel mug illy da 350 ml\"><\/a>\n\t<\/div>\n\t<div class=\"eltdf-pli-text-wrapper\" >\n\t\t    <h5 itemprop=\"name\" class=\"entry-title eltdf-pli-title\" >\n\t\t<a itemprop=\"url\" href=\"https:\/\/illycafe.ch\/it\/prodotto\/travel-mug-illy-da-350-ml\/\">Travel mug illy da 350 ml<\/a>\n\t<\/h5>\n\t\t\n\t\t\t\t\t\t\n\t\t\t\t\n\t\t\t<div class=\"eltdf-pli-price\"><ins class=\"highlight\"><span class=\"woocommerce-Price-amount amount\"><span class=\"woocommerce-Price-currencySymbol\">&#067;&#072;&#070;<\/span>&nbsp;19.90<\/span><\/ins> (IVA inclusa)<\/div>\n\t\t\n\t\t\t\t\t<\/div>\n<\/div><div class=\"eltdf-pli eltdf-item-space \">\n\t<div class=\"eltdf-pli-inner\">\n\t\t<div class=\"eltdf-pli-image\">\n\t\t\t\n<img loading=\"lazy\" decoding=\"async\" width=\"610\" height=\"458\" src=\"https:\/\/illycafe.ch\/wp-content\/uploads\/1715_High_1x_01-610x458.png\" class=\"attachment-woocommerce_thumbnail size-woocommerce_thumbnail wp-post-image\" alt=\"\" \/>\t\t<\/div>\n\t\t<div class=\"eltdf-pli-text eltdf-pli-hover-overlay\" >\n\t\t\t<div class=\"eltdf-pli-text-outer\">\n\t\t\t\t<div class=\"eltdf-pli-text-inner\">\n\t\t\t\t\t\t\n\t<div class=\"eltdf-pli-add-to-cart eltdf-default-skin\">\n\t\t<a rel=\"nofollow\" href=\"?add-to-cart=192211\" data-quantity=\"1\" data-product_id=\"192211\" data-product_sku=\"1715\" class=\"button add_to_cart_button ajax_add_to_cart eltdf-button\">Aggiungi al carrello<\/a>\t<\/div>\n\t\t\t\t<\/div>\n\t\t\t<\/div>\n\t\t<\/div>\n\t\t<a class=\"eltdf-pli-link\" itemprop=\"url\" href=\"https:\/\/illycafe.ch\/it\/prodotto\/mini-lattiera-illy\/\" title=\"Mini Lattiera illy\"><\/a>\n\t<\/div>\n\t<div class=\"eltdf-pli-text-wrapper\" >\n\t\t    <h5 itemprop=\"name\" class=\"entry-title eltdf-pli-title\" >\n\t\t<a itemprop=\"url\" href=\"https:\/\/illycafe.ch\/it\/prodotto\/mini-lattiera-illy\/\">Mini Lattiera illy<\/a>\n\t<\/h5>\n\t\t\n\t\t\t\t\t\t\n\t\t\t\t\n\t\t\t<div class=\"eltdf-pli-price\"><span class=\"woocommerce-Price-amount amount\"><span class=\"woocommerce-Price-currencySymbol\">&#067;&#072;&#070;<\/span>&nbsp;8.00<\/span> (IVA inclusa)<\/div>\n\t\t\n\t\t\t\t\t<\/div>\n<\/div><div class=\"eltdf-pli eltdf-item-space \">\n\t<div class=\"eltdf-pli-inner\">\n\t\t<div class=\"eltdf-pli-image\">\n\t\t\t\n<img loading=\"lazy\" decoding=\"async\" width=\"610\" height=\"458\" src=\"https:\/\/illycafe.ch\/wp-content\/uploads\/21475ME_High_1x_01-610x458.png\" class=\"attachment-woocommerce_thumbnail size-woocommerce_thumbnail wp-post-image\" alt=\"\" \/>\t\t<\/div>\n\t\t<div class=\"eltdf-pli-text eltdf-pli-hover-overlay\" >\n\t\t\t<div class=\"eltdf-pli-text-outer\">\n\t\t\t\t<div class=\"eltdf-pli-text-inner\">\n\t\t\t\t\t\t\n\t<div class=\"eltdf-pli-add-to-cart eltdf-default-skin\">\n\t\t<a rel=\"nofollow\" href=\"?add-to-cart=44094\" data-quantity=\"1\" data-product_id=\"44094\" data-product_sku=\"21475\" class=\"button add_to_cart_button ajax_add_to_cart eltdf-button\">Aggiungi al carrello<\/a>\t<\/div>\n\t\t\t\t<\/div>\n\t\t\t<\/div>\n\t\t<\/div>\n\t\t<a class=\"eltdf-pli-link\" itemprop=\"url\" href=\"https:\/\/illycafe.ch\/it\/prodotto\/cofanetto-iperespresso-porta-capsule\/\" title=\"Cofanetto Iperespresso Porta Capsule\"><\/a>\n\t<\/div>\n\t<div class=\"eltdf-pli-text-wrapper\" >\n\t\t    <h5 itemprop=\"name\" class=\"entry-title eltdf-pli-title\" >\n\t\t<a itemprop=\"url\" href=\"https:\/\/illycafe.ch\/it\/prodotto\/cofanetto-iperespresso-porta-capsule\/\">Cofanetto Iperespresso Porta Capsule<\/a>\n\t<\/h5>\n\t\t\n\t\t\t\t\t\t\n\t\t\t\t\n\t\t\t<div class=\"eltdf-pli-price\"><span class=\"woocommerce-Price-amount amount\"><span class=\"woocommerce-Price-currencySymbol\">&#067;&#072;&#070;<\/span>&nbsp;10.81<\/span> (IVA inclusa)<\/div>\n\t\t\n\t\t\t\t\t<\/div>\n<\/div><div class=\"eltdf-pli eltdf-item-space \">\n\t<div class=\"eltdf-pli-inner\">\n\t\t<div class=\"eltdf-pli-image\">\n\t\t\t\n<img loading=\"lazy\" decoding=\"async\" width=\"610\" height=\"458\" src=\"https:\/\/illycafe.ch\/wp-content\/uploads\/23025ME_High_1x_01-610x458.png\" class=\"attachment-woocommerce_thumbnail size-woocommerce_thumbnail wp-post-image\" alt=\"\" \/>\t\t<\/div>\n\t\t<div class=\"eltdf-pli-text eltdf-pli-hover-overlay\" >\n\t\t\t<div class=\"eltdf-pli-text-outer\">\n\t\t\t\t<div class=\"eltdf-pli-text-inner\">\n\t\t\t\t\t\t\n\t<div class=\"eltdf-pli-add-to-cart eltdf-default-skin\">\n\t\t<a rel=\"nofollow\" href=\"?add-to-cart=44100\" data-quantity=\"1\" data-product_id=\"44100\" data-product_sku=\"23025\" class=\"button add_to_cart_button ajax_add_to_cart eltdf-button\">Aggiungi al carrello<\/a>\t<\/div>\n\t\t\t\t<\/div>\n\t\t\t<\/div>\n\t\t<\/div>\n\t\t<a class=\"eltdf-pli-link\" itemprop=\"url\" href=\"https:\/\/illycafe.ch\/it\/prodotto\/apriscatole-iperespresso-eco\/\" title=\"Apriscatole Iperespresso ECO\"><\/a>\n\t<\/div>\n\t<div class=\"eltdf-pli-text-wrapper\" >\n\t\t    <h5 itemprop=\"name\" class=\"entry-title eltdf-pli-title\" >\n\t\t<a itemprop=\"url\" href=\"https:\/\/illycafe.ch\/it\/prodotto\/apriscatole-iperespresso-eco\/\">Apriscatole Iperespresso ECO<\/a>\n\t<\/h5>\n\t\t\n\t\t\t\t\t\t\n\t\t\t\t\n\t\t\t<div class=\"eltdf-pli-price\"><span class=\"woocommerce-Price-amount amount\"><span class=\"woocommerce-Price-currencySymbol\">&#067;&#072;&#070;<\/span>&nbsp;16.22<\/span> (IVA inclusa)<\/div>\n\t\t\n\t\t\t\t\t<\/div>\n<\/div><div class=\"eltdf-pli eltdf-item-space \">\n\t<div class=\"eltdf-pli-inner\">\n\t\t<div class=\"eltdf-pli-image\">\n\t\t\t\n<img loading=\"lazy\" decoding=\"async\" width=\"610\" height=\"458\" src=\"https:\/\/illycafe.ch\/wp-content\/uploads\/22796_High_1x_01-610x458.png\" class=\"attachment-woocommerce_thumbnail size-woocommerce_thumbnail wp-post-image\" alt=\"\" \/>\t\t<\/div>\n\t\t<div class=\"eltdf-pli-text eltdf-pli-hover-overlay\" >\n\t\t\t<div class=\"eltdf-pli-text-outer\">\n\t\t\t\t<div class=\"eltdf-pli-text-inner\">\n\t\t\t\t\t\t\n\t<div class=\"eltdf-pli-add-to-cart eltdf-default-skin\">\n\t\t<a rel=\"nofollow\" href=\"?add-to-cart=44026\" data-quantity=\"1\" data-product_id=\"44026\" data-product_sku=\"22796\" class=\"button add_to_cart_button ajax_add_to_cart eltdf-button\">Aggiungi al carrello<\/a>\t<\/div>\n\t\t\t\t<\/div>\n\t\t\t<\/div>\n\t\t<\/div>\n\t\t<a class=\"eltdf-pli-link\" itemprop=\"url\" href=\"https:\/\/illycafe.ch\/it\/prodotto\/travel-mug-alessi-for-illy-da-350ml\/\" title=\"Travel Mug Alessi for illy da 350ml\"><\/a>\n\t<\/div>\n\t<div class=\"eltdf-pli-text-wrapper\" >\n\t\t    <h5 itemprop=\"name\" class=\"entry-title eltdf-pli-title\" >\n\t\t<a itemprop=\"url\" href=\"https:\/\/illycafe.ch\/it\/prodotto\/travel-mug-alessi-for-illy-da-350ml\/\">Travel Mug Alessi for illy da 350ml<\/a>\n\t<\/h5>\n\t\t\n\t\t\t\t\t\t\n\t\t\t\t\n\t\t\t<div class=\"eltdf-pli-price\"><span class=\"woocommerce-Price-amount amount\"><span class=\"woocommerce-Price-currencySymbol\">&#067;&#072;&#070;<\/span>&nbsp;48.65<\/span> (IVA inclusa)<\/div>\n\t\t\n\t\t\t\t\t<\/div>\n<\/div><div class=\"eltdf-pli eltdf-item-space \">\n\t<div class=\"eltdf-pli-inner\">\n\t\t<div class=\"eltdf-pli-image\">\n\t\t\t\n<img loading=\"lazy\" decoding=\"async\" width=\"610\" height=\"458\" src=\"https:\/\/illycafe.ch\/wp-content\/uploads\/23673ME_High-610x458.png\" class=\"attachment-woocommerce_thumbnail size-woocommerce_thumbnail wp-post-image\" alt=\"\" \/>\t\t<\/div>\n\t\t<div class=\"eltdf-pli-text eltdf-pli-hover-overlay\" >\n\t\t\t<div class=\"eltdf-pli-text-outer\">\n\t\t\t\t<div class=\"eltdf-pli-text-inner\">\n\t\t\t\t\t\t\n\t<div class=\"eltdf-pli-add-to-cart eltdf-default-skin\">\n\t\t<a rel=\"nofollow\" href=\"?add-to-cart=191026\" data-quantity=\"1\" data-product_id=\"191026\" data-product_sku=\"23673ME\" class=\"button add_to_cart_button ajax_add_to_cart eltdf-button\">Aggiungi al carrello<\/a>\t<\/div>\n\t\t\t\t<\/div>\n\t\t\t<\/div>\n\t\t<\/div>\n\t\t<a class=\"eltdf-pli-link\" itemprop=\"url\" href=\"https:\/\/illycafe.ch\/it\/prodotto\/moleskine-notizbuch-entworfen-von-olimpia-zagnoli\/\" title=\"Moleskine &#8211; Notizbuch Entworfen Von Olimpia Zagnoli\"><\/a>\n\t<\/div>\n\t<div class=\"eltdf-pli-text-wrapper\" >\n\t\t    <h5 itemprop=\"name\" class=\"entry-title eltdf-pli-title\" >\n\t\t<a itemprop=\"url\" href=\"https:\/\/illycafe.ch\/it\/prodotto\/moleskine-notizbuch-entworfen-von-olimpia-zagnoli\/\">Moleskine &#8211; Notizbuch Entworfen Von Olimpia Zagnoli<\/a>\n\t<\/h5>\n\t\t\n\t\t\t\t\t\t\n\t\t\t\t\n\t\t\t<div class=\"eltdf-pli-price\"><span class=\"woocommerce-Price-amount amount\"><span class=\"woocommerce-Price-currencySymbol\">&#067;&#072;&#070;<\/span>&nbsp;26.90<\/span> (IVA inclusa)<\/div>\n\t\t\n\t\t\t\t\t<\/div>\n<\/div>\t<\/div>\n<\/div>[vc_empty_space height=&#8221;60px&#8221;][\/vc_column][\/vc_row][vc_row full_width=&#8221;stretch_row&#8221; css=&#8221;.vc_custom_1724841515969{background-color: #f6f0ec !important;}&#8221;][vc_column css=&#8221;.vc_custom_1719387096335{margin-top: 0px !important;padding-top: 0px !important;}&#8221;][vc_empty_space height=&#8221;40px&#8221;][vc_row_inner content_placement=&#8221;middle&#8221; el_class=&#8221;revert-mobile&#8221;][vc_column_inner width=&#8221;1\/2&#8243;][vc_single_image image=&#8221;185248&#8243; img_size=&#8221;full&#8221;][\/vc_column_inner][vc_column_inner width=&#8221;1\/2&#8243; css=&#8221;.vc_custom_1719387402388{padding-top: 30px !important;padding-right: 30px !important;padding-bottom: 30px !important;padding-left: 30px !important;}&#8221;][vc_column_text css=&#8221;&#8221; el_class=&#8221;subtitle brown&#8221;]<\/p>\n<p style=\"text-align: center;\">Su misura per te<\/p>\n<p>[\/vc_column_text][vc_column_text css=&#8221;.vc_custom_1725527963379{margin-top: 0px !important;}&#8221; el_class=&#8221;titol-h3 brown&#8221;]<\/p>\n<h3 style=\"text-align: center;\">Abbonamento illy<\/h3>\n<p>[\/vc_column_text][vc_column_text css=&#8221;&#8221; el_class=&#8221;text-landing brown&#8221;]<\/p>\n<p style=\"text-align: center;\">Scegli tra l&#8217;abbonamento Macchina e caff\u00e8 o Solo caff\u00e8.<br \/>\nNon rimanere mai senza il tuo caff\u00e8 preferito, per un&#8217;esperienza di gusto quotidiana.<\/p>\n<p>[\/vc_column_text][vc_empty_space height=&#8221;20px&#8221;][vc_raw_html css=&#8221;&#8221;]JTNDYSUyMGNsYXNzJTNEJTIyYnV0dG9uLXN1Yi1wcm9kdWN0JTIyJTIwaHJlZiUzRCUyMiUyM25ld3NsZXR0ZXIlMjIlM0UlM0NidXR0b24lM0VBYmJvbmF0aSUyMG9yYSUzQyUyRmJ1dHRvbiUzRSUzQyUyRmElM0U=[\/vc_raw_html][\/vc_column_inner][\/vc_row_inner][vc_empty_space height=&#8221;50px&#8221;][\/vc_column][\/vc_row][vc_row][vc_column css=&#8221;.vc_custom_1744359538284{padding-top: 0px !important;}&#8221;][vc_column_text css=&#8221;&#8221;]<\/p>\n<div><div data-post-id=\"221719\" class=\"insert-page insert-page-221719 \"><style type=\"text\/css\" data-type=\"vc_custom-css\">.promo-text h3{\r\n    font-size: 24px;\r\n    color: #512C1F !important;\r\n    font-weight: 700 !important;\r\n    font-family: &#039;Manrope&#039;, sans-serif !important;\r\n    letter-spacing: 0px !important;\r\n}\r\n\r\n.promo-text h5{\r\n    font-size: 16px !important;\r\n    text-align: center;\r\n    color: #512C1F !important;\r\n    font-family: &#039;Manrope&#039;, sans-serif !important;\r\n    letter-spacing: 0px !important;\r\n}\r\n\r\n.promo-text p{\r\n    font-size: 11px !important;\r\n    text-align: center !important;\r\n    margin-top: 0px;\r\n    color: #636660;\r\n    font-family: &#039;Manrope&#039;, sans-serif !important;\r\n    letter-spacing: 0px !important;\r\n}<\/style><style type=\"text\/css\" data-type=\"vc_shortcodes-custom-css\">.vc_custom_1744117351675{margin-top: 70px !important;padding-top: 40px !important;padding-right: 30px !important;padding-bottom: 40px !important;padding-left: 30px !important;background: #ffffff url(https:\/\/illycafe.ch\/wp-content\/uploads\/illylovers.webp?id=221722) !important;background-position: center !important;background-repeat: no-repeat !important;background-size: cover !important;}.vc_custom_1744117502440{margin-top: 70px !important;padding-top: 40px !important;padding-right: 30px !important;padding-bottom: 40px !important;padding-left: 30px !important;background: #ffffff url(https:\/\/illycafe.ch\/wp-content\/uploads\/illylovers-mobile.png?id=221727) !important;background-position: center !important;background-repeat: no-repeat !important;background-size: cover !important;}.vc_custom_1722931185055{margin-top: 0px !important;margin-bottom: 0px !important;margin-left: 0px !important;padding-top: 0px !important;padding-right: 0px !important;padding-bottom: 0px !important;padding-left: 0px !important;}<\/style><div class=\"wpb-content-wrapper\"><p>[vc_row css=&#8221;.vc_custom_1744117351675{margin-top: 70px !important;padding-top: 40px !important;padding-right: 30px !important;padding-bottom: 40px !important;padding-left: 30px !important;background: #ffffff url(https:\/\/illycafe.ch\/wp-content\/uploads\/illylovers.webp?id=221722) !important;background-position: center center;background-repeat: no-repeat !important;background-size: cover !important;}&#8221; el_id=&#8221;illy-lovers-banner&#8221; el_class=&#8221;desktop-only&#8221;][vc_column css=&#8221;.vc_custom_1722931185055{margin-top: 0px !important;margin-bottom: 0px !important;margin-left: 0px !important;padding-top: 0px !important;padding-right: 0px !important;padding-bottom: 0px !important;padding-left: 0px !important;}&#8221;][vc_column_text css=&#8221;&#8221; el_class=&#8221;titol-banner&#8221;]<\/p>\n<h4>illy Lovers<\/h4>\n<p>[\/vc_column_text][vc_column_text css=&#8221;&#8221; el_class=&#8221;text-banner&#8221;]Entra a far parte della community e scopri le sorprese<br \/>\ne i vantaggi esclusivi riservati a te.[\/vc_column_text][vc_raw_html css=&#8221;&#8221;]JTNDYSUyMGNsYXNzJTNEJTIyYnV0dG9uLXN1Yi1wcm9kdWN0JTIyJTIwaHJlZiUzRCUyMiUyM0Fib25uZW1lbnRvJTIyJTNFJTNDYnV0dG9uJTNFSW5zY3Jpdml0aSUyMG9yYSUzQyUyRmJ1dHRvbiUzRSUzQyUyRmElM0UlMEE=[\/vc_raw_html][\/vc_column][\/vc_row][vc_row css=&#8221;.vc_custom_1744117502440{margin-top: 70px !important;padding-top: 40px !important;padding-right: 30px !important;padding-bottom: 40px !important;padding-left: 30px !important;background: #ffffff url(https:\/\/illycafe.ch\/wp-content\/uploads\/illylovers-mobile.png?id=221727) !important;background-position: center center;background-repeat: no-repeat !important;background-size: cover !important;}&#8221; el_id=&#8221;illy-lovers-banner&#8221; el_class=&#8221;mobile-only&#8221;][vc_column css=&#8221;.vc_custom_1722931185055{margin-top: 0px !important;margin-bottom: 0px !important;margin-left: 0px !important;padding-top: 0px !important;padding-right: 0px !important;padding-bottom: 0px !important;padding-left: 0px !important;}&#8221;][vc_column_text css=&#8221;&#8221; el_class=&#8221;titol-banner&#8221;]<\/p>\n<h4>illy Lovers<\/h4>\n<p>[\/vc_column_text][vc_column_text css=&#8221;&#8221; el_class=&#8221;text-banner&#8221;]Entra a far parte della community e scopri le sorprese<br \/>\ne i vantaggi esclusivi riservati a te.[\/vc_column_text][vc_raw_html css=&#8221;&#8221;]JTNDYSUyMGNsYXNzJTNEJTIyYnV0dG9uLXN1Yi1wcm9kdWN0JTIyJTIwaHJlZiUzRCUyMiUyM0Fib25uZW1lbnRvJTIyJTNFJTNDYnV0dG9uJTNFSW5zY3Jpdml0aSUyMG9yYSUzQyUyRmJ1dHRvbiUzRSUzQyUyRmElM0UlMEE=[\/vc_raw_html][\/vc_column][\/vc_row]<\/p>\n<\/div><\/div><\/div>\n<p>[\/vc_column_text][\/vc_column][\/vc_row][vc_row][vc_column][vc_empty_space height=&#8221;50px&#8221;][\/vc_column][\/vc_row][vc_row][vc_column][vc_single_image image=&#8221;186212&#8243; img_size=&#8221;full&#8221; alignment=&#8221;center&#8221; css=&#8221;&#8221;][vc_empty_space height=&#8221;50px&#8221;][\/vc_column][\/vc_row][vc_row full_width=&#8221;stretch_row&#8221; css=&#8221;.vc_custom_1734510749045{background-color: #f6f0ec !important;}&#8221; el_class=&#8221;newsletter&#8221; el_id=&#8221;newsletter&#8221;][vc_column css=&#8221;.vc_custom_1712226941419{padding-top: 0pc !important;padding-bottom: 0px !important;}&#8221;][vc_row_inner css=&#8221;.vc_custom_1712226909859{padding-top: 50px !important;padding-bottom: 50px !important;}&#8221;][vc_column_inner width=&#8221;1\/6&#8243;][\/vc_column_inner][vc_column_inner width=&#8221;2\/3&#8243;][vc_column_text css=&#8221;&#8221; el_class=&#8221;titol-h2 brown&#8221;]<\/p>\n<h2 style=\"text-align: center;\">ISCRIVITI ALLA NEWSLETTER<\/h2>\n<p>[\/vc_column_text][vc_column_text css=&#8221;&#8221; el_class=&#8221;text-landing brown&#8221;]<\/p>\n<p style=\"text-align: center;\">Entra a far parte del mondo illy e scopri tutti i vantaggi a te riservati.<\/p>\n<p>[\/vc_column_text][vc_column_text css=&#8221;&#8221;]<\/p>\n<p style=\"text-align: center;\"><p class=\"wpcf7-contact-form-not-found\"><strong>Errore:<\/strong> Modulo di contatto non trovato.<\/p><\/p>\n<p>[\/vc_column_text][\/vc_column_inner][vc_column_inner width=&#8221;1\/6&#8243;][\/vc_column_inner][\/vc_row_inner][\/vc_column][\/vc_row]<\/p>\n<\/div>","protected":false},"excerpt":{"rendered":"<p>[vc_row full_width=&#8221;stretch_row_content_no_spaces&#8221;][vc_column css=&#8221;.vc_custom_1725015184247{padding-top: 0px !important;}&#8221;][vc_single_image image=&#8221;186204&#8243; img_size=&#8221;full&#8221; css=&#8221;&#8221;][\/vc_column][\/vc_row][vc_row full_width=&#8221;stretch_row&#8221; css=&#8221;.vc_custom_1724839618079{margin-top: 0px !important;padding-top: 0px !important;background-color: #f6f0ec !important;}&#8221; el_class=&#8221;page-title&#8221;][vc_column width=&#8221;1\/6&#8243; css=&#8221;.vc_custom_1719386953532{margin-top: 0px !important;padding-top: 0px !important;}&#8221;][\/vc_column][vc_column width=&#8221;2\/3&#8243; css=&#8221;.vc_custom_1724841621568{margin-top: 0px !important;padding-top: 0px !important;}&#8221;][vc_empty_space height=&#8221;100px&#8221;][vc_column_text css=&#8221;&#8221; el_class=&#8221;titol-h2 brown&#8221;] ACCESSORI DA CAFF\u00c8 E T\u00c8 [\/vc_column_text][vc_empty_space height=&#8221;20px&#8221;][vc_column_text css=&#8221;&#8221; el_class=&#8221;text-landing brown&#8221;] Tutto il bello che accompagna il buono. La nostra selezione di accessori per completare la tua esperienza di gusto. [\/vc_column_text][vc_empty_space height=&#8221;100px&#8221;][\/vc_column][vc_column width=&#8221;1\/6&#8243;][\/vc_column][\/vc_row][vc_row full_width=&#8221;stretch_row_content&#8221; el_class=&#8221;menu-landings&#8221; css=&#8221;.vc_custom_1724840623820{margin-top: 0px !important;padding-top: 0px !important;padding-right: [&hellip;]<\/p>\n","protected":false},"author":5358,"featured_media":0,"parent":186097,"menu_order":0,"comment_status":"closed","ping_status":"closed","template":"","meta":{"inline_featured_image":false,"footnotes":""},"class_list":["post-186201","page","type-page","status-publish","hentry"],"yoast_head":"<!-- This site is optimized with the Yoast SEO plugin v27.3 - https:\/\/yoast.com\/product\/yoast-seo-wordpress\/ -->\n<title>Accessori da caff\u00e8 e t\u00e8 - Illycaf\u00e9 | Premium Kaffee kaufen | Gastronomie, Firmen, Privat<\/title>\n<meta name=\"robots\" content=\"index, follow, max-snippet:-1, max-image-preview:large, max-video-preview:-1\" \/>\n<link rel=\"canonical\" href=\"https:\/\/illycafe.ch\/it\/idee-regalo-e-accessori\/accessori-te-e-caffe\/\" \/>\n<meta property=\"og:locale\" content=\"it_IT\" \/>\n<meta property=\"og:type\" content=\"article\" \/>\n<meta property=\"og:title\" content=\"Accessori da caff\u00e8 e t\u00e8 - Illycaf\u00e9 | Premium Kaffee kaufen | Gastronomie, Firmen, Privat\" \/>\n<meta property=\"og:description\" content=\"[vc_row full_width=&#8221;stretch_row_content_no_spaces&#8221;][vc_column css=&#8221;.vc_custom_1725015184247{padding-top: 0px !important;}&#8221;][vc_single_image image=&#8221;186204&#8243; img_size=&#8221;full&#8221; css=&#8221;&#8221;][\/vc_column][\/vc_row][vc_row full_width=&#8221;stretch_row&#8221; css=&#8221;.vc_custom_1724839618079{margin-top: 0px !important;padding-top: 0px !important;background-color: #f6f0ec !important;}&#8221; el_class=&#8221;page-title&#8221;][vc_column width=&#8221;1\/6&#8243; css=&#8221;.vc_custom_1719386953532{margin-top: 0px !important;padding-top: 0px !important;}&#8221;][\/vc_column][vc_column width=&#8221;2\/3&#8243; css=&#8221;.vc_custom_1724841621568{margin-top: 0px !important;padding-top: 0px !important;}&#8221;][vc_empty_space height=&#8221;100px&#8221;][vc_column_text css=&#8221;&#8221; el_class=&#8221;titol-h2 brown&#8221;] ACCESSORI DA CAFF\u00c8 E T\u00c8 [\/vc_column_text][vc_empty_space height=&#8221;20px&#8221;][vc_column_text css=&#8221;&#8221; el_class=&#8221;text-landing brown&#8221;] Tutto il bello che accompagna il buono. La nostra selezione di accessori per completare la tua esperienza di gusto. [\/vc_column_text][vc_empty_space height=&#8221;100px&#8221;][\/vc_column][vc_column width=&#8221;1\/6&#8243;][\/vc_column][\/vc_row][vc_row full_width=&#8221;stretch_row_content&#8221; el_class=&#8221;menu-landings&#8221; css=&#8221;.vc_custom_1724840623820{margin-top: 0px !important;padding-top: 0px !important;padding-right: [&hellip;]\" \/>\n<meta property=\"og:url\" content=\"https:\/\/illycafe.ch\/it\/idee-regalo-e-accessori\/accessori-te-e-caffe\/\" \/>\n<meta property=\"og:site_name\" content=\"Illycaf\u00e9 | Premium Kaffee kaufen | Gastronomie, Firmen, Privat\" \/>\n<meta property=\"article:modified_time\" content=\"2025-04-11T08:19:20+00:00\" \/>\n<meta name=\"twitter:card\" content=\"summary_large_image\" \/>\n<meta name=\"twitter:label1\" content=\"Tempo di lettura stimato\" \/>\n\t<meta name=\"twitter:data1\" content=\"2 minuti\" \/>\n<script type=\"application\/ld+json\" class=\"yoast-schema-graph\">{\"@context\":\"https:\\\/\\\/schema.org\",\"@graph\":[{\"@type\":\"WebPage\",\"@id\":\"https:\\\/\\\/illycafe.ch\\\/it\\\/idee-regalo-e-accessori\\\/accessori-te-e-caffe\\\/\",\"url\":\"https:\\\/\\\/illycafe.ch\\\/it\\\/idee-regalo-e-accessori\\\/accessori-te-e-caffe\\\/\",\"name\":\"Accessori da caff\u00e8 e t\u00e8 - Illycaf\u00e9 | Premium Kaffee kaufen | Gastronomie, Firmen, Privat\",\"isPartOf\":{\"@id\":\"https:\\\/\\\/illycafe.ch\\\/#website\"},\"datePublished\":\"2024-09-12T09:29:16+00:00\",\"dateModified\":\"2025-04-11T08:19:20+00:00\",\"breadcrumb\":{\"@id\":\"https:\\\/\\\/illycafe.ch\\\/it\\\/idee-regalo-e-accessori\\\/accessori-te-e-caffe\\\/#breadcrumb\"},\"inLanguage\":\"it-IT\",\"potentialAction\":[{\"@type\":\"ReadAction\",\"target\":[\"https:\\\/\\\/illycafe.ch\\\/it\\\/idee-regalo-e-accessori\\\/accessori-te-e-caffe\\\/\"]}]},{\"@type\":\"BreadcrumbList\",\"@id\":\"https:\\\/\\\/illycafe.ch\\\/it\\\/idee-regalo-e-accessori\\\/accessori-te-e-caffe\\\/#breadcrumb\",\"itemListElement\":[{\"@type\":\"ListItem\",\"position\":1,\"name\":\"Home\",\"item\":\"https:\\\/\\\/illycafe.ch\\\/it\\\/\"},{\"@type\":\"ListItem\",\"position\":2,\"name\":\"Gift &#038; Accessori\",\"item\":\"https:\\\/\\\/illycafe.ch\\\/it\\\/idee-regalo-e-accessori\\\/\"},{\"@type\":\"ListItem\",\"position\":3,\"name\":\"Accessori da caff\u00e8 e t\u00e8\"}]},{\"@type\":\"WebSite\",\"@id\":\"https:\\\/\\\/illycafe.ch\\\/#website\",\"url\":\"https:\\\/\\\/illycafe.ch\\\/\",\"name\":\"Illycaf\u00e9 | Premium Kaffee kaufen | Gastronomie, Firmen, Privat\",\"description\":\"Italienische Kaffeekultur. Schweizer Qualit\u00e4t.\",\"potentialAction\":[{\"@type\":\"SearchAction\",\"target\":{\"@type\":\"EntryPoint\",\"urlTemplate\":\"https:\\\/\\\/illycafe.ch\\\/?s={search_term_string}\"},\"query-input\":{\"@type\":\"PropertyValueSpecification\",\"valueRequired\":true,\"valueName\":\"search_term_string\"}}],\"inLanguage\":\"it-IT\"}]}<\/script>\n<!-- \/ Yoast SEO plugin. -->","yoast_head_json":{"title":"Accessori da caff\u00e8 e t\u00e8 - Illycaf\u00e9 | Premium Kaffee kaufen | Gastronomie, Firmen, Privat","robots":{"index":"index","follow":"follow","max-snippet":"max-snippet:-1","max-image-preview":"max-image-preview:large","max-video-preview":"max-video-preview:-1"},"canonical":"https:\/\/illycafe.ch\/it\/idee-regalo-e-accessori\/accessori-te-e-caffe\/","og_locale":"it_IT","og_type":"article","og_title":"Accessori da caff\u00e8 e t\u00e8 - Illycaf\u00e9 | Premium Kaffee kaufen | Gastronomie, Firmen, Privat","og_description":"[vc_row full_width=&#8221;stretch_row_content_no_spaces&#8221;][vc_column css=&#8221;.vc_custom_1725015184247{padding-top: 0px !important;}&#8221;][vc_single_image image=&#8221;186204&#8243; img_size=&#8221;full&#8221; css=&#8221;&#8221;][\/vc_column][\/vc_row][vc_row full_width=&#8221;stretch_row&#8221; css=&#8221;.vc_custom_1724839618079{margin-top: 0px !important;padding-top: 0px !important;background-color: #f6f0ec !important;}&#8221; el_class=&#8221;page-title&#8221;][vc_column width=&#8221;1\/6&#8243; css=&#8221;.vc_custom_1719386953532{margin-top: 0px !important;padding-top: 0px !important;}&#8221;][\/vc_column][vc_column width=&#8221;2\/3&#8243; css=&#8221;.vc_custom_1724841621568{margin-top: 0px !important;padding-top: 0px !important;}&#8221;][vc_empty_space height=&#8221;100px&#8221;][vc_column_text css=&#8221;&#8221; el_class=&#8221;titol-h2 brown&#8221;] ACCESSORI DA CAFF\u00c8 E T\u00c8 [\/vc_column_text][vc_empty_space height=&#8221;20px&#8221;][vc_column_text css=&#8221;&#8221; el_class=&#8221;text-landing brown&#8221;] Tutto il bello che accompagna il buono. La nostra selezione di accessori per completare la tua esperienza di gusto. [\/vc_column_text][vc_empty_space height=&#8221;100px&#8221;][\/vc_column][vc_column width=&#8221;1\/6&#8243;][\/vc_column][\/vc_row][vc_row full_width=&#8221;stretch_row_content&#8221; el_class=&#8221;menu-landings&#8221; css=&#8221;.vc_custom_1724840623820{margin-top: 0px !important;padding-top: 0px !important;padding-right: [&hellip;]","og_url":"https:\/\/illycafe.ch\/it\/idee-regalo-e-accessori\/accessori-te-e-caffe\/","og_site_name":"Illycaf\u00e9 | Premium Kaffee kaufen | Gastronomie, Firmen, Privat","article_modified_time":"2025-04-11T08:19:20+00:00","twitter_card":"summary_large_image","twitter_misc":{"Tempo di lettura stimato":"2 minuti"},"schema":{"@context":"https:\/\/schema.org","@graph":[{"@type":"WebPage","@id":"https:\/\/illycafe.ch\/it\/idee-regalo-e-accessori\/accessori-te-e-caffe\/","url":"https:\/\/illycafe.ch\/it\/idee-regalo-e-accessori\/accessori-te-e-caffe\/","name":"Accessori da caff\u00e8 e t\u00e8 - Illycaf\u00e9 | Premium Kaffee kaufen | Gastronomie, Firmen, Privat","isPartOf":{"@id":"https:\/\/illycafe.ch\/#website"},"datePublished":"2024-09-12T09:29:16+00:00","dateModified":"2025-04-11T08:19:20+00:00","breadcrumb":{"@id":"https:\/\/illycafe.ch\/it\/idee-regalo-e-accessori\/accessori-te-e-caffe\/#breadcrumb"},"inLanguage":"it-IT","potentialAction":[{"@type":"ReadAction","target":["https:\/\/illycafe.ch\/it\/idee-regalo-e-accessori\/accessori-te-e-caffe\/"]}]},{"@type":"BreadcrumbList","@id":"https:\/\/illycafe.ch\/it\/idee-regalo-e-accessori\/accessori-te-e-caffe\/#breadcrumb","itemListElement":[{"@type":"ListItem","position":1,"name":"Home","item":"https:\/\/illycafe.ch\/it\/"},{"@type":"ListItem","position":2,"name":"Gift &#038; Accessori","item":"https:\/\/illycafe.ch\/it\/idee-regalo-e-accessori\/"},{"@type":"ListItem","position":3,"name":"Accessori da caff\u00e8 e t\u00e8"}]},{"@type":"WebSite","@id":"https:\/\/illycafe.ch\/#website","url":"https:\/\/illycafe.ch\/","name":"Illycaf\u00e9 | Premium Kaffee kaufen | Gastronomie, Firmen, Privat","description":"Italienische Kaffeekultur. Schweizer Qualit\u00e4t.","potentialAction":[{"@type":"SearchAction","target":{"@type":"EntryPoint","urlTemplate":"https:\/\/illycafe.ch\/?s={search_term_string}"},"query-input":{"@type":"PropertyValueSpecification","valueRequired":true,"valueName":"search_term_string"}}],"inLanguage":"it-IT"}]}},"_links":{"self":[{"href":"https:\/\/illycafe.ch\/it\/wp-json\/wp\/v2\/pages\/186201","targetHints":{"allow":["GET"]}}],"collection":[{"href":"https:\/\/illycafe.ch\/it\/wp-json\/wp\/v2\/pages"}],"about":[{"href":"https:\/\/illycafe.ch\/it\/wp-json\/wp\/v2\/types\/page"}],"author":[{"embeddable":true,"href":"https:\/\/illycafe.ch\/it\/wp-json\/wp\/v2\/users\/5358"}],"replies":[{"embeddable":true,"href":"https:\/\/illycafe.ch\/it\/wp-json\/wp\/v2\/comments?post=186201"}],"version-history":[{"count":0,"href":"https:\/\/illycafe.ch\/it\/wp-json\/wp\/v2\/pages\/186201\/revisions"}],"up":[{"embeddable":true,"href":"https:\/\/illycafe.ch\/it\/wp-json\/wp\/v2\/pages\/186097"}],"wp:attachment":[{"href":"https:\/\/illycafe.ch\/it\/wp-json\/wp\/v2\/media?parent=186201"}],"curies":[{"name":"wp","href":"https:\/\/api.w.org\/{rel}","templated":true}]}}