{"id":23144,"date":"2020-08-26T08:11:56","date_gmt":"2020-08-26T06:11:56","guid":{"rendered":"https:\/\/illycafe.ch\/sorten-produkte\/"},"modified":"2021-01-29T14:31:45","modified_gmt":"2021-01-29T13:31:45","slug":"caffe-unico","status":"publish","type":"page","link":"https:\/\/illycafe.ch\/it\/caffe-unico\/","title":{"rendered":"Variet\u00e0 &#038; prodotti"},"content":{"rendered":"<div class=\"wpb-content-wrapper\"><p>[vc_row row_content_width=&#8221;grid&#8221; css=&#8221;.vc_custom_1610373771996{padding-bottom: 40px !important;}&#8221;][vc_column offset=&#8221;vc_col-lg-offset-2 vc_col-lg-8&#8243;][vc_single_image image=&#8221;21043&#8243; img_size=&#8221;full&#8221; alignment=&#8221;center&#8221;][vc_custom_heading text=&#8221;L\u2019arte del blend&#8221; use_theme_fonts=&#8221;yes&#8221;][vc_column_text]Il nostro caff\u00e8 \u00e8 prodotto con materie prime d\u2019eccellenza provenienti da tre diversi continenti. La scelta ricade su due specie in particolare: la Coffea Arabica e la Coffea Robusta.<\/p>\n<ul>\n<li>I chicchi di Arabica, considerati i pi\u00f9 pregiati in assoluto, si distinguono per il gusto delicato e fruttato e per l\u2019elevato tenore di acidit\u00e0.<\/li>\n<li>I chicchi di Coffea Robusta, al contrario, sono aspri e un po\u2019 amari e sprigionano un gusto forte e aromatico.<\/li>\n<\/ul>\n<p>Scegliere la pianta migliore \u00e8 il primo passo, ma non basta di certo per dar vita a un caff\u00e8 in grani dall\u2019aromaticit\u00e0 eccellente. Tutto dipende, infatti, dalla combinazione giusta: il cosiddetto \u201cblend\u201d. Nella miscelazione entrano in gioco la variet\u00e0, la provenienza, ma anche le diverse percentuali di chicchi. Ed \u00e8 qui che si esprime la nobile arte della torrefazione. La miscelazione dona a ogni caff\u00e8 la sua particolare struttura e la sua firma unica. Cos\u00ec nasce l\u2019amatissimo blend d\u2019autore Illy.<\/p>\n<p>Ma esistono anche variet\u00e0 non miscelate. Si tratta di chicchi particolarmente esclusivi che, una volta tostati, vengono commercializzati come caff\u00e8 Single Origin o Terroir. Ad esempio, il nostro<a href=\"https:\/\/illycafe.ch\/it\/prodotto\/desita-illy-limu-single-origin\/\"> Desita Illy Limu Single Origin<\/a>.[\/vc_column_text][\/vc_column][\/vc_row][vc_row row_content_width=&#8221;grid&#8221; content_text_aligment=&#8221;left&#8221;][vc_column offset=&#8221;vc_col-lg-6 vc_col-md-6&#8243;][vc_single_image image=&#8221;23910&#8243; img_size=&#8221;full&#8221;][vc_empty_space height=&#8221;40px&#8221;][\/vc_column][vc_column offset=&#8221;vc_col-lg-6 vc_col-md-6&#8243;][vc_single_image image=&#8221;23907&#8243; img_size=&#8221;full&#8221;][vc_empty_space height=&#8221;40px&#8221;][\/vc_column][\/vc_row][vc_row row_content_width=&#8221;grid&#8221; content_text_aligment=&#8221;left&#8221; css=&#8221;.vc_custom_1610373790797{padding-bottom: 40px !important;}&#8221; el_id=&#8221;rosten&#8221;][vc_column offset=&#8221;vc_col-lg-offset-2 vc_col-lg-8&#8243;]<div class=\"eltdf-section-title-holder  \" style=\"text-align: left\">\n\t<div class=\"eltdf-st-inner\">\n\t\t\t\t\t<h2 class=\"eltdf-st-title\" >\n\t\t\t\tTostatura: l\u2019affinamento del blend\t\t\t<\/h2>\n\t\t\t\t\t<\/div>\n<\/div>[vc_column_text]Noi di Illycaf\u00e9 effettuiamo la tostatura a mano, come vuole la tradizione. Perch\u00e9 tutte le cose buone richiedono tempo, e soprattutto la totale attenzione del mastro torrefattore.<\/p>\n<p>Nella nostra torrefazione sul Lago di Zurigo, la tostatura del caff\u00e8 \u00e8 effettuata secondo un processo lento e accurato, a temperature inferiori ai 230 gradi. Distinguiamo tra 4 profili di tostatura:[\/vc_column_text][vc_empty_space height=&#8221;20px&#8221;][vc_column_text]<\/p>\n<table class=\"alignleft\">\n<tbody>\n<tr>\n<td><\/td>\n<td><strong>Profilo di tostatura<\/strong><\/td>\n<td><strong>Degustazione<\/strong><\/td>\n<\/tr>\n<tr>\n<td>Napoli<\/td>\n<td>tostatura extra scura<\/p>\n<p><a href=\"https:\/\/illycafe.ch\/wp-content\/uploads\/beans-ico.png\"><img loading=\"lazy\" decoding=\"async\" class=\"alignnone size-full wp-image-22431\" src=\"https:\/\/illycafe.ch\/wp-content\/uploads\/beans-ico.png\" alt=\"\" width=\"24\" height=\"24\" \/><\/a><a href=\"https:\/\/illycafe.ch\/wp-content\/uploads\/beans-ico.png\"><img loading=\"lazy\" decoding=\"async\" class=\"alignnone size-full wp-image-22431\" src=\"https:\/\/illycafe.ch\/wp-content\/uploads\/beans-ico.png\" alt=\"\" width=\"24\" height=\"24\" \/><\/a><a href=\"https:\/\/illycafe.ch\/wp-content\/uploads\/beans-ico.png\"><img loading=\"lazy\" decoding=\"async\" class=\"alignnone size-full wp-image-22431\" src=\"https:\/\/illycafe.ch\/wp-content\/uploads\/beans-ico.png\" alt=\"\" width=\"24\" height=\"24\" \/><\/a><a href=\"https:\/\/illycafe.ch\/wp-content\/uploads\/beans-ico.png\"><img loading=\"lazy\" decoding=\"async\" class=\"alignnone size-full wp-image-22431\" src=\"https:\/\/illycafe.ch\/wp-content\/uploads\/beans-ico.png\" alt=\"\" width=\"24\" height=\"24\" \/><\/a><\/td>\n<td>perfetto per un espresso o un ristretto<\/td>\n<\/tr>\n<tr>\n<td>Milano<\/td>\n<td>tostatura scura<\/p>\n<p><a href=\"https:\/\/illycafe.ch\/wp-content\/uploads\/beans-ico.png\"><img loading=\"lazy\" decoding=\"async\" class=\"alignnone size-full wp-image-22431\" src=\"https:\/\/illycafe.ch\/wp-content\/uploads\/beans-ico.png\" alt=\"\" width=\"24\" height=\"24\" \/><\/a><a href=\"https:\/\/illycafe.ch\/wp-content\/uploads\/beans-ico.png\"><img loading=\"lazy\" decoding=\"async\" class=\"alignnone size-full wp-image-22431\" src=\"https:\/\/illycafe.ch\/wp-content\/uploads\/beans-ico.png\" alt=\"\" width=\"24\" height=\"24\" \/><\/a><a href=\"https:\/\/illycafe.ch\/wp-content\/uploads\/beans-ico.png\"><img loading=\"lazy\" decoding=\"async\" class=\"alignnone size-full wp-image-22431\" src=\"https:\/\/illycafe.ch\/wp-content\/uploads\/beans-ico.png\" alt=\"\" width=\"24\" height=\"24\" \/><\/a><\/td>\n<td>per un caf\u00e9 cr\u00e8me o un espresso corposo<\/td>\n<\/tr>\n<tr>\n<td>Venezia<\/td>\n<td>tostatura media<\/p>\n<p><a href=\"https:\/\/illycafe.ch\/wp-content\/uploads\/beans-ico.png\"><img loading=\"lazy\" decoding=\"async\" class=\"alignnone size-full wp-image-22431\" src=\"https:\/\/illycafe.ch\/wp-content\/uploads\/beans-ico.png\" alt=\"\" width=\"24\" height=\"24\" \/><\/a><a href=\"https:\/\/illycafe.ch\/wp-content\/uploads\/beans-ico.png\"><img loading=\"lazy\" decoding=\"async\" class=\"alignnone size-full wp-image-22431\" src=\"https:\/\/illycafe.ch\/wp-content\/uploads\/beans-ico.png\" alt=\"\" width=\"24\" height=\"24\" \/><\/a><\/td>\n<td>per un caf\u00e9 cr\u00e8me o un espresso classico<\/td>\n<\/tr>\n<tr>\n<td>Wiener<\/td>\n<td>tostatura chiara<\/p>\n<p><a href=\"https:\/\/illycafe.ch\/wp-content\/uploads\/beans-ico.png\"><img loading=\"lazy\" decoding=\"async\" class=\"alignnone size-full wp-image-22431\" src=\"https:\/\/illycafe.ch\/wp-content\/uploads\/beans-ico.png\" alt=\"\" width=\"24\" height=\"24\" \/><\/a><\/td>\n<td>per un caf\u00e9 cr\u00e8me o un caff\u00e8 latte leggero<\/td>\n<\/tr>\n<\/tbody>\n<\/table>\n<p>[\/vc_column_text][vc_empty_space height=&#8221;20px&#8221;][vc_column_text]Le tostature chiare come la Viennese e la Venezia presentano una maggiore acidit\u00e0 e risultano pi\u00f9 fruttate. Sono quindi ideali per un caf\u00e9 cr\u00e8me o un espresso tradizionali. Se preferite un ristretto forte, un espresso perfetto o un corposo caf\u00e9 cr\u00e8me, vi consigliamo le tostature pi\u00f9 scure come la Milano e la Napoli.[\/vc_column_text][vc_empty_space height=&#8221;20px&#8221;][vc_single_image image=&#8221;23904&#8243; img_size=&#8221;full&#8221;][\/vc_column][\/vc_row][vc_row row_content_width=&#8221;grid&#8221; content_text_aligment=&#8221;left&#8221; css=&#8221;.vc_custom_1610373833639{padding-bottom: 40px !important;}&#8221;][vc_column offset=&#8221;vc_col-lg-offset-2 vc_col-lg-8&#8243;]<div class=\"eltdf-section-title-holder  \" style=\"text-align: left\">\n\t<div class=\"eltdf-st-inner\">\n\t\t\t\t\t<h2 class=\"eltdf-st-title\" >\n\t\t\t\tChe tipo di caff\u00e8 \u00e8 giusto per voi?\t\t\t<\/h2>\n\t\t\t\t\t<\/div>\n<\/div>[vc_column_text]La vasta selezione della torrefazione svizzera di antica tradizione. Ogni blend viene tostato tutti i giorni per voi.[\/vc_column_text][vc_empty_space height=&#8221;20px&#8221;][vc_column_text]<\/p>\n<table class=\"alignleft\">\n<tbody>\n<tr>\n<td><strong>Linea di prodotti<\/strong><\/td>\n<td><strong>Grani<\/strong><\/td>\n<td><strong>Descrizione<\/strong><\/td>\n<td colspan=\"4\"><strong>Profilo di tostatura<\/strong><\/td>\n<\/tr>\n<tr>\n<td><\/td>\n<td><\/td>\n<td><\/td>\n<td>Napoli<\/td>\n<td>Milano<\/td>\n<td>Venezia<\/td>\n<td>Wiener<\/td>\n<\/tr>\n<tr>\n<td><a href=\"\/it\/categoria-prodotto\/produktlinien-it\/01_gourmet-it\/\">Gourmet<\/a><\/td>\n<td>100%<\/p>\n<p>Arabica<\/td>\n<td>Gusto esclusivo per veri intenditori. Forte, fruttato e aromatico, con un sublime sentore di cioccolata e delicate note di noce. Certificato UTZ.<\/p>\n<p><em><a href=\"https:\/\/illycafe.ch\/wp-content\/uploads\/utz-certified-1.png\"><img loading=\"lazy\" decoding=\"async\" class=\"alignnone size-full wp-image-22925\" src=\"https:\/\/illycafe.ch\/wp-content\/uploads\/utz-certified-1.png\" alt=\"\" width=\"55\" height=\"54\" \/><\/a><\/em><\/td>\n<td>x<\/td>\n<td>x<\/td>\n<td>x<\/td>\n<td><\/td>\n<\/tr>\n<tr>\n<td><a href=\"\/it\/categoria-prodotto\/produktlinien-it\/02_silver-label-it\/\">Silver Label<\/a><\/td>\n<td>90% Arabica, 10% Robusta<\/td>\n<td>Caff\u00e8 cremoso e corposo. Speciale procedura di affinamento. Aromatico e generoso.<\/td>\n<td>X<\/td>\n<td>X<\/td>\n<td>x<\/td>\n<td><\/td>\n<\/tr>\n<tr>\n<td><a href=\"\/it\/categoria-prodotto\/produktlinien-it\/03_red-label-it\/\">Red Label<\/a><\/td>\n<td>90% Arabica, 10% Robusta<\/td>\n<td>Carattere equilibrato dal bouquet aromatico.<\/td>\n<td>X<\/td>\n<td>X<\/td>\n<td>X<\/td>\n<td>x<\/td>\n<\/tr>\n<tr>\n<td><a href=\"\/it\/categoria-prodotto\/produktlinien-it\/04_tipo-italiano-it\/\">Tipo Italiano<\/a><\/td>\n<td>70% Arabica, 30% Robusta<\/td>\n<td>Caff\u00e8 all\u2019italiana: aroma morbido. Fragrante e cremoso.<\/td>\n<td>x<\/td>\n<td>x<\/td>\n<td><\/td>\n<td><\/td>\n<\/tr>\n<tr>\n<td><a href=\"\/it\/categoria-prodotto\/produktlinien-it\/05_bel-etage-it\/\">Bel Etage<\/a><\/td>\n<td>70% Arabica, 30% Robusta<\/td>\n<td>Aroma pieno e corposo. Note intense. Gusto deciso con un leggero sentore di noce e di cioccolata.<\/td>\n<td>x<\/td>\n<td>x<\/td>\n<td>x<\/td>\n<td><\/td>\n<\/tr>\n<tr>\n<td><a href=\"\/it\/categoria-prodotto\/produktlinien-it\/06_max-havelaar-it\/\">Max Havelaar<\/a><\/td>\n<td><\/td>\n<td>Miscela equilibrata. Ricco di aromi pieni e speziati. Da commercio equosolidale.<br \/>\n<a href=\"https:\/\/illycafe.ch\/wp-content\/uploads\/max_havelar_zertifikat-1.jpg\"><img loading=\"lazy\" decoding=\"async\" class=\"alignnone size-full wp-image-22928\" src=\"https:\/\/illycafe.ch\/wp-content\/uploads\/max_havelar_zertifikat-1.jpg\" alt=\"\" width=\"55\" height=\"77\" \/><\/a><em><br \/>\n<\/em><\/td>\n<td><\/td>\n<td>x<\/td>\n<td>x<\/td>\n<td><\/td>\n<\/tr>\n<tr>\n<td><a href=\"\/it\/categoria-prodotto\/produktlinien-it\/07_single-origin-it\/\">Desita Single Origin<\/a><\/td>\n<td>100% Arabica<\/td>\n<td>Pregiato monovariet\u00e0. Rigorosi standard di qualit\u00e0. Soave dolcezza, leggero aroma di limone e note delicate di cioccolata. Certificato UTZ.<br \/>\n<em><a href=\"https:\/\/illycafe.ch\/wp-content\/uploads\/utz-certified-1.png\"><img loading=\"lazy\" decoding=\"async\" class=\"alignnone size-full wp-image-22925\" src=\"https:\/\/illycafe.ch\/wp-content\/uploads\/utz-certified-1.png\" alt=\"\" width=\"55\" height=\"54\" \/><\/a><\/em><\/td>\n<td><\/td>\n<td><\/td>\n<td><\/td>\n<td><\/td>\n<\/tr>\n<tr>\n<td><a href=\"\/it\/categoria-prodotto\/produktlinien-it\/08_koffeinfrei-it\/\">Decaffeinato<\/a><\/td>\n<td>100% Arabica<\/td>\n<td>Tutto il gusto del caff\u00e8 senza la caffeina, estratta con acqua. Piacere sublime.<\/td>\n<td><\/td>\n<td><\/td>\n<td>x<\/td>\n<td><\/td>\n<\/tr>\n<tr>\n<td><a href=\"\/it\/categoria-prodotto\/illy-cold-brew-it\/\">Illy Cold Brew<\/a><\/td>\n<td>90% Arabica, 10% Robusta<\/td>\n<td>Miscela Red Label in forma refrigerata. Rinfrescante ed energizzante.<\/td>\n<td><\/td>\n<td>x<\/td>\n<td><\/td>\n<td><\/td>\n<\/tr>\n<tr>\n<td><a href=\"\/it\/clienti-commerciali-partner-caffe\/#bonsol\">Bon Sol<\/a><\/td>\n<td>70% Arabica, 30% Robusta<\/td>\n<td><strong>Miscela di caff\u00e8 equilibrata e aromatica dal piacevole sapore speziato, creata <\/strong><\/td>\n<td>x<\/td>\n<td>x<\/td>\n<td>x<\/td>\n<td><\/td>\n<\/tr>\n<\/tbody>\n<\/table>\n<p>[\/vc_column_text][\/vc_column][\/vc_row][vc_row row_content_width=&#8221;grid&#8221; content_text_aligment=&#8221;left&#8221; css=&#8221;.vc_custom_1610373867987{padding-bottom: 40px !important;}&#8221;][vc_column offset=&#8221;vc_col-lg-offset-2 vc_col-lg-8&#8243;]<div class=\"eltdf-section-title-holder  \" style=\"text-align: left\">\n\t<div class=\"eltdf-st-inner\">\n\t\t\t\t\t<h2 class=\"eltdf-st-title\" >\n\t\t\t\tIllycaf\u00e9 anche per gli amanti di capsule e cialde\t\t\t<\/h2>\n\t\t\t\t\t<\/div>\n<\/div>[vc_column_text]Volete che il vostro caff\u00e8 sia sempre all\u2019altezza? Ma apprezzate anche la pulizia e la semplicit\u00e0 di preparazione? E non scendete a compromessi sulla qualit\u00e0?<\/p>\n<p>Ecco la soluzione che fa per voi: la migliore qualit\u00e0 del caff\u00e8 Illy in pratiche capsule e cialde. Le <a href=\"https:\/\/illycafe.ch\/it\/shop\/?lavorazione=capsule-nespresso\">capsule\u00a0<\/a>sono compatibili con il sistema Nespresso e con tutte le comuni macchine da caff\u00e8 a capsule.\u00a0 Le <a href=\"https:\/\/illycafe.ch\/it\/shop\/?lavorazione=pastiglie\">cialde<\/a>, anche dette cialde ESE (Easy Serving Espresso), si utilizzano con le macchine da caff\u00e8 con elettropompa o pistone e sono conservate e confezionate in monoporzioni in modo da preservare a lungo il loro aroma unico.[\/vc_column_text][vc_empty_space height=&#8221;20px&#8221;][vc_single_image image=&#8221;24781&#8243; img_size=&#8221;medium&#8221; alignment=&#8221;center&#8221;][vc_empty_space height=&#8221;20px&#8221;][vc_column_text]Avete trovato il caff\u00e8 Illy perfetto per voi? Curiosate nel nostro <a href=\"https:\/\/illycafe.ch\/it\/shop\/\">shop<\/a>\u00a0o richiedete una consulenza <a href=\"tel:0844455922\">telefonica<\/a>. Siamo a vostra completa disposizione![\/vc_column_text][vc_row_inner][vc_column_inner][vc_empty_space height=&#8221;20px&#8221;][vc_btn title=&#8221;Shop&#8221; align=&#8221;center&#8221; el_class=&#8221;btn-center&#8221; link=&#8221;url:%2Fit%2Fnegozio%2F|||&#8221;][\/vc_column_inner][\/vc_row_inner]<div class=\"eltdf-section-title-holder  \" >\n\t<div class=\"eltdf-st-inner\">\n\t\t\t\t\t<h2 class=\"eltdf-st-title\" >\n\t\t\t\tLe novit\u00e0 di Illycaf\u00e9\t\t\t<\/h2>\n\t\t\t\t\t<\/div>\n<\/div>[vc_column_text]Illycaf\u00e9 deve il suo successo all\u2019eccellente qualit\u00e0 dei suoi prodotti, alla tradizione, ma anche all\u2019innovazione, motivo per cui siamo sempre alla ricerca di nuove miscele e procedure. Ecco a voi le ultime novit\u00e0 del marchio Illy:[\/vc_column_text][\/vc_column][\/vc_row][vc_row row_content_width=&#8221;grid&#8221; content_text_aligment=&#8221;left&#8221; css=&#8221;.vc_custom_1610373876735{padding-bottom: 40px !important;}&#8221;][vc_column offset=&#8221;vc_col-lg-6 vc_col-md-6&#8243;][vc_custom_heading text=&#8221;Caff\u00e8 Illy Cold Brew \u201cWake up\u201d&#8221; font_container=&#8221;tag:h3|text_align:center&#8221; use_theme_fonts=&#8221;yes&#8221;][vc_single_image image=&#8221;21524&#8243; img_size=&#8221;medium&#8221; alignment=&#8221;center&#8221; onclick=&#8221;custom_link&#8221; link=&#8221;\/it\/categoria-prodotto\/illy-cold-brew-it\/&#8221;][vc_column_text]<\/p>\n<p class=\"p1\">Delizioso e rinfrescante. Molto equilibrato e dal gusto pieno. Ipocalorico e altamente energetico. Perfetto per le giornate calde.<\/p>\n<p>[\/vc_column_text][vc_empty_space height=&#8221;20px&#8221;][\/vc_column][vc_column offset=&#8221;vc_col-lg-6 vc_col-md-6&#8243;][vc_custom_heading text=&#8221;Desita Single Origin&#8221; font_container=&#8221;tag:h3|text_align:center&#8221; use_theme_fonts=&#8221;yes&#8221;][vc_single_image image=&#8221;19936&#8243; img_size=&#8221;medium&#8221; alignment=&#8221;center&#8221; onclick=&#8221;custom_link&#8221; link=&#8221;\/it\/categoria-prodotto\/07_single-origin-it\/&#8221;][vc_column_text]Un caff\u00e8 pregiatissimo dalla straordinaria complessit\u00e0 aromatica, perfetto per gli amanti dell\u2019espresso e del caf\u00e9 cr\u00e8me. I chicchi di caff\u00e8 Arabica provengono dall\u2019Etiopia, sono raccolti a mano e lavorati come monovariet\u00e0.[\/vc_column_text][\/vc_column][\/vc_row][vc_row row_content_width=&#8221;grid&#8221; disable_background_image=&#8221;&#8221; simple_background_image=&#8221;21399&#8243; css=&#8221;.vc_custom_1599587630258{padding-top: 30px !important;padding-bottom: 30px !important;background-image;background-position: center center;: url(https:\/\/illycafe.ch\/wp-content\/uploads\/revslider\/landing-bakcground-img-1.jpg?id=21399) !important;}&#8221; el_class=&#8221;call-action-box&#8221;][vc_column offset=&#8221;vc_col-lg-11 vc_col-md-12 vc_col-xs-12&#8243;]<div class=\"eltdf-call-to-action-holder  eltdf-normal-layout  eltdf-three-quarters-columns\">\n\t<div class=\"eltdf-cta-inner \">\n\t\t<div class=\"eltdf-cta-text-holder\">\n\t\t\t<div class=\"eltdf-cta-text\">\n<h5>Ordinate adesso la nostra confezione da degustazione con 4 pacchetti da 250 g dei migliori caff\u00e8 Illy.<\/h5>\n<\/div>\n\t\t<\/div>\n\t\t<div class=\"eltdf-cta-button-holder\" >\n\t\t\t<div class=\"eltdf-cta-button\"><a itemprop=\"url\" href=\"\/it\/negozio\/box\/\" target=\"_self\" style=\"color: #ffffff;background-color: #be9c79\" class=\"eltdf-btn eltdf-btn-medium eltdf-btn-solid eltdf-btn-custom-hover-color eltdf-btn-dash\" data-hover-color=\"#ffffff\" >    <span class=\"eltdf-btn-text\">Provare per credere<\/span>\t<\/a><\/div>\n\t\t<\/div>\n\t<\/div>\n<\/div>[\/vc_column][\/vc_row]<\/p>\n<\/div>","protected":false},"excerpt":{"rendered":"<p>[vc_row row_content_width=&#8221;grid&#8221; css=&#8221;.vc_custom_1610373771996{padding-bottom: 40px !important;}&#8221;][vc_column offset=&#8221;vc_col-lg-offset-2 vc_col-lg-8&#8243;][vc_single_image image=&#8221;21043&#8243; img_size=&#8221;full&#8221; alignment=&#8221;center&#8221;][vc_custom_heading text=&#8221;L\u2019arte del blend&#8221; use_theme_fonts=&#8221;yes&#8221;][vc_column_text]Il nostro caff\u00e8 \u00e8 prodotto con materie prime d\u2019eccellenza provenienti da tre diversi continenti. La scelta ricade su due specie in particolare: la Coffea Arabica e la Coffea Robusta. I chicchi di Arabica, considerati i pi\u00f9 pregiati in assoluto, si distinguono per il gusto delicato e fruttato e per l\u2019elevato tenore di acidit\u00e0. I chicchi di Coffea Robusta, al [&hellip;]<\/p>\n","protected":false},"author":3166,"featured_media":0,"parent":0,"menu_order":1,"comment_status":"closed","ping_status":"closed","template":"full-width.php","meta":{"inline_featured_image":false,"footnotes":""},"class_list":["post-23144","page","type-page","status-publish","hentry"],"yoast_head":"<!-- This site is optimized with the Yoast SEO plugin v27.3 - https:\/\/yoast.com\/product\/yoast-seo-wordpress\/ -->\n<title>Variet\u00e0 &amp; prodotti - Illycaf\u00e9 | Premium Kaffee kaufen | Gastronomie, Firmen, Privat<\/title>\n<meta name=\"robots\" content=\"index, follow, max-snippet:-1, max-image-preview:large, max-video-preview:-1\" \/>\n<link rel=\"canonical\" href=\"https:\/\/illycafe.ch\/it\/caffe-unico\/\" \/>\n<meta property=\"og:locale\" content=\"it_IT\" \/>\n<meta property=\"og:type\" content=\"article\" \/>\n<meta property=\"og:title\" content=\"Variet\u00e0 &amp; prodotti - Illycaf\u00e9 | Premium Kaffee kaufen | Gastronomie, Firmen, Privat\" \/>\n<meta property=\"og:description\" content=\"[vc_row row_content_width=&#8221;grid&#8221; css=&#8221;.vc_custom_1610373771996{padding-bottom: 40px !important;}&#8221;][vc_column offset=&#8221;vc_col-lg-offset-2 vc_col-lg-8&#8243;][vc_single_image image=&#8221;21043&#8243; img_size=&#8221;full&#8221; alignment=&#8221;center&#8221;][vc_custom_heading text=&#8221;L\u2019arte del blend&#8221; use_theme_fonts=&#8221;yes&#8221;][vc_column_text]Il nostro caff\u00e8 \u00e8 prodotto con materie prime d\u2019eccellenza provenienti da tre diversi continenti. La scelta ricade su due specie in particolare: la Coffea Arabica e la Coffea Robusta. I chicchi di Arabica, considerati i pi\u00f9 pregiati in assoluto, si distinguono per il gusto delicato e fruttato e per l\u2019elevato tenore di acidit\u00e0. I chicchi di Coffea Robusta, al [&hellip;]\" \/>\n<meta property=\"og:url\" content=\"https:\/\/illycafe.ch\/it\/caffe-unico\/\" \/>\n<meta property=\"og:site_name\" content=\"Illycaf\u00e9 | Premium Kaffee kaufen | Gastronomie, Firmen, Privat\" \/>\n<meta property=\"article:modified_time\" content=\"2021-01-29T13:31:45+00:00\" \/>\n<meta property=\"og:image\" content=\"https:\/\/illycafe.ch\/wp-content\/uploads\/beans-ico.png\" \/>\n<meta name=\"twitter:card\" content=\"summary_large_image\" \/>\n<meta name=\"twitter:label1\" content=\"Tempo di lettura stimato\" \/>\n\t<meta name=\"twitter:data1\" content=\"7 minuti\" \/>\n<script type=\"application\/ld+json\" class=\"yoast-schema-graph\">{\"@context\":\"https:\\\/\\\/schema.org\",\"@graph\":[{\"@type\":\"WebPage\",\"@id\":\"https:\\\/\\\/illycafe.ch\\\/it\\\/caffe-unico\\\/\",\"url\":\"https:\\\/\\\/illycafe.ch\\\/it\\\/caffe-unico\\\/\",\"name\":\"Variet\u00e0 & prodotti - Illycaf\u00e9 | Premium Kaffee kaufen | Gastronomie, Firmen, Privat\",\"isPartOf\":{\"@id\":\"https:\\\/\\\/illycafe.ch\\\/#website\"},\"primaryImageOfPage\":{\"@id\":\"https:\\\/\\\/illycafe.ch\\\/it\\\/caffe-unico\\\/#primaryimage\"},\"image\":{\"@id\":\"https:\\\/\\\/illycafe.ch\\\/it\\\/caffe-unico\\\/#primaryimage\"},\"thumbnailUrl\":\"https:\\\/\\\/illycafe.ch\\\/wp-content\\\/uploads\\\/beans-ico.png\",\"datePublished\":\"2020-08-26T06:11:56+00:00\",\"dateModified\":\"2021-01-29T13:31:45+00:00\",\"breadcrumb\":{\"@id\":\"https:\\\/\\\/illycafe.ch\\\/it\\\/caffe-unico\\\/#breadcrumb\"},\"inLanguage\":\"it-IT\",\"potentialAction\":[{\"@type\":\"ReadAction\",\"target\":[\"https:\\\/\\\/illycafe.ch\\\/it\\\/caffe-unico\\\/\"]}]},{\"@type\":\"ImageObject\",\"inLanguage\":\"it-IT\",\"@id\":\"https:\\\/\\\/illycafe.ch\\\/it\\\/caffe-unico\\\/#primaryimage\",\"url\":\"https:\\\/\\\/illycafe.ch\\\/wp-content\\\/uploads\\\/beans-ico.png\",\"contentUrl\":\"https:\\\/\\\/illycafe.ch\\\/wp-content\\\/uploads\\\/beans-ico.png\"},{\"@type\":\"BreadcrumbList\",\"@id\":\"https:\\\/\\\/illycafe.ch\\\/it\\\/caffe-unico\\\/#breadcrumb\",\"itemListElement\":[{\"@type\":\"ListItem\",\"position\":1,\"name\":\"Home\",\"item\":\"https:\\\/\\\/illycafe.ch\\\/it\\\/\"},{\"@type\":\"ListItem\",\"position\":2,\"name\":\"Variet\u00e0 &#038; prodotti\"}]},{\"@type\":\"WebSite\",\"@id\":\"https:\\\/\\\/illycafe.ch\\\/#website\",\"url\":\"https:\\\/\\\/illycafe.ch\\\/\",\"name\":\"Illycaf\u00e9 | Premium Kaffee kaufen | Gastronomie, Firmen, Privat\",\"description\":\"Italienische Kaffeekultur. Schweizer Qualit\u00e4t.\",\"potentialAction\":[{\"@type\":\"SearchAction\",\"target\":{\"@type\":\"EntryPoint\",\"urlTemplate\":\"https:\\\/\\\/illycafe.ch\\\/?s={search_term_string}\"},\"query-input\":{\"@type\":\"PropertyValueSpecification\",\"valueRequired\":true,\"valueName\":\"search_term_string\"}}],\"inLanguage\":\"it-IT\"}]}<\/script>\n<!-- \/ Yoast SEO plugin. -->","yoast_head_json":{"title":"Variet\u00e0 & prodotti - Illycaf\u00e9 | Premium Kaffee kaufen | Gastronomie, Firmen, Privat","robots":{"index":"index","follow":"follow","max-snippet":"max-snippet:-1","max-image-preview":"max-image-preview:large","max-video-preview":"max-video-preview:-1"},"canonical":"https:\/\/illycafe.ch\/it\/caffe-unico\/","og_locale":"it_IT","og_type":"article","og_title":"Variet\u00e0 & prodotti - Illycaf\u00e9 | Premium Kaffee kaufen | Gastronomie, Firmen, Privat","og_description":"[vc_row row_content_width=&#8221;grid&#8221; css=&#8221;.vc_custom_1610373771996{padding-bottom: 40px !important;}&#8221;][vc_column offset=&#8221;vc_col-lg-offset-2 vc_col-lg-8&#8243;][vc_single_image image=&#8221;21043&#8243; img_size=&#8221;full&#8221; alignment=&#8221;center&#8221;][vc_custom_heading text=&#8221;L\u2019arte del blend&#8221; use_theme_fonts=&#8221;yes&#8221;][vc_column_text]Il nostro caff\u00e8 \u00e8 prodotto con materie prime d\u2019eccellenza provenienti da tre diversi continenti. La scelta ricade su due specie in particolare: la Coffea Arabica e la Coffea Robusta. I chicchi di Arabica, considerati i pi\u00f9 pregiati in assoluto, si distinguono per il gusto delicato e fruttato e per l\u2019elevato tenore di acidit\u00e0. I chicchi di Coffea Robusta, al [&hellip;]","og_url":"https:\/\/illycafe.ch\/it\/caffe-unico\/","og_site_name":"Illycaf\u00e9 | Premium Kaffee kaufen | Gastronomie, Firmen, Privat","article_modified_time":"2021-01-29T13:31:45+00:00","og_image":[{"url":"https:\/\/illycafe.ch\/wp-content\/uploads\/beans-ico.png","type":"","width":"","height":""}],"twitter_card":"summary_large_image","twitter_misc":{"Tempo di lettura stimato":"7 minuti"},"schema":{"@context":"https:\/\/schema.org","@graph":[{"@type":"WebPage","@id":"https:\/\/illycafe.ch\/it\/caffe-unico\/","url":"https:\/\/illycafe.ch\/it\/caffe-unico\/","name":"Variet\u00e0 & prodotti - Illycaf\u00e9 | Premium Kaffee kaufen | Gastronomie, Firmen, Privat","isPartOf":{"@id":"https:\/\/illycafe.ch\/#website"},"primaryImageOfPage":{"@id":"https:\/\/illycafe.ch\/it\/caffe-unico\/#primaryimage"},"image":{"@id":"https:\/\/illycafe.ch\/it\/caffe-unico\/#primaryimage"},"thumbnailUrl":"https:\/\/illycafe.ch\/wp-content\/uploads\/beans-ico.png","datePublished":"2020-08-26T06:11:56+00:00","dateModified":"2021-01-29T13:31:45+00:00","breadcrumb":{"@id":"https:\/\/illycafe.ch\/it\/caffe-unico\/#breadcrumb"},"inLanguage":"it-IT","potentialAction":[{"@type":"ReadAction","target":["https:\/\/illycafe.ch\/it\/caffe-unico\/"]}]},{"@type":"ImageObject","inLanguage":"it-IT","@id":"https:\/\/illycafe.ch\/it\/caffe-unico\/#primaryimage","url":"https:\/\/illycafe.ch\/wp-content\/uploads\/beans-ico.png","contentUrl":"https:\/\/illycafe.ch\/wp-content\/uploads\/beans-ico.png"},{"@type":"BreadcrumbList","@id":"https:\/\/illycafe.ch\/it\/caffe-unico\/#breadcrumb","itemListElement":[{"@type":"ListItem","position":1,"name":"Home","item":"https:\/\/illycafe.ch\/it\/"},{"@type":"ListItem","position":2,"name":"Variet\u00e0 &#038; prodotti"}]},{"@type":"WebSite","@id":"https:\/\/illycafe.ch\/#website","url":"https:\/\/illycafe.ch\/","name":"Illycaf\u00e9 | Premium Kaffee kaufen | Gastronomie, Firmen, Privat","description":"Italienische Kaffeekultur. Schweizer Qualit\u00e4t.","potentialAction":[{"@type":"SearchAction","target":{"@type":"EntryPoint","urlTemplate":"https:\/\/illycafe.ch\/?s={search_term_string}"},"query-input":{"@type":"PropertyValueSpecification","valueRequired":true,"valueName":"search_term_string"}}],"inLanguage":"it-IT"}]}},"_links":{"self":[{"href":"https:\/\/illycafe.ch\/it\/wp-json\/wp\/v2\/pages\/23144","targetHints":{"allow":["GET"]}}],"collection":[{"href":"https:\/\/illycafe.ch\/it\/wp-json\/wp\/v2\/pages"}],"about":[{"href":"https:\/\/illycafe.ch\/it\/wp-json\/wp\/v2\/types\/page"}],"author":[{"embeddable":true,"href":"https:\/\/illycafe.ch\/it\/wp-json\/wp\/v2\/users\/3166"}],"replies":[{"embeddable":true,"href":"https:\/\/illycafe.ch\/it\/wp-json\/wp\/v2\/comments?post=23144"}],"version-history":[{"count":0,"href":"https:\/\/illycafe.ch\/it\/wp-json\/wp\/v2\/pages\/23144\/revisions"}],"wp:attachment":[{"href":"https:\/\/illycafe.ch\/it\/wp-json\/wp\/v2\/media?parent=23144"}],"curies":[{"name":"wp","href":"https:\/\/api.w.org\/{rel}","templated":true}]}}