{"id":263100,"date":"2025-05-07T11:16:44","date_gmt":"2025-05-07T09:16:44","guid":{"rendered":"https:\/\/illycafe.ch\/?page_id=263100"},"modified":"2025-05-28T11:40:56","modified_gmt":"2025-05-28T09:40:56","slug":"soluzioni-per-la-tua-azienda","status":"publish","type":"page","link":"https:\/\/illycafe.ch\/it\/professionisti\/soluzioni-per-la-tua-azienda\/","title":{"rendered":"Soluzioni per la tua attivit\u00e0 di caff\u00e8"},"content":{"rendered":"<div class=\"wpb-content-wrapper\"><p>[vc_row full_width=&#8221;stretch_row_content_no_spaces&#8221; content_placement=&#8221;middle&#8221; css=&#8221;.vc_custom_1743069690687{border-bottom-width: 0px !important;background-position: center center;background-repeat: no-repeat !important;background-size: cover !important;}&#8221; el_class=&#8221;slider&#8221;][vc_column css=&#8221;.vc_custom_1742807173778{margin-top: 0px !important;padding-top: 0px !important;}&#8221;][vc_row_inner equal_height=&#8221;yes&#8221; css=&#8221;.vc_custom_1743069510501{margin-top: 0px !important;margin-bottom: 0px !important;}&#8221;][vc_column_inner css=&#8221;.vc_custom_1743069761523{padding-top: 250px !important;padding-right: 40px !important;padding-bottom: 250px !important;padding-left: 40px !important;background-image: url(https:\/\/illycafe.ch\/wp-content\/uploads\/img_01-13.jpg?id=221085) !important;background-position: center center;background-repeat: no-repeat !important;background-size: cover !important;}&#8221;][vc_column_text css=&#8221;.vc_custom_1746609342543{margin-top: 0px !important;}&#8221; el_class=&#8221;titol-h2 white&#8221;]<\/p>\n<h2 style=\"text-align: center;\">La qualit\u00e0 che<br \/>\nrafforza la vostra attivit\u00e0<\/h2>\n<p>[\/vc_column_text][vc_empty_space height=&#8221;25px&#8221;][vc_column_text css=&#8221;&#8221; el_class=&#8221;text-landing white&#8221;]<\/p>\n<p style=\"text-align: center;\">Scopri la nostra gamma<\/p>\n<p>[\/vc_column_text][vc_empty_space height=&#8221;25px&#8221;][vc_raw_html css=&#8221;&#8221;]JTNDYSUyMGNsYXNzJTNEJTIyYnV0dG9uLWhvdmVyLXJlZCUyMiUyMGhyZWYlM0QlMjJodHRwcyUzQSUyRiUyRmlsbHljYWZlLmNoJTJGaXQlMkZrb250YWt0LWlsbHklMkYlMjIlM0UlM0NidXR0b24lM0VDb250YXR0YXRlY2klM0MlMkZidXR0b24lM0UlM0MlMkZhJTNF[\/vc_raw_html][\/vc_column_inner][\/vc_row_inner][\/vc_column][\/vc_row][vc_row full_width=&#8221;stretch_row&#8221; css=&#8221;.vc_custom_1742808066917{background-color: #FBFBFB !important;}&#8221;][vc_column css=&#8221;.vc_custom_1719389360265{margin-top: 0px !important;padding-top: 0px !important;}&#8221;][vc_empty_space height=&#8221;50px&#8221;][vc_column_text css=&#8221;.vc_custom_1746609806568{margin-top: 0px !important;}&#8221; el_class=&#8221;titol-h3 brown&#8221;]<\/p>\n<h3 style=\"text-align: center;\">COSA GARANTIAMO AI NOSTRI PARTNER<\/h3>\n<p>[\/vc_column_text][vc_empty_space height=&#8221;30px&#8221;][vc_column_text css=&#8221;&#8221; el_class=&#8221;titol-h5 brown&#8221;]<\/p>\n<h5 style=\"text-align: center;\">Ogni azienda ha esigenze diverse quando si tratta di raggiungere nuovi traguardi: noi offriamo servizi personalizzati per ognuna di esse.<br \/>\nAbbiamo sviluppato un&#8217;offerta sfaccettata per tutti i professionisti che lavorano con noi, dai baristi e pasticceri ai proprietari di ristoranti e alberghi.<br \/>\nA ciascuno di loro offriamo soluzioni specifiche, adeguate alle particolari esigenze della loro attivit\u00e0.<br \/>\nIl nostro obiettivo \u00e8 garantire prodotti e servizi di altissima qualit\u00e0 per sostenere la crescita e il successo di tutti coloro che servono il caff\u00e8 illy nel mondo.<\/h5>\n<p>[\/vc_column_text][vc_empty_space height=&#8221;30px&#8221;][vc_raw_html css=&#8221;&#8221;]JTNDYSUyMGNsYXNzJTNEJTIyYnRuLWJyb3duJTIyJTIwaHJlZiUzRCUyMmh0dHBzJTNBJTJGJTJGaWxseWNhZmUuY2glMkZpdCUyRmtvbnRha3QtaWxseSUyRiUyMiUzRSUzQ2J1dHRvbiUzRUNvbnRhY3R0YXRlY2klM0MlMkZidXR0b24lM0UlM0MlMkZhJTNF[\/vc_raw_html][vc_empty_space][\/vc_column][\/vc_row][vc_row full_width=&#8221;stretch_row&#8221; css=&#8221;.vc_custom_1742808551730{background-color: #F6F0EC !important;}&#8221;][vc_column][vc_empty_space height=&#8221;50px&#8221;][vc_column_text css=&#8221;.vc_custom_1748425253581{margin-top: 0px !important;}&#8221; el_class=&#8221;titol-h3 brown&#8221;]<\/p>\n<h3 style=\"text-align: left;\">LE NOSTRE SOLUZIONI PERSONALIZZATE<br \/>\nPER LA VOSTRA AZIENDA<\/h3>\n<p>[\/vc_column_text][vc_empty_space height=&#8221;50px&#8221;][vc_row_inner][vc_column_inner width=&#8221;1\/3&#8243;][vc_single_image image=&#8221;221127&#8243; img_size=&#8221;full&#8221; css=&#8221;&#8221;][vc_empty_space height=&#8221;15px&#8221;][vc_column_text css=&#8221;.vc_custom_1742811072005{margin-top: 0px !important;}&#8221; el_class=&#8221;titol-h4 brown&#8221;]<\/p>\n<h4 style=\"text-align: left;\">CAF\u00c9S<\/h4>\n<p>[\/vc_column_text][vc_empty_space height=&#8221;10px&#8221;][vc_column_text css=&#8221;&#8221; el_class=&#8221;text-landing brown&#8221;]<\/p>\n<p style=\"text-align: left;\">La tazzina e gli altri protagonisti: tutto inizia con il caff\u00e8 e continua con un&#8217;intera gamma di prodotti e servizi.<\/p>\n<p>[\/vc_column_text][vc_column_text css=&#8221;&#8221; el_class=&#8221;text-landing brown&#8221;]<\/p>\n<p style=\"text-align: left;\"><a href=\"https:\/\/illycafe.ch\/it\/professionisti\/soluzioni-per-la-tua-azienda\/caffe\/\"><span style=\"text-decoration: underline;\">Saperne di pi\u00f9<\/span><\/a><\/p>\n<p>[\/vc_column_text][vc_empty_space height=&#8221;30px&#8221;][\/vc_column_inner][vc_column_inner width=&#8221;1\/3&#8243;][vc_single_image image=&#8221;221131&#8243; img_size=&#8221;full&#8221; css=&#8221;&#8221;][vc_empty_space height=&#8221;15px&#8221;][vc_column_text css=&#8221;.vc_custom_1746611234314{margin-top: 0px !important;}&#8221; el_class=&#8221;titol-h4 brown&#8221;]<\/p>\n<h4 style=\"text-align: left;\">PANIFICI, PASTICCERIE E GELATERIE<\/h4>\n<p>[\/vc_column_text][vc_empty_space height=&#8221;10px&#8221;][vc_column_text css=&#8221;&#8221; el_class=&#8221;text-landing brown&#8221;]<\/p>\n<p style=\"text-align: left;\">Il caff\u00e8 illy \u00e8 il compagno ideale e l&#8217;ingrediente perfetto per il vostro beniamino: l&#8217;arte della pasticceria e del gelato.<\/p>\n<p>[\/vc_column_text][vc_column_text css=&#8221;&#8221; el_class=&#8221;text-landing brown&#8221;]<\/p>\n<p style=\"text-align: left;\"><a href=\"https:\/\/illycafe.ch\/it\/professionisti\/soluzioni-per-la-tua-azienda\/illy-fornitori-caffetterie-pasticcerie-gelaterie\/\"><span style=\"text-decoration: underline;\">Saperne di pi\u00f9<\/span><\/a><\/p>\n<p>[\/vc_column_text][vc_empty_space height=&#8221;30px&#8221;][\/vc_column_inner][vc_column_inner width=&#8221;1\/3&#8243;][vc_single_image image=&#8221;221134&#8243; img_size=&#8221;full&#8221; css=&#8221;&#8221;][vc_empty_space height=&#8221;15px&#8221;][vc_column_text css=&#8221;.vc_custom_1742811100350{margin-top: 0px !important;}&#8221; el_class=&#8221;titol-h4 brown&#8221;]<\/p>\n<h4 style=\"text-align: left;\">RESTAURANTS<\/h4>\n<p>[\/vc_column_text][vc_empty_space height=&#8221;10px&#8221;][vc_column_text css=&#8221;&#8221; el_class=&#8221;text-landing brown&#8221;]<\/p>\n<p style=\"text-align: left;\">Scoprite la tecnologia e la qualit\u00e0 necessarie per rendere le vostre tazze belle come il vostro cibo.<\/p>\n<p>[\/vc_column_text][vc_column_text css=&#8221;&#8221; el_class=&#8221;text-landing brown&#8221;]<\/p>\n<p style=\"text-align: left;\"><a href=\"https:\/\/illycafe.ch\/it\/professionisti\/soluzioni-per-la-tua-azienda\/ristoranti\/\"><span style=\"text-decoration: underline;\">Saperne di pi\u00f9<\/span><\/a><\/p>\n<p>[\/vc_column_text][vc_empty_space height=&#8221;30px&#8221;][\/vc_column_inner][\/vc_row_inner][vc_row_inner][vc_column_inner width=&#8221;1\/3&#8243;][vc_single_image image=&#8221;221140&#8243; img_size=&#8221;full&#8221; css=&#8221;&#8221;][vc_empty_space height=&#8221;15px&#8221;][vc_column_text css=&#8221;.vc_custom_1746611269218{margin-top: 0px !important;}&#8221; el_class=&#8221;titol-h4 brown&#8221;]<\/p>\n<h4 style=\"text-align: left;\">ALBERGHI<\/h4>\n<p>[\/vc_column_text][vc_empty_space height=&#8221;10px&#8221;][vc_column_text css=&#8221;&#8221; el_class=&#8221;text-landing brown&#8221;]<\/p>\n<p style=\"text-align: left;\">Il nostro programma speciale consente agli hotel di servire un cagg\u00e8 per ogni gusto, in qualsiasi momento e in (quasi) ogni luogo.<\/p>\n<p>[\/vc_column_text][vc_column_text css=&#8221;&#8221; el_class=&#8221;text-landing brown&#8221;]<\/p>\n<p style=\"text-align: left;\"><a href=\"https:\/\/illycafe.ch\/it\/professionisti\/soluzioni-per-la-tua-azienda\/hotels\/\"><span style=\"text-decoration: underline;\">Saperne di pi\u00f9<\/span><\/a><\/p>\n<p>[\/vc_column_text][vc_empty_space height=&#8221;30px&#8221;][\/vc_column_inner][\/vc_row_inner][vc_empty_space height=&#8221;50px&#8221;][\/vc_column][\/vc_row][vc_row full_width=&#8221;stretch_row_content&#8221; css=&#8221;.vc_custom_1746690946077{background-color: #F6F0EC !important;}&#8221;][vc_column][vc_empty_space height=&#8221;50px&#8221;][vc_column_text css=&#8221;.vc_custom_1746611599058{margin-top: 0px !important;}&#8221; el_class=&#8221;titol-h3 brown&#8221;]<\/p>\n<h3 style=\"text-align: left;\">PARTENARIATO<\/h3>\n<p>[\/vc_column_text][vc_empty_space height=&#8221;30px&#8221;][vc_column_text css=&#8221;.vc_custom_1746611611557{margin-top: 0px !important;}&#8221; el_class=&#8221;titol-h3 brown&#8221;]<\/p>\n<h3 style=\"text-align: left;\">IMPRESE<\/h3>\n<p>[\/vc_column_text][vc_empty_space height=&#8221;30px&#8221;][vc_row_inner][vc_column_inner width=&#8221;1\/2&#8243;][vc_single_image image=&#8221;263224&#8243; img_size=&#8221;full&#8221; css=&#8221;&#8221;][vc_empty_space height=&#8221;15px&#8221;][vc_column_text css=&#8221;.vc_custom_1746611696920{margin-top: 0px !important;}&#8221; el_class=&#8221;titol-h4 brown&#8221;]<\/p>\n<h4 style=\"text-align: left;\">NEGOZI DI ALIMENTARI<\/h4>\n<p>[\/vc_column_text][vc_empty_space height=&#8221;10px&#8221;][vc_column_text css=&#8221;&#8221; el_class=&#8221;text-landing brown&#8221;]<\/p>\n<p style=\"text-align: left;\">Scoprite le soluzioni speciali di illy per voi.<\/p>\n<p>[\/vc_column_text][vc_column_text css=&#8221;&#8221; el_class=&#8221;text-landing brown&#8221;]<\/p>\n<p style=\"text-align: left;\"><a href=\"https:\/\/illycafe.ch\/it\/professionisti\/soluzioni-per-la-tua-azienda\/negozi-di-alimentari\/\"><span style=\"text-decoration: underline;\">Saperne di pi\u00f9<\/span><\/a><\/p>\n<p>[\/vc_column_text][vc_empty_space height=&#8221;30px&#8221;][\/vc_column_inner][vc_column_inner width=&#8221;1\/2&#8243;][vc_single_image image=&#8221;263105&#8243; img_size=&#8221;full&#8221; css=&#8221;&#8221;][vc_empty_space height=&#8221;15px&#8221;][vc_column_text css=&#8221;.vc_custom_1746611759557{margin-top: 0px !important;}&#8221; el_class=&#8221;titol-h4 brown&#8221;]<\/p>\n<h4 style=\"text-align: left;\">NEGOZI SPECIALIZZATI E NEGOZI DI ELETTRODOMESTICI<\/h4>\n<p>[\/vc_column_text][vc_empty_space height=&#8221;10px&#8221;][vc_column_text css=&#8221;&#8221; el_class=&#8221;text-landing brown&#8221;]<\/p>\n<p style=\"text-align: left;\">Scoprite la nostra gamma per la vostra attivit\u00e0.<\/p>\n<p>[\/vc_column_text][vc_empty_space height=&#8221;30px&#8221;][\/vc_column_inner][\/vc_row_inner][vc_empty_space height=&#8221;50px&#8221;][\/vc_column][\/vc_row][vc_row full_width=&#8221;stretch_row&#8221; css=&#8221;.vc_custom_1746690939269{background-color: #FBFBFB !important;}&#8221;][vc_column][vc_empty_space height=&#8221;70px&#8221;][vc_column_text css=&#8221;.vc_custom_1748425040596{margin-top: 0px !important;}&#8221; el_class=&#8221;titol-h3 brown&#8221;]<\/p>\n<h3 style=\"text-align: center;\">IMPRESE<\/h3>\n<p>[\/vc_column_text][vc_empty_space height=&#8221;30px&#8221;][vc_row_inner][vc_column_inner width=&#8221;1\/3&#8243;][vc_single_image image=&#8221;263165&#8243; img_size=&#8221;full&#8221; css=&#8221;&#8221;][vc_empty_space height=&#8221;15px&#8221;][vc_column_text css=&#8221;.vc_custom_1746612142660{margin-top: 0px !important;}&#8221; el_class=&#8221;titol-h4 brown&#8221;]<\/p>\n<h4 style=\"text-align: left;\">AIUTO<\/h4>\n<p>[\/vc_column_text][vc_empty_space height=&#8221;10px&#8221;][vc_column_text css=&#8221;&#8221; el_class=&#8221;text-landing brown&#8221;]<\/p>\n<p style=\"text-align: left;\"><a href=\"https:\/\/illycafe.ch\/it\/professionisti\/servizi\/supporto\/\"><span style=\"text-decoration: underline;\">Saperne di pi\u00f9<\/span><\/a><\/p>\n<p>[\/vc_column_text][vc_empty_space height=&#8221;30px&#8221;][\/vc_column_inner][vc_column_inner width=&#8221;1\/3&#8243;][vc_single_image image=&#8221;263168&#8243; img_size=&#8221;full&#8221; css=&#8221;&#8221;][vc_empty_space height=&#8221;15px&#8221;][vc_column_text css=&#8221;.vc_custom_1746612163533{margin-top: 0px !important;}&#8221; el_class=&#8221;titol-h4 brown&#8221;]<\/p>\n<h4 style=\"text-align: left;\">MANUTENZIONE<\/h4>\n<p>[\/vc_column_text][vc_empty_space height=&#8221;10px&#8221;][vc_column_text css=&#8221;&#8221; el_class=&#8221;text-landing brown&#8221;]<\/p>\n<p style=\"text-align: left;\"><a href=\"https:\/\/illycafe.ch\/it\/professionisti\/servizi\/industria-e-commercio-del-caffe-formazione-e-consulenza\/\"><span style=\"text-decoration: underline;\">Saperne di pi\u00f9<\/span><\/a><\/p>\n<p>[\/vc_column_text][vc_empty_space height=&#8221;30px&#8221;][\/vc_column_inner][vc_column_inner width=&#8221;1\/3&#8243;][vc_single_image image=&#8221;263171&#8243; img_size=&#8221;full&#8221; css=&#8221;&#8221;][vc_empty_space height=&#8221;15px&#8221;][vc_column_text css=&#8221;.vc_custom_1746612185059{margin-top: 0px !important;}&#8221; el_class=&#8221;titol-h4 brown&#8221;]<\/p>\n<h4 style=\"text-align: left;\">FORMAZIONE E CONSULENZA<\/h4>\n<p>[\/vc_column_text][vc_empty_space height=&#8221;10px&#8221;][vc_column_text css=&#8221;&#8221; el_class=&#8221;text-landing brown&#8221;]<\/p>\n<p style=\"text-align: left;\"><a href=\"https:\/\/illycafe.ch\/it\/professionisti\/servizi\/servizi-caffetteria-bar\/\"><span style=\"text-decoration: underline;\">Saperne di pi\u00f9<\/span><\/a><\/p>\n<p>[\/vc_column_text][vc_empty_space height=&#8221;30px&#8221;][\/vc_column_inner][\/vc_row_inner][vc_row_inner][vc_column_inner width=&#8221;1\/3&#8243;][vc_single_image image=&#8221;263174&#8243; img_size=&#8221;full&#8221; css=&#8221;&#8221;][vc_empty_space height=&#8221;15px&#8221;][vc_column_text css=&#8221;.vc_custom_1746612117733{margin-top: 0px !important;}&#8221; el_class=&#8221;titol-h4 brown&#8221;]<\/p>\n<h4 style=\"text-align: left;\">IMMAGINE E COMUNICAZIONE<\/h4>\n<p>[\/vc_column_text][vc_empty_space height=&#8221;10px&#8221;][vc_column_text css=&#8221;&#8221; el_class=&#8221;text-landing brown&#8221;]<\/p>\n<p style=\"text-align: left;\"><a href=\"https:\/\/illycafe.ch\/it\/professionisti\/servizi\/materiali-di-marketing\/\"><span style=\"text-decoration: underline;\">Saperne di pi\u00f9<\/span><\/a><\/p>\n<p>[\/vc_column_text][vc_empty_space height=&#8221;30px&#8221;][\/vc_column_inner][\/vc_row_inner][vc_empty_space height=&#8221;50px&#8221;][\/vc_column][\/vc_row]<\/p>\n<\/div>","protected":false},"excerpt":{"rendered":"<p>[vc_row full_width=&#8221;stretch_row_content_no_spaces&#8221; content_placement=&#8221;middle&#8221; css=&#8221;.vc_custom_1743069690687{border-bottom-width: 0px !important;background-position: center center;background-repeat: no-repeat !important;background-size: cover !important;}&#8221; el_class=&#8221;slider&#8221;][vc_column css=&#8221;.vc_custom_1742807173778{margin-top: 0px !important;padding-top: 0px !important;}&#8221;][vc_row_inner equal_height=&#8221;yes&#8221; css=&#8221;.vc_custom_1743069510501{margin-top: 0px !important;margin-bottom: 0px !important;}&#8221;][vc_column_inner css=&#8221;.vc_custom_1743069761523{padding-top: 250px !important;padding-right: 40px !important;padding-bottom: 250px !important;padding-left: 40px !important;background-image: url(https:\/\/illycafe.ch\/wp-content\/uploads\/img_01-13.jpg?id=221085) !important;background-position: center center;background-repeat: no-repeat !important;background-size: cover !important;}&#8221;][vc_column_text css=&#8221;.vc_custom_1746609342543{margin-top: 0px !important;}&#8221; el_class=&#8221;titol-h2 white&#8221;] La qualit\u00e0 che rafforza la vostra attivit\u00e0 [\/vc_column_text][vc_empty_space height=&#8221;25px&#8221;][vc_column_text css=&#8221;&#8221; el_class=&#8221;text-landing white&#8221;] Scopri la nostra gamma [\/vc_column_text][vc_empty_space height=&#8221;25px&#8221;][vc_raw_html css=&#8221;&#8221;]JTNDYSUyMGNsYXNzJTNEJTIyYnV0dG9uLWhvdmVyLXJlZCUyMiUyMGhyZWYlM0QlMjJodHRwcyUzQSUyRiUyRmlsbHljYWZlLmNoJTJGaXQlMkZrb250YWt0LWlsbHklMkYlMjIlM0UlM0NidXR0b24lM0VDb250YXR0YXRlY2klM0MlMkZidXR0b24lM0UlM0MlMkZhJTNF[\/vc_raw_html][\/vc_column_inner][\/vc_row_inner][\/vc_column][\/vc_row][vc_row full_width=&#8221;stretch_row&#8221; css=&#8221;.vc_custom_1742808066917{background-color: #FBFBFB !important;}&#8221;][vc_column css=&#8221;.vc_custom_1719389360265{margin-top: 0px !important;padding-top: [&hellip;]<\/p>\n","protected":false},"author":5358,"featured_media":0,"parent":221083,"menu_order":0,"comment_status":"closed","ping_status":"closed","template":"","meta":{"inline_featured_image":false,"footnotes":""},"class_list":["post-263100","page","type-page","status-publish","hentry"],"yoast_head":"<!-- This site is optimized with the Yoast SEO plugin v27.3 - https:\/\/yoast.com\/product\/yoast-seo-wordpress\/ -->\n<title>Soluzioni per la tua attivit\u00e0 di caff\u00e8 - Illycaf\u00e9 | Premium Kaffee kaufen | Gastronomie, Firmen, Privat<\/title>\n<meta name=\"robots\" content=\"index, follow, max-snippet:-1, max-image-preview:large, max-video-preview:-1\" \/>\n<link rel=\"canonical\" href=\"https:\/\/illycafe.ch\/it\/professionisti\/soluzioni-per-la-tua-azienda\/\" \/>\n<meta property=\"og:locale\" content=\"it_IT\" \/>\n<meta property=\"og:type\" content=\"article\" \/>\n<meta property=\"og:title\" content=\"Soluzioni per la tua attivit\u00e0 di caff\u00e8 - Illycaf\u00e9 | Premium Kaffee kaufen | Gastronomie, Firmen, Privat\" \/>\n<meta property=\"og:description\" content=\"[vc_row full_width=&#8221;stretch_row_content_no_spaces&#8221; content_placement=&#8221;middle&#8221; css=&#8221;.vc_custom_1743069690687{border-bottom-width: 0px !important;background-position: center center;background-repeat: no-repeat !important;background-size: cover !important;}&#8221; el_class=&#8221;slider&#8221;][vc_column css=&#8221;.vc_custom_1742807173778{margin-top: 0px !important;padding-top: 0px !important;}&#8221;][vc_row_inner equal_height=&#8221;yes&#8221; css=&#8221;.vc_custom_1743069510501{margin-top: 0px !important;margin-bottom: 0px !important;}&#8221;][vc_column_inner css=&#8221;.vc_custom_1743069761523{padding-top: 250px !important;padding-right: 40px !important;padding-bottom: 250px !important;padding-left: 40px !important;background-image: url(https:\/\/illycafe.ch\/wp-content\/uploads\/img_01-13.jpg?id=221085) !important;background-position: center center;background-repeat: no-repeat !important;background-size: cover !important;}&#8221;][vc_column_text css=&#8221;.vc_custom_1746609342543{margin-top: 0px !important;}&#8221; el_class=&#8221;titol-h2 white&#8221;] La qualit\u00e0 che rafforza la vostra attivit\u00e0 [\/vc_column_text][vc_empty_space height=&#8221;25px&#8221;][vc_column_text css=&#8221;&#8221; el_class=&#8221;text-landing white&#8221;] Scopri la nostra gamma [\/vc_column_text][vc_empty_space height=&#8221;25px&#8221;][vc_raw_html css=&#8221;&#8221;]JTNDYSUyMGNsYXNzJTNEJTIyYnV0dG9uLWhvdmVyLXJlZCUyMiUyMGhyZWYlM0QlMjJodHRwcyUzQSUyRiUyRmlsbHljYWZlLmNoJTJGaXQlMkZrb250YWt0LWlsbHklMkYlMjIlM0UlM0NidXR0b24lM0VDb250YXR0YXRlY2klM0MlMkZidXR0b24lM0UlM0MlMkZhJTNF[\/vc_raw_html][\/vc_column_inner][\/vc_row_inner][\/vc_column][\/vc_row][vc_row full_width=&#8221;stretch_row&#8221; css=&#8221;.vc_custom_1742808066917{background-color: #FBFBFB !important;}&#8221;][vc_column css=&#8221;.vc_custom_1719389360265{margin-top: 0px !important;padding-top: [&hellip;]\" \/>\n<meta property=\"og:url\" content=\"https:\/\/illycafe.ch\/it\/professionisti\/soluzioni-per-la-tua-azienda\/\" \/>\n<meta property=\"og:site_name\" content=\"Illycaf\u00e9 | Premium Kaffee kaufen | Gastronomie, Firmen, Privat\" \/>\n<meta property=\"article:modified_time\" content=\"2025-05-28T09:40:56+00:00\" \/>\n<meta name=\"twitter:card\" content=\"summary_large_image\" \/>\n<meta name=\"twitter:label1\" content=\"Tempo di lettura stimato\" \/>\n\t<meta name=\"twitter:data1\" content=\"5 minuti\" \/>\n<script type=\"application\/ld+json\" class=\"yoast-schema-graph\">{\"@context\":\"https:\\\/\\\/schema.org\",\"@graph\":[{\"@type\":\"WebPage\",\"@id\":\"https:\\\/\\\/illycafe.ch\\\/it\\\/professionisti\\\/soluzioni-per-la-tua-azienda\\\/\",\"url\":\"https:\\\/\\\/illycafe.ch\\\/it\\\/professionisti\\\/soluzioni-per-la-tua-azienda\\\/\",\"name\":\"Soluzioni per la tua attivit\u00e0 di caff\u00e8 - Illycaf\u00e9 | Premium Kaffee kaufen | Gastronomie, Firmen, Privat\",\"isPartOf\":{\"@id\":\"https:\\\/\\\/illycafe.ch\\\/#website\"},\"datePublished\":\"2025-05-07T09:16:44+00:00\",\"dateModified\":\"2025-05-28T09:40:56+00:00\",\"breadcrumb\":{\"@id\":\"https:\\\/\\\/illycafe.ch\\\/it\\\/professionisti\\\/soluzioni-per-la-tua-azienda\\\/#breadcrumb\"},\"inLanguage\":\"it-IT\",\"potentialAction\":[{\"@type\":\"ReadAction\",\"target\":[\"https:\\\/\\\/illycafe.ch\\\/it\\\/professionisti\\\/soluzioni-per-la-tua-azienda\\\/\"]}]},{\"@type\":\"BreadcrumbList\",\"@id\":\"https:\\\/\\\/illycafe.ch\\\/it\\\/professionisti\\\/soluzioni-per-la-tua-azienda\\\/#breadcrumb\",\"itemListElement\":[{\"@type\":\"ListItem\",\"position\":1,\"name\":\"Home\",\"item\":\"https:\\\/\\\/illycafe.ch\\\/it\\\/\"},{\"@type\":\"ListItem\",\"position\":2,\"name\":\"Macchina da caff\u00e8 professionale illy\",\"item\":\"https:\\\/\\\/illycafe.ch\\\/it\\\/professionisti\\\/\"},{\"@type\":\"ListItem\",\"position\":3,\"name\":\"Soluzioni per la tua attivit\u00e0 di caff\u00e8\"}]},{\"@type\":\"WebSite\",\"@id\":\"https:\\\/\\\/illycafe.ch\\\/#website\",\"url\":\"https:\\\/\\\/illycafe.ch\\\/\",\"name\":\"Illycaf\u00e9 | Premium Kaffee kaufen | Gastronomie, Firmen, Privat\",\"description\":\"Italienische Kaffeekultur. Schweizer Qualit\u00e4t.\",\"potentialAction\":[{\"@type\":\"SearchAction\",\"target\":{\"@type\":\"EntryPoint\",\"urlTemplate\":\"https:\\\/\\\/illycafe.ch\\\/?s={search_term_string}\"},\"query-input\":{\"@type\":\"PropertyValueSpecification\",\"valueRequired\":true,\"valueName\":\"search_term_string\"}}],\"inLanguage\":\"it-IT\"}]}<\/script>\n<!-- \/ Yoast SEO plugin. -->","yoast_head_json":{"title":"Soluzioni per la tua attivit\u00e0 di caff\u00e8 - Illycaf\u00e9 | Premium Kaffee kaufen | Gastronomie, Firmen, Privat","robots":{"index":"index","follow":"follow","max-snippet":"max-snippet:-1","max-image-preview":"max-image-preview:large","max-video-preview":"max-video-preview:-1"},"canonical":"https:\/\/illycafe.ch\/it\/professionisti\/soluzioni-per-la-tua-azienda\/","og_locale":"it_IT","og_type":"article","og_title":"Soluzioni per la tua attivit\u00e0 di caff\u00e8 - Illycaf\u00e9 | Premium Kaffee kaufen | Gastronomie, Firmen, Privat","og_description":"[vc_row full_width=&#8221;stretch_row_content_no_spaces&#8221; content_placement=&#8221;middle&#8221; css=&#8221;.vc_custom_1743069690687{border-bottom-width: 0px !important;background-position: center center;background-repeat: no-repeat !important;background-size: cover !important;}&#8221; el_class=&#8221;slider&#8221;][vc_column css=&#8221;.vc_custom_1742807173778{margin-top: 0px !important;padding-top: 0px !important;}&#8221;][vc_row_inner equal_height=&#8221;yes&#8221; css=&#8221;.vc_custom_1743069510501{margin-top: 0px !important;margin-bottom: 0px !important;}&#8221;][vc_column_inner css=&#8221;.vc_custom_1743069761523{padding-top: 250px !important;padding-right: 40px !important;padding-bottom: 250px !important;padding-left: 40px !important;background-image: url(https:\/\/illycafe.ch\/wp-content\/uploads\/img_01-13.jpg?id=221085) !important;background-position: center center;background-repeat: no-repeat !important;background-size: cover !important;}&#8221;][vc_column_text css=&#8221;.vc_custom_1746609342543{margin-top: 0px !important;}&#8221; el_class=&#8221;titol-h2 white&#8221;] La qualit\u00e0 che rafforza la vostra attivit\u00e0 [\/vc_column_text][vc_empty_space height=&#8221;25px&#8221;][vc_column_text css=&#8221;&#8221; el_class=&#8221;text-landing white&#8221;] Scopri la nostra gamma [\/vc_column_text][vc_empty_space height=&#8221;25px&#8221;][vc_raw_html css=&#8221;&#8221;]JTNDYSUyMGNsYXNzJTNEJTIyYnV0dG9uLWhvdmVyLXJlZCUyMiUyMGhyZWYlM0QlMjJodHRwcyUzQSUyRiUyRmlsbHljYWZlLmNoJTJGaXQlMkZrb250YWt0LWlsbHklMkYlMjIlM0UlM0NidXR0b24lM0VDb250YXR0YXRlY2klM0MlMkZidXR0b24lM0UlM0MlMkZhJTNF[\/vc_raw_html][\/vc_column_inner][\/vc_row_inner][\/vc_column][\/vc_row][vc_row full_width=&#8221;stretch_row&#8221; css=&#8221;.vc_custom_1742808066917{background-color: #FBFBFB !important;}&#8221;][vc_column css=&#8221;.vc_custom_1719389360265{margin-top: 0px !important;padding-top: [&hellip;]","og_url":"https:\/\/illycafe.ch\/it\/professionisti\/soluzioni-per-la-tua-azienda\/","og_site_name":"Illycaf\u00e9 | Premium Kaffee kaufen | Gastronomie, Firmen, Privat","article_modified_time":"2025-05-28T09:40:56+00:00","twitter_card":"summary_large_image","twitter_misc":{"Tempo di lettura stimato":"5 minuti"},"schema":{"@context":"https:\/\/schema.org","@graph":[{"@type":"WebPage","@id":"https:\/\/illycafe.ch\/it\/professionisti\/soluzioni-per-la-tua-azienda\/","url":"https:\/\/illycafe.ch\/it\/professionisti\/soluzioni-per-la-tua-azienda\/","name":"Soluzioni per la tua attivit\u00e0 di caff\u00e8 - Illycaf\u00e9 | Premium Kaffee kaufen | Gastronomie, Firmen, Privat","isPartOf":{"@id":"https:\/\/illycafe.ch\/#website"},"datePublished":"2025-05-07T09:16:44+00:00","dateModified":"2025-05-28T09:40:56+00:00","breadcrumb":{"@id":"https:\/\/illycafe.ch\/it\/professionisti\/soluzioni-per-la-tua-azienda\/#breadcrumb"},"inLanguage":"it-IT","potentialAction":[{"@type":"ReadAction","target":["https:\/\/illycafe.ch\/it\/professionisti\/soluzioni-per-la-tua-azienda\/"]}]},{"@type":"BreadcrumbList","@id":"https:\/\/illycafe.ch\/it\/professionisti\/soluzioni-per-la-tua-azienda\/#breadcrumb","itemListElement":[{"@type":"ListItem","position":1,"name":"Home","item":"https:\/\/illycafe.ch\/it\/"},{"@type":"ListItem","position":2,"name":"Macchina da caff\u00e8 professionale illy","item":"https:\/\/illycafe.ch\/it\/professionisti\/"},{"@type":"ListItem","position":3,"name":"Soluzioni per la tua attivit\u00e0 di caff\u00e8"}]},{"@type":"WebSite","@id":"https:\/\/illycafe.ch\/#website","url":"https:\/\/illycafe.ch\/","name":"Illycaf\u00e9 | Premium Kaffee kaufen | Gastronomie, Firmen, Privat","description":"Italienische Kaffeekultur. Schweizer Qualit\u00e4t.","potentialAction":[{"@type":"SearchAction","target":{"@type":"EntryPoint","urlTemplate":"https:\/\/illycafe.ch\/?s={search_term_string}"},"query-input":{"@type":"PropertyValueSpecification","valueRequired":true,"valueName":"search_term_string"}}],"inLanguage":"it-IT"}]}},"_links":{"self":[{"href":"https:\/\/illycafe.ch\/it\/wp-json\/wp\/v2\/pages\/263100","targetHints":{"allow":["GET"]}}],"collection":[{"href":"https:\/\/illycafe.ch\/it\/wp-json\/wp\/v2\/pages"}],"about":[{"href":"https:\/\/illycafe.ch\/it\/wp-json\/wp\/v2\/types\/page"}],"author":[{"embeddable":true,"href":"https:\/\/illycafe.ch\/it\/wp-json\/wp\/v2\/users\/5358"}],"replies":[{"embeddable":true,"href":"https:\/\/illycafe.ch\/it\/wp-json\/wp\/v2\/comments?post=263100"}],"version-history":[{"count":0,"href":"https:\/\/illycafe.ch\/it\/wp-json\/wp\/v2\/pages\/263100\/revisions"}],"up":[{"embeddable":true,"href":"https:\/\/illycafe.ch\/it\/wp-json\/wp\/v2\/pages\/221083"}],"wp:attachment":[{"href":"https:\/\/illycafe.ch\/it\/wp-json\/wp\/v2\/media?parent=263100"}],"curies":[{"name":"wp","href":"https:\/\/api.w.org\/{rel}","templated":true}]}}