{"id":263112,"date":"2025-05-07T12:44:54","date_gmt":"2025-05-07T10:44:54","guid":{"rendered":"https:\/\/illycafe.ch\/?page_id=263112"},"modified":"2025-06-03T09:58:27","modified_gmt":"2025-06-03T07:58:27","slug":"caffe","status":"publish","type":"page","link":"https:\/\/illycafe.ch\/it\/professionisti\/soluzioni-per-la-tua-azienda\/caffe\/","title":{"rendered":"Caff\u00e8 per bar"},"content":{"rendered":"<div class=\"wpb-content-wrapper\"><p>[vc_row full_width=&#8221;stretch_row_content_no_spaces&#8221; full_height=&#8221;yes&#8221; content_placement=&#8221;middle&#8221; css=&#8221;.vc_custom_1746523403106{border-bottom-width: 0px !important;background-image: url(https:\/\/illycafe.ch\/wp-content\/uploads\/img_01-14.jpg?id=263114) !important;background-position: center center;background-repeat: no-repeat !important;background-size: cover !important;}&#8221; el_class=&#8221;slider&#8221;][vc_column css=&#8221;.vc_custom_1742807173778{margin-top: 0px !important;padding-top: 0px !important;}&#8221;][vc_row_inner equal_height=&#8221;yes&#8221; css=&#8221;.vc_custom_1743069510501{margin-top: 0px !important;margin-bottom: 0px !important;}&#8221;][vc_column_inner width=&#8221;1\/6&#8243; css=&#8221;.vc_custom_1746523362052{background-position: center center;background-repeat: no-repeat !important;background-size: cover !important;}&#8221;][\/vc_column_inner][vc_column_inner width=&#8221;2\/3&#8243;][vc_column_text css=&#8221;.vc_custom_1746612470073{margin-top: 0px !important;}&#8221; el_class=&#8221;titol-h2 white&#8221;]<\/p>\n<h2 style=\"text-align: center;\">illy e caff\u00e8,<br \/>\nuna vera storia di successo<\/h2>\n<p>[\/vc_column_text][vc_empty_space height=&#8221;25px&#8221;][vc_column_text css=&#8221;&#8221; el_class=&#8221;text-landing white&#8221;]<\/p>\n<p style=\"text-align: center;\">Scopri la nostra offerta<\/p>\n<p>[\/vc_column_text][vc_empty_space height=&#8221;25px&#8221;][vc_raw_html css=&#8221;&#8221;]JTNDYSUyMGNsYXNzJTNEJTIyYnV0dG9uLWhvdmVyLXJlZCUyMiUyMGhyZWYlM0QlMjJodHRwcyUzQSUyRiUyRmlsbHljYWZlLmNoJTJGaXQlMkZrb250YWt0LWlsbHklMkYlMjIlM0UlM0NidXR0b24lM0VDb250YXR0YWNpJTNDJTJGYnV0dG9uJTNFJTNDJTJGYSUzRQ==[\/vc_raw_html][\/vc_column_inner][vc_column_inner width=&#8221;1\/6&#8243;][\/vc_column_inner][\/vc_row_inner][\/vc_column][\/vc_row][vc_row full_width=&#8221;stretch_row&#8221; css=&#8221;.vc_custom_1742808066917{background-color: #FBFBFB !important;}&#8221;][vc_column css=&#8221;.vc_custom_1719389360265{margin-top: 0px !important;padding-top: 0px !important;}&#8221;][vc_empty_space height=&#8221;50px&#8221;][vc_column_text css=&#8221;.vc_custom_1746612527752{margin-top: 0px !important;}&#8221; el_class=&#8221;titol-h3 brown&#8221;]<\/p>\n<h3 style=\"text-align: center;\">SCOPRI COME PUOI CRESCERE CON ILLY<\/h3>\n<p>[\/vc_column_text][vc_empty_space height=&#8221;25px&#8221;][vc_column_text css=&#8221;.vc_custom_1746612539304{margin-top: 0px !important;}&#8221; el_class=&#8221;titol-h5 brown&#8221;]<\/p>\n<h5 style=\"text-align: center;\">Tazze da caff\u00e8 e altri articoli essenziali: si inizia con il caff\u00e8 e si prosegue con un&#8217;intera gamma di prodotti e servizi che ti aiutano a offrire ai tuoi clienti un&#8217;esperienza indimenticabile ogni giorno.<\/h5>\n<p>[\/vc_column_text][vc_empty_space height=&#8221;50px&#8221;][\/vc_column][\/vc_row][vc_row full_width=&#8221;stretch_row_content&#8221; css=&#8221;.vc_custom_1746524340745{background-color: #F2E9DA !important;}&#8221;][vc_column css=&#8221;.vc_custom_1719389360265{margin-top: 0px !important;padding-top: 0px !important;}&#8221;][vc_empty_space height=&#8221;100px&#8221;][vc_row_inner gap=&#8221;20&#8243;][vc_column_inner width=&#8221;1\/4&#8243;][vc_single_image image=&#8221;263117&#8243; img_size=&#8221;45&#215;45&#8243; alignment=&#8221;center&#8221; css=&#8221;&#8221; el_class=&#8221;img-svg&#8221;][vc_empty_space height=&#8221;15px&#8221;][vc_column_text css=&#8221;.vc_custom_1746612554599{margin-top: 0px !important;}&#8221; el_class=&#8221;titol-h5 brown&#8221;]<\/p>\n<h5 style=\"text-align: center;\">CONSIGLIO<\/h5>\n<p>[\/vc_column_text][vc_empty_space height=&#8221;20px&#8221;][vc_column_text css=&#8221;&#8221; el_class=&#8221;text-landing brown&#8221;]<\/p>\n<p style=\"text-align: center;\">Un supporto professionale di alto livello per stare al passo con i tempi.<\/p>\n<p>[\/vc_column_text][\/vc_column_inner][vc_column_inner width=&#8221;1\/4&#8243;][vc_single_image image=&#8221;263120&#8243; img_size=&#8221;45&#215;45&#8243; alignment=&#8221;center&#8221; css=&#8221;&#8221; el_class=&#8221;img-svg&#8221;][vc_empty_space height=&#8221;15px&#8221;][vc_column_text css=&#8221;.vc_custom_1746612577238{margin-top: 0px !important;}&#8221; el_class=&#8221;titol-h5 brown&#8221;]<\/p>\n<h5 style=\"text-align: center;\">MARKETING<\/h5>\n<p>[\/vc_column_text][vc_empty_space height=&#8221;20px&#8221;][vc_column_text css=&#8221;&#8221; el_class=&#8221;text-landing brown&#8221;]<\/p>\n<p style=\"text-align: center;\">Tutto ci\u00f2 di cui hai bisogno per farti notare, attrarre nuovi clienti e fidelizzarli.<\/p>\n<p>[\/vc_column_text][\/vc_column_inner][vc_column_inner width=&#8221;1\/4&#8243;][vc_single_image image=&#8221;263123&#8243; img_size=&#8221;45&#215;45&#8243; alignment=&#8221;center&#8221; css=&#8221;&#8221; el_class=&#8221;img-svg&#8221;][vc_empty_space height=&#8221;15px&#8221;][vc_column_text css=&#8221;.vc_custom_1746612598405{margin-top: 0px !important;}&#8221; el_class=&#8221;titol-h5 brown&#8221;]<\/p>\n<h5 style=\"text-align: center;\">ATTIVIT\u00c0 SU MISURA<\/h5>\n<p>[\/vc_column_text][vc_empty_space height=&#8221;20px&#8221;][vc_column_text css=&#8221;&#8221; el_class=&#8221;text-landing brown&#8221;]<\/p>\n<p style=\"text-align: center;\">Iniziative che aumentano la tua visibilit\u00e0 e fanno crescere il tuo business.<\/p>\n<p>[\/vc_column_text][\/vc_column_inner][vc_column_inner width=&#8221;1\/4&#8243;][vc_single_image image=&#8221;263126&#8243; img_size=&#8221;45&#215;45&#8243; alignment=&#8221;center&#8221; css=&#8221;&#8221; el_class=&#8221;img-svg&#8221;][vc_empty_space height=&#8221;15px&#8221;][vc_column_text css=&#8221;.vc_custom_1746612619797{margin-top: 0px !important;}&#8221; el_class=&#8221;titol-h5 brown&#8221;]<\/p>\n<h5 style=\"text-align: center;\">SERIE DI PRODOTTI<\/h5>\n<p>[\/vc_column_text][vc_empty_space height=&#8221;20px&#8221;][vc_column_text css=&#8221;&#8221; el_class=&#8221;text-landing brown&#8221;]<\/p>\n<p style=\"text-align: center;\">Un&#8217;ampia gamma di prodotti destinati alla distribuzione e alla rivendita.<\/p>\n<p>[\/vc_column_text][\/vc_column_inner][\/vc_row_inner][vc_empty_space height=&#8221;100px&#8221;][\/vc_column][\/vc_row][vc_row full_width=&#8221;stretch_row&#8221; css=&#8221;.vc_custom_1746524225161{background-color: #74604E !important;}&#8221;][vc_column css=&#8221;.vc_custom_1719389360265{margin-top: 0px !important;padding-top: 0px !important;}&#8221;][vc_empty_space height=&#8221;50px&#8221;][vc_row_inner content_placement=&#8221;middle&#8221; el_class=&#8221;revert-mobile&#8221;][vc_column_inner width=&#8221;1\/2&#8243; css=&#8221;.vc_custom_1719390181991{padding-top: 30px !important;padding-right: 30px !important;padding-bottom: 30px !important;padding-left: 30px !important;}&#8221;][vc_column_text css=&#8221;.vc_custom_1746612645500{margin-top: 0px !important;}&#8221; el_class=&#8221;titol-h3 white&#8221;]<\/p>\n<h3 style=\"text-align: center;\">IL NOSTRO MIGLIOR CAFF\u00c8 &#8211; SOLO PER TE<\/h3>\n<p>[\/vc_column_text][vc_column_text css=&#8221;&#8221; el_class=&#8221;text-landing white&#8221;]<\/p>\n<p style=\"text-align: center;\">Abbiamo sviluppato quattro categorie di prodotti che comprendono tutto ci\u00f2 che offriamo ai nostri partner baristi (prodotti di servizio, prodotti al dettaglio, macchine da caff\u00e8 e le nostre collezioni di tazzine da espresso), oltre a una variet\u00e0 di servizi.<\/p>\n<p>[\/vc_column_text][\/vc_column_inner][vc_column_inner width=&#8221;1\/2&#8243; css=&#8221;.vc_custom_1726476158953{padding-right: 0px !important;padding-left: 0px !important;}&#8221;][vc_single_image image=&#8221;263130&#8243; img_size=&#8221;full&#8221; onclick=&#8221;custom_link&#8221; css=&#8221;&#8221; link=&#8221;https:\/\/illycafe.ch\/nachhaltigkeit\/unsere-philosophie\/&#8221;][\/vc_column_inner][\/vc_row_inner][vc_empty_space height=&#8221;50px&#8221;][\/vc_column][\/vc_row][vc_row full_width=&#8221;stretch_row&#8221; css=&#8221;.vc_custom_1742808073554{background-color: #FBFBFB !important;}&#8221;][vc_column css=&#8221;.vc_custom_1719389360265{margin-top: 0px !important;padding-top: 0px !important;}&#8221;][vc_empty_space height=&#8221;50px&#8221;][vc_column_text css=&#8221;.vc_custom_1746612665564{margin-top: 0px !important;}&#8221; el_class=&#8221;titol-h3 brown&#8221;]<\/p>\n<h3 style=\"text-align: center;\">SIAMO SEMPRE AL TUO FIANCO<\/h3>\n<p>[\/vc_column_text][vc_empty_space height=&#8221;50px&#8221;][vc_row_inner content_placement=&#8221;middle&#8221;][vc_column_inner width=&#8221;1\/2&#8243; css=&#8221;.vc_custom_1726476158953{padding-right: 0px !important;padding-left: 0px !important;}&#8221;][vc_single_image image=&#8221;263139&#8243; img_size=&#8221;full&#8221; onclick=&#8221;custom_link&#8221; css=&#8221;&#8221; link=&#8221;https:\/\/illycafe.ch\/nachhaltigkeit\/projekte\/&#8221;][\/vc_column_inner][vc_column_inner width=&#8221;1\/2&#8243; css=&#8221;.vc_custom_1719390181991{padding-top: 30px !important;padding-right: 30px !important;padding-bottom: 30px !important;padding-left: 30px !important;}&#8221;][vc_column_text css=&#8221;.vc_custom_1746612687787{margin-top: 0px !important;}&#8221; el_class=&#8221;titol-h3 brown&#8221;]<\/p>\n<h3 style=\"text-align: center;\">Contatto commerciale<\/h3>\n<p>[\/vc_column_text][vc_column_text css=&#8221;&#8221; el_class=&#8221;text-landing brown&#8221;]<\/p>\n<p style=\"text-align: center;\">Il tuo referente commerciale \u00e8 il tuo primo e pi\u00f9 importante punto di contatto. Verr\u00e0 a trovarti regolarmente, non solo per prendere gli ordini dei prodotti, ma anche per darti l&#8217;opportunit\u00e0 di apportare piccole o grandi modifiche e quindi ottimizzare costantemente la qualit\u00e0. In sostanza, il tuo referente illy \u00e8 un consulente del caff\u00e8 sempre felice di condividere con te la sua competenza e la sua esperienza e di supportarti nel tuo miglioramento continuo. La nostra rete di distribuzione \u00e8 organizzata in modo tale da poter intervenire rapidamente ogni volta che ne hai bisogno.<\/p>\n<p>[\/vc_column_text][\/vc_column_inner][\/vc_row_inner][vc_empty_space height=&#8221;50px&#8221;][\/vc_column][\/vc_row][vc_row full_width=&#8221;stretch_row&#8221; css=&#8221;.vc_custom_1742808080869{background-color: #FBFBFB !important;}&#8221;][vc_column css=&#8221;.vc_custom_1719389360265{margin-top: 0px !important;padding-top: 0px !important;}&#8221;][vc_row_inner content_placement=&#8221;middle&#8221; el_class=&#8221;revert-mobile&#8221;][vc_column_inner width=&#8221;1\/2&#8243; css=&#8221;.vc_custom_1719390181991{padding-top: 30px !important;padding-right: 30px !important;padding-bottom: 30px !important;padding-left: 30px !important;}&#8221;][vc_column_text css=&#8221;.vc_custom_1746612709330{margin-top: 0px !important;}&#8221; el_class=&#8221;titol-h3 brown&#8221;]<\/p>\n<h3 style=\"text-align: center;\">Responsabile della qualit\u00e0<\/h3>\n<p>[\/vc_column_text][vc_column_text css=&#8221;&#8221; el_class=&#8221;text-landing brown&#8221;]<\/p>\n<p style=\"text-align: center;\">Il responsabile della qualit\u00e0 \u00e8 la persona che nella nostra azienda \u00e8 l&#8217;unica responsabile della qualit\u00e0. Ancora prima di iniziare la nostra collaborazione, organizziamo nella vostra azienda corsi di formazione personalizzati sul caff\u00e8 illy e sulla sua preparazione per tutti coloro che utilizzeranno la macchina da caff\u00e8. Inoltre, possono agire anche su tua iniziativa se hai esigenze specifiche riguardo alla qualit\u00e0 del prodotto.<\/p>\n<p>[\/vc_column_text][\/vc_column_inner][vc_column_inner width=&#8221;1\/2&#8243; css=&#8221;.vc_custom_1726476158953{padding-right: 0px !important;padding-left: 0px !important;}&#8221;][vc_single_image image=&#8221;263148&#8243; img_size=&#8221;full&#8221; onclick=&#8221;custom_link&#8221; css=&#8221;&#8221; link=&#8221;https:\/\/illycafe.ch\/nachhaltigkeit\/anerkennung\/&#8221;][\/vc_column_inner][\/vc_row_inner][vc_empty_space height=&#8221;50px&#8221;][\/vc_column][\/vc_row][vc_row full_width=&#8221;stretch_row&#8221; css=&#8221;.vc_custom_1742808551730{background-color: #F6F0EC !important;}&#8221;][vc_column][vc_empty_space height=&#8221;50px&#8221;][vc_column_text css=&#8221;.vc_custom_1746612729580{margin-top: 0px !important;}&#8221; el_class=&#8221;titol-h3 brown&#8221;]<\/p>\n<h3 style=\"text-align: center;\">SCOPRI SOLUZIONI SPECIALI, EXTRA PER TE<\/h3>\n<p>[\/vc_column_text][vc_empty_space height=&#8221;30px&#8221;][vc_row_inner equal_height=&#8221;yes&#8221; content_placement=&#8221;middle&#8221; el_class=&#8221;revert-mobile&#8221;][vc_column_inner width=&#8221;1\/2&#8243; css=&#8221;.vc_custom_1746524642549{padding-top: 50px !important;padding-right: 30px !important;padding-bottom: 50px !important;padding-left: 30px !important;background-color: #F2F2F2 !important;}&#8221;][vc_column_text css=&#8221;.vc_custom_1746612794385{margin-top: 0px !important;}&#8221; el_class=&#8221;titol-h4 brown&#8221;]<\/p>\n<h4 style=\"text-align: center;\">Caff\u00e8 in grani<\/h4>\n<p>[\/vc_column_text][vc_column_text css=&#8221;&#8221; el_class=&#8221;text-landing brown&#8221;]<strong>Indispensabile per i bar che preparano una tazza di caff\u00e8 alla volta.<\/strong><\/p>\n<p><strong>Che cos&#8217;\u00e8?<\/strong> La miscela illy.<br \/>\n<strong>Formato:<\/strong> chicchi interi in lattina da 3 kg o 1,5 kg.<\/p>\n<p><strong>Ideale per:<\/strong> bar e ristoranti che servono grandi quantit\u00e0 di caff\u00e8, oltre 80 tazze al giorno (3 kg), nonch\u00e9 bar pi\u00f9 piccoli che servono tra 40 e 80 tazze al giorno (1,5 kg).<br \/>\n<strong>Informazioni importanti:<\/strong> La lattina \u00e8 un simbolo storico del marchio illy. Applicateli direttamente al mulino per utilizzarli come marchio identificativo e garanzia di qualit\u00e0 per i vostri clienti.[\/vc_column_text][\/vc_column_inner][vc_column_inner width=&#8221;1\/2&#8243; css=&#8221;.vc_custom_1726476158953{padding-right: 0px !important;padding-left: 0px !important;}&#8221;][vc_single_image image=&#8221;263151&#8243; img_size=&#8221;full&#8221; onclick=&#8221;custom_link&#8221; css=&#8221;&#8221; link=&#8221;https:\/\/illycafe.ch\/nachhaltigkeit\/anerkennung\/&#8221;][\/vc_column_inner][\/vc_row_inner][vc_empty_space height=&#8221;20px&#8221;][vc_row_inner equal_height=&#8221;yes&#8221; content_placement=&#8221;middle&#8221; disable_element=&#8221;yes&#8221; el_class=&#8221;revert-mobile&#8221;][vc_column_inner width=&#8221;1\/2&#8243; css=&#8221;.vc_custom_1746524642549{padding-top: 50px !important;padding-right: 30px !important;padding-bottom: 50px !important;padding-left: 30px !important;background-color: #F2F2F2 !important;}&#8221;][vc_column_text css=&#8221;.vc_custom_1746524883560{margin-top: 0px !important;}&#8221; el_class=&#8221;titol-h4 brown&#8221;]<\/p>\n<h4 style=\"text-align: center;\">Iperespresso Professional<\/h4>\n<p>[\/vc_column_text][vc_column_text css=&#8221;&#8221; el_class=&#8221;text-landing brown&#8221;]<strong>Quando conta la qualit\u00e0, non la quantit\u00e0.<\/strong><\/p>\n<p><strong>Che cos&#8217;\u00e8?<\/strong> La miscela illy e la selezione Arabica.<br \/>\n<strong>Il formato:<\/strong> capsule Iperespresso Professional<\/p>\n<p><strong>Ideale per:<\/strong> ristoranti, piccoli hotel e altri esercizi pubblici che servono una quantit\u00e0 limitata di caff\u00e8 (fino a 40 tazze al giorno).<br \/>\n<strong>Informazioni importanti:<\/strong> questo sistema riduce gli sprechi e richiede una manutenzione minima. Rappresenta inoltre un&#8217;altra opzione per i bar che servono grandi quantit\u00e0 di caff\u00e8 ma desiderano offrire diverse variet\u00e0 (dalle varie tostature Classico, Intenso e Forte alle versioni decaffeinate e alle selezioni Arabica) in modo rapido e uniforme, senza sovraccaricare la macchina per espresso principale.[\/vc_column_text][\/vc_column_inner][vc_column_inner width=&#8221;1\/2&#8243; css=&#8221;.vc_custom_1726476158953{padding-right: 0px !important;padding-left: 0px !important;}&#8221;][vc_single_image image=&#8221;263154&#8243; img_size=&#8221;full&#8221; onclick=&#8221;custom_link&#8221; css=&#8221;&#8221; link=&#8221;https:\/\/illycafe.ch\/nachhaltigkeit\/anerkennung\/&#8221;][\/vc_column_inner][\/vc_row_inner][vc_empty_space height=&#8221;20px&#8221;][vc_row_inner equal_height=&#8221;yes&#8221; content_placement=&#8221;middle&#8221; el_class=&#8221;revert-mobile&#8221;][vc_column_inner width=&#8221;1\/2&#8243; css=&#8221;.vc_custom_1746524642549{padding-top: 50px !important;padding-right: 30px !important;padding-bottom: 50px !important;padding-left: 30px !important;background-color: #F2F2F2 !important;}&#8221;][vc_column_text css=&#8221;.vc_custom_1746612875391{margin-top: 0px !important;}&#8221; el_class=&#8221;titol-h4 brown&#8221;]<\/p>\n<h4 style=\"text-align: center;\">Orzo e ginseng<\/h4>\n<p>[\/vc_column_text][vc_column_text css=&#8221;&#8221; el_class=&#8221;text-landing brown&#8221;]<strong>Per tutti coloro che vogliono provare qualcosa di diverso.<\/strong><\/p>\n<p><strong>Che cos&#8217;\u00e8?<\/strong> L&#8217;orzo produce un risultato in tazza estremamente cremoso e aromatico, con un intenso aroma di cereali tostati e note di caramello. Barley Ginseng unisce l&#8217;aroma dell&#8217;orzo alla carica energizzante del ginseng, creando una bevanda cremosa e aromatica con i caratteristici sapori di caramello e vaniglia.<br \/>\n<strong>Formato:<\/strong> Bustina con polvere per dispenser o capsule Iperespresso.<\/p>\n<p><strong>Ideale per:<\/strong> offrire alternative di alta qualit\u00e0 ai clienti che non vogliono il caff\u00e8<br \/>\n<strong>Informazioni chiave:<\/strong> Preparazione facile, con dispenser per grandi quantit\u00e0 o sistema Iperespresso per quantit\u00e0 pi\u00f9 piccole.[\/vc_column_text][\/vc_column_inner][vc_column_inner width=&#8221;1\/2&#8243; css=&#8221;.vc_custom_1726476158953{padding-right: 0px !important;padding-left: 0px !important;}&#8221;][vc_single_image image=&#8221;263157&#8243; img_size=&#8221;full&#8221; onclick=&#8221;custom_link&#8221; css=&#8221;&#8221; link=&#8221;https:\/\/illycafe.ch\/nachhaltigkeit\/anerkennung\/&#8221;][\/vc_column_inner][\/vc_row_inner][vc_empty_space height=&#8221;20px&#8221;][vc_row_inner equal_height=&#8221;yes&#8221; content_placement=&#8221;middle&#8221; el_class=&#8221;revert-mobile&#8221;][vc_column_inner width=&#8221;1\/2&#8243; css=&#8221;.vc_custom_1746524642549{padding-top: 50px !important;padding-right: 30px !important;padding-bottom: 50px !important;padding-left: 30px !important;background-color: #F2F2F2 !important;}&#8221;][vc_column_text css=&#8221;.vc_custom_1746525004988{margin-top: 0px !important;}&#8221; el_class=&#8221;titol-h4 brown&#8221;]<\/p>\n<h4 style=\"text-align: center;\">Arabica selection<\/h4>\n<p>[\/vc_column_text][vc_column_text css=&#8221;&#8221; el_class=&#8221;text-landing brown&#8221;]<strong>Un viaggio alle origini del Blend illy per i tuoi clienti pi\u00f9 curiosi<\/strong><\/p>\n<p><strong>Che cos&#8217;\u00e8?<\/strong> Una selezione dei migliori caff\u00e8 Arabica della nostra esclusiva miscela illy. Provengono dai migliori raccolti di Brasile, Etiopia e Guatemala e vengono tostati alla perfezione per esaltarne appieno il sapore.<br \/>\n<strong>Formato:<\/strong> capsule Iperespresso Professional per le Single Origins Brasil, Etiopia e Guatemala e lattina da 1,5 kg di chicchi interi della Guatemala Arabica Selection.<\/p>\n<p><strong>Ideale per:<\/strong> i tuoi clienti pi\u00f9 curiosi ed esigenti: un&#8217;esperienza sensoriale interessante che consente loro di scoprire i diversi sapori di ciascuna delle nostre miscele illy.<br \/>\n<strong>Informazioni importanti:<\/strong> Per apprezzare appieno le particolari caratteristiche organolettiche delle Selezioni Arabica, consigliamo in particolar modo i metodi di preparazione lenti: il Chemex per la Single Origin Ethiopia e la French press per la Single Origin Brasile.[\/vc_column_text][\/vc_column_inner][vc_column_inner width=&#8221;1\/2&#8243; css=&#8221;.vc_custom_1726476158953{padding-right: 0px !important;padding-left: 0px !important;}&#8221;][vc_single_image image=&#8221;263160&#8243; img_size=&#8221;full&#8221; onclick=&#8221;custom_link&#8221; css=&#8221;&#8221; link=&#8221;https:\/\/illycafe.ch\/nachhaltigkeit\/anerkennung\/&#8221;][\/vc_column_inner][\/vc_row_inner][vc_empty_space height=&#8221;50px&#8221;][\/vc_column][\/vc_row][vc_row full_width=&#8221;stretch_row&#8221; css=&#8221;.vc_custom_1746526033249{background-color: #FBFBFB !important;}&#8221;][vc_column][vc_empty_space height=&#8221;50px&#8221;][vc_column_text css=&#8221;.vc_custom_1746614419208{margin-top: 0px !important;}&#8221; el_class=&#8221;titol-h3 brown&#8221;]<\/p>\n<h3 style=\"text-align: left;\">Soluzioni per te<\/h3>\n<p>[\/vc_column_text][vc_empty_space height=&#8221;50px&#8221;][vc_row_inner][vc_column_inner width=&#8221;1\/4&#8243;][vc_single_image image=&#8221;263163&#8243; img_size=&#8221;full&#8221; css=&#8221;&#8221;][vc_empty_space height=&#8221;15px&#8221;][vc_column_text css=&#8221;.vc_custom_1746614431544{margin-top: 0px !important;}&#8221; el_class=&#8221;titol-h4 brown&#8221;]<\/p>\n<h4 style=\"text-align: left;\">AIUTO<\/h4>\n<p>[\/vc_column_text][vc_column_text css=&#8221;&#8221; el_class=&#8221;text-landing brown&#8221;]<a href=\"https:\/\/illycafe.ch\/it\/professionisti\/servizi\/supporto\/\"><span style=\"text-decoration: underline;\">Scopri di pi\u00f9<\/span><\/a>[\/vc_column_text][vc_empty_space height=&#8221;30px&#8221;][\/vc_column_inner][vc_column_inner width=&#8221;1\/4&#8243;][vc_single_image image=&#8221;263166&#8243; img_size=&#8221;full&#8221; css=&#8221;&#8221;][vc_empty_space height=&#8221;15px&#8221;][vc_column_text css=&#8221;.vc_custom_1746614441479{margin-top: 0px !important;}&#8221; el_class=&#8221;titol-h4 brown&#8221;]<\/p>\n<h4 style=\"text-align: left;\">MANUTENZIONE<\/h4>\n<p>[\/vc_column_text][vc_column_text css=&#8221;&#8221; el_class=&#8221;text-landing brown&#8221;]<a href=\"https:\/\/illycafe.ch\/it\/professionisti\/servizi\/industria-e-commercio-del-caffe-formazione-e-consulenza\/\"><span style=\"text-decoration: underline;\">Scopri di pi\u00f9<\/span><\/a>[\/vc_column_text][vc_empty_space height=&#8221;30px&#8221;][\/vc_column_inner][vc_column_inner width=&#8221;1\/4&#8243;][vc_single_image image=&#8221;263169&#8243; img_size=&#8221;full&#8221; css=&#8221;&#8221;][vc_empty_space height=&#8221;15px&#8221;][vc_column_text css=&#8221;.vc_custom_1746614451575{margin-top: 0px !important;}&#8221; el_class=&#8221;titol-h4 brown&#8221;]<\/p>\n<h4 style=\"text-align: left;\">FORMAZIONE E CONSULENZA<\/h4>\n<p>[\/vc_column_text][vc_column_text css=&#8221;&#8221; el_class=&#8221;text-landing brown&#8221;]<a href=\"https:\/\/illycafe.ch\/it\/professionisti\/servizi\/servizi-caffetteria-bar\/\"><span style=\"text-decoration: underline;\">Scopri di pi\u00f9<\/span><\/a>[\/vc_column_text][vc_empty_space height=&#8221;30px&#8221;][\/vc_column_inner][vc_column_inner width=&#8221;1\/4&#8243;][vc_single_image image=&#8221;263172&#8243; img_size=&#8221;full&#8221; css=&#8221;&#8221;][vc_empty_space height=&#8221;15px&#8221;][vc_column_text css=&#8221;.vc_custom_1746614461096{margin-top: 0px !important;}&#8221; el_class=&#8221;titol-h4 brown&#8221;]<\/p>\n<h4 style=\"text-align: left;\">IMMAGINE E COMUNICAZIONE<\/h4>\n<p>[\/vc_column_text][vc_column_text css=&#8221;&#8221; el_class=&#8221;text-landing brown&#8221;]<a href=\"https:\/\/illycafe.ch\/it\/professionisti\/servizi\/materiali-di-marketing\/\"><span style=\"text-decoration: underline;\">Scopri di pi\u00f9<\/span><\/a>[\/vc_column_text][vc_empty_space height=&#8221;30px&#8221;][\/vc_column_inner][\/vc_row_inner][vc_empty_space height=&#8221;70px&#8221;][\/vc_column][\/vc_row][vc_row full_width=&#8221;stretch_row&#8221; css=&#8221;.vc_custom_1746525700208{background-color: #512C20 !important;}&#8221;][vc_column css=&#8221;.vc_custom_1719389360265{margin-top: 0px !important;padding-top: 0px !important;}&#8221;][vc_empty_space height=&#8221;50px&#8221;][vc_row_inner content_placement=&#8221;middle&#8221;][vc_column_inner width=&#8221;1\/2&#8243; css=&#8221;.vc_custom_1726476158953{padding-right: 0px !important;padding-left: 0px !important;}&#8221;][vc_single_image image=&#8221;263175&#8243; img_size=&#8221;full&#8221; onclick=&#8221;custom_link&#8221; css=&#8221;&#8221; link=&#8221;https:\/\/illycafe.ch\/nachhaltigkeit\/unsere-philosophie\/&#8221;][\/vc_column_inner][vc_column_inner width=&#8221;1\/2&#8243; css=&#8221;.vc_custom_1719390181991{padding-top: 30px !important;padding-right: 30px !important;padding-bottom: 30px !important;padding-left: 30px !important;}&#8221;][vc_column_text css=&#8221;&#8221; el_class=&#8221;text-landing white&#8221;]<\/p>\n<p style=\"text-align: center;\">SCOPRI L&#8217;UNIVERSIT\u00c0 DEL CAFF\u00c8<\/p>\n<p>[\/vc_column_text][vc_column_text css=&#8221;.vc_custom_1746614499677{margin-top: 0px !important;}&#8221; el_class=&#8221;titol-h3 white&#8221;]<\/p>\n<h3 style=\"text-align: center;\">C&#8217;\u00e8 un mondo intero in ogni chicco di caff\u00e8<\/h3>\n<p>[\/vc_column_text][vc_column_text css=&#8221;&#8221; el_class=&#8221;text-landing white&#8221;]<\/p>\n<p style=\"text-align: center;\">Da 20 anni il valore della conoscenza al servizio della qualit\u00e0.<\/p>\n<p>[\/vc_column_text][vc_raw_html css=&#8221;&#8221;]JTNDYSUyMGNsYXNzJTNEJTIyYnV0dG9uLWhvdmVyLXJlZCUyMiUyMGhyZWYlM0QlMjJodHRwcyUzQSUyRiUyRmlsbHljYWZlLmNoJTJGaXQlMkZxdWFsaXRhJTJGJTIyJTNFJTNDYnV0dG9uJTNFJTIwU0FQRVJORSUyMERJJTIwUEklQzMlOTklMjAlM0MlMkZidXR0b24lM0UlM0MlMkZhJTNF[\/vc_raw_html][\/vc_column_inner][\/vc_row_inner][vc_empty_space height=&#8221;50px&#8221;][\/vc_column][\/vc_row][vc_row full_width=&#8221;stretch_row&#8221; css=&#8221;.vc_custom_1742808551730{background-color: #F6F0EC !important;}&#8221;][vc_column][vc_empty_space height=&#8221;50px&#8221;][vc_column_text css=&#8221;.vc_custom_1746614538491{margin-top: 0px !important;}&#8221; el_class=&#8221;titol-h3 brown&#8221;]<\/p>\n<h3 style=\"text-align: left;\">I NOSTRI PERSONALIZZATI<br \/>\nSOLUZIONI PER IL TUO BUSINESS<\/h3>\n<p>[\/vc_column_text][vc_empty_space height=&#8221;50px&#8221;][vc_row_inner][vc_column_inner width=&#8221;1\/3&#8243;][vc_single_image image=&#8221;221131&#8243; img_size=&#8221;full&#8221; css=&#8221;&#8221;][vc_empty_space height=&#8221;15px&#8221;][vc_column_text css=&#8221;.vc_custom_1746614558754{margin-top: 0px !important;}&#8221; el_class=&#8221;titol-h4 brown&#8221;]<\/p>\n<h4 style=\"text-align: left;\">Panetterie, pasticcerie e gelaterie<\/h4>\n<p>[\/vc_column_text][vc_empty_space height=&#8221;10px&#8221;][vc_column_text css=&#8221;&#8221; el_class=&#8221;text-landing brown&#8221;]<\/p>\n<p style=\"text-align: left;\">Il caff\u00e8 illy \u00e8 il compagno ideale e l&#8217;ingrediente perfetto per i tuoi cari: l&#8217;arte della pasticceria e della gelateria.<\/p>\n<p>[\/vc_column_text][vc_column_text css=&#8221;&#8221; el_class=&#8221;text-landing brown&#8221;]<a href=\"https:\/\/illycafe.ch\/it\/professionisti\/soluzioni-per-la-tua-azienda\/illy-fornitori-caffetterie-pasticcerie-gelaterie\/\"><span style=\"text-decoration: underline;\">Scopri di pi\u00f9<\/span><\/a>[\/vc_column_text][vc_empty_space height=&#8221;30px&#8221;][\/vc_column_inner][vc_column_inner width=&#8221;1\/3&#8243;][vc_single_image image=&#8221;221134&#8243; img_size=&#8221;full&#8221; css=&#8221;&#8221;][vc_empty_space height=&#8221;15px&#8221;][vc_column_text css=&#8221;.vc_custom_1746614576193{margin-top: 0px !important;}&#8221; el_class=&#8221;titol-h4 brown&#8221;]<\/p>\n<h4 style=\"text-align: left;\">RISTORANTI<\/h4>\n<p>[\/vc_column_text][vc_empty_space height=&#8221;10px&#8221;][vc_column_text css=&#8221;&#8221; el_class=&#8221;text-landing brown&#8221;]<\/p>\n<p style=\"text-align: left;\">Scopri la tecnologia e la qualit\u00e0 di cui hai bisogno per far s\u00ec che le tue tazze siano belle quanto i tuoi piatti.<\/p>\n<p>[\/vc_column_text][vc_column_text css=&#8221;&#8221; el_class=&#8221;text-landing brown&#8221;]<a href=\"https:\/\/illycafe.ch\/it\/professionisti\/soluzioni-per-la-tua-azienda\/ristoranti\/\"><span style=\"text-decoration: underline;\">Scopri di pi\u00f9<\/span><\/a>[\/vc_column_text][vc_empty_space height=&#8221;30px&#8221;][\/vc_column_inner][vc_column_inner width=&#8221;1\/3&#8243;][vc_single_image image=&#8221;221140&#8243; img_size=&#8221;full&#8221; css=&#8221;&#8221;][vc_empty_space height=&#8221;15px&#8221;][vc_column_text css=&#8221;.vc_custom_1746614583273{margin-top: 0px !important;}&#8221; el_class=&#8221;titol-h4 brown&#8221;]<\/p>\n<h4 style=\"text-align: left;\">HOTEL<\/h4>\n<p>[\/vc_column_text][vc_empty_space height=&#8221;10px&#8221;][vc_column_text css=&#8221;&#8221; el_class=&#8221;text-landing brown&#8221;]<\/p>\n<p style=\"text-align: left;\">Il nostro programma speciale consente agli hotel di servire un Cagg\u00e8 per tutti i gusti, in qualsiasi momento e in (quasi) qualsiasi luogo.<\/p>\n<p>[\/vc_column_text][vc_column_text css=&#8221;&#8221; el_class=&#8221;text-landing brown&#8221;]<a href=\"https:\/\/illycafe.ch\/it\/professionisti\/soluzioni-per-la-tua-azienda\/hotels\/\"><span style=\"text-decoration: underline;\">Scopri di pi\u00f9<\/span><\/a>[\/vc_column_text][vc_empty_space height=&#8221;30px&#8221;][\/vc_column_inner][\/vc_row_inner][vc_row_inner][vc_column_inner width=&#8221;1\/3&#8243;][vc_single_image image=&#8221;221137&#8243; img_size=&#8221;full&#8221; css=&#8221;&#8221;][vc_empty_space height=&#8221;15px&#8221;][vc_column_text css=&#8221;.vc_custom_1746614600424{margin-top: 0px !important;}&#8221; el_class=&#8221;titol-h4 brown&#8221;]<\/p>\n<h4 style=\"text-align: left;\">NEGOZI<\/h4>\n<p>[\/vc_column_text][vc_empty_space height=&#8221;10px&#8221;][vc_column_text css=&#8221;&#8221; el_class=&#8221;text-landing brown&#8221;]<\/p>\n<p style=\"text-align: left;\">Nuove tecnologie, design iconico e gusto unico: questa \u00e8 l&#8217;esperienza che proponiamo oggi e che abbiamo maturato in oltre 80 anni di attivit\u00e0.<\/p>\n<p>[\/vc_column_text][vc_column_text css=&#8221;&#8221; el_class=&#8221;text-landing brown&#8221;]<a href=\"https:\/\/illycafe.ch\/it\/professionisti\/soluzioni-per-la-tua-azienda\/negozi-di-alimentari\/\"><span style=\"text-decoration: underline;\">Scopri di pi\u00f9<\/span><\/a>[\/vc_column_text][vc_empty_space height=&#8221;30px&#8221;][\/vc_column_inner][vc_column_inner width=&#8221;1\/3&#8243;][vc_single_image image=&#8221;263182&#8243; img_size=&#8221;full&#8221; css=&#8221;&#8221;][vc_empty_space height=&#8221;15px&#8221;][vc_column_text css=&#8221;.vc_custom_1746614616960{margin-top: 0px !important;}&#8221; el_class=&#8221;titol-h4 brown&#8221;]<\/p>\n<h4 style=\"text-align: left;\">FRANCHISING<\/h4>\n<p>[\/vc_column_text][vc_empty_space height=&#8221;10px&#8221;][vc_column_text css=&#8221;&#8221; el_class=&#8221;text-landing brown&#8221;]<\/p>\n<p style=\"text-align: left;\">Il nostro progetto franchising: il bar che progettiamo insieme a voi nei minimi dettagli.<\/p>\n<p>[\/vc_column_text][vc_empty_space height=&#8221;30px&#8221;][\/vc_column_inner][vc_column_inner width=&#8221;1\/3&#8243;][\/vc_column_inner][\/vc_row_inner][vc_empty_space height=&#8221;70px&#8221;][\/vc_column][\/vc_row]<\/p>\n<\/div>","protected":false},"excerpt":{"rendered":"<p>[vc_row full_width=&#8221;stretch_row_content_no_spaces&#8221; full_height=&#8221;yes&#8221; content_placement=&#8221;middle&#8221; css=&#8221;.vc_custom_1746523403106{border-bottom-width: 0px !important;background-image: url(https:\/\/illycafe.ch\/wp-content\/uploads\/img_01-14.jpg?id=263114) !important;background-position: center center;background-repeat: no-repeat !important;background-size: cover !important;}&#8221; el_class=&#8221;slider&#8221;][vc_column css=&#8221;.vc_custom_1742807173778{margin-top: 0px !important;padding-top: 0px !important;}&#8221;][vc_row_inner equal_height=&#8221;yes&#8221; css=&#8221;.vc_custom_1743069510501{margin-top: 0px !important;margin-bottom: 0px !important;}&#8221;][vc_column_inner width=&#8221;1\/6&#8243; css=&#8221;.vc_custom_1746523362052{background-position: center center;background-repeat: no-repeat !important;background-size: cover !important;}&#8221;][\/vc_column_inner][vc_column_inner width=&#8221;2\/3&#8243;][vc_column_text css=&#8221;.vc_custom_1746612470073{margin-top: 0px !important;}&#8221; el_class=&#8221;titol-h2 white&#8221;] illy e caff\u00e8, una vera storia di successo [\/vc_column_text][vc_empty_space height=&#8221;25px&#8221;][vc_column_text css=&#8221;&#8221; el_class=&#8221;text-landing white&#8221;] Scopri la nostra offerta [\/vc_column_text][vc_empty_space height=&#8221;25px&#8221;][vc_raw_html css=&#8221;&#8221;]JTNDYSUyMGNsYXNzJTNEJTIyYnV0dG9uLWhvdmVyLXJlZCUyMiUyMGhyZWYlM0QlMjJodHRwcyUzQSUyRiUyRmlsbHljYWZlLmNoJTJGaXQlMkZrb250YWt0LWlsbHklMkYlMjIlM0UlM0NidXR0b24lM0VDb250YXR0YWNpJTNDJTJGYnV0dG9uJTNFJTNDJTJGYSUzRQ==[\/vc_raw_html][\/vc_column_inner][vc_column_inner width=&#8221;1\/6&#8243;][\/vc_column_inner][\/vc_row_inner][\/vc_column][\/vc_row][vc_row full_width=&#8221;stretch_row&#8221; css=&#8221;.vc_custom_1742808066917{background-color: #FBFBFB !important;}&#8221;][vc_column css=&#8221;.vc_custom_1719389360265{margin-top: 0px !important;padding-top: 0px !important;}&#8221;][vc_empty_space height=&#8221;50px&#8221;][vc_column_text [&hellip;]<\/p>\n","protected":false},"author":5358,"featured_media":0,"parent":263100,"menu_order":0,"comment_status":"closed","ping_status":"closed","template":"","meta":{"inline_featured_image":false,"footnotes":""},"class_list":["post-263112","page","type-page","status-publish","hentry"],"yoast_head":"<!-- This site is optimized with the Yoast SEO plugin v27.3 - https:\/\/yoast.com\/product\/yoast-seo-wordpress\/ -->\n<title>Caff\u00e8 per bar - Illycaf\u00e9 | Premium Kaffee kaufen | Gastronomie, Firmen, Privat<\/title>\n<meta name=\"robots\" content=\"index, follow, max-snippet:-1, max-image-preview:large, max-video-preview:-1\" \/>\n<link rel=\"canonical\" href=\"https:\/\/illycafe.ch\/it\/professionisti\/soluzioni-per-la-tua-azienda\/caffe\/\" \/>\n<meta property=\"og:locale\" content=\"it_IT\" \/>\n<meta property=\"og:type\" content=\"article\" \/>\n<meta property=\"og:title\" content=\"Caff\u00e8 per bar - Illycaf\u00e9 | Premium Kaffee kaufen | Gastronomie, Firmen, Privat\" \/>\n<meta property=\"og:description\" content=\"[vc_row full_width=&#8221;stretch_row_content_no_spaces&#8221; full_height=&#8221;yes&#8221; content_placement=&#8221;middle&#8221; css=&#8221;.vc_custom_1746523403106{border-bottom-width: 0px !important;background-image: url(https:\/\/illycafe.ch\/wp-content\/uploads\/img_01-14.jpg?id=263114) !important;background-position: center center;background-repeat: no-repeat !important;background-size: cover !important;}&#8221; el_class=&#8221;slider&#8221;][vc_column css=&#8221;.vc_custom_1742807173778{margin-top: 0px !important;padding-top: 0px !important;}&#8221;][vc_row_inner equal_height=&#8221;yes&#8221; css=&#8221;.vc_custom_1743069510501{margin-top: 0px !important;margin-bottom: 0px !important;}&#8221;][vc_column_inner width=&#8221;1\/6&#8243; css=&#8221;.vc_custom_1746523362052{background-position: center center;background-repeat: no-repeat !important;background-size: cover !important;}&#8221;][\/vc_column_inner][vc_column_inner width=&#8221;2\/3&#8243;][vc_column_text css=&#8221;.vc_custom_1746612470073{margin-top: 0px !important;}&#8221; el_class=&#8221;titol-h2 white&#8221;] illy e caff\u00e8, una vera storia di successo [\/vc_column_text][vc_empty_space height=&#8221;25px&#8221;][vc_column_text css=&#8221;&#8221; el_class=&#8221;text-landing white&#8221;] Scopri la nostra offerta [\/vc_column_text][vc_empty_space height=&#8221;25px&#8221;][vc_raw_html css=&#8221;&#8221;]JTNDYSUyMGNsYXNzJTNEJTIyYnV0dG9uLWhvdmVyLXJlZCUyMiUyMGhyZWYlM0QlMjJodHRwcyUzQSUyRiUyRmlsbHljYWZlLmNoJTJGaXQlMkZrb250YWt0LWlsbHklMkYlMjIlM0UlM0NidXR0b24lM0VDb250YXR0YWNpJTNDJTJGYnV0dG9uJTNFJTNDJTJGYSUzRQ==[\/vc_raw_html][\/vc_column_inner][vc_column_inner width=&#8221;1\/6&#8243;][\/vc_column_inner][\/vc_row_inner][\/vc_column][\/vc_row][vc_row full_width=&#8221;stretch_row&#8221; css=&#8221;.vc_custom_1742808066917{background-color: #FBFBFB !important;}&#8221;][vc_column css=&#8221;.vc_custom_1719389360265{margin-top: 0px !important;padding-top: 0px !important;}&#8221;][vc_empty_space height=&#8221;50px&#8221;][vc_column_text [&hellip;]\" \/>\n<meta property=\"og:url\" content=\"https:\/\/illycafe.ch\/it\/professionisti\/soluzioni-per-la-tua-azienda\/caffe\/\" \/>\n<meta property=\"og:site_name\" content=\"Illycaf\u00e9 | Premium Kaffee kaufen | Gastronomie, Firmen, Privat\" \/>\n<meta property=\"article:modified_time\" content=\"2025-06-03T07:58:27+00:00\" \/>\n<meta name=\"twitter:card\" content=\"summary_large_image\" \/>\n<meta name=\"twitter:label1\" content=\"Tempo di lettura stimato\" \/>\n\t<meta name=\"twitter:data1\" content=\"8 minuti\" \/>\n<script type=\"application\/ld+json\" class=\"yoast-schema-graph\">{\"@context\":\"https:\\\/\\\/schema.org\",\"@graph\":[{\"@type\":\"WebPage\",\"@id\":\"https:\\\/\\\/illycafe.ch\\\/it\\\/professionisti\\\/soluzioni-per-la-tua-azienda\\\/caffe\\\/\",\"url\":\"https:\\\/\\\/illycafe.ch\\\/it\\\/professionisti\\\/soluzioni-per-la-tua-azienda\\\/caffe\\\/\",\"name\":\"Caff\u00e8 per bar - Illycaf\u00e9 | Premium Kaffee kaufen | Gastronomie, Firmen, Privat\",\"isPartOf\":{\"@id\":\"https:\\\/\\\/illycafe.ch\\\/#website\"},\"datePublished\":\"2025-05-07T10:44:54+00:00\",\"dateModified\":\"2025-06-03T07:58:27+00:00\",\"breadcrumb\":{\"@id\":\"https:\\\/\\\/illycafe.ch\\\/it\\\/professionisti\\\/soluzioni-per-la-tua-azienda\\\/caffe\\\/#breadcrumb\"},\"inLanguage\":\"it-IT\",\"potentialAction\":[{\"@type\":\"ReadAction\",\"target\":[\"https:\\\/\\\/illycafe.ch\\\/it\\\/professionisti\\\/soluzioni-per-la-tua-azienda\\\/caffe\\\/\"]}]},{\"@type\":\"BreadcrumbList\",\"@id\":\"https:\\\/\\\/illycafe.ch\\\/it\\\/professionisti\\\/soluzioni-per-la-tua-azienda\\\/caffe\\\/#breadcrumb\",\"itemListElement\":[{\"@type\":\"ListItem\",\"position\":1,\"name\":\"Home\",\"item\":\"https:\\\/\\\/illycafe.ch\\\/it\\\/\"},{\"@type\":\"ListItem\",\"position\":2,\"name\":\"Macchina da caff\u00e8 professionale illy\",\"item\":\"https:\\\/\\\/illycafe.ch\\\/it\\\/professionisti\\\/\"},{\"@type\":\"ListItem\",\"position\":3,\"name\":\"Soluzioni per la tua attivit\u00e0 di caff\u00e8\",\"item\":\"https:\\\/\\\/illycafe.ch\\\/it\\\/professionisti\\\/soluzioni-per-la-tua-azienda\\\/\"},{\"@type\":\"ListItem\",\"position\":4,\"name\":\"Caff\u00e8 per bar\"}]},{\"@type\":\"WebSite\",\"@id\":\"https:\\\/\\\/illycafe.ch\\\/#website\",\"url\":\"https:\\\/\\\/illycafe.ch\\\/\",\"name\":\"Illycaf\u00e9 | Premium Kaffee kaufen | Gastronomie, Firmen, Privat\",\"description\":\"Italienische Kaffeekultur. Schweizer Qualit\u00e4t.\",\"potentialAction\":[{\"@type\":\"SearchAction\",\"target\":{\"@type\":\"EntryPoint\",\"urlTemplate\":\"https:\\\/\\\/illycafe.ch\\\/?s={search_term_string}\"},\"query-input\":{\"@type\":\"PropertyValueSpecification\",\"valueRequired\":true,\"valueName\":\"search_term_string\"}}],\"inLanguage\":\"it-IT\"}]}<\/script>\n<!-- \/ Yoast SEO plugin. -->","yoast_head_json":{"title":"Caff\u00e8 per bar - Illycaf\u00e9 | Premium Kaffee kaufen | Gastronomie, Firmen, Privat","robots":{"index":"index","follow":"follow","max-snippet":"max-snippet:-1","max-image-preview":"max-image-preview:large","max-video-preview":"max-video-preview:-1"},"canonical":"https:\/\/illycafe.ch\/it\/professionisti\/soluzioni-per-la-tua-azienda\/caffe\/","og_locale":"it_IT","og_type":"article","og_title":"Caff\u00e8 per bar - Illycaf\u00e9 | Premium Kaffee kaufen | Gastronomie, Firmen, Privat","og_description":"[vc_row full_width=&#8221;stretch_row_content_no_spaces&#8221; full_height=&#8221;yes&#8221; content_placement=&#8221;middle&#8221; css=&#8221;.vc_custom_1746523403106{border-bottom-width: 0px !important;background-image: url(https:\/\/illycafe.ch\/wp-content\/uploads\/img_01-14.jpg?id=263114) !important;background-position: center center;background-repeat: no-repeat !important;background-size: cover !important;}&#8221; el_class=&#8221;slider&#8221;][vc_column css=&#8221;.vc_custom_1742807173778{margin-top: 0px !important;padding-top: 0px !important;}&#8221;][vc_row_inner equal_height=&#8221;yes&#8221; css=&#8221;.vc_custom_1743069510501{margin-top: 0px !important;margin-bottom: 0px !important;}&#8221;][vc_column_inner width=&#8221;1\/6&#8243; css=&#8221;.vc_custom_1746523362052{background-position: center center;background-repeat: no-repeat !important;background-size: cover !important;}&#8221;][\/vc_column_inner][vc_column_inner width=&#8221;2\/3&#8243;][vc_column_text css=&#8221;.vc_custom_1746612470073{margin-top: 0px !important;}&#8221; el_class=&#8221;titol-h2 white&#8221;] illy e caff\u00e8, una vera storia di successo [\/vc_column_text][vc_empty_space height=&#8221;25px&#8221;][vc_column_text css=&#8221;&#8221; el_class=&#8221;text-landing white&#8221;] Scopri la nostra offerta [\/vc_column_text][vc_empty_space height=&#8221;25px&#8221;][vc_raw_html css=&#8221;&#8221;]JTNDYSUyMGNsYXNzJTNEJTIyYnV0dG9uLWhvdmVyLXJlZCUyMiUyMGhyZWYlM0QlMjJodHRwcyUzQSUyRiUyRmlsbHljYWZlLmNoJTJGaXQlMkZrb250YWt0LWlsbHklMkYlMjIlM0UlM0NidXR0b24lM0VDb250YXR0YWNpJTNDJTJGYnV0dG9uJTNFJTNDJTJGYSUzRQ==[\/vc_raw_html][\/vc_column_inner][vc_column_inner width=&#8221;1\/6&#8243;][\/vc_column_inner][\/vc_row_inner][\/vc_column][\/vc_row][vc_row full_width=&#8221;stretch_row&#8221; css=&#8221;.vc_custom_1742808066917{background-color: #FBFBFB !important;}&#8221;][vc_column css=&#8221;.vc_custom_1719389360265{margin-top: 0px !important;padding-top: 0px !important;}&#8221;][vc_empty_space height=&#8221;50px&#8221;][vc_column_text [&hellip;]","og_url":"https:\/\/illycafe.ch\/it\/professionisti\/soluzioni-per-la-tua-azienda\/caffe\/","og_site_name":"Illycaf\u00e9 | Premium Kaffee kaufen | Gastronomie, Firmen, Privat","article_modified_time":"2025-06-03T07:58:27+00:00","twitter_card":"summary_large_image","twitter_misc":{"Tempo di lettura stimato":"8 minuti"},"schema":{"@context":"https:\/\/schema.org","@graph":[{"@type":"WebPage","@id":"https:\/\/illycafe.ch\/it\/professionisti\/soluzioni-per-la-tua-azienda\/caffe\/","url":"https:\/\/illycafe.ch\/it\/professionisti\/soluzioni-per-la-tua-azienda\/caffe\/","name":"Caff\u00e8 per bar - Illycaf\u00e9 | Premium Kaffee kaufen | Gastronomie, Firmen, Privat","isPartOf":{"@id":"https:\/\/illycafe.ch\/#website"},"datePublished":"2025-05-07T10:44:54+00:00","dateModified":"2025-06-03T07:58:27+00:00","breadcrumb":{"@id":"https:\/\/illycafe.ch\/it\/professionisti\/soluzioni-per-la-tua-azienda\/caffe\/#breadcrumb"},"inLanguage":"it-IT","potentialAction":[{"@type":"ReadAction","target":["https:\/\/illycafe.ch\/it\/professionisti\/soluzioni-per-la-tua-azienda\/caffe\/"]}]},{"@type":"BreadcrumbList","@id":"https:\/\/illycafe.ch\/it\/professionisti\/soluzioni-per-la-tua-azienda\/caffe\/#breadcrumb","itemListElement":[{"@type":"ListItem","position":1,"name":"Home","item":"https:\/\/illycafe.ch\/it\/"},{"@type":"ListItem","position":2,"name":"Macchina da caff\u00e8 professionale illy","item":"https:\/\/illycafe.ch\/it\/professionisti\/"},{"@type":"ListItem","position":3,"name":"Soluzioni per la tua attivit\u00e0 di caff\u00e8","item":"https:\/\/illycafe.ch\/it\/professionisti\/soluzioni-per-la-tua-azienda\/"},{"@type":"ListItem","position":4,"name":"Caff\u00e8 per bar"}]},{"@type":"WebSite","@id":"https:\/\/illycafe.ch\/#website","url":"https:\/\/illycafe.ch\/","name":"Illycaf\u00e9 | Premium Kaffee kaufen | Gastronomie, Firmen, Privat","description":"Italienische Kaffeekultur. Schweizer Qualit\u00e4t.","potentialAction":[{"@type":"SearchAction","target":{"@type":"EntryPoint","urlTemplate":"https:\/\/illycafe.ch\/?s={search_term_string}"},"query-input":{"@type":"PropertyValueSpecification","valueRequired":true,"valueName":"search_term_string"}}],"inLanguage":"it-IT"}]}},"_links":{"self":[{"href":"https:\/\/illycafe.ch\/it\/wp-json\/wp\/v2\/pages\/263112","targetHints":{"allow":["GET"]}}],"collection":[{"href":"https:\/\/illycafe.ch\/it\/wp-json\/wp\/v2\/pages"}],"about":[{"href":"https:\/\/illycafe.ch\/it\/wp-json\/wp\/v2\/types\/page"}],"author":[{"embeddable":true,"href":"https:\/\/illycafe.ch\/it\/wp-json\/wp\/v2\/users\/5358"}],"replies":[{"embeddable":true,"href":"https:\/\/illycafe.ch\/it\/wp-json\/wp\/v2\/comments?post=263112"}],"version-history":[{"count":0,"href":"https:\/\/illycafe.ch\/it\/wp-json\/wp\/v2\/pages\/263112\/revisions"}],"up":[{"embeddable":true,"href":"https:\/\/illycafe.ch\/it\/wp-json\/wp\/v2\/pages\/263100"}],"wp:attachment":[{"href":"https:\/\/illycafe.ch\/it\/wp-json\/wp\/v2\/media?parent=263112"}],"curies":[{"name":"wp","href":"https:\/\/api.w.org\/{rel}","templated":true}]}}